{"id":3483,"date":"2022-02-21T23:14:07","date_gmt":"2022-02-21T22:14:07","guid":{"rendered":"https:\/\/www.harmonie-vienna.at\/boutique-hotel-in-vienna\/"},"modified":"2025-05-23T10:46:27","modified_gmt":"2025-05-23T08:46:27","slug":"boutique-hotel-in-vienna","status":"publish","type":"page","link":"https:\/\/www.harmonie-vienna.at\/en\/","title":{"rendered":"Boutique Hotel in Vienna"},"content":{"rendered":"\n\n<div class=\"hero-unit \">\n\n      <div class=\"hero-unit__actions mt-4\">\n      <div class=\"hero-unit__actions--video-layer-switch\">\n        <button data-hero-unit-action=\"video-to-background\"  aria-label=\"hide-video\" class=\"hidden\">\n          <svg xmlns=\"http:\/\/www.w3.org\/2000\/svg\" class=\"h-6 w-6\" fill=\"none\" viewBox=\"0 0 24 24\" stroke=\"currentColor\" stroke-width=\"2\">\n            <path stroke-linecap=\"round\" stroke-linejoin=\"round\" d=\"M10 9v6m4-6v6m7-3a9 9 0 11-18 0 9 9 0 0118 0z\" \/>\n          <\/svg>\n        <\/button>\n        <button data-hero-unit-action=\"video-to-foreground\" aria-label=\"display-video\">\n          <svg xmlns=\"http:\/\/www.w3.org\/2000\/svg\" class=\"h-6 w-6\" fill=\"none\" viewBox=\"0 0 24 24\" stroke=\"currentColor\" stroke-width=\"2\">\n            <path stroke-linecap=\"round\" stroke-linejoin=\"round\" d=\"M14.752 11.168l-3.197-2.132A1 1 0 0010 9.87v4.263a1 1 0 001.555.832l3.197-2.132a1 1 0 000-1.664z\" \/>\n            <path stroke-linecap=\"round\" stroke-linejoin=\"round\" d=\"M21 12a9 9 0 11-18 0 9 9 0 0118 0z\" \/>\n          <\/svg>\n        <\/button>\n      <\/div>\n\n      <div class=\"hero-unit__actions--video-sound-switch\">\n        <button data-hero-unit-action=\"mute\" class=\"hidden\" aria-label=\"mute-video\">\n          <svg xmlns=\"http:\/\/www.w3.org\/2000\/svg\" class=\"h-6 w-6\" fill=\"none\" viewBox=\"0 0 24 24\" stroke=\"currentColor\" stroke-width=\"2\">\n            <path stroke-linecap=\"round\" stroke-linejoin=\"round\" d=\"M5.586 15H4a1 1 0 01-1-1v-4a1 1 0 011-1h1.586l4.707-4.707C10.923 3.663 12 4.109 12 5v14c0 .891-1.077 1.337-1.707.707L5.586 15z\" clip-rule=\"evenodd\" \/>\n            <path stroke-linecap=\"round\" stroke-linejoin=\"round\" d=\"M17 14l2-2m0 0l2-2m-2 2l-2-2m2 2l2 2\" \/>\n          <\/svg>\n        <\/button>\n\n        <button data-hero-unit-action=\"unmute\" aria-label=\"unmute-video\">\n          <svg xmlns=\"http:\/\/www.w3.org\/2000\/svg\" class=\"h-6 w-6\" fill=\"none\" viewBox=\"0 0 24 24\" stroke=\"currentColor\" stroke-width=\"2\">\n            <path stroke-linecap=\"round\" stroke-linejoin=\"round\" d=\"M15.536 8.464a5 5 0 010 7.072m2.828-9.9a9 9 0 010 12.728M5.586 15H4a1 1 0 01-1-1v-4a1 1 0 011-1h1.586l4.707-4.707C10.923 3.663 12 4.109 12 5v14c0 .891-1.077 1.337-1.707.707L5.586 15z\" \/>\n          <\/svg>\n        <\/button>\n      <\/div>\n    <\/div>\n  \n  <div class=\"hero-unit__content\">\n    <div class=\"max-w-md\">\n                <span class=\"subline\">WARMTH &#038; INDIVIDUALITY<\/span>\n                     <h1>The hotel that steps out of line.<\/h1>\n          <\/div>\n\n                            <a href=\"https:\/\/www.secure-hotel-booking.com\/The-Harmonie-Vienna-Hotel\/JS2C\/en\" class=\"button booking-button\" data-booking-button=\"hero-unit\" target=\"_blank\">\n            <span>\n              <i class=\"fal fa-calendar-week\"><\/i>\n              Best price booking            <\/span>\n          <\/a>\n                  \n    <img decoding=\"async\" src=\"https:\/\/www.harmonie-vienna.at\/wp-content\/themes\/hotel-harmonie-theme\/resources\/images\/hotel-harmonie-member-of-best-western-light.png\" alt=\"Hotel Hamronie Member of Best Western\" class=\"hero-unit__bw-image\">\n  <\/div>\n  \n      <video \n      class=\"hero-unit__video\"\n      autoplay muted loop playsinline defaultMuted\n      aria-label=\"The Harmonie Vienna Video\"\n      poster=\"https:\/\/www.harmonie-vienna.at\/wp-content\/uploads\/2022\/02\/Bildschirmfoto-2021-12-10-um-17.44-1.png\">\n      <source \n        src=\"https:\/\/www.harmonie-vienna.at\/wp-content\/uploads\/2022\/03\/1775690129_yt.mp4\"  \n        type=\"video\/mp4\"\n        \/>\n    <\/video>\n  <\/div>\n\n\n\n\n\n  <div class=\"horizontal-info-list \" tabindex=\"0\">\n    <div class=\"container mx-auto\">\n      <ul aria-label=\"Info Liste\">\n                  <li tabindex=\"0\">\n            <p>Undercover parking for your vehicle<\/p>\n          <\/li>\n                  <li tabindex=\"0\">\n            <p>For direct bookings: 10% price advantage<\/p>\n          <\/li>\n                  <li tabindex=\"0\">\n            <p>Breakfast buffet with vegan options<\/p>\n          <\/li>\n              <\/ul>\n    <\/div>\n  <\/div>\n\n\n\n\n<div class=\"\">\n  <div class=\"container mx-auto two-column-teaser-splide-wrapper\">\n    <div class=\"splide\" role=\"group\" aria-label=\"Slider - Waiver of room cleaning\">\n      <div class=\"splide__track\">\n        <div class=\"splide__list\">\n\n                      \n                            <div class=\"splide__slide\">\n                                  <div class=\"two-column-teaser\">\n                \n                  <div class=\"two-column-teaser__content\">\n                                          <span class=\"subline\">Who we are<\/span>\n                    \n                                          <h2 class=\"headline\">In love with dance, theater and everything authentically Viennese<\/h2>\n                                        \n                                          <div class=\"wysiwyg-output\">\n                        <p>Located in the heart of Vienna\u2019s Servitenviertel district, our hotel has a long and proud tradition of welcoming artists and performers from the Viennese and international theatre and ballet scenes.<\/p>\n<ul>\n<li>We love good vibes, stylish decor, elegant music and fine food.<\/li>\n<li>A friendly atmosphere and a genuinely warm welcome lie at the heart of who we are. For us there is no greater compliment than when guests feel truly at home during their stay with us.<\/li>\n<li>Environmental <a href=\"https:\/\/www.harmonie-vienna.at\/en\/hotel-in-the-centre-of-vienna\/sustainable-hotel-in-vienna\/\">sustainability <\/a>is a core part of our concept throughout the hotel.<\/li>\n<li>Our healthy and hearty breakfast features lots of organic produce, specialties from regional producers and a selection of vegan options.<\/li>\n<\/ul>\n                      <\/div>\n                    \n                                          <a href=\"https:\/\/www.harmonie-vienna.at\/en\/hotel-in-the-centre-of-vienna\/\" class=\"brush-link dark-brush\" target=\"\">\n                        The hotel                      <\/a>\n                                      <\/div>\n                  <div class=\"two-column-teaser__images\">\n                                          <div class=\"two-column-teaser__main-image\">\n                        <img decoding=\"async\" src=\"https:\/\/www.harmonie-vienna.at\/wp-content\/uploads\/2022\/02\/Harmonie_Nov13_27_web-1-682x1024.png\" alt=\"In love with dance, theater and everything authentically Viennese\">\n                        <small class=\"text-brown-dark\">Harmonie_Nov13_27_web 1<\/small>\n                      <\/div>\n                    \n                                      <\/div>\n\n                <\/div>\n\n              <\/div>\n\n            \n                            <div class=\"splide__slide\">\n                                  <div class=\"two-column-teaser\">\n                \n                  <div class=\"two-column-teaser__content\">\n                                          <span class=\"subline\">Experience art &#038; culture in Vienna<\/span>\n                    \n                                          <h2 class=\"headline\">While you sleep, we make your dreams come true.<\/h2>\n                                        \n                                          <div class=\"wysiwyg-output\">\n                        <p>Thanks to our good connections in the Viennese art and culture scene and thanks to our co-operation partners, we can offer you a large number of tickets at a greatly reduced price. For ballet, musicals, opera and theatre &#8211; but also for selected museums and exhibitions. Ask at the time of booking or directly at the hotel reception. And while you are making yourself comfortable in our rooms, we are working flat out to organise your coveted cultural ticket.<\/p>\n                      <\/div>\n                    \n                                          <a href=\"https:\/\/www.harmonie-vienna.at\/en\/experience\/culture-cooperation\/\" class=\"brush-link dark-brush\" target=\"\">\n                        Explore                      <\/a>\n                                      <\/div>\n                  <div class=\"two-column-teaser__images\">\n                                          <div class=\"two-column-teaser__main-image\">\n                        <img decoding=\"async\" src=\"https:\/\/www.harmonie-vienna.at\/wp-content\/uploads\/2024\/08\/Lacotte_Coppelia_NButchko_03_FOTO_AshleyTaylor-768x1024.jpg\" alt=\"While you sleep, we make your dreams come true.\">\n                        <small class=\"text-brown-dark\">Lacotte_Coppelia_NButchko_03_FOTO_AshleyTaylor<\/small>\n                      <\/div>\n                    \n                                      <\/div>\n\n                <\/div>\n\n              <\/div>\n\n            \n                            <div class=\"splide__slide\">\n                                  <div class=\"two-column-teaser\">\n                \n                  <div class=\"two-column-teaser__content\">\n                                          <span class=\"subline\">Yes to the environment<\/span>\n                    \n                                          <h2 class=\"headline\">Waiver of room cleaning<\/h2>\n                                        \n                                          <div class=\"wysiwyg-output\">\n                        <p>From now on, you have the option of doing without the daily basic cleaning of your room. Don&#8217;t worry &#8211; we will of course still make your bed and your garbage will also be emptied.<\/p>\n<p>The \u20ac2 per day that we save by reducing working hours and cleaning agents will be invested one-to-one in the Austrian art and culture scene. More specifically, in the sponsorship prize awarded annually by the Friends of the Vienna State Ballet to particularly talented members of the ensemble.<\/p>\n<p>But that&#8217;s not all. By washing less laundry, using less detergent and consuming less energy and water, we are investing together in the future of our planet. And that is priceless!<\/p>\n                      <\/div>\n                    \n                                          <a href=\"https:\/\/www.harmonie-vienna.at\/en\/hotel-in-the-centre-of-vienna\/sustainable-hotel-in-vienna\/waiver-of-room-cleaining\/\" class=\"brush-link dark-brush\" target=\"\">\n                        Find out more                      <\/a>\n                                      <\/div>\n                  <div class=\"two-column-teaser__images\">\n                                          <div class=\"two-column-teaser__main-image\">\n                        <img decoding=\"async\" src=\"https:\/\/www.harmonie-vienna.at\/wp-content\/uploads\/2024\/08\/05_Foerderpreis_2023_FOTO_AshleyTaylor.jpg\" alt=\"Waiver of room cleaning\">\n                        <small class=\"text-brown-dark\">05_Foerderpreis_2023_FOTO_AshleyTaylor<\/small>\n                      <\/div>\n                    \n                                      <\/div>\n\n                <\/div>\n\n              <\/div>\n\n                      \n        <\/div>\n      <\/div>\n    <\/div>\n  <\/div>\n<\/div>\n\n\n\n  <div class=\"\">\n    <div class=\"container mx-auto boxed-teaser\">\n\n  <div class=\"splide\">\n    <div class=\"splide__track\">\n      <div class=\"splide__list\">\n\n                  \n              \n              \n                <div class=\"splide__slide\">\n                  \n                  \n                                      <div class=\"teaser-with-framed-card\">\n                  \n                    <div class=\"teaser-with-framed-card__content\">\n                      <div class=\"frame\">\n                                                  <h2 class=\"subline\">DANCE  THEATRE<\/h2>  \n                                                \n                                                  <h3 class=\"headline\">We enjoy a close relationship with some of Vienna\u2019s most famous cultural institutions<\/h3>\n                        \n                                                  <div class=\"wysiwyg-output\">\n                            <p>Join us at our stylish and elegant boutique hotel in the heart of Vienna for a unique journey of discovery sure to fill you with inspiration.<\/p>\n                          <\/div>\n                        \n                                                  <a href=\"https:\/\/www.harmonie-vienna.at\/erlebnis\/tanz-und-theater\/\" class=\"brush-link dark-brush\">\n                            More                          <\/a>\n                                              <\/div>\n                    <\/div>\n\n                    <div \n                      class=\"teaser-with-framed-card__bg-image\"\n                      style=\"background-image: url('https:\/\/www.harmonie-vienna.at\/wp-content\/uploads\/2022\/02\/Harmonie_012_web-1.png')\"\n                    >\n                                              <div class=\"teaser-with-framed-card__secondary-image \">\n                          <img decoding=\"async\" src=\"https:\/\/www.harmonie-vienna.at\/wp-content\/uploads\/2022\/02\/Ballerina-final_A4-300dpi.png\" alt=\"DANCE  THEATRE\">\n                        <\/div>\n                                          <\/div>\n\n                  <\/div>\n\n                <\/div>\n\n              \n                        <\/div>\n    <\/div>\n  <\/div>\n\n\n  <\/div>\n<\/div>\n\n\n<div class=\"usp-grid \">\n  <div class=\"container mx-auto\">\n    \n          <h2 class=\"headline\">Why you will feel right at home with us:<\/h2>\n    \n    \n      <ul class=\"usp-grid__items\" Das Beste im \u00dcberblick\">\n\n        \n          \n          <li class=\"usp-grid__item\">\n            <div class=\"frame\">\n                              <span class=\"subline\">Practical, central and well-connected<\/span>\n              \n                              <h2 class=\"headline-3\">Our hotel lies in the heart of Vienna in the charming Servitenviertel district<\/h2>\n              \n                              <p>In nur 10 Minuten Gehzeit erreichen Sie die Wiener Innenstadt.<\/p>\n              \n                              <a href=\"https:\/\/www.harmonie-vienna.at\/das-hotel\/\" class=\"brush-link dark-brush\" target=\"\">\n                  More on our location                <\/a>\n                          <\/div>\n          <\/li>\n\n        \n          \n          <li class=\"usp-grid__item\">\n            <div class=\"frame\">\n                              <span class=\"subline\">AN AUTHENTIC EXPERIENCE<\/span>\n              \n                              <h2 class=\"headline-3\">A genuine Viennese welcome<\/h2>\n              \n                              <p>Ein herzliches Willkommen, ein zuvorkommendes &#8220;Hallo&#8221;, das t\u00e4gliche L\u00e4cheln. <\/p>\n              \n                              <a href=\"https:\/\/www.harmonie-vienna.at\/das-hotel\/ueber-uns\/\" class=\"brush-link dark-brush\" target=\"\">\n                  About us                <\/a>\n                          <\/div>\n          <\/li>\n\n        \n          \n          <li class=\"usp-grid__item\">\n            <div class=\"frame\">\n                              <span class=\"subline\">High standards<\/span>\n              \n                              <h2 class=\"headline-3\">Breakfast buffet with regional and organic produce<\/h2>\n              \n                              <p>The perfect start to an eventful day!<\/p>\n              \n                              <a href=\"https:\/\/www.harmonie-vienna.at\/das-hotel\/kulinarik-im-hotel\/\" class=\"brush-link dark-brush\" target=\"\">\n                  Fine dining                <\/a>\n                          <\/div>\n          <\/li>\n\n              \n      <\/ul>\n\n    \n  <\/div>\n<\/div>\n\n\n\n  <div class=\"testimonial \">\n\n    <div class=\"splide\">\n      <div class=\"splide__track\">\n        <div class=\"splide__list\">\n\n                      \n            \n           <div class=\"splide__slide\">\n            <div class=\"testimonial__content\">\n                                  <h2 class=\"subline\">WHAT OUR GUESTS SAY<\/h2>\n                \n                                  <p class=\"quote\">\n                    Very nice. Completely newly renovated. Boutique Hotel. Remarkably close to the centre but still in a very quiet location. In the middle of the Servite Quarter with lots of great restaurants. Price-performance is TOP.                  <\/p>\n                \n                                  <span class=\"quote__author\">\n                    Patrick W. \n                    \n                                      <\/span>\n                \n                \n              <\/div>\n           <\/div>\n            \n                      \n            \n           <div class=\"splide__slide\">\n            <div class=\"testimonial__content\">\n                                  <h2 class=\"subline\">WHAT OUR GUESTS SAY<\/h2>\n                \n                                  <p class=\"quote\">\n                    All around an enormously pleasant experience. Absolutely recommendable! I will certainly come back. This is how all hotels should be. The sustainability aspect was also particularly good. The service was top notch in every respect.                  <\/p>\n                \n                                  <span class=\"quote__author\">\n                    Boris H. \n                    \n                                      <\/span>\n                \n                \n              <\/div>\n           <\/div>\n            \n                      \n            \n           <div class=\"splide__slide\">\n            <div class=\"testimonial__content\">\n                                  <h2 class=\"subline\">WHAT OUR GUESTS SAY<\/h2>\n                \n                                  <p class=\"quote\">\n                    A great hotel with obviously loyal staff, extremely friendly and accommodating! The breakfast buffet is unique, one of the best we know! The rooms are very comfortable and clean. You will not find better beds in any hotel.                  <\/p>\n                \n                                  <span class=\"quote__author\">\n                    Jeanette A. \n                    \n                                      <\/span>\n                \n                \n              <\/div>\n           <\/div>\n            \n          \n        <\/div>\n      <\/div>\n    <\/div>\n\n    <img decoding=\"async\" src=\"https:\/\/www.harmonie-vienna.at\/wp-content\/themes\/hotel-harmonie-theme\/resources\/images\/ballerina.png\" alt=\"\" class=\"testimonial__ballerina\">\n  <\/div>\n\n\n\n\n<div class=\"booking-cta \">\n  <div class=\"booking-cta__frame\">\n    <div class=\"booking-cta__content\">\n              <span class=\"subline\">\n          10% for direct bookings        <\/span>\n                    <h2 class=\"headline\">\n          Always get the best deal        <\/h2>\n                    <p>\n          The quickest way to the Boutique Hotel Harmonie is via our website. If you book your room directly online, you will receive a 10% discount on the current daily rate.\r\nEnjoy our daily tea time with home-baked cake and benefit from our concierge service with individual recommendations for unique cultural experiences in Vienna.        <\/p>\n      \n                                    <a href=\"https:\/\/www.secure-hotel-booking.com\/The-Harmonie-Vienna-Hotel\/JS2C\/en\" class=\"button booking-button mx-auto mt-8\"\n              target=\"_blank\">\n              <span>\n                <i class=\"fal fa-calendar-week\"><\/i>\n                Book now              <\/span>\n            <\/a>\n                        \n    <\/div>\n  <\/div>\n<\/div>\n\n\n<div class=\"offer-and-packages-preview \">\n  <div class=\"container mx-auto\">\n    <div class=\"offer-and-packages-preview__intro\">\n              <span class=\"subline\">Highlights in Vienna<\/span>\n      \n              <h2 class=\"headline\">Our packages<\/h2>\n      \n              <p>From a romantic getaway for two to a city break with friends, from a stylish honeymoon to a spring awakening at Easter \u2013 or an unforgettable New Year\u2019s Eve with dinner in the city centre: Vienna is a wonderful place to visit all year round. Here at The Harmonie, we offer guests a home from home in a stylish and welcoming downtown setting.<\/p>\n          <\/div>\n\n          <ul class=\"offer-and-packages-preview__loop\" aria-label=\"Our packages\">\n    \n                                  <li>\n                          <a href=\"https:\/\/www.harmonie-vienna.at\/en\/angebote\/package-wiener-staatsballett\/\" class=\"offer-and-packages-preview__link\">\n                                          <div class=\"overflow-hidden block\">\n                  <div class=\"preview-image\">\n                    <img decoding=\"async\" width=\"880\" height=\"429\" src=\"https:\/\/www.harmonie-vienna.at\/wp-content\/uploads\/2022\/03\/50739-kleiner.jpg\" class=\"attachment-offer-image size-offer-image wp-post-image\" alt=\"\" \/>                  <\/div>\n                <\/div>\n                            <h2 class=\"subline\">\n                <span class=\"frame\">\n                  State Opera &amp; State Ballet: Highlight in Vienna                  <span class=\"price\"><\/span>\n                <\/span>\n              <\/h2>\n            <\/a>\n          <\/li>\n\n                            <li>\n                          <a href=\"https:\/\/www.harmonie-vienna.at\/en\/angebote\/stay-a-little-longer\/\" class=\"offer-and-packages-preview__link\">\n                                          <div class=\"overflow-hidden block\">\n                  <div class=\"preview-image\">\n                    <img decoding=\"async\" width=\"839\" height=\"560\" src=\"https:\/\/www.harmonie-vienna.at\/wp-content\/uploads\/2022\/03\/Harmonie_Zi_211_3_web-839x560.jpg\" class=\"attachment-offer-image size-offer-image wp-post-image\" alt=\"Doppelbett im Hotel Wien Zentrum mit roter Tagesdecke und rotem Kunstwerk\" srcset=\"https:\/\/www.harmonie-vienna.at\/wp-content\/uploads\/2022\/03\/Harmonie_Zi_211_3_web-839x560.jpg 839w, https:\/\/www.harmonie-vienna.at\/wp-content\/uploads\/2022\/03\/Harmonie_Zi_211_3_web-820x547.jpg 820w, https:\/\/www.harmonie-vienna.at\/wp-content\/uploads\/2022\/03\/Harmonie_Zi_211_3_web-300x200.jpg 300w, https:\/\/www.harmonie-vienna.at\/wp-content\/uploads\/2022\/03\/Harmonie_Zi_211_3_web-768x512.jpg 768w, https:\/\/www.harmonie-vienna.at\/wp-content\/uploads\/2022\/03\/Harmonie_Zi_211_3_web-1024x683.jpg 1024w, https:\/\/www.harmonie-vienna.at\/wp-content\/uploads\/2022\/03\/Harmonie_Zi_211_3_web-400x267.jpg 400w, https:\/\/www.harmonie-vienna.at\/wp-content\/uploads\/2022\/03\/Harmonie_Zi_211_3_web.jpg 1382w\" sizes=\"(max-width: 839px) 100vw, 839px\" \/>                  <\/div>\n                <\/div>\n                            <h2 class=\"subline\">\n                <span class=\"frame\">\n                  Stay a little longer: 3 nights and more                  <span class=\"price\"><\/span>\n                <\/span>\n              <\/h2>\n            <\/a>\n          <\/li>\n\n                            <li>\n                          <a href=\"https:\/\/www.harmonie-vienna.at\/en\/angebote\/travel-sustainably-enjoy-more\/\" class=\"offer-and-packages-preview__link\">\n                                          <div class=\"overflow-hidden block\">\n                  <div class=\"preview-image\">\n                    <img decoding=\"async\" width=\"839\" height=\"560\" src=\"https:\/\/www.harmonie-vienna.at\/wp-content\/uploads\/2023\/07\/Harmonie_056_web-839x560.jpg\" class=\"attachment-offer-image size-offer-image wp-post-image\" alt=\"P\u00e4rchen beim Fr\u00fchst\u00fcck im Hotel in der Innenstadt Wien\" srcset=\"https:\/\/www.harmonie-vienna.at\/wp-content\/uploads\/2023\/07\/Harmonie_056_web-839x560.jpg 839w, https:\/\/www.harmonie-vienna.at\/wp-content\/uploads\/2023\/07\/Harmonie_056_web-820x547.jpg 820w, https:\/\/www.harmonie-vienna.at\/wp-content\/uploads\/2023\/07\/Harmonie_056_web-300x200.jpg 300w, https:\/\/www.harmonie-vienna.at\/wp-content\/uploads\/2023\/07\/Harmonie_056_web-768x512.jpg 768w, https:\/\/www.harmonie-vienna.at\/wp-content\/uploads\/2023\/07\/Harmonie_056_web-1024x683.jpg 1024w, https:\/\/www.harmonie-vienna.at\/wp-content\/uploads\/2023\/07\/Harmonie_056_web-400x267.jpg 400w, https:\/\/www.harmonie-vienna.at\/wp-content\/uploads\/2023\/07\/Harmonie_056_web.jpg 1382w\" sizes=\"(max-width: 839px) 100vw, 839px\" \/>                  <\/div>\n                <\/div>\n                            <h2 class=\"subline\">\n                <span class=\"frame\">\n                  Travel sustainably, enjoy more.                  <span class=\"price\"><\/span>\n                <\/span>\n              <\/h2>\n            <\/a>\n          <\/li>\n\n                  <\/ul>\n\n          <a href=\"https:\/\/www.harmonie-vienna.at\/das-hotel\/angebote-und-packages\/\" class=\"brush-link dark-brush mx-auto\" target=\"\">\n        More      <\/a>\n     \n\n  <\/div>\n<\/div>\n\n\n  <div class=\"fullwidth-teaser\">\n\n  <div class=\"splide\">\n    <div class=\"splide__track\">\n      <div class=\"splide__list\">\n\n                  \n              \n                              \n                <div \n                  class=\"teaser-with-framed-card is-fullwidth splide__slide\"\n                  style=\"background-image: url('https:\/\/www.harmonie-vienna.at\/wp-content\/uploads\/2022\/03\/MG_2028-scaled.jpg')\"\n                >\n                  <div class=\"container mx-auto\">\n                    <div class=\"teaser-with-framed-card__content\">\n                      <div class=\"frame\">\n                                                 <span class=\"subline\">A genuinely warm welcome<\/span>\n                        \n                                                  <h2 class=\"headline\">Your host, Sonja Wimmer<\/h2>  \n                        \n                                                  <div class=\"wysiwyg-output\">\n                            <p>\u201cIt is an honour to have been awarded the title Hotel of the Year in recognition of the hard work and dedication my team and I put in to ensure that our guests have an unforgettable stay.\u201d<\/p>\n                          <\/div>\n                                                                          <a href=\"https:\/\/www.harmonie-vienna.at\/das-hotel\/ueber-uns\/\" class=\"brush-link dark-brush\" target=\"\">\n                            More                          <\/a>\n                                              <\/div>\n                    <\/div>\n                  <\/div>\n                <\/div>\n\n              \n                        <\/div>\n    <\/div>\n  <\/div>\n\n\n<\/div>\n\n\n\n<div class=\"certifications \">\n  <div class=\"container mx-auto\">\n    <div class=\"certifications__wrapper\">\n      <div> \n                  <span class=\"subline\">Certificates<\/span>\n                          <h2 class=\"headline\">Consistently high quality<\/h2>\n                          <p><p>Environmental sustainability lies at the heart of everything we do. That is why we are particularly proud to have been awarded five different certifications recognising the green credentials of our services and products. We are proud holders of the Austrian Ecolabel, the EU Ecolabel, the Austria Bio Garantie, the European Centre for Allergy Research Foundation Seal and Vegan Welcome. &nbsp;<\/p>\n<p><a href=\"https:\/\/www.harmonie-vienna.at\/en\/hotel-in-the-centre-of-vienna\/sustainable-hotel-in-vienna\/\">Learn more about our cerficates<\/a><\/p>\n<\/p>\n              <\/div>\n      <div>\n                  <ul class=\"certifications__items\" Bild Grid\">\n                          <li>\n                                <a href=\"https:\/\/www.harmonie-vienna.at\/en\/hotel-in-the-centre-of-vienna\/sustainable-hotel-in-vienna\/\" target=\"\" aria-label=\"Certificates Zu Bild springen\">\n                \n                                      <span class=\"certifications__image-wrapper\">\n                      <img decoding=\"async\" src=\"https:\/\/www.harmonie-vienna.at\/wp-content\/uploads\/2022\/03\/Umweltzeichen.png\" alt=\"Siegel mit der Aufschrift Umweltzeichen in rot und gr\u00fcner Farbe \">\n                    <\/span>\n                  \n                  \n                                      <strong><\/strong>\n                  \n                                    <\/a>\n                                \n              <\/li>\n                          <li>\n                                <a href=\"https:\/\/www.harmonie-vienna.at\/en\/hotel-in-the-centre-of-vienna\/sustainable-hotel-in-vienna\/\" target=\"\" aria-label=\"Certificates Zu Bild springen\">\n                \n                                      <span class=\"certifications__image-wrapper\">\n                      <img decoding=\"async\" src=\"https:\/\/www.harmonie-vienna.at\/wp-content\/uploads\/2022\/03\/ecolabel.png\" alt=\"Siegel des EU Ecolabel in blau und gr\u00fcner Farbe \">\n                    <\/span>\n                  \n                  \n                                      <strong><\/strong>\n                  \n                                    <\/a>\n                                \n              <\/li>\n                          <li>\n                                <a href=\"https:\/\/www.harmonie-vienna.at\/en\/hotel-in-the-centre-of-vienna\/sustainable-hotel-in-vienna\/\" target=\"\" aria-label=\"Certificates Zu Bild springen\">\n                \n                                      <span class=\"certifications__image-wrapper\">\n                      <img decoding=\"async\" src=\"https:\/\/www.harmonie-vienna.at\/wp-content\/uploads\/2022\/03\/Austria-Bio-Garantie-neu.png\" alt=\"Gr\u00fcnes Siegel der Austria Bio Garantie mit roter Umrandung \">\n                    <\/span>\n                  \n                  \n                                      <strong><\/strong>\n                  \n                                    <\/a>\n                                \n              <\/li>\n                          <li>\n              \n                                      <span class=\"certifications__image-wrapper\">\n                      <img decoding=\"async\" src=\"https:\/\/www.harmonie-vienna.at\/wp-content\/uploads\/2022\/03\/Ecarf-neu.png\" alt=\"Siegel des ECARF f\u00fcr Allergikerfreundliche Qualit\u00e4tspr\u00fcfung \">\n                    <\/span>\n                  \n                  \n                  \n                                  \n              <\/li>\n                          <li>\n              \n                                      <span class=\"certifications__image-wrapper\">\n                      <img decoding=\"async\" src=\"https:\/\/www.harmonie-vienna.at\/wp-content\/uploads\/2022\/03\/Vegan-Welcome.png\" alt=\"Siegel Vegan Welcome mit f\u00fcnf Sternen und einem gr\u00fcnen Blatt \">\n                    <\/span>\n                  \n                  \n                  \n                                  \n              <\/li>\n                      <\/ul>\n              <\/div>\n    <\/div>\n  <\/div>\n<\/div>\n\n\n\n\n\n\n\n\n\n\n\n\n<div class=\"form \" aria-label=\"Formular\">\n  <div class=\"max-w-lg lg:max-w-3xl mx-auto text-center\">\n\n      <span class=\"subline\">HARMONIE-LETTER<\/span>\n  \n      <h2 class=\"headline\">Subscribe to our newsletter and don\u2019t miss any more offers!<\/h2>\n  \n  \n  <div class=\"form__form-wrapper\" aria-label=\"Formular 3\">\n    <div class=\"form__icon\" style=\"background-image: url('https:\/\/www.harmonie-vienna.at\/wp-content\/uploads\/2022\/03\/News.png');\"><\/div>\n    <div class=\"frame\">\n              \n<div class=\"wpcf7 no-js\" id=\"wpcf7-f155-o1\" lang=\"de-DE\" dir=\"ltr\" data-wpcf7-id=\"155\">\n<div class=\"screen-reader-response\"><p role=\"status\" aria-live=\"polite\" aria-atomic=\"true\"><\/p> <ul><\/ul><\/div>\n<form action=\"\/en\/wp-json\/wp\/v2\/pages\/3483#wpcf7-f155-o1\" method=\"post\" class=\"wpcf7-form init form-with-animated-labels\" aria-label=\"Kontaktformular\" novalidate=\"novalidate\" data-status=\"init\">\n<fieldset class=\"hidden-fields-container\"><input type=\"hidden\" name=\"_wpcf7\" value=\"155\" \/><input type=\"hidden\" name=\"_wpcf7_version\" value=\"6.1.5\" \/><input type=\"hidden\" name=\"_wpcf7_locale\" value=\"de_DE\" \/><input type=\"hidden\" name=\"_wpcf7_unit_tag\" value=\"wpcf7-f155-o1\" \/><input type=\"hidden\" name=\"_wpcf7_container_post\" value=\"0\" \/><input type=\"hidden\" name=\"_wpcf7_posted_data_hash\" value=\"\" \/>\n<\/fieldset>\n<ul class=\"form__fields\">\n    <li class=\"form__field\">\n      <span class=\"wpcf7-form-control-wrap\" data-name=\"first-name\"><input size=\"40\" maxlength=\"400\" class=\"wpcf7-form-control wpcf7-text wpcf7-validates-as-required\" id=\"first-name\" aria-required=\"true\" aria-invalid=\"false\" value=\"\" type=\"text\" name=\"first-name\" \/><\/span>\n      <label for=\"first-name\">Vorname<\/label>\n    <\/li>\n    <li class=\"form__field\">\n      <span class=\"wpcf7-form-control-wrap\" data-name=\"second-name\"><input size=\"40\" maxlength=\"400\" class=\"wpcf7-form-control wpcf7-text wpcf7-validates-as-required\" id=\"second-name\" aria-required=\"true\" aria-invalid=\"false\" value=\"\" type=\"text\" name=\"second-name\" \/><\/span>\n      <label for=\"second-name\">Nachname<\/label>\n    <\/li>\n    <li class=\"form__field\">\n      <span class=\"wpcf7-form-control-wrap\" data-name=\"email\"><input size=\"40\" maxlength=\"400\" class=\"wpcf7-form-control wpcf7-email wpcf7-validates-as-required wpcf7-text wpcf7-validates-as-email\" id=\"email\" aria-required=\"true\" aria-invalid=\"false\" value=\"\" type=\"email\" name=\"email\" \/><\/span>\n      <label for=\"email\">E-Mail Adresse<\/label>\n    <\/li>\n  <\/ul>\n  <ul class=\"form__footer\">\n    <li class=\"form__field\">\n      <span class=\"wpcf7-form-control-wrap\" data-name=\"checkbox-679\"><span class=\"wpcf7-form-control wpcf7-checkbox wpcf7-validates-as-required\"><span class=\"wpcf7-list-item first last\"><label><input type=\"checkbox\" name=\"checkbox-679[]\" value=\"Ich stimme der Datenschutzerkl\u00e4rung zu\" \/><span class=\"wpcf7-list-item-label\">Ich stimme der Datenschutzerkl\u00e4rung zu<\/span><\/label><\/span><\/span><\/span>\n      <span id=\"wpcf7-69f19d2e95d9b-wrapper\" class=\"wpcf7-form-control-wrap checkbox-501-wrap\" style=\"display:none !important; visibility:hidden !important;\"><input type=\"hidden\" name=\"checkbox-501-time-start\" value=\"1777442094\"><input type=\"hidden\" name=\"checkbox-501-time-check\" value=\"4\"><label for=\"wpcf7-69f19d2e95d9b-field\" class=\"hp-message\">Bitte lasse dieses Feld leer.<\/label><input id=\"wpcf7-69f19d2e95d9b-field\"  class=\"wpcf7-form-control wpcf7-text\" type=\"text\" name=\"checkbox-501\" value=\"\" size=\"40\" tabindex=\"-1\" autocomplete=\"new-password\" \/><\/span>\n    <\/li>\n    <li class=\"form__field\">\n      <input class=\"wpcf7-form-control wpcf7-submit has-spinner\" type=\"submit\" value=\"Abbonieren\" \/>\n    <\/li>\n  <\/ul><div class=\"wpcf7-response-output\" aria-hidden=\"true\"><\/div>\n<\/form>\n<\/div>\n          <\/div>\n  <\/div>\n\n  <\/div>\n<\/div>\n\n\n\n<div class=\"blog-preview \">\n  <div class=\"container mx-auto\">\n    <div class=\"blog-preview__intro\">\n              <span class=\"subline\">Discover Vienna <\/span>\n      \n              <h2 class=\"headline\">Tips for your stay<\/h2>\n      \n              <p>Our blog contains lots of idea on things to see, do and explore during your time in Vienna. They range from sightseeing classics to places to eat and historical insights into our beloved city. <\/p>\n          <\/div>\n\n          <ul class=\"blog-preview__loop blog-preview__loop--two-items\" aria-label=\"Tips for your stay\">\n    \n                          \n           \n          <li>\n            <a href=\"https:\/\/www.harmonie-vienna.at\/urlaubstipps-wien\/ostern-in-wien\/\" class=\"blog-preview__link\">\n                          <div class=\"overflow-hidden block\">\n                 <div class=\"preview-image\">\n                  <img decoding=\"async\" width=\"820\" height=\"547\" src=\"https:\/\/www.harmonie-vienna.at\/wp-content\/uploads\/2022\/03\/ostern-hase-wien-820x547.jpeg\" class=\"attachment-custom-post-image size-custom-post-image wp-post-image\" alt=\"Gro\u00dfe pinke Hasenskulptur vor historischer Fassade in Wien mit vorbeigehender Person.\" srcset=\"https:\/\/www.harmonie-vienna.at\/wp-content\/uploads\/2022\/03\/ostern-hase-wien-820x547.jpeg 820w, https:\/\/www.harmonie-vienna.at\/wp-content\/uploads\/2022\/03\/ostern-hase-wien-840x560.jpeg 840w, https:\/\/www.harmonie-vienna.at\/wp-content\/uploads\/2022\/03\/ostern-hase-wien-300x200.jpeg 300w, https:\/\/www.harmonie-vienna.at\/wp-content\/uploads\/2022\/03\/ostern-hase-wien-768x512.jpeg 768w, https:\/\/www.harmonie-vienna.at\/wp-content\/uploads\/2022\/03\/ostern-hase-wien-1024x682.jpeg 1024w, https:\/\/www.harmonie-vienna.at\/wp-content\/uploads\/2022\/03\/ostern-hase-wien-1536x1024.jpeg 1536w, https:\/\/www.harmonie-vienna.at\/wp-content\/uploads\/2022\/03\/ostern-hase-wien-400x267.jpeg 400w, https:\/\/www.harmonie-vienna.at\/wp-content\/uploads\/2022\/03\/ostern-hase-wien.jpeg 2000w\" sizes=\"(max-width: 820px) 100vw, 820px\" \/>                <\/div>\n              <\/div>\n                          <span class=\"frame\">\n                                  <span class=\"subline\">\n                                            Urlaubstipps in Wien                                      <\/span>\n                                <h3 class=\"headline-3\">Ostern in Wien erleben<\/h3>\n                Ostern bedeutet f\u00fcr viele vor allem eines: Den Beginn des Fr\u00fchlings zu feiern! Das bunte Treiben in der Stadt Wien ist an O&#8230;\n              <\/span>\n            <\/a>\n          <\/li>\n\n                    \n           \n          <li>\n            <a href=\"https:\/\/www.harmonie-vienna.at\/sehenswuerdigkeiten\/donauinsel-wien\/\" class=\"blog-preview__link\">\n                          <div class=\"overflow-hidden block\">\n                 <div class=\"preview-image\">\n                  <img decoding=\"async\" width=\"820\" height=\"547\" src=\"https:\/\/www.harmonie-vienna.at\/wp-content\/uploads\/2022\/03\/donau-wasser-padler-1-820x547.webp\" class=\"attachment-custom-post-image size-custom-post-image wp-post-image\" alt=\"Mann beim Stand up Paddeln auf ruhigem Wasser bei der Donauinsel in Wien mit Booten und H\u00e4usern im warmen Abendlicht.\" srcset=\"https:\/\/www.harmonie-vienna.at\/wp-content\/uploads\/2022\/03\/donau-wasser-padler-1-820x547.webp 820w, https:\/\/www.harmonie-vienna.at\/wp-content\/uploads\/2022\/03\/donau-wasser-padler-1-840x560.webp 840w, https:\/\/www.harmonie-vienna.at\/wp-content\/uploads\/2022\/03\/donau-wasser-padler-1-300x200.webp 300w, https:\/\/www.harmonie-vienna.at\/wp-content\/uploads\/2022\/03\/donau-wasser-padler-1-768x512.webp 768w, https:\/\/www.harmonie-vienna.at\/wp-content\/uploads\/2022\/03\/donau-wasser-padler-1-1024x682.webp 1024w, https:\/\/www.harmonie-vienna.at\/wp-content\/uploads\/2022\/03\/donau-wasser-padler-1-1536x1024.webp 1536w, https:\/\/www.harmonie-vienna.at\/wp-content\/uploads\/2022\/03\/donau-wasser-padler-1-400x267.webp 400w, https:\/\/www.harmonie-vienna.at\/wp-content\/uploads\/2022\/03\/donau-wasser-padler-1.webp 2000w\" sizes=\"(max-width: 820px) 100vw, 820px\" \/>                <\/div>\n              <\/div>\n                          <span class=\"frame\">\n                                  <span class=\"subline\">\n                                            Sehensw\u00fcrdigkeiten                                      <\/span>\n                                <h3 class=\"headline-3\">Die Donauinsel in Wien<\/h3>\n                Die Donauinsel ist das Freizeiteldorado und Naherholungsgebiet nahe des\u202fWiener Praters. Auf der 21 Kilometer langen von der&#8230;\n              <\/span>\n            <\/a>\n          <\/li>\n\n                  <\/ul>\n\n          <a href=\"#\" class=\"brush-link dark-brush mx-auto\" target=\"\">\n        Our Blog      <\/a>\n     \n\n  <\/div>\n<\/div>\n\n\n<div class=\"py-12 \">\n  \n  <div class=\"container mx-auto\">\n\n          <div class=\"wysiwyg-output\">\n        \n<div id=\"sb_instagram\"  class=\"sbi sbi_mob_col_2 sbi_tab_col_3 sbi_col_4 sbi_width_resp\" style=\"padding-bottom: 32px;\"\t data-feedid=\"*1\"  data-res=\"auto\" data-cols=\"4\" data-colsmobile=\"2\" data-colstablet=\"3\" data-num=\"12\" data-nummobile=\"6\" data-item-padding=\"16\"\t data-shortcode-atts=\"{&quot;feed&quot;:&quot;1&quot;}\"  data-postid=\"3483\" data-locatornonce=\"7217a68f5f\" data-imageaspectratio=\"1:1\" data-sbi-flags=\"favorLocal,gdpr\">\n\t<div class=\"sb_instagram_header  sbi_medium\"   >\n\t<a class=\"sbi_header_link\" target=\"_blank\"\n\t   rel=\"nofollow noopener\" href=\"https:\/\/www.instagram.com\/the.harmonie.vienna\/\" title=\"@the.harmonie.vienna\">\n\t\t<div class=\"sbi_header_text\">\n\t\t\t<div class=\"sbi_header_img\"  data-avatar-url=\"https:\/\/scontent-hel3-1.cdninstagram.com\/v\/t51.2885-19\/58939974_334813627231134_3398359698632605696_n.jpg?_nc_cat=101&amp;ccb=7-5&amp;_nc_sid=bf7eb4&amp;efg=eyJ2ZW5jb2RlX3RhZyI6InByb2ZpbGVfcGljLnd3dy4yMDAuQzMifQ%3D%3D&amp;_nc_ohc=FrxEVldGtl8Q7kNvwGsUq5l&amp;_nc_oc=Adr-4Ve-5xMS2d-lYp3j6evkWiwAUvGzr96vlKGOqm6YT5r4AGod0cQAlQySnEKZSaRRB4p6C6MiD8tqd4_nI8Iz&amp;_nc_zt=24&amp;_nc_ht=scontent-hel3-1.cdninstagram.com&amp;edm=AP4hL3IEAAAA&amp;_nc_tpa=Q5bMBQFvBTqb3LwlPWSzgyr-XCyvxdLDAWnVUOYXIyR-_4-lxLo5ACi7JfjzMDjqN2pnf1NRaSRlbd-yzA&amp;oh=00_Af0_QcuJtBjpEkxqjqnI36Xz_dKMsEtidF7Tayf_Ip8Liw&amp;oe=69F70594\">\n\t\t\t\t\t\t\t\t\t<div class=\"sbi_header_img_hover\"  ><svg class=\"sbi_new_logo fa-instagram fa-w-14\" aria-hidden=\"true\" data-fa-processed=\"\" aria-label=\"Instagram\" data-prefix=\"fab\" data-icon=\"instagram\" role=\"img\" viewBox=\"0 0 448 512\">\n                    <path fill=\"currentColor\" d=\"M224.1 141c-63.6 0-114.9 51.3-114.9 114.9s51.3 114.9 114.9 114.9S339 319.5 339 255.9 287.7 141 224.1 141zm0 189.6c-41.1 0-74.7-33.5-74.7-74.7s33.5-74.7 74.7-74.7 74.7 33.5 74.7 74.7-33.6 74.7-74.7 74.7zm146.4-194.3c0 14.9-12 26.8-26.8 26.8-14.9 0-26.8-12-26.8-26.8s12-26.8 26.8-26.8 26.8 12 26.8 26.8zm76.1 27.2c-1.7-35.9-9.9-67.7-36.2-93.9-26.2-26.2-58-34.4-93.9-36.2-37-2.1-147.9-2.1-184.9 0-35.8 1.7-67.6 9.9-93.9 36.1s-34.4 58-36.2 93.9c-2.1 37-2.1 147.9 0 184.9 1.7 35.9 9.9 67.7 36.2 93.9s58 34.4 93.9 36.2c37 2.1 147.9 2.1 184.9 0 35.9-1.7 67.7-9.9 93.9-36.2 26.2-26.2 34.4-58 36.2-93.9 2.1-37 2.1-147.8 0-184.8zM398.8 388c-7.8 19.6-22.9 34.7-42.6 42.6-29.5 11.7-99.5 9-132.1 9s-102.7 2.6-132.1-9c-19.6-7.8-34.7-22.9-42.6-42.6-11.7-29.5-9-99.5-9-132.1s-2.6-102.7 9-132.1c7.8-19.6 22.9-34.7 42.6-42.6 29.5-11.7 99.5-9 132.1-9s102.7-2.6 132.1 9c19.6 7.8 34.7 22.9 42.6 42.6 11.7 29.5 9 99.5 9 132.1s2.7 102.7-9 132.1z\"><\/path>\n                <\/svg><\/div>\n\t\t\t\t\t<img decoding=\"async\"  src=\"https:\/\/www.harmonie-vienna.at\/wp-content\/uploads\/sb-instagram-feed-images\/the.harmonie.vienna.webp\" alt=\"\" width=\"50\" height=\"50\">\n\t\t\t\t\n\t\t\t\t\t\t\t<\/div>\n\n\t\t\t<div class=\"sbi_feedtheme_header_text\">\n\t\t\t\t<h3>the.harmonie.vienna<\/h3>\n\t\t\t\t\t\t\t\t\t<p class=\"sbi_bio\">#artboutiqueunique <br>\nDas Hotel, das aus<br>\nder Reihe tanzt \ud83c\udf3f<\/p>\n\t\t\t\t\t\t\t<\/div>\n\t\t<\/div>\n\t<\/a>\n<\/div>\n\n\t<div id=\"sbi_images\"  style=\"gap: 32px;\">\n\t\t<div class=\"sbi_item sbi_type_carousel sbi_new sbi_transition\"\n\tid=\"sbi_17925867342264194\" data-date=\"1776096020\">\n\t<div class=\"sbi_photo_wrap\">\n\t\t<a class=\"sbi_photo\" href=\"https:\/\/www.instagram.com\/p\/DXE-jfrCcIb\/\" target=\"_blank\" rel=\"noopener nofollow\"\n\t\t\tdata-full-res=\"https:\/\/scontent-hel3-1.cdninstagram.com\/v\/t39.30808-6\/669693734_1634151584822123_1297730593243302900_n.jpg?stp=dst-jpg_e35_tt6&#038;_nc_cat=102&#038;ccb=7-5&#038;_nc_sid=18de74&#038;efg=eyJlZmdfdGFnIjoiQ0FST1VTRUxfSVRFTS5iZXN0X2ltYWdlX3VybGdlbi5DMyJ9&#038;_nc_ohc=QP56cBiClNwQ7kNvwELd5A0&#038;_nc_oc=AdpGZh5usE9DMH7IU10RqsGhnxdV3iVSzFIzWenbc4FEHIO62SgFFGguwZe6QnjHHElkYuzBXOShqmZiM1LaCD3j&#038;_nc_zt=23&#038;_nc_ht=scontent-hel3-1.cdninstagram.com&#038;edm=ANo9K5cEAAAA&#038;_nc_gid=MNUXmDEJLp_3F7vudAaIUg&#038;_nc_tpa=Q5bMBQHB1zbB3Ix2YE90ncBRf8QinM8icdI-LbZ4e2SRpXVpw7hGhMuJwhEreE6EopsYYsRYtYNGjLFbcA&#038;oh=00_Af2ziIjm7HOVV5PLpnJrmJcGVVs3O0c3zZLf8oGNJE4Gig&#038;oe=69F71703\"\n\t\t\tdata-img-src-set=\"{&quot;d&quot;:&quot;https:\\\/\\\/scontent-hel3-1.cdninstagram.com\\\/v\\\/t39.30808-6\\\/669693734_1634151584822123_1297730593243302900_n.jpg?stp=dst-jpg_e35_tt6&amp;_nc_cat=102&amp;ccb=7-5&amp;_nc_sid=18de74&amp;efg=eyJlZmdfdGFnIjoiQ0FST1VTRUxfSVRFTS5iZXN0X2ltYWdlX3VybGdlbi5DMyJ9&amp;_nc_ohc=QP56cBiClNwQ7kNvwELd5A0&amp;_nc_oc=AdpGZh5usE9DMH7IU10RqsGhnxdV3iVSzFIzWenbc4FEHIO62SgFFGguwZe6QnjHHElkYuzBXOShqmZiM1LaCD3j&amp;_nc_zt=23&amp;_nc_ht=scontent-hel3-1.cdninstagram.com&amp;edm=ANo9K5cEAAAA&amp;_nc_gid=MNUXmDEJLp_3F7vudAaIUg&amp;_nc_tpa=Q5bMBQHB1zbB3Ix2YE90ncBRf8QinM8icdI-LbZ4e2SRpXVpw7hGhMuJwhEreE6EopsYYsRYtYNGjLFbcA&amp;oh=00_Af2ziIjm7HOVV5PLpnJrmJcGVVs3O0c3zZLf8oGNJE4Gig&amp;oe=69F71703&quot;,&quot;150&quot;:&quot;https:\\\/\\\/scontent-hel3-1.cdninstagram.com\\\/v\\\/t39.30808-6\\\/669693734_1634151584822123_1297730593243302900_n.jpg?stp=dst-jpg_e35_tt6&amp;_nc_cat=102&amp;ccb=7-5&amp;_nc_sid=18de74&amp;efg=eyJlZmdfdGFnIjoiQ0FST1VTRUxfSVRFTS5iZXN0X2ltYWdlX3VybGdlbi5DMyJ9&amp;_nc_ohc=QP56cBiClNwQ7kNvwELd5A0&amp;_nc_oc=AdpGZh5usE9DMH7IU10RqsGhnxdV3iVSzFIzWenbc4FEHIO62SgFFGguwZe6QnjHHElkYuzBXOShqmZiM1LaCD3j&amp;_nc_zt=23&amp;_nc_ht=scontent-hel3-1.cdninstagram.com&amp;edm=ANo9K5cEAAAA&amp;_nc_gid=MNUXmDEJLp_3F7vudAaIUg&amp;_nc_tpa=Q5bMBQHB1zbB3Ix2YE90ncBRf8QinM8icdI-LbZ4e2SRpXVpw7hGhMuJwhEreE6EopsYYsRYtYNGjLFbcA&amp;oh=00_Af2ziIjm7HOVV5PLpnJrmJcGVVs3O0c3zZLf8oGNJE4Gig&amp;oe=69F71703&quot;,&quot;320&quot;:&quot;https:\\\/\\\/scontent-hel3-1.cdninstagram.com\\\/v\\\/t39.30808-6\\\/669693734_1634151584822123_1297730593243302900_n.jpg?stp=dst-jpg_e35_tt6&amp;_nc_cat=102&amp;ccb=7-5&amp;_nc_sid=18de74&amp;efg=eyJlZmdfdGFnIjoiQ0FST1VTRUxfSVRFTS5iZXN0X2ltYWdlX3VybGdlbi5DMyJ9&amp;_nc_ohc=QP56cBiClNwQ7kNvwELd5A0&amp;_nc_oc=AdpGZh5usE9DMH7IU10RqsGhnxdV3iVSzFIzWenbc4FEHIO62SgFFGguwZe6QnjHHElkYuzBXOShqmZiM1LaCD3j&amp;_nc_zt=23&amp;_nc_ht=scontent-hel3-1.cdninstagram.com&amp;edm=ANo9K5cEAAAA&amp;_nc_gid=MNUXmDEJLp_3F7vudAaIUg&amp;_nc_tpa=Q5bMBQHB1zbB3Ix2YE90ncBRf8QinM8icdI-LbZ4e2SRpXVpw7hGhMuJwhEreE6EopsYYsRYtYNGjLFbcA&amp;oh=00_Af2ziIjm7HOVV5PLpnJrmJcGVVs3O0c3zZLf8oGNJE4Gig&amp;oe=69F71703&quot;,&quot;640&quot;:&quot;https:\\\/\\\/scontent-hel3-1.cdninstagram.com\\\/v\\\/t39.30808-6\\\/669693734_1634151584822123_1297730593243302900_n.jpg?stp=dst-jpg_e35_tt6&amp;_nc_cat=102&amp;ccb=7-5&amp;_nc_sid=18de74&amp;efg=eyJlZmdfdGFnIjoiQ0FST1VTRUxfSVRFTS5iZXN0X2ltYWdlX3VybGdlbi5DMyJ9&amp;_nc_ohc=QP56cBiClNwQ7kNvwELd5A0&amp;_nc_oc=AdpGZh5usE9DMH7IU10RqsGhnxdV3iVSzFIzWenbc4FEHIO62SgFFGguwZe6QnjHHElkYuzBXOShqmZiM1LaCD3j&amp;_nc_zt=23&amp;_nc_ht=scontent-hel3-1.cdninstagram.com&amp;edm=ANo9K5cEAAAA&amp;_nc_gid=MNUXmDEJLp_3F7vudAaIUg&amp;_nc_tpa=Q5bMBQHB1zbB3Ix2YE90ncBRf8QinM8icdI-LbZ4e2SRpXVpw7hGhMuJwhEreE6EopsYYsRYtYNGjLFbcA&amp;oh=00_Af2ziIjm7HOVV5PLpnJrmJcGVVs3O0c3zZLf8oGNJE4Gig&amp;oe=69F71703&quot;}\">\n\t\t\t<span class=\"sbi-screenreader\">\u2728 Premiere in der Volksoper Wien: Der Zarewitsch \u2728<\/span>\n\t\t\t<svg class=\"svg-inline--fa fa-clone fa-w-16 sbi_lightbox_carousel_icon\" aria-hidden=\"true\" aria-label=\"Clone\" data-fa-pro\u0192cessed=\"\" data-prefix=\"far\" data-icon=\"clone\" role=\"img\" xmlns=\"http:\/\/www.w3.org\/2000\/svg\" viewBox=\"0 0 512 512\">\n                    <path fill=\"currentColor\" d=\"M464 0H144c-26.51 0-48 21.49-48 48v48H48c-26.51 0-48 21.49-48 48v320c0 26.51 21.49 48 48 48h320c26.51 0 48-21.49 48-48v-48h48c26.51 0 48-21.49 48-48V48c0-26.51-21.49-48-48-48zM362 464H54a6 6 0 0 1-6-6V150a6 6 0 0 1 6-6h42v224c0 26.51 21.49 48 48 48h224v42a6 6 0 0 1-6 6zm96-96H150a6 6 0 0 1-6-6V54a6 6 0 0 1 6-6h308a6 6 0 0 1 6 6v308a6 6 0 0 1-6 6z\"><\/path>\n                <\/svg>\t\t\t\t\t\t<img decoding=\"async\" src=\"https:\/\/www.harmonie-vienna.at\/wp-content\/plugins\/instagram-feed\/img\/placeholder.png\" alt=\"\u2728 Premiere in der Volksoper Wien: Der Zarewitsch \u2728\n\nMelancholisch, ber\u00fchrend und von zeitloser Sch\u00f6nheit \u2013 Franz Leh\u00e1rs Sp\u00e4twerk erz\u00e4hlt die Geschichte des jungen Thronfolgers Aljoscha, der zwischen Pflicht und Sehnsucht nach echter N\u00e4he gefangen ist.\n\nIn einer m\u00e4rchenhaften Inszenierung von Steef de Jong entfaltet sich eine zarte Liebesgeschichte, die durch fantasievolle Zeichnungen, Projektionen und eine ganz besondere B\u00fchnen\u00e4sthetik zum Leben erweckt wird.\n\nEin Abend zwischen Operette und gro\u00dfer Oper \u2013 poetisch, humorvoll und zutiefst bewegend.\n\n#TheHarmonieVienna #ViennaCulture #VolksoperWien #DerZarewitsch #Operette #Leh\u00e1r #ViennaExperience #kulturinwien \n\u00a9 Volksoper Wien\" aria-hidden=\"true\">\n\t\t<\/a>\n\t<\/div>\n<\/div><div class=\"sbi_item sbi_type_carousel sbi_new sbi_transition\"\n\tid=\"sbi_17899577352262905\" data-date=\"1775462484\">\n\t<div class=\"sbi_photo_wrap\">\n\t\t<a class=\"sbi_photo\" href=\"https:\/\/www.instagram.com\/p\/DWyGLkpCFPD\/\" target=\"_blank\" rel=\"noopener nofollow\"\n\t\t\tdata-full-res=\"https:\/\/scontent-hel3-1.cdninstagram.com\/v\/t39.30808-6\/657266072_1622898089280806_8865496461586277709_n.jpg?stp=dst-jpg_e35_tt6&#038;_nc_cat=102&#038;ccb=7-5&#038;_nc_sid=18de74&#038;efg=eyJlZmdfdGFnIjoiQ0FST1VTRUxfSVRFTS5iZXN0X2ltYWdlX3VybGdlbi5DMyJ9&#038;_nc_ohc=wFbEThPV5IkQ7kNvwFjc1ey&#038;_nc_oc=AdoGjFqt6EvuIameFWgpocW_AEzWGvW18JmCGMfisQSZYL1JU3jqPnact3go2VWk9m-MN4t2h7fa6jDb1KruGoVz&#038;_nc_zt=23&#038;_nc_ht=scontent-hel3-1.cdninstagram.com&#038;edm=ANo9K5cEAAAA&#038;_nc_gid=MNUXmDEJLp_3F7vudAaIUg&#038;_nc_tpa=Q5bMBQH-hyXPj_Fi9tw1MlXe9Y1sD8bKqLCr0xNrf7GDYtwINYHiuB6qokB2cAlcpgk7K1qmSADZO5ifeQ&#038;oh=00_Af1tZdyBmYLxJRg5KSZsOSXUQskOSXSJTWMcIN17Q_KVdA&#038;oe=69F71BF5\"\n\t\t\tdata-img-src-set=\"{&quot;d&quot;:&quot;https:\\\/\\\/scontent-hel3-1.cdninstagram.com\\\/v\\\/t39.30808-6\\\/657266072_1622898089280806_8865496461586277709_n.jpg?stp=dst-jpg_e35_tt6&amp;_nc_cat=102&amp;ccb=7-5&amp;_nc_sid=18de74&amp;efg=eyJlZmdfdGFnIjoiQ0FST1VTRUxfSVRFTS5iZXN0X2ltYWdlX3VybGdlbi5DMyJ9&amp;_nc_ohc=wFbEThPV5IkQ7kNvwFjc1ey&amp;_nc_oc=AdoGjFqt6EvuIameFWgpocW_AEzWGvW18JmCGMfisQSZYL1JU3jqPnact3go2VWk9m-MN4t2h7fa6jDb1KruGoVz&amp;_nc_zt=23&amp;_nc_ht=scontent-hel3-1.cdninstagram.com&amp;edm=ANo9K5cEAAAA&amp;_nc_gid=MNUXmDEJLp_3F7vudAaIUg&amp;_nc_tpa=Q5bMBQH-hyXPj_Fi9tw1MlXe9Y1sD8bKqLCr0xNrf7GDYtwINYHiuB6qokB2cAlcpgk7K1qmSADZO5ifeQ&amp;oh=00_Af1tZdyBmYLxJRg5KSZsOSXUQskOSXSJTWMcIN17Q_KVdA&amp;oe=69F71BF5&quot;,&quot;150&quot;:&quot;https:\\\/\\\/scontent-hel3-1.cdninstagram.com\\\/v\\\/t39.30808-6\\\/657266072_1622898089280806_8865496461586277709_n.jpg?stp=dst-jpg_e35_tt6&amp;_nc_cat=102&amp;ccb=7-5&amp;_nc_sid=18de74&amp;efg=eyJlZmdfdGFnIjoiQ0FST1VTRUxfSVRFTS5iZXN0X2ltYWdlX3VybGdlbi5DMyJ9&amp;_nc_ohc=wFbEThPV5IkQ7kNvwFjc1ey&amp;_nc_oc=AdoGjFqt6EvuIameFWgpocW_AEzWGvW18JmCGMfisQSZYL1JU3jqPnact3go2VWk9m-MN4t2h7fa6jDb1KruGoVz&amp;_nc_zt=23&amp;_nc_ht=scontent-hel3-1.cdninstagram.com&amp;edm=ANo9K5cEAAAA&amp;_nc_gid=MNUXmDEJLp_3F7vudAaIUg&amp;_nc_tpa=Q5bMBQH-hyXPj_Fi9tw1MlXe9Y1sD8bKqLCr0xNrf7GDYtwINYHiuB6qokB2cAlcpgk7K1qmSADZO5ifeQ&amp;oh=00_Af1tZdyBmYLxJRg5KSZsOSXUQskOSXSJTWMcIN17Q_KVdA&amp;oe=69F71BF5&quot;,&quot;320&quot;:&quot;https:\\\/\\\/scontent-hel3-1.cdninstagram.com\\\/v\\\/t39.30808-6\\\/657266072_1622898089280806_8865496461586277709_n.jpg?stp=dst-jpg_e35_tt6&amp;_nc_cat=102&amp;ccb=7-5&amp;_nc_sid=18de74&amp;efg=eyJlZmdfdGFnIjoiQ0FST1VTRUxfSVRFTS5iZXN0X2ltYWdlX3VybGdlbi5DMyJ9&amp;_nc_ohc=wFbEThPV5IkQ7kNvwFjc1ey&amp;_nc_oc=AdoGjFqt6EvuIameFWgpocW_AEzWGvW18JmCGMfisQSZYL1JU3jqPnact3go2VWk9m-MN4t2h7fa6jDb1KruGoVz&amp;_nc_zt=23&amp;_nc_ht=scontent-hel3-1.cdninstagram.com&amp;edm=ANo9K5cEAAAA&amp;_nc_gid=MNUXmDEJLp_3F7vudAaIUg&amp;_nc_tpa=Q5bMBQH-hyXPj_Fi9tw1MlXe9Y1sD8bKqLCr0xNrf7GDYtwINYHiuB6qokB2cAlcpgk7K1qmSADZO5ifeQ&amp;oh=00_Af1tZdyBmYLxJRg5KSZsOSXUQskOSXSJTWMcIN17Q_KVdA&amp;oe=69F71BF5&quot;,&quot;640&quot;:&quot;https:\\\/\\\/scontent-hel3-1.cdninstagram.com\\\/v\\\/t39.30808-6\\\/657266072_1622898089280806_8865496461586277709_n.jpg?stp=dst-jpg_e35_tt6&amp;_nc_cat=102&amp;ccb=7-5&amp;_nc_sid=18de74&amp;efg=eyJlZmdfdGFnIjoiQ0FST1VTRUxfSVRFTS5iZXN0X2ltYWdlX3VybGdlbi5DMyJ9&amp;_nc_ohc=wFbEThPV5IkQ7kNvwFjc1ey&amp;_nc_oc=AdoGjFqt6EvuIameFWgpocW_AEzWGvW18JmCGMfisQSZYL1JU3jqPnact3go2VWk9m-MN4t2h7fa6jDb1KruGoVz&amp;_nc_zt=23&amp;_nc_ht=scontent-hel3-1.cdninstagram.com&amp;edm=ANo9K5cEAAAA&amp;_nc_gid=MNUXmDEJLp_3F7vudAaIUg&amp;_nc_tpa=Q5bMBQH-hyXPj_Fi9tw1MlXe9Y1sD8bKqLCr0xNrf7GDYtwINYHiuB6qokB2cAlcpgk7K1qmSADZO5ifeQ&amp;oh=00_Af1tZdyBmYLxJRg5KSZsOSXUQskOSXSJTWMcIN17Q_KVdA&amp;oe=69F71BF5&quot;}\">\n\t\t\t<span class=\"sbi-screenreader\">Frohen Ostermontag aus dem The Harmonie Vienna! \ud83d\udc30\ud83c\udf6b<\/span>\n\t\t\t<svg class=\"svg-inline--fa fa-clone fa-w-16 sbi_lightbox_carousel_icon\" aria-hidden=\"true\" aria-label=\"Clone\" data-fa-pro\u0192cessed=\"\" data-prefix=\"far\" data-icon=\"clone\" role=\"img\" xmlns=\"http:\/\/www.w3.org\/2000\/svg\" viewBox=\"0 0 512 512\">\n                    <path fill=\"currentColor\" d=\"M464 0H144c-26.51 0-48 21.49-48 48v48H48c-26.51 0-48 21.49-48 48v320c0 26.51 21.49 48 48 48h320c26.51 0 48-21.49 48-48v-48h48c26.51 0 48-21.49 48-48V48c0-26.51-21.49-48-48-48zM362 464H54a6 6 0 0 1-6-6V150a6 6 0 0 1 6-6h42v224c0 26.51 21.49 48 48 48h224v42a6 6 0 0 1-6 6zm96-96H150a6 6 0 0 1-6-6V54a6 6 0 0 1 6-6h308a6 6 0 0 1 6 6v308a6 6 0 0 1-6 6z\"><\/path>\n                <\/svg>\t\t\t\t\t\t<img decoding=\"async\" src=\"https:\/\/www.harmonie-vienna.at\/wp-content\/plugins\/instagram-feed\/img\/placeholder.png\" alt=\"Frohen Ostermontag aus dem The Harmonie Vienna! \ud83d\udc30\ud83c\udf6b\n\nDer Osterhase war bei uns im Haus unterwegs \u2013 und hat kleine s\u00fc\u00dfe \u00dcberraschungen versteckt. Haben Sie ihn schon entdeckt?\n\nBegleiten Sie uns auf die Suche durch unser Hotel und halten Sie Ausschau nach dem Schoko-Osterhasen.\n\nViel Freude beim Suchen und einen genussvollen Ostermontag!\n\n#TheHarmonieVienna #Ostermontag #EasterMonday #Vienna #BoutiqueHotel #EasterFun #HiddenEasterBunny\" aria-hidden=\"true\">\n\t\t<\/a>\n\t<\/div>\n<\/div><div class=\"sbi_item sbi_type_image sbi_new sbi_transition\"\n\tid=\"sbi_18080016335426954\" data-date=\"1775376088\">\n\t<div class=\"sbi_photo_wrap\">\n\t\t<a class=\"sbi_photo\" href=\"https:\/\/www.instagram.com\/p\/DWvhZFiD9sz\/\" target=\"_blank\" rel=\"noopener nofollow\"\n\t\t\tdata-full-res=\"https:\/\/scontent-hel3-1.cdninstagram.com\/v\/t39.30808-6\/659191542_1622885859282029_3506487617785508676_n.jpg?stp=dst-jpg_e35_tt6&#038;_nc_cat=108&#038;ccb=7-5&#038;_nc_sid=18de74&#038;efg=eyJlZmdfdGFnIjoiRkVFRC5iZXN0X2ltYWdlX3VybGdlbi5DMyJ9&#038;_nc_ohc=FPjoOis2kvIQ7kNvwH5Hl2x&#038;_nc_oc=AdrEfOiBm9nmWukvXfOXdViZdChE_camueelyY45YCG2X0cLsNjRsS-75EBB7eegtsdFsw8YSPlDC48gDDDgG6Aw&#038;_nc_zt=23&#038;_nc_ht=scontent-hel3-1.cdninstagram.com&#038;edm=ANo9K5cEAAAA&#038;_nc_gid=MNUXmDEJLp_3F7vudAaIUg&#038;_nc_tpa=Q5bMBQHrTg698tMjJBuDbAllpNF4dA886Ce6jPF6V0MnnJuf_K-jpQ3kbVHZi2s_aAj3aBDMFgB4Dy_JrQ&#038;oh=00_Af3xleT_3gGOzpZeCGhQUijNszjhi499lP88cNCWPtKsRQ&#038;oe=69F726C5\"\n\t\t\tdata-img-src-set=\"{&quot;d&quot;:&quot;https:\\\/\\\/scontent-hel3-1.cdninstagram.com\\\/v\\\/t39.30808-6\\\/659191542_1622885859282029_3506487617785508676_n.jpg?stp=dst-jpg_e35_tt6&amp;_nc_cat=108&amp;ccb=7-5&amp;_nc_sid=18de74&amp;efg=eyJlZmdfdGFnIjoiRkVFRC5iZXN0X2ltYWdlX3VybGdlbi5DMyJ9&amp;_nc_ohc=FPjoOis2kvIQ7kNvwH5Hl2x&amp;_nc_oc=AdrEfOiBm9nmWukvXfOXdViZdChE_camueelyY45YCG2X0cLsNjRsS-75EBB7eegtsdFsw8YSPlDC48gDDDgG6Aw&amp;_nc_zt=23&amp;_nc_ht=scontent-hel3-1.cdninstagram.com&amp;edm=ANo9K5cEAAAA&amp;_nc_gid=MNUXmDEJLp_3F7vudAaIUg&amp;_nc_tpa=Q5bMBQHrTg698tMjJBuDbAllpNF4dA886Ce6jPF6V0MnnJuf_K-jpQ3kbVHZi2s_aAj3aBDMFgB4Dy_JrQ&amp;oh=00_Af3xleT_3gGOzpZeCGhQUijNszjhi499lP88cNCWPtKsRQ&amp;oe=69F726C5&quot;,&quot;150&quot;:&quot;https:\\\/\\\/scontent-hel3-1.cdninstagram.com\\\/v\\\/t39.30808-6\\\/659191542_1622885859282029_3506487617785508676_n.jpg?stp=dst-jpg_e35_tt6&amp;_nc_cat=108&amp;ccb=7-5&amp;_nc_sid=18de74&amp;efg=eyJlZmdfdGFnIjoiRkVFRC5iZXN0X2ltYWdlX3VybGdlbi5DMyJ9&amp;_nc_ohc=FPjoOis2kvIQ7kNvwH5Hl2x&amp;_nc_oc=AdrEfOiBm9nmWukvXfOXdViZdChE_camueelyY45YCG2X0cLsNjRsS-75EBB7eegtsdFsw8YSPlDC48gDDDgG6Aw&amp;_nc_zt=23&amp;_nc_ht=scontent-hel3-1.cdninstagram.com&amp;edm=ANo9K5cEAAAA&amp;_nc_gid=MNUXmDEJLp_3F7vudAaIUg&amp;_nc_tpa=Q5bMBQHrTg698tMjJBuDbAllpNF4dA886Ce6jPF6V0MnnJuf_K-jpQ3kbVHZi2s_aAj3aBDMFgB4Dy_JrQ&amp;oh=00_Af3xleT_3gGOzpZeCGhQUijNszjhi499lP88cNCWPtKsRQ&amp;oe=69F726C5&quot;,&quot;320&quot;:&quot;https:\\\/\\\/scontent-hel3-1.cdninstagram.com\\\/v\\\/t39.30808-6\\\/659191542_1622885859282029_3506487617785508676_n.jpg?stp=dst-jpg_e35_tt6&amp;_nc_cat=108&amp;ccb=7-5&amp;_nc_sid=18de74&amp;efg=eyJlZmdfdGFnIjoiRkVFRC5iZXN0X2ltYWdlX3VybGdlbi5DMyJ9&amp;_nc_ohc=FPjoOis2kvIQ7kNvwH5Hl2x&amp;_nc_oc=AdrEfOiBm9nmWukvXfOXdViZdChE_camueelyY45YCG2X0cLsNjRsS-75EBB7eegtsdFsw8YSPlDC48gDDDgG6Aw&amp;_nc_zt=23&amp;_nc_ht=scontent-hel3-1.cdninstagram.com&amp;edm=ANo9K5cEAAAA&amp;_nc_gid=MNUXmDEJLp_3F7vudAaIUg&amp;_nc_tpa=Q5bMBQHrTg698tMjJBuDbAllpNF4dA886Ce6jPF6V0MnnJuf_K-jpQ3kbVHZi2s_aAj3aBDMFgB4Dy_JrQ&amp;oh=00_Af3xleT_3gGOzpZeCGhQUijNszjhi499lP88cNCWPtKsRQ&amp;oe=69F726C5&quot;,&quot;640&quot;:&quot;https:\\\/\\\/scontent-hel3-1.cdninstagram.com\\\/v\\\/t39.30808-6\\\/659191542_1622885859282029_3506487617785508676_n.jpg?stp=dst-jpg_e35_tt6&amp;_nc_cat=108&amp;ccb=7-5&amp;_nc_sid=18de74&amp;efg=eyJlZmdfdGFnIjoiRkVFRC5iZXN0X2ltYWdlX3VybGdlbi5DMyJ9&amp;_nc_ohc=FPjoOis2kvIQ7kNvwH5Hl2x&amp;_nc_oc=AdrEfOiBm9nmWukvXfOXdViZdChE_camueelyY45YCG2X0cLsNjRsS-75EBB7eegtsdFsw8YSPlDC48gDDDgG6Aw&amp;_nc_zt=23&amp;_nc_ht=scontent-hel3-1.cdninstagram.com&amp;edm=ANo9K5cEAAAA&amp;_nc_gid=MNUXmDEJLp_3F7vudAaIUg&amp;_nc_tpa=Q5bMBQHrTg698tMjJBuDbAllpNF4dA886Ce6jPF6V0MnnJuf_K-jpQ3kbVHZi2s_aAj3aBDMFgB4Dy_JrQ&amp;oh=00_Af3xleT_3gGOzpZeCGhQUijNszjhi499lP88cNCWPtKsRQ&amp;oe=69F726C5&quot;}\">\n\t\t\t<span class=\"sbi-screenreader\">Frohe Ostern aus Wien! \ud83c\udf38\ud83d\udc30\n\nWir w\u00fcnschen Ihnen erho<\/span>\n\t\t\t\t\t\t\t\t\t<img decoding=\"async\" src=\"https:\/\/www.harmonie-vienna.at\/wp-content\/plugins\/instagram-feed\/img\/placeholder.png\" alt=\"Frohe Ostern aus Wien! \ud83c\udf38\ud83d\udc30\n\nWir w\u00fcnschen Ihnen erholsame Feiertage voller Fr\u00fchlingsfreude, sonniger Momente und kleiner \u00dcberraschungen. Genie\u00dfen Sie ein beschwingtes Osterwochenende voller Leichtigkeit und sch\u00f6ner Augenblicke.\n\nFrohe Ostern an unsere gesch\u00e4tzten G\u00e4ste &amp; Partner \u2013 wir freuen uns darauf, Sie bald wieder im The Harmonie Vienna willkommen zu hei\u00dfen.\n\n#TheHarmonieVienna #FroheOstern #HappyEaster #Vienna #SpringInVienna #BoutiqueHotel #EasterVibes\" aria-hidden=\"true\">\n\t\t<\/a>\n\t<\/div>\n<\/div><div class=\"sbi_item sbi_type_carousel sbi_new sbi_transition\"\n\tid=\"sbi_18082986995071765\" data-date=\"1775318429\">\n\t<div class=\"sbi_photo_wrap\">\n\t\t<a class=\"sbi_photo\" href=\"https:\/\/www.instagram.com\/p\/DWtzavhDKbU\/\" target=\"_blank\" rel=\"noopener nofollow\"\n\t\t\tdata-full-res=\"https:\/\/scontent-hel3-1.cdninstagram.com\/v\/t39.30808-6\/659653507_1622874532616495_3605390356799860417_n.jpg?stp=dst-jpg_e35_tt6&#038;_nc_cat=101&#038;ccb=7-5&#038;_nc_sid=18de74&#038;efg=eyJlZmdfdGFnIjoiQ0FST1VTRUxfSVRFTS5iZXN0X2ltYWdlX3VybGdlbi5DMyJ9&#038;_nc_ohc=JRqtTE4yrqAQ7kNvwG48tdo&#038;_nc_oc=AdrWtC3yPcvTX_P-kIyHC-SuhEezO6wdu2iaJz5mCS76TnVn-Q0qJfDvUc-oYHvzxkfYdLEWwtjrS-1-fnvRtenS&#038;_nc_zt=23&#038;_nc_ht=scontent-hel3-1.cdninstagram.com&#038;edm=ANo9K5cEAAAA&#038;_nc_gid=MNUXmDEJLp_3F7vudAaIUg&#038;_nc_tpa=Q5bMBQGVCkrn2PHm_tszrmJZNEzSvFS9rlCRhtVHCdzJ3Oxomj6fD4W3K63P87xRWPbxFsJmM_Lq_eKSxQ&#038;oh=00_Af33tUuAtESyH9hp1_PcYFMyFDk5k7epi3hv7MXT06PERw&#038;oe=69F6F5FA\"\n\t\t\tdata-img-src-set=\"{&quot;d&quot;:&quot;https:\\\/\\\/scontent-hel3-1.cdninstagram.com\\\/v\\\/t39.30808-6\\\/659653507_1622874532616495_3605390356799860417_n.jpg?stp=dst-jpg_e35_tt6&amp;_nc_cat=101&amp;ccb=7-5&amp;_nc_sid=18de74&amp;efg=eyJlZmdfdGFnIjoiQ0FST1VTRUxfSVRFTS5iZXN0X2ltYWdlX3VybGdlbi5DMyJ9&amp;_nc_ohc=JRqtTE4yrqAQ7kNvwG48tdo&amp;_nc_oc=AdrWtC3yPcvTX_P-kIyHC-SuhEezO6wdu2iaJz5mCS76TnVn-Q0qJfDvUc-oYHvzxkfYdLEWwtjrS-1-fnvRtenS&amp;_nc_zt=23&amp;_nc_ht=scontent-hel3-1.cdninstagram.com&amp;edm=ANo9K5cEAAAA&amp;_nc_gid=MNUXmDEJLp_3F7vudAaIUg&amp;_nc_tpa=Q5bMBQGVCkrn2PHm_tszrmJZNEzSvFS9rlCRhtVHCdzJ3Oxomj6fD4W3K63P87xRWPbxFsJmM_Lq_eKSxQ&amp;oh=00_Af33tUuAtESyH9hp1_PcYFMyFDk5k7epi3hv7MXT06PERw&amp;oe=69F6F5FA&quot;,&quot;150&quot;:&quot;https:\\\/\\\/scontent-hel3-1.cdninstagram.com\\\/v\\\/t39.30808-6\\\/659653507_1622874532616495_3605390356799860417_n.jpg?stp=dst-jpg_e35_tt6&amp;_nc_cat=101&amp;ccb=7-5&amp;_nc_sid=18de74&amp;efg=eyJlZmdfdGFnIjoiQ0FST1VTRUxfSVRFTS5iZXN0X2ltYWdlX3VybGdlbi5DMyJ9&amp;_nc_ohc=JRqtTE4yrqAQ7kNvwG48tdo&amp;_nc_oc=AdrWtC3yPcvTX_P-kIyHC-SuhEezO6wdu2iaJz5mCS76TnVn-Q0qJfDvUc-oYHvzxkfYdLEWwtjrS-1-fnvRtenS&amp;_nc_zt=23&amp;_nc_ht=scontent-hel3-1.cdninstagram.com&amp;edm=ANo9K5cEAAAA&amp;_nc_gid=MNUXmDEJLp_3F7vudAaIUg&amp;_nc_tpa=Q5bMBQGVCkrn2PHm_tszrmJZNEzSvFS9rlCRhtVHCdzJ3Oxomj6fD4W3K63P87xRWPbxFsJmM_Lq_eKSxQ&amp;oh=00_Af33tUuAtESyH9hp1_PcYFMyFDk5k7epi3hv7MXT06PERw&amp;oe=69F6F5FA&quot;,&quot;320&quot;:&quot;https:\\\/\\\/scontent-hel3-1.cdninstagram.com\\\/v\\\/t39.30808-6\\\/659653507_1622874532616495_3605390356799860417_n.jpg?stp=dst-jpg_e35_tt6&amp;_nc_cat=101&amp;ccb=7-5&amp;_nc_sid=18de74&amp;efg=eyJlZmdfdGFnIjoiQ0FST1VTRUxfSVRFTS5iZXN0X2ltYWdlX3VybGdlbi5DMyJ9&amp;_nc_ohc=JRqtTE4yrqAQ7kNvwG48tdo&amp;_nc_oc=AdrWtC3yPcvTX_P-kIyHC-SuhEezO6wdu2iaJz5mCS76TnVn-Q0qJfDvUc-oYHvzxkfYdLEWwtjrS-1-fnvRtenS&amp;_nc_zt=23&amp;_nc_ht=scontent-hel3-1.cdninstagram.com&amp;edm=ANo9K5cEAAAA&amp;_nc_gid=MNUXmDEJLp_3F7vudAaIUg&amp;_nc_tpa=Q5bMBQGVCkrn2PHm_tszrmJZNEzSvFS9rlCRhtVHCdzJ3Oxomj6fD4W3K63P87xRWPbxFsJmM_Lq_eKSxQ&amp;oh=00_Af33tUuAtESyH9hp1_PcYFMyFDk5k7epi3hv7MXT06PERw&amp;oe=69F6F5FA&quot;,&quot;640&quot;:&quot;https:\\\/\\\/scontent-hel3-1.cdninstagram.com\\\/v\\\/t39.30808-6\\\/659653507_1622874532616495_3605390356799860417_n.jpg?stp=dst-jpg_e35_tt6&amp;_nc_cat=101&amp;ccb=7-5&amp;_nc_sid=18de74&amp;efg=eyJlZmdfdGFnIjoiQ0FST1VTRUxfSVRFTS5iZXN0X2ltYWdlX3VybGdlbi5DMyJ9&amp;_nc_ohc=JRqtTE4yrqAQ7kNvwG48tdo&amp;_nc_oc=AdrWtC3yPcvTX_P-kIyHC-SuhEezO6wdu2iaJz5mCS76TnVn-Q0qJfDvUc-oYHvzxkfYdLEWwtjrS-1-fnvRtenS&amp;_nc_zt=23&amp;_nc_ht=scontent-hel3-1.cdninstagram.com&amp;edm=ANo9K5cEAAAA&amp;_nc_gid=MNUXmDEJLp_3F7vudAaIUg&amp;_nc_tpa=Q5bMBQGVCkrn2PHm_tszrmJZNEzSvFS9rlCRhtVHCdzJ3Oxomj6fD4W3K63P87xRWPbxFsJmM_Lq_eKSxQ&amp;oh=00_Af33tUuAtESyH9hp1_PcYFMyFDk5k7epi3hv7MXT06PERw&amp;oe=69F6F5FA&quot;}\">\n\t\t\t<span class=\"sbi-screenreader\">Der Osterhase kann kommen \ud83d\udc30\ud83c\udf38\n\nZarte Farben, liebev<\/span>\n\t\t\t<svg class=\"svg-inline--fa fa-clone fa-w-16 sbi_lightbox_carousel_icon\" aria-hidden=\"true\" aria-label=\"Clone\" data-fa-pro\u0192cessed=\"\" data-prefix=\"far\" data-icon=\"clone\" role=\"img\" xmlns=\"http:\/\/www.w3.org\/2000\/svg\" viewBox=\"0 0 512 512\">\n                    <path fill=\"currentColor\" d=\"M464 0H144c-26.51 0-48 21.49-48 48v48H48c-26.51 0-48 21.49-48 48v320c0 26.51 21.49 48 48 48h320c26.51 0 48-21.49 48-48v-48h48c26.51 0 48-21.49 48-48V48c0-26.51-21.49-48-48-48zM362 464H54a6 6 0 0 1-6-6V150a6 6 0 0 1 6-6h42v224c0 26.51 21.49 48 48 48h224v42a6 6 0 0 1-6 6zm96-96H150a6 6 0 0 1-6-6V54a6 6 0 0 1 6-6h308a6 6 0 0 1 6 6v308a6 6 0 0 1-6 6z\"><\/path>\n                <\/svg>\t\t\t\t\t\t<img decoding=\"async\" src=\"https:\/\/www.harmonie-vienna.at\/wp-content\/plugins\/instagram-feed\/img\/placeholder.png\" alt=\"Der Osterhase kann kommen \ud83d\udc30\ud83c\udf38\n\nZarte Farben, liebevolle Details und ganz viel Osterstimmung verwandeln unser Hotel in einen Ort zum Ankommen und Wohlf\u00fchlen. \ud83c\udf37\u2728\n\nMit viel Herz dekoriert, schaffen wir kleine Momente der Freude \u2013 f\u00fcr alle, die die Feiertage bei uns verbringen oder einfach auf einen Besuch vorbeischauen.\n\nWir sind bereit f\u00fcr Ostern \u2013 und freuen uns darauf, diese besondere Zeit mit Ihnen zu teilen! \ud83d\udc9b\n\n#TheHarmonieVienna #HarmonieHeroes #OsternInWien #SpringInVienna #BoutiqueHotel #ViennaMoments #EasterVibes\" aria-hidden=\"true\">\n\t\t<\/a>\n\t<\/div>\n<\/div><div class=\"sbi_item sbi_type_carousel sbi_new sbi_transition\"\n\tid=\"sbi_18101318378489924\" data-date=\"1775059260\">\n\t<div class=\"sbi_photo_wrap\">\n\t\t<a class=\"sbi_photo\" href=\"https:\/\/www.instagram.com\/p\/DWmFF4gDnSd\/\" target=\"_blank\" rel=\"noopener nofollow\"\n\t\t\tdata-full-res=\"https:\/\/scontent-hel3-1.cdninstagram.com\/v\/t39.30808-6\/659057753_1622866072617341_1295630921644229334_n.jpg?stp=dst-jpg_e35_tt6&#038;_nc_cat=110&#038;ccb=7-5&#038;_nc_sid=18de74&#038;efg=eyJlZmdfdGFnIjoiQ0FST1VTRUxfSVRFTS5iZXN0X2ltYWdlX3VybGdlbi5DMyJ9&#038;_nc_ohc=_KHDiZj9xrIQ7kNvwFNPri3&#038;_nc_oc=AdrLVTlQRsRYdYrPMcaTIMElAzYYzmxfeCh-xRaoIb-OwlkHWMzbiHnLU4cxCZXPm1IKubQVk843XzZi67kMQaF6&#038;_nc_zt=23&#038;_nc_ht=scontent-hel3-1.cdninstagram.com&#038;edm=ANo9K5cEAAAA&#038;_nc_gid=MNUXmDEJLp_3F7vudAaIUg&#038;_nc_tpa=Q5bMBQG7grdjfRUk0J8i0imPZbnHF-3V20Xso6-lmcpfXdN4JqMCJpS4-cj5q099zAVpaNLZjX6lqn9GmQ&#038;oh=00_Af0SS9rIanGzQkeOYvMM0b7U24fgPOo7g1hP_-ct1OvR3A&#038;oe=69F6F376\"\n\t\t\tdata-img-src-set=\"{&quot;d&quot;:&quot;https:\\\/\\\/scontent-hel3-1.cdninstagram.com\\\/v\\\/t39.30808-6\\\/659057753_1622866072617341_1295630921644229334_n.jpg?stp=dst-jpg_e35_tt6&amp;_nc_cat=110&amp;ccb=7-5&amp;_nc_sid=18de74&amp;efg=eyJlZmdfdGFnIjoiQ0FST1VTRUxfSVRFTS5iZXN0X2ltYWdlX3VybGdlbi5DMyJ9&amp;_nc_ohc=_KHDiZj9xrIQ7kNvwFNPri3&amp;_nc_oc=AdrLVTlQRsRYdYrPMcaTIMElAzYYzmxfeCh-xRaoIb-OwlkHWMzbiHnLU4cxCZXPm1IKubQVk843XzZi67kMQaF6&amp;_nc_zt=23&amp;_nc_ht=scontent-hel3-1.cdninstagram.com&amp;edm=ANo9K5cEAAAA&amp;_nc_gid=MNUXmDEJLp_3F7vudAaIUg&amp;_nc_tpa=Q5bMBQG7grdjfRUk0J8i0imPZbnHF-3V20Xso6-lmcpfXdN4JqMCJpS4-cj5q099zAVpaNLZjX6lqn9GmQ&amp;oh=00_Af0SS9rIanGzQkeOYvMM0b7U24fgPOo7g1hP_-ct1OvR3A&amp;oe=69F6F376&quot;,&quot;150&quot;:&quot;https:\\\/\\\/scontent-hel3-1.cdninstagram.com\\\/v\\\/t39.30808-6\\\/659057753_1622866072617341_1295630921644229334_n.jpg?stp=dst-jpg_e35_tt6&amp;_nc_cat=110&amp;ccb=7-5&amp;_nc_sid=18de74&amp;efg=eyJlZmdfdGFnIjoiQ0FST1VTRUxfSVRFTS5iZXN0X2ltYWdlX3VybGdlbi5DMyJ9&amp;_nc_ohc=_KHDiZj9xrIQ7kNvwFNPri3&amp;_nc_oc=AdrLVTlQRsRYdYrPMcaTIMElAzYYzmxfeCh-xRaoIb-OwlkHWMzbiHnLU4cxCZXPm1IKubQVk843XzZi67kMQaF6&amp;_nc_zt=23&amp;_nc_ht=scontent-hel3-1.cdninstagram.com&amp;edm=ANo9K5cEAAAA&amp;_nc_gid=MNUXmDEJLp_3F7vudAaIUg&amp;_nc_tpa=Q5bMBQG7grdjfRUk0J8i0imPZbnHF-3V20Xso6-lmcpfXdN4JqMCJpS4-cj5q099zAVpaNLZjX6lqn9GmQ&amp;oh=00_Af0SS9rIanGzQkeOYvMM0b7U24fgPOo7g1hP_-ct1OvR3A&amp;oe=69F6F376&quot;,&quot;320&quot;:&quot;https:\\\/\\\/scontent-hel3-1.cdninstagram.com\\\/v\\\/t39.30808-6\\\/659057753_1622866072617341_1295630921644229334_n.jpg?stp=dst-jpg_e35_tt6&amp;_nc_cat=110&amp;ccb=7-5&amp;_nc_sid=18de74&amp;efg=eyJlZmdfdGFnIjoiQ0FST1VTRUxfSVRFTS5iZXN0X2ltYWdlX3VybGdlbi5DMyJ9&amp;_nc_ohc=_KHDiZj9xrIQ7kNvwFNPri3&amp;_nc_oc=AdrLVTlQRsRYdYrPMcaTIMElAzYYzmxfeCh-xRaoIb-OwlkHWMzbiHnLU4cxCZXPm1IKubQVk843XzZi67kMQaF6&amp;_nc_zt=23&amp;_nc_ht=scontent-hel3-1.cdninstagram.com&amp;edm=ANo9K5cEAAAA&amp;_nc_gid=MNUXmDEJLp_3F7vudAaIUg&amp;_nc_tpa=Q5bMBQG7grdjfRUk0J8i0imPZbnHF-3V20Xso6-lmcpfXdN4JqMCJpS4-cj5q099zAVpaNLZjX6lqn9GmQ&amp;oh=00_Af0SS9rIanGzQkeOYvMM0b7U24fgPOo7g1hP_-ct1OvR3A&amp;oe=69F6F376&quot;,&quot;640&quot;:&quot;https:\\\/\\\/scontent-hel3-1.cdninstagram.com\\\/v\\\/t39.30808-6\\\/659057753_1622866072617341_1295630921644229334_n.jpg?stp=dst-jpg_e35_tt6&amp;_nc_cat=110&amp;ccb=7-5&amp;_nc_sid=18de74&amp;efg=eyJlZmdfdGFnIjoiQ0FST1VTRUxfSVRFTS5iZXN0X2ltYWdlX3VybGdlbi5DMyJ9&amp;_nc_ohc=_KHDiZj9xrIQ7kNvwFNPri3&amp;_nc_oc=AdrLVTlQRsRYdYrPMcaTIMElAzYYzmxfeCh-xRaoIb-OwlkHWMzbiHnLU4cxCZXPm1IKubQVk843XzZi67kMQaF6&amp;_nc_zt=23&amp;_nc_ht=scontent-hel3-1.cdninstagram.com&amp;edm=ANo9K5cEAAAA&amp;_nc_gid=MNUXmDEJLp_3F7vudAaIUg&amp;_nc_tpa=Q5bMBQG7grdjfRUk0J8i0imPZbnHF-3V20Xso6-lmcpfXdN4JqMCJpS4-cj5q099zAVpaNLZjX6lqn9GmQ&amp;oh=00_Af0SS9rIanGzQkeOYvMM0b7U24fgPOo7g1hP_-ct1OvR3A&amp;oe=69F6F376&quot;}\">\n\t\t\t<span class=\"sbi-screenreader\">Ein Teil unseres Management-Teams hatte k\u00fcrzlich d<\/span>\n\t\t\t<svg class=\"svg-inline--fa fa-clone fa-w-16 sbi_lightbox_carousel_icon\" aria-hidden=\"true\" aria-label=\"Clone\" data-fa-pro\u0192cessed=\"\" data-prefix=\"far\" data-icon=\"clone\" role=\"img\" xmlns=\"http:\/\/www.w3.org\/2000\/svg\" viewBox=\"0 0 512 512\">\n                    <path fill=\"currentColor\" d=\"M464 0H144c-26.51 0-48 21.49-48 48v48H48c-26.51 0-48 21.49-48 48v320c0 26.51 21.49 48 48 48h320c26.51 0 48-21.49 48-48v-48h48c26.51 0 48-21.49 48-48V48c0-26.51-21.49-48-48-48zM362 464H54a6 6 0 0 1-6-6V150a6 6 0 0 1 6-6h42v224c0 26.51 21.49 48 48 48h224v42a6 6 0 0 1-6 6zm96-96H150a6 6 0 0 1-6-6V54a6 6 0 0 1 6-6h308a6 6 0 0 1 6 6v308a6 6 0 0 1-6 6z\"><\/path>\n                <\/svg>\t\t\t\t\t\t<img decoding=\"async\" src=\"https:\/\/www.harmonie-vienna.at\/wp-content\/plugins\/instagram-feed\/img\/placeholder.png\" alt=\"Ein Teil unseres Management-Teams hatte k\u00fcrzlich die besondere Freude, gemeinsam mit unserer Gesch\u00e4ftsf\u00fchrerin &amp; Eigent\u00fcmerin Frau Sonja Wimmer einen Spaziergang durch das wundersch\u00f6ne Servitenviertel zu genie\u00dfen. \u2728\n\nDabei wurde nicht nur die Geschichte unseres Gr\u00e4tzls lebendig, sondern auch neue Perspektiven entdeckt und der Teamzusammenhalt gest\u00e4rkt. Ein inspirierender Austausch, der zeigt, wie wertvoll gemeinsame Momente au\u00dferhalb des Arbeitsalltags sind. \ud83d\udcab\n\n#TheHarmonieVienna #HarmonieHeroes #Servitenviertel #Teamspirit #ViennaLife #Gr\u00e4tzlliebe\" aria-hidden=\"true\">\n\t\t<\/a>\n\t<\/div>\n<\/div><div class=\"sbi_item sbi_type_carousel sbi_new sbi_transition\"\n\tid=\"sbi_17933526633050414\" data-date=\"1774886537\">\n\t<div class=\"sbi_photo_wrap\">\n\t\t<a class=\"sbi_photo\" href=\"https:\/\/www.instagram.com\/p\/DWg7pjjDP6Z\/\" target=\"_blank\" rel=\"noopener nofollow\"\n\t\t\tdata-full-res=\"https:\/\/scontent-hel3-1.cdninstagram.com\/v\/t39.30808-6\/657429485_1622862709284344_7842974420602745015_n.jpg?stp=dst-jpg_e35_tt6&#038;_nc_cat=110&#038;ccb=7-5&#038;_nc_sid=18de74&#038;efg=eyJlZmdfdGFnIjoiQ0FST1VTRUxfSVRFTS5iZXN0X2ltYWdlX3VybGdlbi5DMyJ9&#038;_nc_ohc=tnpG7FmxQjUQ7kNvwGEqxrn&#038;_nc_oc=Adouf5E4ALpunMLcgc5zxC8DNjN0aiS8Foz9MaE8qlpnT01u4gNU1Yc_mGubZPeHFS_1vp5jOUQ4-WRvTfJe50_z&#038;_nc_zt=23&#038;_nc_ht=scontent-hel3-1.cdninstagram.com&#038;edm=ANo9K5cEAAAA&#038;_nc_gid=MNUXmDEJLp_3F7vudAaIUg&#038;_nc_tpa=Q5bMBQEMfFTwGHHTUE_DUKKIV5RG-vwkb2a822voOvGX4k89HP2fIN9O_Z69QSwYQeGTeZnzHoy6-OKAaA&#038;oh=00_Af1HWehD3KHwvkosHQDpMKtdL-j_dxpz4ieHbcBEgN5T2w&#038;oe=69F70214\"\n\t\t\tdata-img-src-set=\"{&quot;d&quot;:&quot;https:\\\/\\\/scontent-hel3-1.cdninstagram.com\\\/v\\\/t39.30808-6\\\/657429485_1622862709284344_7842974420602745015_n.jpg?stp=dst-jpg_e35_tt6&amp;_nc_cat=110&amp;ccb=7-5&amp;_nc_sid=18de74&amp;efg=eyJlZmdfdGFnIjoiQ0FST1VTRUxfSVRFTS5iZXN0X2ltYWdlX3VybGdlbi5DMyJ9&amp;_nc_ohc=tnpG7FmxQjUQ7kNvwGEqxrn&amp;_nc_oc=Adouf5E4ALpunMLcgc5zxC8DNjN0aiS8Foz9MaE8qlpnT01u4gNU1Yc_mGubZPeHFS_1vp5jOUQ4-WRvTfJe50_z&amp;_nc_zt=23&amp;_nc_ht=scontent-hel3-1.cdninstagram.com&amp;edm=ANo9K5cEAAAA&amp;_nc_gid=MNUXmDEJLp_3F7vudAaIUg&amp;_nc_tpa=Q5bMBQEMfFTwGHHTUE_DUKKIV5RG-vwkb2a822voOvGX4k89HP2fIN9O_Z69QSwYQeGTeZnzHoy6-OKAaA&amp;oh=00_Af1HWehD3KHwvkosHQDpMKtdL-j_dxpz4ieHbcBEgN5T2w&amp;oe=69F70214&quot;,&quot;150&quot;:&quot;https:\\\/\\\/scontent-hel3-1.cdninstagram.com\\\/v\\\/t39.30808-6\\\/657429485_1622862709284344_7842974420602745015_n.jpg?stp=dst-jpg_e35_tt6&amp;_nc_cat=110&amp;ccb=7-5&amp;_nc_sid=18de74&amp;efg=eyJlZmdfdGFnIjoiQ0FST1VTRUxfSVRFTS5iZXN0X2ltYWdlX3VybGdlbi5DMyJ9&amp;_nc_ohc=tnpG7FmxQjUQ7kNvwGEqxrn&amp;_nc_oc=Adouf5E4ALpunMLcgc5zxC8DNjN0aiS8Foz9MaE8qlpnT01u4gNU1Yc_mGubZPeHFS_1vp5jOUQ4-WRvTfJe50_z&amp;_nc_zt=23&amp;_nc_ht=scontent-hel3-1.cdninstagram.com&amp;edm=ANo9K5cEAAAA&amp;_nc_gid=MNUXmDEJLp_3F7vudAaIUg&amp;_nc_tpa=Q5bMBQEMfFTwGHHTUE_DUKKIV5RG-vwkb2a822voOvGX4k89HP2fIN9O_Z69QSwYQeGTeZnzHoy6-OKAaA&amp;oh=00_Af1HWehD3KHwvkosHQDpMKtdL-j_dxpz4ieHbcBEgN5T2w&amp;oe=69F70214&quot;,&quot;320&quot;:&quot;https:\\\/\\\/scontent-hel3-1.cdninstagram.com\\\/v\\\/t39.30808-6\\\/657429485_1622862709284344_7842974420602745015_n.jpg?stp=dst-jpg_e35_tt6&amp;_nc_cat=110&amp;ccb=7-5&amp;_nc_sid=18de74&amp;efg=eyJlZmdfdGFnIjoiQ0FST1VTRUxfSVRFTS5iZXN0X2ltYWdlX3VybGdlbi5DMyJ9&amp;_nc_ohc=tnpG7FmxQjUQ7kNvwGEqxrn&amp;_nc_oc=Adouf5E4ALpunMLcgc5zxC8DNjN0aiS8Foz9MaE8qlpnT01u4gNU1Yc_mGubZPeHFS_1vp5jOUQ4-WRvTfJe50_z&amp;_nc_zt=23&amp;_nc_ht=scontent-hel3-1.cdninstagram.com&amp;edm=ANo9K5cEAAAA&amp;_nc_gid=MNUXmDEJLp_3F7vudAaIUg&amp;_nc_tpa=Q5bMBQEMfFTwGHHTUE_DUKKIV5RG-vwkb2a822voOvGX4k89HP2fIN9O_Z69QSwYQeGTeZnzHoy6-OKAaA&amp;oh=00_Af1HWehD3KHwvkosHQDpMKtdL-j_dxpz4ieHbcBEgN5T2w&amp;oe=69F70214&quot;,&quot;640&quot;:&quot;https:\\\/\\\/scontent-hel3-1.cdninstagram.com\\\/v\\\/t39.30808-6\\\/657429485_1622862709284344_7842974420602745015_n.jpg?stp=dst-jpg_e35_tt6&amp;_nc_cat=110&amp;ccb=7-5&amp;_nc_sid=18de74&amp;efg=eyJlZmdfdGFnIjoiQ0FST1VTRUxfSVRFTS5iZXN0X2ltYWdlX3VybGdlbi5DMyJ9&amp;_nc_ohc=tnpG7FmxQjUQ7kNvwGEqxrn&amp;_nc_oc=Adouf5E4ALpunMLcgc5zxC8DNjN0aiS8Foz9MaE8qlpnT01u4gNU1Yc_mGubZPeHFS_1vp5jOUQ4-WRvTfJe50_z&amp;_nc_zt=23&amp;_nc_ht=scontent-hel3-1.cdninstagram.com&amp;edm=ANo9K5cEAAAA&amp;_nc_gid=MNUXmDEJLp_3F7vudAaIUg&amp;_nc_tpa=Q5bMBQEMfFTwGHHTUE_DUKKIV5RG-vwkb2a822voOvGX4k89HP2fIN9O_Z69QSwYQeGTeZnzHoy6-OKAaA&amp;oh=00_Af1HWehD3KHwvkosHQDpMKtdL-j_dxpz4ieHbcBEgN5T2w&amp;oe=69F70214&quot;}\">\n\t\t\t<span class=\"sbi-screenreader\">Im Kunsthistorischen Museum Wien erwartet Sie aktu<\/span>\n\t\t\t<svg class=\"svg-inline--fa fa-clone fa-w-16 sbi_lightbox_carousel_icon\" aria-hidden=\"true\" aria-label=\"Clone\" data-fa-pro\u0192cessed=\"\" data-prefix=\"far\" data-icon=\"clone\" role=\"img\" xmlns=\"http:\/\/www.w3.org\/2000\/svg\" viewBox=\"0 0 512 512\">\n                    <path fill=\"currentColor\" d=\"M464 0H144c-26.51 0-48 21.49-48 48v48H48c-26.51 0-48 21.49-48 48v320c0 26.51 21.49 48 48 48h320c26.51 0 48-21.49 48-48v-48h48c26.51 0 48-21.49 48-48V48c0-26.51-21.49-48-48-48zM362 464H54a6 6 0 0 1-6-6V150a6 6 0 0 1 6-6h42v224c0 26.51 21.49 48 48 48h224v42a6 6 0 0 1-6 6zm96-96H150a6 6 0 0 1-6-6V54a6 6 0 0 1 6-6h308a6 6 0 0 1 6 6v308a6 6 0 0 1-6 6z\"><\/path>\n                <\/svg>\t\t\t\t\t\t<img decoding=\"async\" src=\"https:\/\/www.harmonie-vienna.at\/wp-content\/plugins\/instagram-feed\/img\/placeholder.png\" alt=\"Im Kunsthistorischen Museum Wien erwartet Sie aktuell die beeindruckende Ausstellung Canaletto &amp; Bellotto. \u2728\n\nEin besonderes Highlight: Bellottos Blick auf das Gartenpalais Liechtenstein \u2013 und genau dieses befindet sich nur wenige Schritte von The Harmonie Vienna entfernt. So wird ein Spaziergang durch unsere Nachbarschaft pl\u00f6tzlich zur lebendigen Zeitreise. \ud83c\udfa8\n\nAls stolzer Kooperationspartner des KHM unterst\u00fctzen wir Sie selbstverst\u00e4ndlich gerne bei der Ticketbuchung und teilen unsere pers\u00f6nlichen Tipps f\u00fcr einen inspirierenden Museumsbesuch.\n\n#TheHarmonieVienna #KHM #KunsthistorischesMuseum #WienErleben #ViennaArt #CanalettoBellotto #ViennaCulture #ArtLovers #visitvienna \n\n\u00a9 LIECHTENSTEIN. The Princely Collections, Vaduz-Vienna\n\u00a9 KHM-Museumsverband, Foto: Jakob Gs\u00f6llpointner\" aria-hidden=\"true\">\n\t\t<\/a>\n\t<\/div>\n<\/div><div class=\"sbi_item sbi_type_carousel sbi_new sbi_transition\"\n\tid=\"sbi_17900236746409868\" data-date=\"1774630857\">\n\t<div class=\"sbi_photo_wrap\">\n\t\t<a class=\"sbi_photo\" href=\"https:\/\/www.instagram.com\/p\/DWZT-kugdTk\/\" target=\"_blank\" rel=\"noopener nofollow\"\n\t\t\tdata-full-res=\"https:\/\/scontent-hel3-1.cdninstagram.com\/v\/t39.30808-6\/657244138_1622850865952195_6314841294366982500_n.jpg?stp=dst-jpg_e35_tt6&#038;_nc_cat=100&#038;ccb=7-5&#038;_nc_sid=18de74&#038;efg=eyJlZmdfdGFnIjoiQ0FST1VTRUxfSVRFTS5iZXN0X2ltYWdlX3VybGdlbi5DMyJ9&#038;_nc_ohc=cMBr-l3AZ60Q7kNvwGLhv4i&#038;_nc_oc=AdoQsmrHExJF4ITVExOOU3kEZbXsDKa0YBQg1Hws9HORSdqvTCJ-ObkUAJZbjbNqSDHWSum2kmNRH3KhEeNTAgRB&#038;_nc_zt=23&#038;_nc_ht=scontent-hel3-1.cdninstagram.com&#038;edm=ANo9K5cEAAAA&#038;_nc_gid=MNUXmDEJLp_3F7vudAaIUg&#038;_nc_tpa=Q5bMBQHQtykT-A9mHUkwPzGmJeihI0O6R9AVG9xZ6nwdki4sF3bvqaA90TjT2EN8r7kF8f_qPkdU3AkeGw&#038;oh=00_Af3uNwfq5wQ-RjmEybA2fsjYqRKexPY13QrbquAy1lUbsA&#038;oe=69F70F31\"\n\t\t\tdata-img-src-set=\"{&quot;d&quot;:&quot;https:\\\/\\\/scontent-hel3-1.cdninstagram.com\\\/v\\\/t39.30808-6\\\/657244138_1622850865952195_6314841294366982500_n.jpg?stp=dst-jpg_e35_tt6&amp;_nc_cat=100&amp;ccb=7-5&amp;_nc_sid=18de74&amp;efg=eyJlZmdfdGFnIjoiQ0FST1VTRUxfSVRFTS5iZXN0X2ltYWdlX3VybGdlbi5DMyJ9&amp;_nc_ohc=cMBr-l3AZ60Q7kNvwGLhv4i&amp;_nc_oc=AdoQsmrHExJF4ITVExOOU3kEZbXsDKa0YBQg1Hws9HORSdqvTCJ-ObkUAJZbjbNqSDHWSum2kmNRH3KhEeNTAgRB&amp;_nc_zt=23&amp;_nc_ht=scontent-hel3-1.cdninstagram.com&amp;edm=ANo9K5cEAAAA&amp;_nc_gid=MNUXmDEJLp_3F7vudAaIUg&amp;_nc_tpa=Q5bMBQHQtykT-A9mHUkwPzGmJeihI0O6R9AVG9xZ6nwdki4sF3bvqaA90TjT2EN8r7kF8f_qPkdU3AkeGw&amp;oh=00_Af3uNwfq5wQ-RjmEybA2fsjYqRKexPY13QrbquAy1lUbsA&amp;oe=69F70F31&quot;,&quot;150&quot;:&quot;https:\\\/\\\/scontent-hel3-1.cdninstagram.com\\\/v\\\/t39.30808-6\\\/657244138_1622850865952195_6314841294366982500_n.jpg?stp=dst-jpg_e35_tt6&amp;_nc_cat=100&amp;ccb=7-5&amp;_nc_sid=18de74&amp;efg=eyJlZmdfdGFnIjoiQ0FST1VTRUxfSVRFTS5iZXN0X2ltYWdlX3VybGdlbi5DMyJ9&amp;_nc_ohc=cMBr-l3AZ60Q7kNvwGLhv4i&amp;_nc_oc=AdoQsmrHExJF4ITVExOOU3kEZbXsDKa0YBQg1Hws9HORSdqvTCJ-ObkUAJZbjbNqSDHWSum2kmNRH3KhEeNTAgRB&amp;_nc_zt=23&amp;_nc_ht=scontent-hel3-1.cdninstagram.com&amp;edm=ANo9K5cEAAAA&amp;_nc_gid=MNUXmDEJLp_3F7vudAaIUg&amp;_nc_tpa=Q5bMBQHQtykT-A9mHUkwPzGmJeihI0O6R9AVG9xZ6nwdki4sF3bvqaA90TjT2EN8r7kF8f_qPkdU3AkeGw&amp;oh=00_Af3uNwfq5wQ-RjmEybA2fsjYqRKexPY13QrbquAy1lUbsA&amp;oe=69F70F31&quot;,&quot;320&quot;:&quot;https:\\\/\\\/scontent-hel3-1.cdninstagram.com\\\/v\\\/t39.30808-6\\\/657244138_1622850865952195_6314841294366982500_n.jpg?stp=dst-jpg_e35_tt6&amp;_nc_cat=100&amp;ccb=7-5&amp;_nc_sid=18de74&amp;efg=eyJlZmdfdGFnIjoiQ0FST1VTRUxfSVRFTS5iZXN0X2ltYWdlX3VybGdlbi5DMyJ9&amp;_nc_ohc=cMBr-l3AZ60Q7kNvwGLhv4i&amp;_nc_oc=AdoQsmrHExJF4ITVExOOU3kEZbXsDKa0YBQg1Hws9HORSdqvTCJ-ObkUAJZbjbNqSDHWSum2kmNRH3KhEeNTAgRB&amp;_nc_zt=23&amp;_nc_ht=scontent-hel3-1.cdninstagram.com&amp;edm=ANo9K5cEAAAA&amp;_nc_gid=MNUXmDEJLp_3F7vudAaIUg&amp;_nc_tpa=Q5bMBQHQtykT-A9mHUkwPzGmJeihI0O6R9AVG9xZ6nwdki4sF3bvqaA90TjT2EN8r7kF8f_qPkdU3AkeGw&amp;oh=00_Af3uNwfq5wQ-RjmEybA2fsjYqRKexPY13QrbquAy1lUbsA&amp;oe=69F70F31&quot;,&quot;640&quot;:&quot;https:\\\/\\\/scontent-hel3-1.cdninstagram.com\\\/v\\\/t39.30808-6\\\/657244138_1622850865952195_6314841294366982500_n.jpg?stp=dst-jpg_e35_tt6&amp;_nc_cat=100&amp;ccb=7-5&amp;_nc_sid=18de74&amp;efg=eyJlZmdfdGFnIjoiQ0FST1VTRUxfSVRFTS5iZXN0X2ltYWdlX3VybGdlbi5DMyJ9&amp;_nc_ohc=cMBr-l3AZ60Q7kNvwGLhv4i&amp;_nc_oc=AdoQsmrHExJF4ITVExOOU3kEZbXsDKa0YBQg1Hws9HORSdqvTCJ-ObkUAJZbjbNqSDHWSum2kmNRH3KhEeNTAgRB&amp;_nc_zt=23&amp;_nc_ht=scontent-hel3-1.cdninstagram.com&amp;edm=ANo9K5cEAAAA&amp;_nc_gid=MNUXmDEJLp_3F7vudAaIUg&amp;_nc_tpa=Q5bMBQHQtykT-A9mHUkwPzGmJeihI0O6R9AVG9xZ6nwdki4sF3bvqaA90TjT2EN8r7kF8f_qPkdU3AkeGw&amp;oh=00_Af3uNwfq5wQ-RjmEybA2fsjYqRKexPY13QrbquAy1lUbsA&amp;oe=69F70F31&quot;}\">\n\t\t\t<span class=\"sbi-screenreader\">Der Fr\u00fchling macht gerade eine kleine Regenpause \ud83c\udf27<\/span>\n\t\t\t<svg class=\"svg-inline--fa fa-clone fa-w-16 sbi_lightbox_carousel_icon\" aria-hidden=\"true\" aria-label=\"Clone\" data-fa-pro\u0192cessed=\"\" data-prefix=\"far\" data-icon=\"clone\" role=\"img\" xmlns=\"http:\/\/www.w3.org\/2000\/svg\" viewBox=\"0 0 512 512\">\n                    <path fill=\"currentColor\" d=\"M464 0H144c-26.51 0-48 21.49-48 48v48H48c-26.51 0-48 21.49-48 48v320c0 26.51 21.49 48 48 48h320c26.51 0 48-21.49 48-48v-48h48c26.51 0 48-21.49 48-48V48c0-26.51-21.49-48-48-48zM362 464H54a6 6 0 0 1-6-6V150a6 6 0 0 1 6-6h42v224c0 26.51 21.49 48 48 48h224v42a6 6 0 0 1-6 6zm96-96H150a6 6 0 0 1-6-6V54a6 6 0 0 1 6-6h308a6 6 0 0 1 6 6v308a6 6 0 0 1-6 6z\"><\/path>\n                <\/svg>\t\t\t\t\t\t<img decoding=\"async\" src=\"https:\/\/www.harmonie-vienna.at\/wp-content\/plugins\/instagram-feed\/img\/placeholder.png\" alt=\"Der Fr\u00fchling macht gerade eine kleine Regenpause \ud83c\udf27\ufe0f \u2013 aber wir holen uns einfach die Sonne der letzten Tage zur\u00fcck \ud83c\udf38\u2728\n\nIm Servitenviertel hat es letzte Woche schon \u00fcberall gebl\u00fcht: kleine, charmante Blumenl\u00e4den, frische Farben und dieser ganz besondere Duft nach Fr\u00fchling in der Luft. Genau diese Momente haben wir f\u00fcr euch eingefangen \ud83d\udc90\n\nSwipe dich durch unsere liebsten bl\u00fchenden Spots und lass dich inspirieren \u2013 f\u00fcr den n\u00e4chsten sonnigen Spaziergang (der bestimmt bald wieder kommt) \u2600\ufe0f\ud83c\udf3f\n\n#TheHarmonieVienna #Servitenviertel #Fr\u00fchlingInWien #ViennaNow #WienLiebe\n#HiddenVienna #SpringInVienna\" aria-hidden=\"true\">\n\t\t<\/a>\n\t<\/div>\n<\/div><div class=\"sbi_item sbi_type_carousel sbi_new sbi_transition\"\n\tid=\"sbi_18207678709328850\" data-date=\"1774461623\">\n\t<div class=\"sbi_photo_wrap\">\n\t\t<a class=\"sbi_photo\" href=\"https:\/\/www.instagram.com\/p\/DWURMHoDDxK\/\" target=\"_blank\" rel=\"noopener nofollow\"\n\t\t\tdata-full-res=\"https:\/\/scontent-hel3-1.cdninstagram.com\/v\/t39.30808-6\/651754602_1615267216710560_8970529260166113244_n.jpg?stp=dst-jpg_e35_tt6&#038;_nc_cat=103&#038;ccb=7-5&#038;_nc_sid=18de74&#038;efg=eyJlZmdfdGFnIjoiQ0FST1VTRUxfSVRFTS5iZXN0X2ltYWdlX3VybGdlbi5DMyJ9&#038;_nc_ohc=qHzpv0e8OSAQ7kNvwHYB-lZ&#038;_nc_oc=AdploYvwb772gaUjVh7j_Mq6c1TsDxS9dk6UCe9qHoMSF_yPMBfWNCzuCMps60bihjkPXFybo0RpYevEoeicG-bz&#038;_nc_zt=23&#038;_nc_ht=scontent-hel3-1.cdninstagram.com&#038;edm=ANo9K5cEAAAA&#038;_nc_gid=MNUXmDEJLp_3F7vudAaIUg&#038;_nc_tpa=Q5bMBQFs2vYESnqdPCI8iGm3Ytgi397KQzcO4snAEoAv5rJomXphYmHJQ_3tFu6I6ue2uCO8mc_HehvWgg&#038;oh=00_Af3Op7PJveBtIxwn7yf8xKLFgWJ2jyyTCJo7hMD2zAbwKQ&#038;oe=69F7208E\"\n\t\t\tdata-img-src-set=\"{&quot;d&quot;:&quot;https:\\\/\\\/scontent-hel3-1.cdninstagram.com\\\/v\\\/t39.30808-6\\\/651754602_1615267216710560_8970529260166113244_n.jpg?stp=dst-jpg_e35_tt6&amp;_nc_cat=103&amp;ccb=7-5&amp;_nc_sid=18de74&amp;efg=eyJlZmdfdGFnIjoiQ0FST1VTRUxfSVRFTS5iZXN0X2ltYWdlX3VybGdlbi5DMyJ9&amp;_nc_ohc=qHzpv0e8OSAQ7kNvwHYB-lZ&amp;_nc_oc=AdploYvwb772gaUjVh7j_Mq6c1TsDxS9dk6UCe9qHoMSF_yPMBfWNCzuCMps60bihjkPXFybo0RpYevEoeicG-bz&amp;_nc_zt=23&amp;_nc_ht=scontent-hel3-1.cdninstagram.com&amp;edm=ANo9K5cEAAAA&amp;_nc_gid=MNUXmDEJLp_3F7vudAaIUg&amp;_nc_tpa=Q5bMBQFs2vYESnqdPCI8iGm3Ytgi397KQzcO4snAEoAv5rJomXphYmHJQ_3tFu6I6ue2uCO8mc_HehvWgg&amp;oh=00_Af3Op7PJveBtIxwn7yf8xKLFgWJ2jyyTCJo7hMD2zAbwKQ&amp;oe=69F7208E&quot;,&quot;150&quot;:&quot;https:\\\/\\\/scontent-hel3-1.cdninstagram.com\\\/v\\\/t39.30808-6\\\/651754602_1615267216710560_8970529260166113244_n.jpg?stp=dst-jpg_e35_tt6&amp;_nc_cat=103&amp;ccb=7-5&amp;_nc_sid=18de74&amp;efg=eyJlZmdfdGFnIjoiQ0FST1VTRUxfSVRFTS5iZXN0X2ltYWdlX3VybGdlbi5DMyJ9&amp;_nc_ohc=qHzpv0e8OSAQ7kNvwHYB-lZ&amp;_nc_oc=AdploYvwb772gaUjVh7j_Mq6c1TsDxS9dk6UCe9qHoMSF_yPMBfWNCzuCMps60bihjkPXFybo0RpYevEoeicG-bz&amp;_nc_zt=23&amp;_nc_ht=scontent-hel3-1.cdninstagram.com&amp;edm=ANo9K5cEAAAA&amp;_nc_gid=MNUXmDEJLp_3F7vudAaIUg&amp;_nc_tpa=Q5bMBQFs2vYESnqdPCI8iGm3Ytgi397KQzcO4snAEoAv5rJomXphYmHJQ_3tFu6I6ue2uCO8mc_HehvWgg&amp;oh=00_Af3Op7PJveBtIxwn7yf8xKLFgWJ2jyyTCJo7hMD2zAbwKQ&amp;oe=69F7208E&quot;,&quot;320&quot;:&quot;https:\\\/\\\/scontent-hel3-1.cdninstagram.com\\\/v\\\/t39.30808-6\\\/651754602_1615267216710560_8970529260166113244_n.jpg?stp=dst-jpg_e35_tt6&amp;_nc_cat=103&amp;ccb=7-5&amp;_nc_sid=18de74&amp;efg=eyJlZmdfdGFnIjoiQ0FST1VTRUxfSVRFTS5iZXN0X2ltYWdlX3VybGdlbi5DMyJ9&amp;_nc_ohc=qHzpv0e8OSAQ7kNvwHYB-lZ&amp;_nc_oc=AdploYvwb772gaUjVh7j_Mq6c1TsDxS9dk6UCe9qHoMSF_yPMBfWNCzuCMps60bihjkPXFybo0RpYevEoeicG-bz&amp;_nc_zt=23&amp;_nc_ht=scontent-hel3-1.cdninstagram.com&amp;edm=ANo9K5cEAAAA&amp;_nc_gid=MNUXmDEJLp_3F7vudAaIUg&amp;_nc_tpa=Q5bMBQFs2vYESnqdPCI8iGm3Ytgi397KQzcO4snAEoAv5rJomXphYmHJQ_3tFu6I6ue2uCO8mc_HehvWgg&amp;oh=00_Af3Op7PJveBtIxwn7yf8xKLFgWJ2jyyTCJo7hMD2zAbwKQ&amp;oe=69F7208E&quot;,&quot;640&quot;:&quot;https:\\\/\\\/scontent-hel3-1.cdninstagram.com\\\/v\\\/t39.30808-6\\\/651754602_1615267216710560_8970529260166113244_n.jpg?stp=dst-jpg_e35_tt6&amp;_nc_cat=103&amp;ccb=7-5&amp;_nc_sid=18de74&amp;efg=eyJlZmdfdGFnIjoiQ0FST1VTRUxfSVRFTS5iZXN0X2ltYWdlX3VybGdlbi5DMyJ9&amp;_nc_ohc=qHzpv0e8OSAQ7kNvwHYB-lZ&amp;_nc_oc=AdploYvwb772gaUjVh7j_Mq6c1TsDxS9dk6UCe9qHoMSF_yPMBfWNCzuCMps60bihjkPXFybo0RpYevEoeicG-bz&amp;_nc_zt=23&amp;_nc_ht=scontent-hel3-1.cdninstagram.com&amp;edm=ANo9K5cEAAAA&amp;_nc_gid=MNUXmDEJLp_3F7vudAaIUg&amp;_nc_tpa=Q5bMBQFs2vYESnqdPCI8iGm3Ytgi397KQzcO4snAEoAv5rJomXphYmHJQ_3tFu6I6ue2uCO8mc_HehvWgg&amp;oh=00_Af3Op7PJveBtIxwn7yf8xKLFgWJ2jyyTCJo7hMD2zAbwKQ&amp;oe=69F7208E&quot;}\">\n\t\t\t<span class=\"sbi-screenreader\">Neue Signature Cocktails im The Harmonie Vienna \ud83c\udf78\n<\/span>\n\t\t\t<svg class=\"svg-inline--fa fa-clone fa-w-16 sbi_lightbox_carousel_icon\" aria-hidden=\"true\" aria-label=\"Clone\" data-fa-pro\u0192cessed=\"\" data-prefix=\"far\" data-icon=\"clone\" role=\"img\" xmlns=\"http:\/\/www.w3.org\/2000\/svg\" viewBox=\"0 0 512 512\">\n                    <path fill=\"currentColor\" d=\"M464 0H144c-26.51 0-48 21.49-48 48v48H48c-26.51 0-48 21.49-48 48v320c0 26.51 21.49 48 48 48h320c26.51 0 48-21.49 48-48v-48h48c26.51 0 48-21.49 48-48V48c0-26.51-21.49-48-48-48zM362 464H54a6 6 0 0 1-6-6V150a6 6 0 0 1 6-6h42v224c0 26.51 21.49 48 48 48h224v42a6 6 0 0 1-6 6zm96-96H150a6 6 0 0 1-6-6V54a6 6 0 0 1 6-6h308a6 6 0 0 1 6 6v308a6 6 0 0 1-6 6z\"><\/path>\n                <\/svg>\t\t\t\t\t\t<img decoding=\"async\" src=\"https:\/\/www.harmonie-vienna.at\/wp-content\/plugins\/instagram-feed\/img\/placeholder.png\" alt=\"Neue Signature Cocktails im The Harmonie Vienna \ud83c\udf78\n\nMit gro\u00dfer Freude servieren wir Ihnen ab sofort drei besondere Kreationen von Cocktail World Champion Mario Hofferer \u2013 inspiriert von Geschichte, Kultur und Wiener Lebensgef\u00fchl.\n\n\ud83c\udf4a Audienz in Florenz\nNegroni \u2013 herb, warm und komplex wie die stille Sehnsucht nach der Adriak\u00fcste.\n\n\ud83e\udd43 Anno 1866\nWhiskey Sour \u2013 erquicklich und von feiner Galanterie wie einst im Harmonietheater.\n\n\u2615 Nachts im Kaffeehaus\nEspresso Martini \u2013 tiefgr\u00fcndig, wach und leicht melancholisch wie ein sp\u00e4tes Gespr\u00e4ch im Wiener Caf\u00e9.\n\nWir freuen uns schon darauf, Sie an unserer Bar willkommen zu hei\u00dfen.\n\n#TheHarmonieVienna #HarmonieHeroes #CocktailTime #CocktailLovers #ViennaCocktails #ViennaBar #BarCulture #SignatureDrinks #Mixology #DrinkInspiration #VisitVienna #WienErleben #LuxuryVienna #BoutiqueHotel #HotelBar\" aria-hidden=\"true\">\n\t\t<\/a>\n\t<\/div>\n<\/div><div class=\"sbi_item sbi_type_carousel sbi_new sbi_transition\"\n\tid=\"sbi_17999858612875311\" data-date=\"1774170036\">\n\t<div class=\"sbi_photo_wrap\">\n\t\t<a class=\"sbi_photo\" href=\"https:\/\/www.instagram.com\/p\/DWLlB_Al8XN\/\" target=\"_blank\" rel=\"noopener nofollow\"\n\t\t\tdata-full-res=\"https:\/\/scontent-hel3-1.cdninstagram.com\/v\/t39.30808-6\/653979141_1615251193378829_2964215518166569476_n.jpg?stp=dst-jpg_e35_tt6&#038;_nc_cat=102&#038;ccb=7-5&#038;_nc_sid=18de74&#038;efg=eyJlZmdfdGFnIjoiQ0FST1VTRUxfSVRFTS5iZXN0X2ltYWdlX3VybGdlbi5DMyJ9&#038;_nc_ohc=hnLF_Xe9C_QQ7kNvwGK42KN&#038;_nc_oc=AdpEfl9FIfDd4Jlby0MY6OWKbn2LbgP21rHlLIr7T5SOQQoZFg9KNBPhauuHNqdDmG8ZsJZdoFBzuVYetVPxB_MA&#038;_nc_zt=23&#038;_nc_ht=scontent-hel3-1.cdninstagram.com&#038;edm=ANo9K5cEAAAA&#038;_nc_gid=MNUXmDEJLp_3F7vudAaIUg&#038;_nc_tpa=Q5bMBQF94rLyNjySnhXJbhlhFK4Jwmvg4BcIRjJxmlLs-vGVvC4XPVSEp9BXHn5BXpWxcSPRpEH2mhvxug&#038;oh=00_Af3AHfpxLHdce6t6czeTB2K7B3KOWgXICrFydPSiW-j6rA&#038;oe=69F71D68\"\n\t\t\tdata-img-src-set=\"{&quot;d&quot;:&quot;https:\\\/\\\/scontent-hel3-1.cdninstagram.com\\\/v\\\/t39.30808-6\\\/653979141_1615251193378829_2964215518166569476_n.jpg?stp=dst-jpg_e35_tt6&amp;_nc_cat=102&amp;ccb=7-5&amp;_nc_sid=18de74&amp;efg=eyJlZmdfdGFnIjoiQ0FST1VTRUxfSVRFTS5iZXN0X2ltYWdlX3VybGdlbi5DMyJ9&amp;_nc_ohc=hnLF_Xe9C_QQ7kNvwGK42KN&amp;_nc_oc=AdpEfl9FIfDd4Jlby0MY6OWKbn2LbgP21rHlLIr7T5SOQQoZFg9KNBPhauuHNqdDmG8ZsJZdoFBzuVYetVPxB_MA&amp;_nc_zt=23&amp;_nc_ht=scontent-hel3-1.cdninstagram.com&amp;edm=ANo9K5cEAAAA&amp;_nc_gid=MNUXmDEJLp_3F7vudAaIUg&amp;_nc_tpa=Q5bMBQF94rLyNjySnhXJbhlhFK4Jwmvg4BcIRjJxmlLs-vGVvC4XPVSEp9BXHn5BXpWxcSPRpEH2mhvxug&amp;oh=00_Af3AHfpxLHdce6t6czeTB2K7B3KOWgXICrFydPSiW-j6rA&amp;oe=69F71D68&quot;,&quot;150&quot;:&quot;https:\\\/\\\/scontent-hel3-1.cdninstagram.com\\\/v\\\/t39.30808-6\\\/653979141_1615251193378829_2964215518166569476_n.jpg?stp=dst-jpg_e35_tt6&amp;_nc_cat=102&amp;ccb=7-5&amp;_nc_sid=18de74&amp;efg=eyJlZmdfdGFnIjoiQ0FST1VTRUxfSVRFTS5iZXN0X2ltYWdlX3VybGdlbi5DMyJ9&amp;_nc_ohc=hnLF_Xe9C_QQ7kNvwGK42KN&amp;_nc_oc=AdpEfl9FIfDd4Jlby0MY6OWKbn2LbgP21rHlLIr7T5SOQQoZFg9KNBPhauuHNqdDmG8ZsJZdoFBzuVYetVPxB_MA&amp;_nc_zt=23&amp;_nc_ht=scontent-hel3-1.cdninstagram.com&amp;edm=ANo9K5cEAAAA&amp;_nc_gid=MNUXmDEJLp_3F7vudAaIUg&amp;_nc_tpa=Q5bMBQF94rLyNjySnhXJbhlhFK4Jwmvg4BcIRjJxmlLs-vGVvC4XPVSEp9BXHn5BXpWxcSPRpEH2mhvxug&amp;oh=00_Af3AHfpxLHdce6t6czeTB2K7B3KOWgXICrFydPSiW-j6rA&amp;oe=69F71D68&quot;,&quot;320&quot;:&quot;https:\\\/\\\/scontent-hel3-1.cdninstagram.com\\\/v\\\/t39.30808-6\\\/653979141_1615251193378829_2964215518166569476_n.jpg?stp=dst-jpg_e35_tt6&amp;_nc_cat=102&amp;ccb=7-5&amp;_nc_sid=18de74&amp;efg=eyJlZmdfdGFnIjoiQ0FST1VTRUxfSVRFTS5iZXN0X2ltYWdlX3VybGdlbi5DMyJ9&amp;_nc_ohc=hnLF_Xe9C_QQ7kNvwGK42KN&amp;_nc_oc=AdpEfl9FIfDd4Jlby0MY6OWKbn2LbgP21rHlLIr7T5SOQQoZFg9KNBPhauuHNqdDmG8ZsJZdoFBzuVYetVPxB_MA&amp;_nc_zt=23&amp;_nc_ht=scontent-hel3-1.cdninstagram.com&amp;edm=ANo9K5cEAAAA&amp;_nc_gid=MNUXmDEJLp_3F7vudAaIUg&amp;_nc_tpa=Q5bMBQF94rLyNjySnhXJbhlhFK4Jwmvg4BcIRjJxmlLs-vGVvC4XPVSEp9BXHn5BXpWxcSPRpEH2mhvxug&amp;oh=00_Af3AHfpxLHdce6t6czeTB2K7B3KOWgXICrFydPSiW-j6rA&amp;oe=69F71D68&quot;,&quot;640&quot;:&quot;https:\\\/\\\/scontent-hel3-1.cdninstagram.com\\\/v\\\/t39.30808-6\\\/653979141_1615251193378829_2964215518166569476_n.jpg?stp=dst-jpg_e35_tt6&amp;_nc_cat=102&amp;ccb=7-5&amp;_nc_sid=18de74&amp;efg=eyJlZmdfdGFnIjoiQ0FST1VTRUxfSVRFTS5iZXN0X2ltYWdlX3VybGdlbi5DMyJ9&amp;_nc_ohc=hnLF_Xe9C_QQ7kNvwGK42KN&amp;_nc_oc=AdpEfl9FIfDd4Jlby0MY6OWKbn2LbgP21rHlLIr7T5SOQQoZFg9KNBPhauuHNqdDmG8ZsJZdoFBzuVYetVPxB_MA&amp;_nc_zt=23&amp;_nc_ht=scontent-hel3-1.cdninstagram.com&amp;edm=ANo9K5cEAAAA&amp;_nc_gid=MNUXmDEJLp_3F7vudAaIUg&amp;_nc_tpa=Q5bMBQF94rLyNjySnhXJbhlhFK4Jwmvg4BcIRjJxmlLs-vGVvC4XPVSEp9BXHn5BXpWxcSPRpEH2mhvxug&amp;oh=00_Af3AHfpxLHdce6t6czeTB2K7B3KOWgXICrFydPSiW-j6rA&amp;oe=69F71D68&quot;}\">\n\t\t\t<span class=\"sbi-screenreader\">Fr\u00fchst\u00fcck bei uns bedeutet nicht nur Genuss \u2013 sond<\/span>\n\t\t\t<svg class=\"svg-inline--fa fa-clone fa-w-16 sbi_lightbox_carousel_icon\" aria-hidden=\"true\" aria-label=\"Clone\" data-fa-pro\u0192cessed=\"\" data-prefix=\"far\" data-icon=\"clone\" role=\"img\" xmlns=\"http:\/\/www.w3.org\/2000\/svg\" viewBox=\"0 0 512 512\">\n                    <path fill=\"currentColor\" d=\"M464 0H144c-26.51 0-48 21.49-48 48v48H48c-26.51 0-48 21.49-48 48v320c0 26.51 21.49 48 48 48h320c26.51 0 48-21.49 48-48v-48h48c26.51 0 48-21.49 48-48V48c0-26.51-21.49-48-48-48zM362 464H54a6 6 0 0 1-6-6V150a6 6 0 0 1 6-6h42v224c0 26.51 21.49 48 48 48h224v42a6 6 0 0 1-6 6zm96-96H150a6 6 0 0 1-6-6V54a6 6 0 0 1 6-6h308a6 6 0 0 1 6 6v308a6 6 0 0 1-6 6z\"><\/path>\n                <\/svg>\t\t\t\t\t\t<img decoding=\"async\" src=\"https:\/\/www.harmonie-vienna.at\/wp-content\/plugins\/instagram-feed\/img\/placeholder.png\" alt=\"Fr\u00fchst\u00fcck bei uns bedeutet nicht nur Genuss \u2013 sondern auch Verantwortung \ud83e\udd5a\u2728\n\nUnsere Eier beziehen wir vom BIO-Hof Loschenhof im Waldviertel. Ein Familienbetrieb, der seit 1989 aus voller \u00dcberzeugung nach BIO-AUSTRIA Richtlinien arbeitet \u2013 mit Respekt f\u00fcr Tier, Natur und Qualit\u00e4t.\n\nDort leben die Hennen in ruhiger Alleinlage, umgeben von Natur und mit viel Platz zum \u201egl\u00fccklich sein\u201c. Genau das schmeckt man auch auf dem Teller.\n\nSo beginnt der Tag bei uns: ehrlich, regional und mit einem guten Gef\u00fchl. \ud83c\udf3f\n\n\u00a9 Loschenhof @loschenhof \n\n#TheHarmonieVienna #bioqualit\u00e4t #regionalgenie\u00dfen #bioliebe #nachhaltig #fr\u00fchst\u00fccksliebe #organicfood\" aria-hidden=\"true\">\n\t\t<\/a>\n\t<\/div>\n<\/div><div class=\"sbi_item sbi_type_carousel sbi_new sbi_transition\"\n\tid=\"sbi_18079882940080530\" data-date=\"1773943326\">\n\t<div class=\"sbi_photo_wrap\">\n\t\t<a class=\"sbi_photo\" href=\"https:\/\/www.instagram.com\/p\/DWE0ne0lIzX\/\" target=\"_blank\" rel=\"noopener nofollow\"\n\t\t\tdata-full-res=\"https:\/\/scontent-hel3-1.cdninstagram.com\/v\/t39.30808-6\/651406802_1615231523380796_3623784383336668443_n.jpg?stp=dst-jpg_e35_tt6&#038;_nc_cat=102&#038;ccb=7-5&#038;_nc_sid=18de74&#038;efg=eyJlZmdfdGFnIjoiQ0FST1VTRUxfSVRFTS5iZXN0X2ltYWdlX3VybGdlbi5DMyJ9&#038;_nc_ohc=ph6Tz6GSKyAQ7kNvwGSYqa3&#038;_nc_oc=AdqsTt5ggA_4ZfXXz3Cf0qGmU3nyaXs2McCfNCe4ZK3xC2QJzjOVRO9oAOc_ocRBs-x0ecSxoKzyFbITl02xPxVP&#038;_nc_zt=23&#038;_nc_ht=scontent-hel3-1.cdninstagram.com&#038;edm=ANo9K5cEAAAA&#038;_nc_gid=MNUXmDEJLp_3F7vudAaIUg&#038;_nc_tpa=Q5bMBQGwtvbJkazeKsI_XwRdhb41OlgLzbd-ojpiSC20nN3VvzPGAVuer0cW0GMt_e3mJpCRCK8DVa1YhQ&#038;oh=00_Af0xXWZux3kAuaj6Fv0knHVM5mb8VJmAC6uPsqTkQiKXZg&#038;oe=69F7257C\"\n\t\t\tdata-img-src-set=\"{&quot;d&quot;:&quot;https:\\\/\\\/scontent-hel3-1.cdninstagram.com\\\/v\\\/t39.30808-6\\\/651406802_1615231523380796_3623784383336668443_n.jpg?stp=dst-jpg_e35_tt6&amp;_nc_cat=102&amp;ccb=7-5&amp;_nc_sid=18de74&amp;efg=eyJlZmdfdGFnIjoiQ0FST1VTRUxfSVRFTS5iZXN0X2ltYWdlX3VybGdlbi5DMyJ9&amp;_nc_ohc=ph6Tz6GSKyAQ7kNvwGSYqa3&amp;_nc_oc=AdqsTt5ggA_4ZfXXz3Cf0qGmU3nyaXs2McCfNCe4ZK3xC2QJzjOVRO9oAOc_ocRBs-x0ecSxoKzyFbITl02xPxVP&amp;_nc_zt=23&amp;_nc_ht=scontent-hel3-1.cdninstagram.com&amp;edm=ANo9K5cEAAAA&amp;_nc_gid=MNUXmDEJLp_3F7vudAaIUg&amp;_nc_tpa=Q5bMBQGwtvbJkazeKsI_XwRdhb41OlgLzbd-ojpiSC20nN3VvzPGAVuer0cW0GMt_e3mJpCRCK8DVa1YhQ&amp;oh=00_Af0xXWZux3kAuaj6Fv0knHVM5mb8VJmAC6uPsqTkQiKXZg&amp;oe=69F7257C&quot;,&quot;150&quot;:&quot;https:\\\/\\\/scontent-hel3-1.cdninstagram.com\\\/v\\\/t39.30808-6\\\/651406802_1615231523380796_3623784383336668443_n.jpg?stp=dst-jpg_e35_tt6&amp;_nc_cat=102&amp;ccb=7-5&amp;_nc_sid=18de74&amp;efg=eyJlZmdfdGFnIjoiQ0FST1VTRUxfSVRFTS5iZXN0X2ltYWdlX3VybGdlbi5DMyJ9&amp;_nc_ohc=ph6Tz6GSKyAQ7kNvwGSYqa3&amp;_nc_oc=AdqsTt5ggA_4ZfXXz3Cf0qGmU3nyaXs2McCfNCe4ZK3xC2QJzjOVRO9oAOc_ocRBs-x0ecSxoKzyFbITl02xPxVP&amp;_nc_zt=23&amp;_nc_ht=scontent-hel3-1.cdninstagram.com&amp;edm=ANo9K5cEAAAA&amp;_nc_gid=MNUXmDEJLp_3F7vudAaIUg&amp;_nc_tpa=Q5bMBQGwtvbJkazeKsI_XwRdhb41OlgLzbd-ojpiSC20nN3VvzPGAVuer0cW0GMt_e3mJpCRCK8DVa1YhQ&amp;oh=00_Af0xXWZux3kAuaj6Fv0knHVM5mb8VJmAC6uPsqTkQiKXZg&amp;oe=69F7257C&quot;,&quot;320&quot;:&quot;https:\\\/\\\/scontent-hel3-1.cdninstagram.com\\\/v\\\/t39.30808-6\\\/651406802_1615231523380796_3623784383336668443_n.jpg?stp=dst-jpg_e35_tt6&amp;_nc_cat=102&amp;ccb=7-5&amp;_nc_sid=18de74&amp;efg=eyJlZmdfdGFnIjoiQ0FST1VTRUxfSVRFTS5iZXN0X2ltYWdlX3VybGdlbi5DMyJ9&amp;_nc_ohc=ph6Tz6GSKyAQ7kNvwGSYqa3&amp;_nc_oc=AdqsTt5ggA_4ZfXXz3Cf0qGmU3nyaXs2McCfNCe4ZK3xC2QJzjOVRO9oAOc_ocRBs-x0ecSxoKzyFbITl02xPxVP&amp;_nc_zt=23&amp;_nc_ht=scontent-hel3-1.cdninstagram.com&amp;edm=ANo9K5cEAAAA&amp;_nc_gid=MNUXmDEJLp_3F7vudAaIUg&amp;_nc_tpa=Q5bMBQGwtvbJkazeKsI_XwRdhb41OlgLzbd-ojpiSC20nN3VvzPGAVuer0cW0GMt_e3mJpCRCK8DVa1YhQ&amp;oh=00_Af0xXWZux3kAuaj6Fv0knHVM5mb8VJmAC6uPsqTkQiKXZg&amp;oe=69F7257C&quot;,&quot;640&quot;:&quot;https:\\\/\\\/scontent-hel3-1.cdninstagram.com\\\/v\\\/t39.30808-6\\\/651406802_1615231523380796_3623784383336668443_n.jpg?stp=dst-jpg_e35_tt6&amp;_nc_cat=102&amp;ccb=7-5&amp;_nc_sid=18de74&amp;efg=eyJlZmdfdGFnIjoiQ0FST1VTRUxfSVRFTS5iZXN0X2ltYWdlX3VybGdlbi5DMyJ9&amp;_nc_ohc=ph6Tz6GSKyAQ7kNvwGSYqa3&amp;_nc_oc=AdqsTt5ggA_4ZfXXz3Cf0qGmU3nyaXs2McCfNCe4ZK3xC2QJzjOVRO9oAOc_ocRBs-x0ecSxoKzyFbITl02xPxVP&amp;_nc_zt=23&amp;_nc_ht=scontent-hel3-1.cdninstagram.com&amp;edm=ANo9K5cEAAAA&amp;_nc_gid=MNUXmDEJLp_3F7vudAaIUg&amp;_nc_tpa=Q5bMBQGwtvbJkazeKsI_XwRdhb41OlgLzbd-ojpiSC20nN3VvzPGAVuer0cW0GMt_e3mJpCRCK8DVa1YhQ&amp;oh=00_Af0xXWZux3kAuaj6Fv0knHVM5mb8VJmAC6uPsqTkQiKXZg&amp;oe=69F7257C&quot;}\">\n\t\t\t<span class=\"sbi-screenreader\">Ein inspirierender Tag auf der Tourism Career Fair<\/span>\n\t\t\t<svg class=\"svg-inline--fa fa-clone fa-w-16 sbi_lightbox_carousel_icon\" aria-hidden=\"true\" aria-label=\"Clone\" data-fa-pro\u0192cessed=\"\" data-prefix=\"far\" data-icon=\"clone\" role=\"img\" xmlns=\"http:\/\/www.w3.org\/2000\/svg\" viewBox=\"0 0 512 512\">\n                    <path fill=\"currentColor\" d=\"M464 0H144c-26.51 0-48 21.49-48 48v48H48c-26.51 0-48 21.49-48 48v320c0 26.51 21.49 48 48 48h320c26.51 0 48-21.49 48-48v-48h48c26.51 0 48-21.49 48-48V48c0-26.51-21.49-48-48-48zM362 464H54a6 6 0 0 1-6-6V150a6 6 0 0 1 6-6h42v224c0 26.51 21.49 48 48 48h224v42a6 6 0 0 1-6 6zm96-96H150a6 6 0 0 1-6-6V54a6 6 0 0 1 6-6h308a6 6 0 0 1 6 6v308a6 6 0 0 1-6 6z\"><\/path>\n                <\/svg>\t\t\t\t\t\t<img decoding=\"async\" src=\"https:\/\/www.harmonie-vienna.at\/wp-content\/plugins\/instagram-feed\/img\/placeholder.png\" alt=\"Ein inspirierender Tag auf der Tourism Career Fair 2026 an der FHWien der WKW \u2728\n\nUnser Resident Manager war vergangenen Freitag gemeinsam mit zwei unserer Studierenden vor Ort, um spannende Einblicke in die Welt der Hotellerie zu teilen und neue Talente kennenzulernen.\n\nWir sind stolz, junge Menschen auf ihrem Weg begleiten zu d\u00fcrfen und freuen uns immer, unsere Leidenschaft f\u00fcr Gastfreundschaft weiterzugeben \ud83d\udcab\n\n\u00a9 Leadersnet \/ P. Kleemann\n\n#TheHarmonieVienna #HarmonieHeroes #TourismCareerFair #FHWien #TourismusKarriere #HospitalityLife #ViennaHotels #KarriereImTourismus #hospitalitycareers\" aria-hidden=\"true\">\n\t\t<\/a>\n\t<\/div>\n<\/div><div class=\"sbi_item sbi_type_carousel sbi_new sbi_transition\"\n\tid=\"sbi_17849523894658813\" data-date=\"1773338440\">\n\t<div class=\"sbi_photo_wrap\">\n\t\t<a class=\"sbi_photo\" href=\"https:\/\/www.instagram.com\/p\/DVyy44RjVn6\/\" target=\"_blank\" rel=\"noopener nofollow\"\n\t\t\tdata-full-res=\"https:\/\/scontent-hel3-1.cdninstagram.com\/v\/t39.30808-6\/648831585_1606668354237113_7416453688444486773_n.jpg?stp=dst-jpg_e35_tt6&#038;_nc_cat=108&#038;ccb=7-5&#038;_nc_sid=18de74&#038;efg=eyJlZmdfdGFnIjoiQ0FST1VTRUxfSVRFTS5iZXN0X2ltYWdlX3VybGdlbi5DMyJ9&#038;_nc_ohc=8_2jZJaP8dUQ7kNvwEu9MRA&#038;_nc_oc=Adr3DLvM-xHkNvn6e6RyoGVeW1vA9WGDBtAvGnIwlI5k923gLzR1VuFnmopCzQBOXT59EhjUqu283GK36Wy6Zs_j&#038;_nc_zt=23&#038;_nc_ht=scontent-hel3-1.cdninstagram.com&#038;edm=ANo9K5cEAAAA&#038;_nc_gid=MNUXmDEJLp_3F7vudAaIUg&#038;_nc_tpa=Q5bMBQEXdkMNlw0QXz7Dmt-FmiK9snm3ClDWB7UxiqA0RH-0Ed-k-RIPbyfJkGGXEeq65JNtkj6fsehE9w&#038;oh=00_Af36IKp_EDz6Vgeukl0lN9v_dl2X6iYW6ODMDYhy2h4gkg&#038;oe=69F70A07\"\n\t\t\tdata-img-src-set=\"{&quot;d&quot;:&quot;https:\\\/\\\/scontent-hel3-1.cdninstagram.com\\\/v\\\/t39.30808-6\\\/648831585_1606668354237113_7416453688444486773_n.jpg?stp=dst-jpg_e35_tt6&amp;_nc_cat=108&amp;ccb=7-5&amp;_nc_sid=18de74&amp;efg=eyJlZmdfdGFnIjoiQ0FST1VTRUxfSVRFTS5iZXN0X2ltYWdlX3VybGdlbi5DMyJ9&amp;_nc_ohc=8_2jZJaP8dUQ7kNvwEu9MRA&amp;_nc_oc=Adr3DLvM-xHkNvn6e6RyoGVeW1vA9WGDBtAvGnIwlI5k923gLzR1VuFnmopCzQBOXT59EhjUqu283GK36Wy6Zs_j&amp;_nc_zt=23&amp;_nc_ht=scontent-hel3-1.cdninstagram.com&amp;edm=ANo9K5cEAAAA&amp;_nc_gid=MNUXmDEJLp_3F7vudAaIUg&amp;_nc_tpa=Q5bMBQEXdkMNlw0QXz7Dmt-FmiK9snm3ClDWB7UxiqA0RH-0Ed-k-RIPbyfJkGGXEeq65JNtkj6fsehE9w&amp;oh=00_Af36IKp_EDz6Vgeukl0lN9v_dl2X6iYW6ODMDYhy2h4gkg&amp;oe=69F70A07&quot;,&quot;150&quot;:&quot;https:\\\/\\\/scontent-hel3-1.cdninstagram.com\\\/v\\\/t39.30808-6\\\/648831585_1606668354237113_7416453688444486773_n.jpg?stp=dst-jpg_e35_tt6&amp;_nc_cat=108&amp;ccb=7-5&amp;_nc_sid=18de74&amp;efg=eyJlZmdfdGFnIjoiQ0FST1VTRUxfSVRFTS5iZXN0X2ltYWdlX3VybGdlbi5DMyJ9&amp;_nc_ohc=8_2jZJaP8dUQ7kNvwEu9MRA&amp;_nc_oc=Adr3DLvM-xHkNvn6e6RyoGVeW1vA9WGDBtAvGnIwlI5k923gLzR1VuFnmopCzQBOXT59EhjUqu283GK36Wy6Zs_j&amp;_nc_zt=23&amp;_nc_ht=scontent-hel3-1.cdninstagram.com&amp;edm=ANo9K5cEAAAA&amp;_nc_gid=MNUXmDEJLp_3F7vudAaIUg&amp;_nc_tpa=Q5bMBQEXdkMNlw0QXz7Dmt-FmiK9snm3ClDWB7UxiqA0RH-0Ed-k-RIPbyfJkGGXEeq65JNtkj6fsehE9w&amp;oh=00_Af36IKp_EDz6Vgeukl0lN9v_dl2X6iYW6ODMDYhy2h4gkg&amp;oe=69F70A07&quot;,&quot;320&quot;:&quot;https:\\\/\\\/scontent-hel3-1.cdninstagram.com\\\/v\\\/t39.30808-6\\\/648831585_1606668354237113_7416453688444486773_n.jpg?stp=dst-jpg_e35_tt6&amp;_nc_cat=108&amp;ccb=7-5&amp;_nc_sid=18de74&amp;efg=eyJlZmdfdGFnIjoiQ0FST1VTRUxfSVRFTS5iZXN0X2ltYWdlX3VybGdlbi5DMyJ9&amp;_nc_ohc=8_2jZJaP8dUQ7kNvwEu9MRA&amp;_nc_oc=Adr3DLvM-xHkNvn6e6RyoGVeW1vA9WGDBtAvGnIwlI5k923gLzR1VuFnmopCzQBOXT59EhjUqu283GK36Wy6Zs_j&amp;_nc_zt=23&amp;_nc_ht=scontent-hel3-1.cdninstagram.com&amp;edm=ANo9K5cEAAAA&amp;_nc_gid=MNUXmDEJLp_3F7vudAaIUg&amp;_nc_tpa=Q5bMBQEXdkMNlw0QXz7Dmt-FmiK9snm3ClDWB7UxiqA0RH-0Ed-k-RIPbyfJkGGXEeq65JNtkj6fsehE9w&amp;oh=00_Af36IKp_EDz6Vgeukl0lN9v_dl2X6iYW6ODMDYhy2h4gkg&amp;oe=69F70A07&quot;,&quot;640&quot;:&quot;https:\\\/\\\/scontent-hel3-1.cdninstagram.com\\\/v\\\/t39.30808-6\\\/648831585_1606668354237113_7416453688444486773_n.jpg?stp=dst-jpg_e35_tt6&amp;_nc_cat=108&amp;ccb=7-5&amp;_nc_sid=18de74&amp;efg=eyJlZmdfdGFnIjoiQ0FST1VTRUxfSVRFTS5iZXN0X2ltYWdlX3VybGdlbi5DMyJ9&amp;_nc_ohc=8_2jZJaP8dUQ7kNvwEu9MRA&amp;_nc_oc=Adr3DLvM-xHkNvn6e6RyoGVeW1vA9WGDBtAvGnIwlI5k923gLzR1VuFnmopCzQBOXT59EhjUqu283GK36Wy6Zs_j&amp;_nc_zt=23&amp;_nc_ht=scontent-hel3-1.cdninstagram.com&amp;edm=ANo9K5cEAAAA&amp;_nc_gid=MNUXmDEJLp_3F7vudAaIUg&amp;_nc_tpa=Q5bMBQEXdkMNlw0QXz7Dmt-FmiK9snm3ClDWB7UxiqA0RH-0Ed-k-RIPbyfJkGGXEeq65JNtkj6fsehE9w&amp;oh=00_Af36IKp_EDz6Vgeukl0lN9v_dl2X6iYW6ODMDYhy2h4gkg&amp;oe=69F70A07&quot;}\">\n\t\t\t<span class=\"sbi-screenreader\">Sonja Wimmer empfiehlt: Ein musikalisches M\u00e4rchen,<\/span>\n\t\t\t<svg class=\"svg-inline--fa fa-clone fa-w-16 sbi_lightbox_carousel_icon\" aria-hidden=\"true\" aria-label=\"Clone\" data-fa-pro\u0192cessed=\"\" data-prefix=\"far\" data-icon=\"clone\" role=\"img\" xmlns=\"http:\/\/www.w3.org\/2000\/svg\" viewBox=\"0 0 512 512\">\n                    <path fill=\"currentColor\" d=\"M464 0H144c-26.51 0-48 21.49-48 48v48H48c-26.51 0-48 21.49-48 48v320c0 26.51 21.49 48 48 48h320c26.51 0 48-21.49 48-48v-48h48c26.51 0 48-21.49 48-48V48c0-26.51-21.49-48-48-48zM362 464H54a6 6 0 0 1-6-6V150a6 6 0 0 1 6-6h42v224c0 26.51 21.49 48 48 48h224v42a6 6 0 0 1-6 6zm96-96H150a6 6 0 0 1-6-6V54a6 6 0 0 1 6-6h308a6 6 0 0 1 6 6v308a6 6 0 0 1-6 6z\"><\/path>\n                <\/svg>\t\t\t\t\t\t<img decoding=\"async\" src=\"https:\/\/www.harmonie-vienna.at\/wp-content\/plugins\/instagram-feed\/img\/placeholder.png\" alt=\"Sonja Wimmer empfiehlt: Ein musikalisches M\u00e4rchen, das Generationen begeistert: \u201ePeter und der Wolf\u201c ist jetzt im NEST der Wiener Staatsoper zu erleben \u2013 diesmal als Ballett in der Choreographie von Martin Schl\u00e4pfer. \ud83d\udc3a\ud83c\udfbb\n\nMit viel Fantasie, Bewegung und Musik entdecken junge Kulturfans Prokofjews ber\u00fchmte Geschichte auf ganz neue Weise. Jedes Instrument erz\u00e4hlt eine Figur \u2013 von Peters fr\u00f6hlicher Geige bis zum brummenden Fagott des Gro\u00dfvaters \u2013 w\u00e4hrend die T\u00e4nzerinnen und T\u00e4nzer der Jugendkompanie die Geschichte lebendig werden lassen.\n\nUnsere heutige Kulturempfehlung f\u00fcr die kleinsten G\u00e4ste: ein zauberhafter Einstieg in die Welt der klassischen Musik und des Balletts. \u2728\n\n\u00a9 Marian Furnica\n#TheHarmonieVienna #vienna #wien #nest #wienerstaatsoper #peterundderwolf #kulturinwien #ballett #klassischemusik #viennawithkids #familyinvienna #viennaculture #visitvienna #viennalove\" aria-hidden=\"true\">\n\t\t<\/a>\n\t<\/div>\n<\/div><div class=\"sbi_item sbi_type_image sbi_new sbi_transition\"\n\tid=\"sbi_17876508783521343\" data-date=\"1772820073\">\n\t<div class=\"sbi_photo_wrap\">\n\t\t<a class=\"sbi_photo\" href=\"https:\/\/www.instagram.com\/p\/DVjWLnDAYjy\/\" target=\"_blank\" rel=\"noopener nofollow\"\n\t\t\tdata-full-res=\"https:\/\/scontent-hel3-1.cdninstagram.com\/v\/t39.30808-6\/645303831_1604125557824726_5441426439795101125_n.jpg?stp=dst-jpg_e35_tt6&#038;_nc_cat=103&#038;ccb=7-5&#038;_nc_sid=18de74&#038;efg=eyJlZmdfdGFnIjoiRkVFRC5iZXN0X2ltYWdlX3VybGdlbi5DMyJ9&#038;_nc_ohc=OHIMs_mlmfAQ7kNvwEukb4l&#038;_nc_oc=AdqkzfdW_jfMSEcMhVHQ1D9IDAMqO42gb1nFT5QID8ndLZ97ngsRgrBZGX_xH5fCPaaWq_nHpv7seQCrThzWGCSR&#038;_nc_zt=23&#038;_nc_ht=scontent-hel3-1.cdninstagram.com&#038;edm=ANo9K5cEAAAA&#038;_nc_gid=MNUXmDEJLp_3F7vudAaIUg&#038;_nc_tpa=Q5bMBQHLQ4wduiIMjrKncJZraaQOwsqO2qS3p3whgzYUVTYC-649KSC3hCl33Y7QOkLBQvC93saKGmj4WA&#038;oh=00_Af1_aRbLfSz1wGI8zDg5Aco794DMUhWFAPTK8JewPMNS2Q&#038;oe=69F6FCDA\"\n\t\t\tdata-img-src-set=\"{&quot;d&quot;:&quot;https:\\\/\\\/scontent-hel3-1.cdninstagram.com\\\/v\\\/t39.30808-6\\\/645303831_1604125557824726_5441426439795101125_n.jpg?stp=dst-jpg_e35_tt6&amp;_nc_cat=103&amp;ccb=7-5&amp;_nc_sid=18de74&amp;efg=eyJlZmdfdGFnIjoiRkVFRC5iZXN0X2ltYWdlX3VybGdlbi5DMyJ9&amp;_nc_ohc=OHIMs_mlmfAQ7kNvwEukb4l&amp;_nc_oc=AdqkzfdW_jfMSEcMhVHQ1D9IDAMqO42gb1nFT5QID8ndLZ97ngsRgrBZGX_xH5fCPaaWq_nHpv7seQCrThzWGCSR&amp;_nc_zt=23&amp;_nc_ht=scontent-hel3-1.cdninstagram.com&amp;edm=ANo9K5cEAAAA&amp;_nc_gid=MNUXmDEJLp_3F7vudAaIUg&amp;_nc_tpa=Q5bMBQHLQ4wduiIMjrKncJZraaQOwsqO2qS3p3whgzYUVTYC-649KSC3hCl33Y7QOkLBQvC93saKGmj4WA&amp;oh=00_Af1_aRbLfSz1wGI8zDg5Aco794DMUhWFAPTK8JewPMNS2Q&amp;oe=69F6FCDA&quot;,&quot;150&quot;:&quot;https:\\\/\\\/scontent-hel3-1.cdninstagram.com\\\/v\\\/t39.30808-6\\\/645303831_1604125557824726_5441426439795101125_n.jpg?stp=dst-jpg_e35_tt6&amp;_nc_cat=103&amp;ccb=7-5&amp;_nc_sid=18de74&amp;efg=eyJlZmdfdGFnIjoiRkVFRC5iZXN0X2ltYWdlX3VybGdlbi5DMyJ9&amp;_nc_ohc=OHIMs_mlmfAQ7kNvwEukb4l&amp;_nc_oc=AdqkzfdW_jfMSEcMhVHQ1D9IDAMqO42gb1nFT5QID8ndLZ97ngsRgrBZGX_xH5fCPaaWq_nHpv7seQCrThzWGCSR&amp;_nc_zt=23&amp;_nc_ht=scontent-hel3-1.cdninstagram.com&amp;edm=ANo9K5cEAAAA&amp;_nc_gid=MNUXmDEJLp_3F7vudAaIUg&amp;_nc_tpa=Q5bMBQHLQ4wduiIMjrKncJZraaQOwsqO2qS3p3whgzYUVTYC-649KSC3hCl33Y7QOkLBQvC93saKGmj4WA&amp;oh=00_Af1_aRbLfSz1wGI8zDg5Aco794DMUhWFAPTK8JewPMNS2Q&amp;oe=69F6FCDA&quot;,&quot;320&quot;:&quot;https:\\\/\\\/scontent-hel3-1.cdninstagram.com\\\/v\\\/t39.30808-6\\\/645303831_1604125557824726_5441426439795101125_n.jpg?stp=dst-jpg_e35_tt6&amp;_nc_cat=103&amp;ccb=7-5&amp;_nc_sid=18de74&amp;efg=eyJlZmdfdGFnIjoiRkVFRC5iZXN0X2ltYWdlX3VybGdlbi5DMyJ9&amp;_nc_ohc=OHIMs_mlmfAQ7kNvwEukb4l&amp;_nc_oc=AdqkzfdW_jfMSEcMhVHQ1D9IDAMqO42gb1nFT5QID8ndLZ97ngsRgrBZGX_xH5fCPaaWq_nHpv7seQCrThzWGCSR&amp;_nc_zt=23&amp;_nc_ht=scontent-hel3-1.cdninstagram.com&amp;edm=ANo9K5cEAAAA&amp;_nc_gid=MNUXmDEJLp_3F7vudAaIUg&amp;_nc_tpa=Q5bMBQHLQ4wduiIMjrKncJZraaQOwsqO2qS3p3whgzYUVTYC-649KSC3hCl33Y7QOkLBQvC93saKGmj4WA&amp;oh=00_Af1_aRbLfSz1wGI8zDg5Aco794DMUhWFAPTK8JewPMNS2Q&amp;oe=69F6FCDA&quot;,&quot;640&quot;:&quot;https:\\\/\\\/scontent-hel3-1.cdninstagram.com\\\/v\\\/t39.30808-6\\\/645303831_1604125557824726_5441426439795101125_n.jpg?stp=dst-jpg_e35_tt6&amp;_nc_cat=103&amp;ccb=7-5&amp;_nc_sid=18de74&amp;efg=eyJlZmdfdGFnIjoiRkVFRC5iZXN0X2ltYWdlX3VybGdlbi5DMyJ9&amp;_nc_ohc=OHIMs_mlmfAQ7kNvwEukb4l&amp;_nc_oc=AdqkzfdW_jfMSEcMhVHQ1D9IDAMqO42gb1nFT5QID8ndLZ97ngsRgrBZGX_xH5fCPaaWq_nHpv7seQCrThzWGCSR&amp;_nc_zt=23&amp;_nc_ht=scontent-hel3-1.cdninstagram.com&amp;edm=ANo9K5cEAAAA&amp;_nc_gid=MNUXmDEJLp_3F7vudAaIUg&amp;_nc_tpa=Q5bMBQHLQ4wduiIMjrKncJZraaQOwsqO2qS3p3whgzYUVTYC-649KSC3hCl33Y7QOkLBQvC93saKGmj4WA&amp;oh=00_Af1_aRbLfSz1wGI8zDg5Aco794DMUhWFAPTK8JewPMNS2Q&amp;oe=69F6FCDA&quot;}\">\n\t\t\t<span class=\"sbi-screenreader\">Ein makellos sauberes Zimmer, ein gutes Fr\u00fchst\u00fcck <\/span>\n\t\t\t\t\t\t\t\t\t<img decoding=\"async\" src=\"https:\/\/www.harmonie-vienna.at\/wp-content\/plugins\/instagram-feed\/img\/placeholder.png\" alt=\"Ein makellos sauberes Zimmer, ein gutes Fr\u00fchst\u00fcck und ein engagiertes Team \u2013 genau so m\u00f6chten wir den Aufenthalt unserer G\u00e4ste gestalten.\nUnd wenn der Tag einmal fr\u00fch beginnt, sorgen wir nat\u00fcrlich auch daf\u00fcr, dass ein kleines Fr\u00fchst\u00fcck f\u00fcr unterwegs bereitsteht.\n\nVielen Dank f\u00fcr diese wunderbare Bewertung \u2013 wir freuen uns auf ein Wiedersehen im The Harmonie Vienna.\n\n#TheHarmonieVienna #G\u00e4stestimmen #GuestReview #ViennaHotels #ServiceMitHerz #WienErleben #Hospitality\" aria-hidden=\"true\">\n\t\t<\/a>\n\t<\/div>\n<\/div>\t<\/div>\n\n\t<div id=\"sbi_load\" >\n\n\t\n\t\t\t<span class=\"sbi_follow_btn sbi_custom\" >\n\t\t\t<a target=\"_blank\"\n\t\t\t\trel=\"nofollow noopener\"  href=\"https:\/\/www.instagram.com\/the.harmonie.vienna\/\" style=\"background: rgb(209,66,67);\">\n\t\t\t\t<svg class=\"svg-inline--fa fa-instagram fa-w-14\" aria-hidden=\"true\" data-fa-processed=\"\" aria-label=\"Instagram\" data-prefix=\"fab\" data-icon=\"instagram\" role=\"img\" viewBox=\"0 0 448 512\">\n                    <path fill=\"currentColor\" d=\"M224.1 141c-63.6 0-114.9 51.3-114.9 114.9s51.3 114.9 114.9 114.9S339 319.5 339 255.9 287.7 141 224.1 141zm0 189.6c-41.1 0-74.7-33.5-74.7-74.7s33.5-74.7 74.7-74.7 74.7 33.5 74.7 74.7-33.6 74.7-74.7 74.7zm146.4-194.3c0 14.9-12 26.8-26.8 26.8-14.9 0-26.8-12-26.8-26.8s12-26.8 26.8-26.8 26.8 12 26.8 26.8zm76.1 27.2c-1.7-35.9-9.9-67.7-36.2-93.9-26.2-26.2-58-34.4-93.9-36.2-37-2.1-147.9-2.1-184.9 0-35.8 1.7-67.6 9.9-93.9 36.1s-34.4 58-36.2 93.9c-2.1 37-2.1 147.9 0 184.9 1.7 35.9 9.9 67.7 36.2 93.9s58 34.4 93.9 36.2c37 2.1 147.9 2.1 184.9 0 35.9-1.7 67.7-9.9 93.9-36.2 26.2-26.2 34.4-58 36.2-93.9 2.1-37 2.1-147.8 0-184.8zM398.8 388c-7.8 19.6-22.9 34.7-42.6 42.6-29.5 11.7-99.5 9-132.1 9s-102.7 2.6-132.1-9c-19.6-7.8-34.7-22.9-42.6-42.6-11.7-29.5-9-99.5-9-132.1s-2.6-102.7 9-132.1c7.8-19.6 22.9-34.7 42.6-42.6 29.5-11.7 99.5-9 132.1-9s102.7-2.6 132.1 9c19.6 7.8 34.7 22.9 42.6 42.6 11.7 29.5 9 99.5 9 132.1s2.7 102.7-9 132.1z\"><\/path>\n                <\/svg>\t\t\t\t<span>Follow on Instagram<\/span>\n\t\t\t<\/a>\n\t\t<\/span>\n\t\n<\/div>\n\t\t<span class=\"sbi_resized_image_data\" data-feed-id=\"*1\"\n\t\t  data-resized=\"{&quot;17876508783521343&quot;:{&quot;id&quot;:&quot;645303831_1604125557824726_5441426439795101125_n&quot;,&quot;ratio&quot;:&quot;1.00&quot;,&quot;sizes&quot;:{&quot;full&quot;:640,&quot;low&quot;:320,&quot;thumb&quot;:150},&quot;extension&quot;:&quot;.webp&quot;},&quot;17849523894658813&quot;:{&quot;id&quot;:&quot;648831585_1606668354237113_7416453688444486773_n&quot;,&quot;ratio&quot;:&quot;0.80&quot;,&quot;sizes&quot;:{&quot;full&quot;:640,&quot;low&quot;:320,&quot;thumb&quot;:150},&quot;extension&quot;:&quot;.webp&quot;},&quot;18079882940080530&quot;:{&quot;id&quot;:&quot;651406802_1615231523380796_3623784383336668443_n&quot;,&quot;ratio&quot;:&quot;1.00&quot;,&quot;sizes&quot;:{&quot;full&quot;:640,&quot;low&quot;:320,&quot;thumb&quot;:150},&quot;extension&quot;:&quot;.webp&quot;},&quot;17999858612875311&quot;:{&quot;id&quot;:&quot;653979141_1615251193378829_2964215518166569476_n&quot;,&quot;ratio&quot;:&quot;1.00&quot;,&quot;sizes&quot;:{&quot;full&quot;:640,&quot;low&quot;:320,&quot;thumb&quot;:150},&quot;extension&quot;:&quot;.webp&quot;},&quot;18207678709328850&quot;:{&quot;id&quot;:&quot;651754602_1615267216710560_8970529260166113244_n&quot;,&quot;ratio&quot;:&quot;0.80&quot;,&quot;sizes&quot;:{&quot;full&quot;:640,&quot;low&quot;:320,&quot;thumb&quot;:150},&quot;extension&quot;:&quot;.webp&quot;},&quot;17900236746409868&quot;:{&quot;id&quot;:&quot;657244138_1622850865952195_6314841294366982500_n&quot;,&quot;ratio&quot;:&quot;0.80&quot;,&quot;sizes&quot;:{&quot;full&quot;:640,&quot;low&quot;:320,&quot;thumb&quot;:150},&quot;extension&quot;:&quot;.webp&quot;},&quot;17933526633050414&quot;:{&quot;id&quot;:&quot;657429485_1622862709284344_7842974420602745015_n&quot;,&quot;ratio&quot;:&quot;1.61&quot;,&quot;sizes&quot;:{&quot;full&quot;:640,&quot;low&quot;:320,&quot;thumb&quot;:150},&quot;extension&quot;:&quot;.webp&quot;},&quot;18101318378489924&quot;:{&quot;id&quot;:&quot;659057753_1622866072617341_1295630921644229334_n&quot;,&quot;ratio&quot;:&quot;0.75&quot;,&quot;sizes&quot;:{&quot;full&quot;:640,&quot;low&quot;:320,&quot;thumb&quot;:150},&quot;extension&quot;:&quot;.webp&quot;},&quot;18080016335426954&quot;:{&quot;id&quot;:&quot;659191542_1622885859282029_3506487617785508676_n&quot;,&quot;ratio&quot;:&quot;1.00&quot;,&quot;sizes&quot;:{&quot;full&quot;:640,&quot;low&quot;:320,&quot;thumb&quot;:150},&quot;extension&quot;:&quot;.webp&quot;},&quot;18082986995071765&quot;:{&quot;id&quot;:&quot;659653507_1622874532616495_3605390356799860417_n&quot;,&quot;ratio&quot;:&quot;0.80&quot;,&quot;sizes&quot;:{&quot;full&quot;:640,&quot;low&quot;:320,&quot;thumb&quot;:150},&quot;extension&quot;:&quot;.webp&quot;},&quot;17899577352262905&quot;:{&quot;id&quot;:&quot;657266072_1622898089280806_8865496461586277709_n&quot;,&quot;ratio&quot;:&quot;0.75&quot;,&quot;sizes&quot;:{&quot;full&quot;:640,&quot;low&quot;:320,&quot;thumb&quot;:150},&quot;extension&quot;:&quot;.webp&quot;},&quot;17925867342264194&quot;:{&quot;id&quot;:&quot;669693734_1634151584822123_1297730593243302900_n&quot;,&quot;ratio&quot;:&quot;0.80&quot;,&quot;sizes&quot;:{&quot;full&quot;:640,&quot;low&quot;:320,&quot;thumb&quot;:150},&quot;extension&quot;:&quot;.webp&quot;}}\">\n\t<\/span>\n\t<\/div>\n\n\t<style type=\"text\/css\">\n\t\t\t\t\t\t#sb_instagram .sbi_follow_btn a:hover,\n\t\t#sb_instagram .sbi_follow_btn a:focus {\n\t\t\toutline: none;\n\t\t\tbox-shadow: inset 0 0 10px 20px#BA3B3B;\n\t\t}\n\n\t\t\t<\/style>\n\t      <\/div>\n    \n  <\/div>\n\n<\/div>\n\n\n\n\n<div class=\"py-4 md:py-24 \">\n  \n  <div class=\"container mx-auto\">\n    <div class=\"divider\"><\/div>\n\n    <div class=\"grid grid-cols-1 md:grid-cols-2\">\n              <div class=\"wysiwyg-output mr-4\">\n          <h2>Vom Harmonietheater zum Boutique Hotel<\/h2>\n<h2>Authentisch und einzigartig in Wien<\/h2>\n<p>Ein Boutique Hotel, das aus der Reihe tanzt: Im Mittelpunkt des 4-Sterne Hotels The Harmonie in Wien steht ein vision\u00e4res\u00a0<a href=\"https:\/\/www.harmonie-vienna.at\/das-hotel\/lookbook\/\">Kunstkonzept: Tanz und Malerei<\/a>\u00a0werden auf einzigartige Weise vereint. Inmitten eines <a href=\"https:\/\/www.harmonie-vienna.at\/aktiv\/geheimtipp-servitenviertel-in-wien\/\">K\u00fcnstlerviertels im 9. Bezirk<\/a>, unweit des Zentrums und der Wiener Innenstadt gelegen, besticht The Harmonie Vienna durch seine famili\u00e4re Atmosph\u00e4re und sein stimmungsvolles Interieur. F\u00fcr G\u00e4ste mit gehobenen Anspr\u00fcchen, f\u00fcr einen Wien-Urlaub voller Authentizit\u00e4t und Seele.<\/p>\n<h2>Ihr 4-Sterne-Hotel mit Wiener Charme<\/h2>\n<p>Unser Service ist ma\u00dfgeschneidert und individuell: Wir begegnen jedem Gast in unserem Boutique Hotel mit pers\u00f6nlichem Service und gehen gerne auf Ihre speziellen W\u00fcnsche ein. Unsere vielen Stammg\u00e4ste sind der beste Beweis daf\u00fcr, dass das 4-Sterne-Hotel The Harmonie Vienna Ihr Zuhause auf Zeit in Wien ist. Ein Zuhause zum Wohlf\u00fchlen.<\/p>\n<h2>Bewusst leben: Nachhaltiger St\u00e4dteurlaub<\/h2>\n<p>Auch im Urlaub k\u00f6nnen Sie Ihre <a href=\"https:\/\/www.harmonie-vienna.at\/das-hotel\/nachhaltigkeit\/\">nachhaltige Lebensphilosophie<\/a> verwirklichen. Biologische und regionale Produkte am Fr\u00fchst\u00fccksbuffet sind im Hotel The Harmonie Vienna eine Selbstverst\u00e4ndlichkeit. So tr\u00e4gt unser Hotel in Wien das \u00d6sterreichische Umweltzeichen und unser Bio-Sortiment ist von der Austria Bio Garantie gepr\u00fcft und zertifiziert.<\/p>\n<h2>Allergiefreie(r) Genuss &amp; \u00dcbernachtung in Wien<\/h2>\n<p>Nehmen Sie sich eine Auszeit von Ihren Allergien jeglicher Art und genie\u00dfen Sie Ihren Urlaub in Wien umso mehr. Ausgezeichnet mit dem ECARF-Qualit\u00e4tssiegel f\u00fcr <a href=\"https:\/\/www.harmonie-vienna.at\/das-hotel\/nachhaltigkeit\/\">zertifizierte Allergikerfreundlichkeit<\/a> verbringen Sie einen allergiefreien Urlaub im 4-Sterne-Hotel Harmonie Vienna.<\/p>\n        <\/div>\n                    <div class=\"wysiwyg-output ml-4\">\n          <h2>Boutique Hotel bis ins kleinste Detail<\/h2>\n<p>Vom Theaterhaus zum Boutique Hotel: Der Name unseres 4-Sterne Boutique Hotels geht auf das ehemalige Harmonietheater in der gleichnamigen Stra\u00dfe zur\u00fcck. So lag es nahe, dass Eigent\u00fcmerin Sonja Wimmer f\u00fcr Ihr Hotel ein k\u00fcnstlerisch-\u00e4sthetisches Konzept entwickelt hat. Was beim Hotelnamen beginnt, setzt sich bis ins kleinste Detail fort: ein harmonisches Konzept, das alle Ihre Sinne anspricht. Viele Design-Elemente des Boutique Hotels sind von Kunst und Tanz inspiriert. Als Besonderheit begegnet Ihnen das einzigartige Kunstprojekt \u201eSignapura\u201c des peruanischen K\u00fcnstlers Luis Casanova Sorolla, dessen Werke Tanzbewegungen von Solisten der Wiener Staatsoper malerisch darstellen.<\/p>\n<h2>Urlaub im Boutique Hotel in Wien<\/h2>\n<p>Schweben Sie im Hotel The Harmonie Vienna ins Gl\u00fcck und freuen Sie sich auf einen Aufenthalt der besonderen Art. F\u00fcr Ihren Kurzurlaub oder Ihre \u00dcbernachtung im Zentrum Wiens finden Sie im Boutique Hotel The Harmonie Vienna eine entspannte Atmosph\u00e4re, die keine W\u00fcnsche offenl\u00e4sst. Vom Polstermen\u00fc bis zum flexiblen\u00a0<a href=\"https:\/\/www.harmonie-vienna.at\/das-hotel\/kulinarik-im-hotel\/\">Fr\u00fchst\u00fcck mit Take Away-, Early Bird- und Langschl\u00e4fer-Option<\/a>\u00a0genie\u00dfen Sie einen Aufenthalt, der h\u00f6chstes Wohlbefinden garantiert.<\/p>\n<h2>Gesch\u00e4ftsreise nach Wien: Ihr Seminarhotel in Wien<\/h2>\n<p>Die zentrale Lage des Boutiquehotels ist ideal f\u00fcr Ihre Gesch\u00e4ftsreise nach Wien. Unweit von Ihrem\u00a0<a href=\"https:\/\/www.harmonie-vienna.at\/business\/seminare-und-meetings\/\">Seminarhotel The Harmonie Vienna<\/a>\u00a0befinden sich wichtige Veranstaltungsorte, die Sie schnell &amp; stressfrei mit den \u00f6ffentlichen Verkehrsmitteln erreichen k\u00f6nnen.<br \/>\nPlanen Sie selbst ein Seminar, Meeting oder eine Schulung? Dann bietet Ihnen das The Harmonie Vienna ruhig gelegene und helle Seminarr\u00e4ume f\u00fcr produktive Meetings.<\/p>\n<p><a href=\"https:\/\/www.secure-hotel-booking.com\/smart\/The-Harmonie-Vienna-Hotel\/JS2C\/de-DE\/?_gl=1*4ho5zs*_ga*NDY5NTEyNzE4LjE2OTAzNjA1NzI.*_ga_BJ8V2CS6PS*MTcxNTU4MTA3MS43Ny4xLjE3MTU1ODEzMjAuNTcuMC4w\">Buchen Sie jetzt<\/a>\u00a0Ihr Boutique Zimmer oder Ihre Suite im Zentrum von Wien!<\/p>\n        <\/div>\n          <\/div>\n\n    <div class=\"divider\"><\/div>\n  <\/div>\n\n<\/div>\n\n","protected":false},"excerpt":{"rendered":"","protected":false},"author":1,"featured_media":0,"parent":0,"menu_order":0,"comment_status":"closed","ping_status":"closed","template":"","meta":{"_acf_changed":false,"footnotes":""},"class_list":["post-3483","page","type-page","status-publish","hentry"],"acf":[],"yoast_head":"<!-- This site is optimized with the Yoast SEO plugin v27.5 - https:\/\/yoast.com\/product\/yoast-seo-wordpress\/ -->\n<title>Boutique Hotel in Vienna | The Harmonie Vienna<\/title>\n<meta name=\"description\" content=\"Boutique Hotel in Vienna - The Harmonie Vienna: \u2714rooms &amp; suites \u2714allergy hotel \u2714near the sights \u2714with seminar area \u27a4inquire now\" \/>\n<meta name=\"robots\" content=\"index, follow, max-snippet:-1, max-image-preview:large, max-video-preview:-1\" \/>\n<link rel=\"canonical\" href=\"https:\/\/www.harmonie-vienna.at\/en\/\" \/>\n<meta property=\"og:locale\" content=\"en_US\" \/>\n<meta property=\"og:type\" content=\"article\" \/>\n<meta property=\"og:title\" content=\"Boutique Hotel in Vienna | The Harmonie Vienna\" \/>\n<meta property=\"og:description\" content=\"Boutique Hotel in Vienna - The Harmonie Vienna: \u2714rooms &amp; suites \u2714allergy hotel \u2714near the sights \u2714with seminar area \u27a4inquire now\" \/>\n<meta property=\"og:url\" content=\"https:\/\/www.harmonie-vienna.at\/en\/\" \/>\n<meta property=\"og:site_name\" content=\"Hotel Harmonie\" \/>\n<meta property=\"article:modified_time\" content=\"2025-05-23T08:46:27+00:00\" \/>\n<meta property=\"og:image\" content=\"https:\/\/www.harmonie-vienna.at\/wp-content\/uploads\/2022\/02\/hotel-harmonie-servitenviertel.jpeg\" \/>\n<meta name=\"twitter:card\" content=\"summary_large_image\" \/>\n<meta name=\"twitter:image\" content=\"https:\/\/www.harmonie-vienna.at\/wp-content\/uploads\/2022\/02\/hotel-harmonie-servitenviertel.jpeg\" \/>\n<!-- \/ Yoast SEO plugin. -->","yoast_head_json":{"title":"Boutique Hotel in Vienna | The Harmonie Vienna","description":"Boutique Hotel in Vienna - The Harmonie Vienna: \u2714rooms & suites \u2714allergy hotel \u2714near the sights \u2714with seminar area \u27a4inquire now","robots":{"index":"index","follow":"follow","max-snippet":"max-snippet:-1","max-image-preview":"max-image-preview:large","max-video-preview":"max-video-preview:-1"},"canonical":"https:\/\/www.harmonie-vienna.at\/en\/","og_locale":"en_US","og_type":"article","og_title":"Boutique Hotel in Vienna | The Harmonie Vienna","og_description":"Boutique Hotel in Vienna - The Harmonie Vienna: \u2714rooms & suites \u2714allergy hotel \u2714near the sights \u2714with seminar area \u27a4inquire now","og_url":"https:\/\/www.harmonie-vienna.at\/en\/","og_site_name":"Hotel Harmonie","article_modified_time":"2025-05-23T08:46:27+00:00","og_image":[{"url":"https:\/\/www.harmonie-vienna.at\/wp-content\/uploads\/2022\/02\/hotel-harmonie-servitenviertel.jpeg","type":"","width":"","height":""}],"twitter_card":"summary_large_image","twitter_image":"https:\/\/www.harmonie-vienna.at\/wp-content\/uploads\/2022\/02\/hotel-harmonie-servitenviertel.jpeg","schema":{"@context":"https:\/\/schema.org","@graph":[{"@type":"WebPage","@id":"https:\/\/www.harmonie-vienna.at\/en\/","url":"https:\/\/www.harmonie-vienna.at\/en\/","name":"Boutique Hotel in Vienna | The Harmonie Vienna","isPartOf":{"@id":"https:\/\/www.harmonie-vienna.at\/en\/#website"},"datePublished":"2022-02-21T22:14:07+00:00","dateModified":"2025-05-23T08:46:27+00:00","description":"Boutique Hotel in Vienna - The Harmonie Vienna: \u2714rooms & suites \u2714allergy hotel \u2714near the sights \u2714with seminar area \u27a4inquire now","breadcrumb":{"@id":"https:\/\/www.harmonie-vienna.at\/en\/#breadcrumb"},"inLanguage":"en-US","potentialAction":[{"@type":"ReadAction","target":["https:\/\/www.harmonie-vienna.at\/en\/"]}]},{"@type":"BreadcrumbList","@id":"https:\/\/www.harmonie-vienna.at\/en\/#breadcrumb","itemListElement":[{"@type":"ListItem","position":1,"name":"Startseite","item":"https:\/\/www.harmonie-vienna.at\/en\/"},{"@type":"ListItem","position":2,"name":"Boutique Hotel in Vienna"}]},{"@type":"WebSite","@id":"https:\/\/www.harmonie-vienna.at\/en\/#website","url":"https:\/\/www.harmonie-vienna.at\/en\/","name":"Hotel Harmonie","description":"Boutique Hotel in Wien - The Harmonie Vienna","publisher":{"@id":"https:\/\/www.harmonie-vienna.at\/en\/#organization"},"potentialAction":[{"@type":"SearchAction","target":{"@type":"EntryPoint","urlTemplate":"https:\/\/www.harmonie-vienna.at\/en\/?s={search_term_string}"},"query-input":{"@type":"PropertyValueSpecification","valueRequired":true,"valueName":"search_term_string"}}],"inLanguage":"en-US"},{"@type":"Organization","@id":"https:\/\/www.harmonie-vienna.at\/en\/#organization","name":"Hotel Harmonie Vienna","url":"https:\/\/www.harmonie-vienna.at\/en\/","logo":{"@type":"ImageObject","inLanguage":"en-US","@id":"https:\/\/www.harmonie-vienna.at\/en\/#\/schema\/logo\/image\/","url":"https:\/\/www.harmonie-vienna.at\/wp-content\/uploads\/2022\/02\/cropped-cropped-hotel-harmonie-logo.png","contentUrl":"https:\/\/www.harmonie-vienna.at\/wp-content\/uploads\/2022\/02\/cropped-cropped-hotel-harmonie-logo.png","width":321,"height":90,"caption":"Hotel Harmonie Vienna"},"image":{"@id":"https:\/\/www.harmonie-vienna.at\/en\/#\/schema\/logo\/image\/"}}]}},"_links":{"self":[{"href":"https:\/\/www.harmonie-vienna.at\/en\/wp-json\/wp\/v2\/pages\/3483","targetHints":{"allow":["GET"]}}],"collection":[{"href":"https:\/\/www.harmonie-vienna.at\/en\/wp-json\/wp\/v2\/pages"}],"about":[{"href":"https:\/\/www.harmonie-vienna.at\/en\/wp-json\/wp\/v2\/types\/page"}],"author":[{"embeddable":true,"href":"https:\/\/www.harmonie-vienna.at\/en\/wp-json\/wp\/v2\/users\/1"}],"replies":[{"embeddable":true,"href":"https:\/\/www.harmonie-vienna.at\/en\/wp-json\/wp\/v2\/comments?post=3483"}],"version-history":[{"count":36,"href":"https:\/\/www.harmonie-vienna.at\/en\/wp-json\/wp\/v2\/pages\/3483\/revisions"}],"predecessor-version":[{"id":13799,"href":"https:\/\/www.harmonie-vienna.at\/en\/wp-json\/wp\/v2\/pages\/3483\/revisions\/13799"}],"wp:attachment":[{"href":"https:\/\/www.harmonie-vienna.at\/en\/wp-json\/wp\/v2\/media?parent=3483"}],"curies":[{"name":"wp","href":"https:\/\/api.w.org\/{rel}","templated":true}]}}