{"id":4165,"date":"2022-03-02T17:05:09","date_gmt":"2022-03-02T16:05:09","guid":{"rendered":"https:\/\/www.harmonie-vienna.at\/hotel-in-the-centre-of-vienna\/the-harmony-lookbook\/"},"modified":"2024-05-24T11:44:06","modified_gmt":"2024-05-24T09:44:06","slug":"the-harmonie-lookbook","status":"publish","type":"page","link":"https:\/\/www.harmonie-vienna.at\/en\/hotel-in-the-centre-of-vienna\/the-harmonie-lookbook\/","title":{"rendered":"Harmonie Lookbook"},"content":{"rendered":"\n\n<div class=\"page-intro  \">\n\n  <div class=\"page-intro--without-image\">\n\n      <div class=\"page-intro__content page-intro__content--align-center  \">\n  \n    <div class=\"frame\">\n              <span class=\"subline\">The Harmony Lookbook<\/span>\n      \n              <h1 class=\"headline\">Because a picture says more than a thousand words&#8230;<\/h1>\n      \n              <div class=\"wysiwyg-output\"><p>If you would like to get an overall impression of our hotel, you have come to the right place. Flick through our lookbook and immerse yourself in the world of The Harmonie Vienna. <\/p>\n<\/div>\n      \n          <\/div>\n  <\/div>\n<\/div>\n<div class=\"lookbook\">\n    \n  <div class=\"container mx-auto\">\n          \n              <ul class=\"lookbook__anchor\" aria-label=\"Lookbook Auswahl\">\n      \n                  <li class=\"lookbook__anchor__item\">\n            <a href=\"#impressions\" aria-label=\"impressions\" title=\"impressions\">\n              <div class=\"overflow-hidden block\">\n                <div \n                  role=\"img\"\n                  aria-label=\"Impressions\"\n                  class=\"preview-image\"\n                  style=\"background-image: url('https:\/\/www.harmonie-vienna.at\/wp-content\/uploads\/2022\/03\/Harmonie_021.webp');\"\n                >\n                <\/div>\n              <\/div>\n              <h2 class=\"subline\">\n                <span class=\"frame\">\n                  Impressions                <\/span>\n              <\/h2>\n            <\/a>\n          <\/li>\n                  <li class=\"lookbook__anchor__item\">\n            <a href=\"#fine-dining\" aria-label=\"fine-dining\" title=\"fine-dining\">\n              <div class=\"overflow-hidden block\">\n                <div \n                  role=\"img\"\n                  aria-label=\"Fine dining\"\n                  class=\"preview-image\"\n                  style=\"background-image: url('https:\/\/www.harmonie-vienna.at\/wp-content\/uploads\/2022\/03\/Kulinarik.webp');\"\n                >\n                <\/div>\n              <\/div>\n              <h2 class=\"subline\">\n                <span class=\"frame\">\n                  Fine dining                <\/span>\n              <\/h2>\n            <\/a>\n          <\/li>\n                  <li class=\"lookbook__anchor__item\">\n            <a href=\"#interior\" aria-label=\"interior\" title=\"interior\">\n              <div class=\"overflow-hidden block\">\n                <div \n                  role=\"img\"\n                  aria-label=\"Interior\"\n                  class=\"preview-image\"\n                  style=\"background-image: url('https:\/\/www.harmonie-vienna.at\/wp-content\/uploads\/2022\/03\/Bibliothek_Harmonie_Vienna_01.webp');\"\n                >\n                <\/div>\n              <\/div>\n              <h2 class=\"subline\">\n                <span class=\"frame\">\n                  Interior                <\/span>\n              <\/h2>\n            <\/a>\n          <\/li>\n              <\/ul>\n\n      <\/div>\n\n  \n  \n    <div class=\"container mx-auto\">\n      \n      \n        <div class=\"lookbook__gallery\" id=\"impressions\">\n          <div class=\"lookbook__gallery__intro\">\n                          <span class=\"subline\">It&#8217;s the little things that count<\/span>\n            \n                          <h2 class=\"headline\">Impressions<\/h2>\n            \n                          <p>Attention to detail and the satisfaction of our guests are special concerns for us. Here are some impressions to get you in the mood.<\/p>\n                      <\/div>\n\n          <ul class=\"lookbook__gallery__loop\" aria-label=\"Lookbook Gallerie\">\n                          <li>\n                <a href=\"https:\/\/www.harmonie-vienna.at\/wp-content\/uploads\/2022\/03\/Harmonie_021.webp\">\n                  <img decoding=\"async\" width=\"400\" height=\"267\" src=\"https:\/\/www.harmonie-vienna.at\/wp-content\/uploads\/2022\/03\/Harmonie_021-400x267.webp\" class=\"attachment-custom-post-image size-custom-post-image\" alt=\"Ein Mann im Anzug steht in der Lounge des Hotels und trinkt einen Espresso \" srcset=\"https:\/\/www.harmonie-vienna.at\/wp-content\/uploads\/2022\/03\/Harmonie_021-400x267.webp 400w, https:\/\/www.harmonie-vienna.at\/wp-content\/uploads\/2022\/03\/Harmonie_021-300x200.webp 300w, https:\/\/www.harmonie-vienna.at\/wp-content\/uploads\/2022\/03\/Harmonie_021-1024x683.webp 1024w, https:\/\/www.harmonie-vienna.at\/wp-content\/uploads\/2022\/03\/Harmonie_021-768x512.webp 768w, https:\/\/www.harmonie-vienna.at\/wp-content\/uploads\/2022\/03\/Harmonie_021-1536x1024.webp 1536w, https:\/\/www.harmonie-vienna.at\/wp-content\/uploads\/2022\/03\/Harmonie_021.webp 1800w\" sizes=\"(max-width: 400px) 100vw, 400px\" \/>                  <span class=\"sr-only\">Bild Ein Mann im Anzug steht in der Lounge des Hotels und trinkt einen Espresso  in Lightbox \u00f6ffnen<\/span>\n                <\/a>\n              <\/li>\n                          <li>\n                <a href=\"https:\/\/www.harmonie-vienna.at\/wp-content\/uploads\/2022\/03\/Harmonie_062.webp\">\n                  <img decoding=\"async\" width=\"400\" height=\"267\" src=\"https:\/\/www.harmonie-vienna.at\/wp-content\/uploads\/2022\/03\/Harmonie_062-400x267.webp\" class=\"attachment-custom-post-image size-custom-post-image\" alt=\"Ein Hotelgast im Bademantel steht mit einer Kaffeetasse am Fenster des Hotelzimmers \" srcset=\"https:\/\/www.harmonie-vienna.at\/wp-content\/uploads\/2022\/03\/Harmonie_062-400x267.webp 400w, https:\/\/www.harmonie-vienna.at\/wp-content\/uploads\/2022\/03\/Harmonie_062-300x200.webp 300w, https:\/\/www.harmonie-vienna.at\/wp-content\/uploads\/2022\/03\/Harmonie_062-1024x683.webp 1024w, https:\/\/www.harmonie-vienna.at\/wp-content\/uploads\/2022\/03\/Harmonie_062-768x512.webp 768w, https:\/\/www.harmonie-vienna.at\/wp-content\/uploads\/2022\/03\/Harmonie_062-1536x1024.webp 1536w, https:\/\/www.harmonie-vienna.at\/wp-content\/uploads\/2022\/03\/Harmonie_062.webp 1800w\" sizes=\"(max-width: 400px) 100vw, 400px\" \/>                  <span class=\"sr-only\">Bild Ein Hotelgast im Bademantel steht mit einer Kaffeetasse am Fenster des Hotelzimmers  in Lightbox \u00f6ffnen<\/span>\n                <\/a>\n              <\/li>\n                          <li>\n                <a href=\"https:\/\/www.harmonie-vienna.at\/wp-content\/uploads\/2022\/03\/Harmonie_069.webp\">\n                  <img decoding=\"async\" width=\"400\" height=\"267\" src=\"https:\/\/www.harmonie-vienna.at\/wp-content\/uploads\/2022\/03\/Harmonie_069-400x267.webp\" class=\"attachment-custom-post-image size-custom-post-image\" alt=\"Ein Mann sitzt auf einem Sofa im Hotel Harmonie und liest eine Zeitung \" srcset=\"https:\/\/www.harmonie-vienna.at\/wp-content\/uploads\/2022\/03\/Harmonie_069-400x267.webp 400w, https:\/\/www.harmonie-vienna.at\/wp-content\/uploads\/2022\/03\/Harmonie_069-300x200.webp 300w, https:\/\/www.harmonie-vienna.at\/wp-content\/uploads\/2022\/03\/Harmonie_069-1024x683.webp 1024w, https:\/\/www.harmonie-vienna.at\/wp-content\/uploads\/2022\/03\/Harmonie_069-768x512.webp 768w, https:\/\/www.harmonie-vienna.at\/wp-content\/uploads\/2022\/03\/Harmonie_069-1536x1024.webp 1536w, https:\/\/www.harmonie-vienna.at\/wp-content\/uploads\/2022\/03\/Harmonie_069.webp 1800w\" sizes=\"(max-width: 400px) 100vw, 400px\" \/>                  <span class=\"sr-only\">Bild Ein Mann sitzt auf einem Sofa im Hotel Harmonie und liest eine Zeitung  in Lightbox \u00f6ffnen<\/span>\n                <\/a>\n              <\/li>\n                          <li>\n                <a href=\"https:\/\/www.harmonie-vienna.at\/wp-content\/uploads\/2022\/03\/Harmonie_097.webp\">\n                  <img decoding=\"async\" width=\"400\" height=\"267\" src=\"https:\/\/www.harmonie-vienna.at\/wp-content\/uploads\/2022\/03\/Harmonie_097-400x267.webp\" class=\"attachment-custom-post-image size-custom-post-image\" alt=\"Eine Mutter und ihre Tochter liegen auf einem Doppelbett und lesen eine Zeitschrift \" srcset=\"https:\/\/www.harmonie-vienna.at\/wp-content\/uploads\/2022\/03\/Harmonie_097-400x267.webp 400w, https:\/\/www.harmonie-vienna.at\/wp-content\/uploads\/2022\/03\/Harmonie_097-300x200.webp 300w, https:\/\/www.harmonie-vienna.at\/wp-content\/uploads\/2022\/03\/Harmonie_097-1024x683.webp 1024w, https:\/\/www.harmonie-vienna.at\/wp-content\/uploads\/2022\/03\/Harmonie_097-768x512.webp 768w, https:\/\/www.harmonie-vienna.at\/wp-content\/uploads\/2022\/03\/Harmonie_097-1536x1024.webp 1536w, https:\/\/www.harmonie-vienna.at\/wp-content\/uploads\/2022\/03\/Harmonie_097.webp 1800w\" sizes=\"(max-width: 400px) 100vw, 400px\" \/>                  <span class=\"sr-only\">Bild Eine Mutter und ihre Tochter liegen auf einem Doppelbett und lesen eine Zeitschrift  in Lightbox \u00f6ffnen<\/span>\n                <\/a>\n              <\/li>\n                          <li>\n                <a href=\"https:\/\/www.harmonie-vienna.at\/wp-content\/uploads\/2022\/03\/Harmonie_059.webp\">\n                  <img decoding=\"async\" width=\"400\" height=\"267\" src=\"https:\/\/www.harmonie-vienna.at\/wp-content\/uploads\/2022\/03\/Harmonie_059-400x267.webp\" class=\"attachment-custom-post-image size-custom-post-image\" alt=\"Auf einem Bett im The Harmonie Vienna wird das Fr\u00fchst\u00fcckstabelett serviert \" srcset=\"https:\/\/www.harmonie-vienna.at\/wp-content\/uploads\/2022\/03\/Harmonie_059-400x267.webp 400w, https:\/\/www.harmonie-vienna.at\/wp-content\/uploads\/2022\/03\/Harmonie_059-300x200.webp 300w, https:\/\/www.harmonie-vienna.at\/wp-content\/uploads\/2022\/03\/Harmonie_059-1024x683.webp 1024w, https:\/\/www.harmonie-vienna.at\/wp-content\/uploads\/2022\/03\/Harmonie_059-768x512.webp 768w, https:\/\/www.harmonie-vienna.at\/wp-content\/uploads\/2022\/03\/Harmonie_059-1536x1024.webp 1536w, https:\/\/www.harmonie-vienna.at\/wp-content\/uploads\/2022\/03\/Harmonie_059.webp 1800w\" sizes=\"(max-width: 400px) 100vw, 400px\" \/>                  <span class=\"sr-only\">Bild Auf einem Bett im The Harmonie Vienna wird das Fr\u00fchst\u00fcckstabelett serviert  in Lightbox \u00f6ffnen<\/span>\n                <\/a>\n              <\/li>\n                          <li>\n                <a href=\"https:\/\/www.harmonie-vienna.at\/wp-content\/uploads\/2022\/03\/Harmonie_083.webp\">\n                  <img decoding=\"async\" width=\"400\" height=\"192\" src=\"https:\/\/www.harmonie-vienna.at\/wp-content\/uploads\/2022\/03\/Harmonie_083-400x192.webp\" class=\"attachment-custom-post-image size-custom-post-image\" alt=\"Eine Dame steht mit einem Kaffee in der Hand am Fenster ihres Hotelzimmers \" srcset=\"https:\/\/www.harmonie-vienna.at\/wp-content\/uploads\/2022\/03\/Harmonie_083-400x192.webp 400w, https:\/\/www.harmonie-vienna.at\/wp-content\/uploads\/2022\/03\/Harmonie_083-300x144.webp 300w, https:\/\/www.harmonie-vienna.at\/wp-content\/uploads\/2022\/03\/Harmonie_083-1024x492.webp 1024w, https:\/\/www.harmonie-vienna.at\/wp-content\/uploads\/2022\/03\/Harmonie_083-768x369.webp 768w, https:\/\/www.harmonie-vienna.at\/wp-content\/uploads\/2022\/03\/Harmonie_083-1536x738.webp 1536w, https:\/\/www.harmonie-vienna.at\/wp-content\/uploads\/2022\/03\/Harmonie_083.webp 1800w\" sizes=\"(max-width: 400px) 100vw, 400px\" \/>                  <span class=\"sr-only\">Bild Eine Dame steht mit einem Kaffee in der Hand am Fenster ihres Hotelzimmers  in Lightbox \u00f6ffnen<\/span>\n                <\/a>\n              <\/li>\n                          <li>\n                <a href=\"https:\/\/www.harmonie-vienna.at\/wp-content\/uploads\/2022\/03\/Harmonie_006.webp\">\n                  <img decoding=\"async\" width=\"400\" height=\"267\" src=\"https:\/\/www.harmonie-vienna.at\/wp-content\/uploads\/2022\/03\/Harmonie_006-400x267.webp\" class=\"attachment-custom-post-image size-custom-post-image\" alt=\"im Eingangsbereich des Hotels in Wiens Zentrum steht ein Ehepaar vor der Rezeption \" srcset=\"https:\/\/www.harmonie-vienna.at\/wp-content\/uploads\/2022\/03\/Harmonie_006-400x267.webp 400w, https:\/\/www.harmonie-vienna.at\/wp-content\/uploads\/2022\/03\/Harmonie_006-300x200.webp 300w, https:\/\/www.harmonie-vienna.at\/wp-content\/uploads\/2022\/03\/Harmonie_006-1024x683.webp 1024w, https:\/\/www.harmonie-vienna.at\/wp-content\/uploads\/2022\/03\/Harmonie_006-768x512.webp 768w, https:\/\/www.harmonie-vienna.at\/wp-content\/uploads\/2022\/03\/Harmonie_006-1536x1024.webp 1536w, https:\/\/www.harmonie-vienna.at\/wp-content\/uploads\/2022\/03\/Harmonie_006.webp 1800w\" sizes=\"(max-width: 400px) 100vw, 400px\" \/>                  <span class=\"sr-only\">Bild im Eingangsbereich des Hotels in Wiens Zentrum steht ein Ehepaar vor der Rezeption  in Lightbox \u00f6ffnen<\/span>\n                <\/a>\n              <\/li>\n                          <li>\n                <a href=\"https:\/\/www.harmonie-vienna.at\/wp-content\/uploads\/2022\/03\/Harmonie_105-2.webp\">\n                  <img decoding=\"async\" width=\"400\" height=\"267\" src=\"https:\/\/www.harmonie-vienna.at\/wp-content\/uploads\/2022\/03\/Harmonie_105-2-400x267.webp\" class=\"attachment-custom-post-image size-custom-post-image\" alt=\"Blick auf die mit Efeu bewachsene Au\u00dfenfassade des Hotel Harmonie Vienna\" srcset=\"https:\/\/www.harmonie-vienna.at\/wp-content\/uploads\/2022\/03\/Harmonie_105-2-400x267.webp 400w, https:\/\/www.harmonie-vienna.at\/wp-content\/uploads\/2022\/03\/Harmonie_105-2-300x200.webp 300w, https:\/\/www.harmonie-vienna.at\/wp-content\/uploads\/2022\/03\/Harmonie_105-2-1024x683.webp 1024w, https:\/\/www.harmonie-vienna.at\/wp-content\/uploads\/2022\/03\/Harmonie_105-2-768x512.webp 768w, https:\/\/www.harmonie-vienna.at\/wp-content\/uploads\/2022\/03\/Harmonie_105-2-1536x1024.webp 1536w, https:\/\/www.harmonie-vienna.at\/wp-content\/uploads\/2022\/03\/Harmonie_105-2.webp 1800w\" sizes=\"(max-width: 400px) 100vw, 400px\" \/>                  <span class=\"sr-only\">Bild Blick auf die mit Efeu bewachsene Au\u00dfenfassade des Hotel Harmonie Vienna in Lightbox \u00f6ffnen<\/span>\n                <\/a>\n              <\/li>\n                      <\/ul>\n        <\/div>\n\n      \n        <div class=\"lookbook__gallery\" id=\"fine-dining\">\n          <div class=\"lookbook__gallery__intro\">\n                          <span class=\"subline\">Delicious &amp; healthy<\/span>\n            \n                          <h2 class=\"headline\">Fine dining<\/h2>\n            \n                          <p>We pay attention to the highest quality in our breakfast. We prefer to serve organic and regional products. We are also distinguished for this.<\/p>\n                      <\/div>\n\n          <ul class=\"lookbook__gallery__loop\" aria-label=\"Lookbook Gallerie\">\n                          <li>\n                <a href=\"https:\/\/www.harmonie-vienna.at\/wp-content\/uploads\/2022\/03\/Kulinarik.webp\">\n                  <img decoding=\"async\" width=\"400\" height=\"267\" src=\"https:\/\/www.harmonie-vienna.at\/wp-content\/uploads\/2022\/03\/Kulinarik-400x267.webp\" class=\"attachment-custom-post-image size-custom-post-image\" alt=\"Auf einem Teller steht ein Weck Glas mit Jogurt und zwei Aprikosen \" srcset=\"https:\/\/www.harmonie-vienna.at\/wp-content\/uploads\/2022\/03\/Kulinarik-400x267.webp 400w, https:\/\/www.harmonie-vienna.at\/wp-content\/uploads\/2022\/03\/Kulinarik-300x200.webp 300w, https:\/\/www.harmonie-vienna.at\/wp-content\/uploads\/2022\/03\/Kulinarik-1024x683.webp 1024w, https:\/\/www.harmonie-vienna.at\/wp-content\/uploads\/2022\/03\/Kulinarik-768x512.webp 768w, https:\/\/www.harmonie-vienna.at\/wp-content\/uploads\/2022\/03\/Kulinarik.webp 1382w\" sizes=\"(max-width: 400px) 100vw, 400px\" \/>                  <span class=\"sr-only\">Bild Auf einem Teller steht ein Weck Glas mit Jogurt und zwei Aprikosen  in Lightbox \u00f6ffnen<\/span>\n                <\/a>\n              <\/li>\n                          <li>\n                <a href=\"https:\/\/www.harmonie-vienna.at\/wp-content\/uploads\/2022\/03\/Harmonie_041.webp\">\n                  <img decoding=\"async\" width=\"400\" height=\"267\" src=\"https:\/\/www.harmonie-vienna.at\/wp-content\/uploads\/2022\/03\/Harmonie_041-400x267.webp\" class=\"attachment-custom-post-image size-custom-post-image\" alt=\"Paar beim Fr\u00fchst\u00fcck im Hotel im Zentrum Wien\n\" srcset=\"https:\/\/www.harmonie-vienna.at\/wp-content\/uploads\/2022\/03\/Harmonie_041-400x267.webp 400w, https:\/\/www.harmonie-vienna.at\/wp-content\/uploads\/2022\/03\/Harmonie_041-300x200.webp 300w, https:\/\/www.harmonie-vienna.at\/wp-content\/uploads\/2022\/03\/Harmonie_041-1024x683.webp 1024w, https:\/\/www.harmonie-vienna.at\/wp-content\/uploads\/2022\/03\/Harmonie_041-768x512.webp 768w, https:\/\/www.harmonie-vienna.at\/wp-content\/uploads\/2022\/03\/Harmonie_041-1536x1024.webp 1536w, https:\/\/www.harmonie-vienna.at\/wp-content\/uploads\/2022\/03\/Harmonie_041.webp 1800w\" sizes=\"(max-width: 400px) 100vw, 400px\" \/>                  <span class=\"sr-only\">Bild Paar beim Fr\u00fchst\u00fcck im Hotel im Zentrum Wien\n in Lightbox \u00f6ffnen<\/span>\n                <\/a>\n              <\/li>\n                          <li>\n                <a href=\"https:\/\/www.harmonie-vienna.at\/wp-content\/uploads\/2022\/03\/Amerikanisches_Fruehstueck.webp\">\n                  <img decoding=\"async\" width=\"400\" height=\"208\" src=\"https:\/\/www.harmonie-vienna.at\/wp-content\/uploads\/2022\/03\/Amerikanisches_Fruehstueck-400x208.webp\" class=\"attachment-custom-post-image size-custom-post-image\" alt=\"Im Restaurant des Hotels ist ein Tisch mit Amerikanischem Fr\u00fchst\u00fcck angerichtet \" srcset=\"https:\/\/www.harmonie-vienna.at\/wp-content\/uploads\/2022\/03\/Amerikanisches_Fruehstueck-400x208.webp 400w, https:\/\/www.harmonie-vienna.at\/wp-content\/uploads\/2022\/03\/Amerikanisches_Fruehstueck-300x156.webp 300w, https:\/\/www.harmonie-vienna.at\/wp-content\/uploads\/2022\/03\/Amerikanisches_Fruehstueck-1024x531.webp 1024w, https:\/\/www.harmonie-vienna.at\/wp-content\/uploads\/2022\/03\/Amerikanisches_Fruehstueck-768x398.webp 768w, https:\/\/www.harmonie-vienna.at\/wp-content\/uploads\/2022\/03\/Amerikanisches_Fruehstueck.webp 1440w\" sizes=\"(max-width: 400px) 100vw, 400px\" \/>                  <span class=\"sr-only\">Bild Im Restaurant des Hotels ist ein Tisch mit Amerikanischem Fr\u00fchst\u00fcck angerichtet  in Lightbox \u00f6ffnen<\/span>\n                <\/a>\n              <\/li>\n                          <li>\n                <a href=\"https:\/\/www.harmonie-vienna.at\/wp-content\/uploads\/2022\/03\/Harmonie_Vienna_Fruehstueck.webp\">\n                  <img decoding=\"async\" width=\"400\" height=\"208\" src=\"https:\/\/www.harmonie-vienna.at\/wp-content\/uploads\/2022\/03\/Harmonie_Vienna_Fruehstueck-400x208.webp\" class=\"attachment-custom-post-image size-custom-post-image\" alt=\"Das Fr\u00fchst\u00fccksbuffet im Hotel Harmonie mit K\u00e4se, Obst, Jogurt und Br\u00f6tchen\" srcset=\"https:\/\/www.harmonie-vienna.at\/wp-content\/uploads\/2022\/03\/Harmonie_Vienna_Fruehstueck-400x208.webp 400w, https:\/\/www.harmonie-vienna.at\/wp-content\/uploads\/2022\/03\/Harmonie_Vienna_Fruehstueck-300x156.webp 300w, https:\/\/www.harmonie-vienna.at\/wp-content\/uploads\/2022\/03\/Harmonie_Vienna_Fruehstueck-1024x531.webp 1024w, https:\/\/www.harmonie-vienna.at\/wp-content\/uploads\/2022\/03\/Harmonie_Vienna_Fruehstueck-768x399.webp 768w, https:\/\/www.harmonie-vienna.at\/wp-content\/uploads\/2022\/03\/Harmonie_Vienna_Fruehstueck-1536x797.webp 1536w, https:\/\/www.harmonie-vienna.at\/wp-content\/uploads\/2022\/03\/Harmonie_Vienna_Fruehstueck.webp 1800w\" sizes=\"(max-width: 400px) 100vw, 400px\" \/>                  <span class=\"sr-only\">Bild Das Fr\u00fchst\u00fccksbuffet im Hotel Harmonie mit K\u00e4se, Obst, Jogurt und Br\u00f6tchen in Lightbox \u00f6ffnen<\/span>\n                <\/a>\n              <\/li>\n                          <li>\n                <a href=\"https:\/\/www.harmonie-vienna.at\/wp-content\/uploads\/2022\/03\/Harmonie_Nov13_26.webp\">\n                  <img decoding=\"async\" width=\"400\" height=\"267\" src=\"https:\/\/www.harmonie-vienna.at\/wp-content\/uploads\/2022\/03\/Harmonie_Nov13_26-400x267.webp\" class=\"attachment-custom-post-image size-custom-post-image\" alt=\"Ein M\u00e4dchen in rotem Kleid sucht sich am Hotelbuffet etwas zu Essen aus \" srcset=\"https:\/\/www.harmonie-vienna.at\/wp-content\/uploads\/2022\/03\/Harmonie_Nov13_26-400x267.webp 400w, https:\/\/www.harmonie-vienna.at\/wp-content\/uploads\/2022\/03\/Harmonie_Nov13_26-300x200.webp 300w, https:\/\/www.harmonie-vienna.at\/wp-content\/uploads\/2022\/03\/Harmonie_Nov13_26-1024x683.webp 1024w, https:\/\/www.harmonie-vienna.at\/wp-content\/uploads\/2022\/03\/Harmonie_Nov13_26-768x512.webp 768w, https:\/\/www.harmonie-vienna.at\/wp-content\/uploads\/2022\/03\/Harmonie_Nov13_26-1536x1024.webp 1536w, https:\/\/www.harmonie-vienna.at\/wp-content\/uploads\/2022\/03\/Harmonie_Nov13_26.webp 1800w\" sizes=\"(max-width: 400px) 100vw, 400px\" \/>                  <span class=\"sr-only\">Bild Ein M\u00e4dchen in rotem Kleid sucht sich am Hotelbuffet etwas zu Essen aus  in Lightbox \u00f6ffnen<\/span>\n                <\/a>\n              <\/li>\n                          <li>\n                <a href=\"https:\/\/www.harmonie-vienna.at\/wp-content\/uploads\/2022\/03\/Harmonie_049.webp\">\n                  <img decoding=\"async\" width=\"400\" height=\"267\" src=\"https:\/\/www.harmonie-vienna.at\/wp-content\/uploads\/2022\/03\/Harmonie_049-400x267.webp\" class=\"attachment-custom-post-image size-custom-post-image\" alt=\"Im Restaurant des Hotels ist ein Tisch mit Kuchen, Sekt und Kaffee angerichtet \" srcset=\"https:\/\/www.harmonie-vienna.at\/wp-content\/uploads\/2022\/03\/Harmonie_049-400x267.webp 400w, https:\/\/www.harmonie-vienna.at\/wp-content\/uploads\/2022\/03\/Harmonie_049-300x200.webp 300w, https:\/\/www.harmonie-vienna.at\/wp-content\/uploads\/2022\/03\/Harmonie_049-1024x683.webp 1024w, https:\/\/www.harmonie-vienna.at\/wp-content\/uploads\/2022\/03\/Harmonie_049-768x512.webp 768w, https:\/\/www.harmonie-vienna.at\/wp-content\/uploads\/2022\/03\/Harmonie_049-1536x1024.webp 1536w, https:\/\/www.harmonie-vienna.at\/wp-content\/uploads\/2022\/03\/Harmonie_049.webp 1800w\" sizes=\"(max-width: 400px) 100vw, 400px\" \/>                  <span class=\"sr-only\">Bild Im Restaurant des Hotels ist ein Tisch mit Kuchen, Sekt und Kaffee angerichtet  in Lightbox \u00f6ffnen<\/span>\n                <\/a>\n              <\/li>\n                          <li>\n                <a href=\"https:\/\/www.harmonie-vienna.at\/wp-content\/uploads\/2022\/03\/Puszta_Fruehstueck.webp\">\n                  <img decoding=\"async\" width=\"400\" height=\"208\" src=\"https:\/\/www.harmonie-vienna.at\/wp-content\/uploads\/2022\/03\/Puszta_Fruehstueck-400x208.webp\" class=\"attachment-custom-post-image size-custom-post-image\" alt=\"Liebevoll angerichteter Teller mit R\u00fchrei, Wurst und Tomaten im Hotel Harmonie \" srcset=\"https:\/\/www.harmonie-vienna.at\/wp-content\/uploads\/2022\/03\/Puszta_Fruehstueck-400x208.webp 400w, https:\/\/www.harmonie-vienna.at\/wp-content\/uploads\/2022\/03\/Puszta_Fruehstueck-300x156.webp 300w, https:\/\/www.harmonie-vienna.at\/wp-content\/uploads\/2022\/03\/Puszta_Fruehstueck-1024x531.webp 1024w, https:\/\/www.harmonie-vienna.at\/wp-content\/uploads\/2022\/03\/Puszta_Fruehstueck-768x398.webp 768w, https:\/\/www.harmonie-vienna.at\/wp-content\/uploads\/2022\/03\/Puszta_Fruehstueck.webp 1440w\" sizes=\"(max-width: 400px) 100vw, 400px\" \/>                  <span class=\"sr-only\">Bild Liebevoll angerichteter Teller mit R\u00fchrei, Wurst und Tomaten im Hotel Harmonie  in Lightbox \u00f6ffnen<\/span>\n                <\/a>\n              <\/li>\n                          <li>\n                <a href=\"https:\/\/www.harmonie-vienna.at\/wp-content\/uploads\/2022\/03\/Harmonie_054.webp\">\n                  <img decoding=\"async\" width=\"400\" height=\"267\" src=\"https:\/\/www.harmonie-vienna.at\/wp-content\/uploads\/2022\/03\/Harmonie_054-400x267.webp\" class=\"attachment-custom-post-image size-custom-post-image\" alt=\"Blick auf ein Tablett mit japanischem Fr\u00fchst\u00fcck mit Suppe, Lachs, Ei, und Reis \" srcset=\"https:\/\/www.harmonie-vienna.at\/wp-content\/uploads\/2022\/03\/Harmonie_054-400x267.webp 400w, https:\/\/www.harmonie-vienna.at\/wp-content\/uploads\/2022\/03\/Harmonie_054-300x200.webp 300w, https:\/\/www.harmonie-vienna.at\/wp-content\/uploads\/2022\/03\/Harmonie_054-1024x683.webp 1024w, https:\/\/www.harmonie-vienna.at\/wp-content\/uploads\/2022\/03\/Harmonie_054-768x512.webp 768w, https:\/\/www.harmonie-vienna.at\/wp-content\/uploads\/2022\/03\/Harmonie_054-1536x1024.webp 1536w, https:\/\/www.harmonie-vienna.at\/wp-content\/uploads\/2022\/03\/Harmonie_054.webp 1800w\" sizes=\"(max-width: 400px) 100vw, 400px\" \/>                  <span class=\"sr-only\">Bild Blick auf ein Tablett mit japanischem Fr\u00fchst\u00fcck mit Suppe, Lachs, Ei, und Reis  in Lightbox \u00f6ffnen<\/span>\n                <\/a>\n              <\/li>\n                          <li>\n                <a href=\"https:\/\/www.harmonie-vienna.at\/wp-content\/uploads\/2022\/03\/Harmonie_047.webp\">\n                  <img decoding=\"async\" width=\"400\" height=\"267\" src=\"https:\/\/www.harmonie-vienna.at\/wp-content\/uploads\/2022\/03\/Harmonie_047-400x267.webp\" class=\"attachment-custom-post-image size-custom-post-image\" alt=\"Teller mit Muffins und Obst, dazu ein Kaffee und ein Glas Sekt im Hotelrestaurant \" srcset=\"https:\/\/www.harmonie-vienna.at\/wp-content\/uploads\/2022\/03\/Harmonie_047-400x267.webp 400w, https:\/\/www.harmonie-vienna.at\/wp-content\/uploads\/2022\/03\/Harmonie_047-300x200.webp 300w, https:\/\/www.harmonie-vienna.at\/wp-content\/uploads\/2022\/03\/Harmonie_047-1024x683.webp 1024w, https:\/\/www.harmonie-vienna.at\/wp-content\/uploads\/2022\/03\/Harmonie_047-768x512.webp 768w, https:\/\/www.harmonie-vienna.at\/wp-content\/uploads\/2022\/03\/Harmonie_047-1536x1024.webp 1536w, https:\/\/www.harmonie-vienna.at\/wp-content\/uploads\/2022\/03\/Harmonie_047.webp 1800w\" sizes=\"(max-width: 400px) 100vw, 400px\" \/>                  <span class=\"sr-only\">Bild Teller mit Muffins und Obst, dazu ein Kaffee und ein Glas Sekt im Hotelrestaurant  in Lightbox \u00f6ffnen<\/span>\n                <\/a>\n              <\/li>\n                          <li>\n                <a href=\"https:\/\/www.harmonie-vienna.at\/wp-content\/uploads\/2022\/03\/Steirisches_fruehstueck.webp\">\n                  <img decoding=\"async\" width=\"400\" height=\"208\" src=\"https:\/\/www.harmonie-vienna.at\/wp-content\/uploads\/2022\/03\/Steirisches_fruehstueck-400x208.webp\" class=\"attachment-custom-post-image size-custom-post-image\" alt=\"Steirisches Fr\u00fchst\u00fcck mit R\u00fchrei und Gem\u00fcse, dazu Br\u00f6tchen und Kaffee\" srcset=\"https:\/\/www.harmonie-vienna.at\/wp-content\/uploads\/2022\/03\/Steirisches_fruehstueck-400x208.webp 400w, https:\/\/www.harmonie-vienna.at\/wp-content\/uploads\/2022\/03\/Steirisches_fruehstueck-300x156.webp 300w, https:\/\/www.harmonie-vienna.at\/wp-content\/uploads\/2022\/03\/Steirisches_fruehstueck-1024x531.webp 1024w, https:\/\/www.harmonie-vienna.at\/wp-content\/uploads\/2022\/03\/Steirisches_fruehstueck-768x398.webp 768w, https:\/\/www.harmonie-vienna.at\/wp-content\/uploads\/2022\/03\/Steirisches_fruehstueck.webp 1440w\" sizes=\"(max-width: 400px) 100vw, 400px\" \/>                  <span class=\"sr-only\">Bild Steirisches Fr\u00fchst\u00fcck mit R\u00fchrei und Gem\u00fcse, dazu Br\u00f6tchen und Kaffee in Lightbox \u00f6ffnen<\/span>\n                <\/a>\n              <\/li>\n                          <li>\n                <a href=\"https:\/\/www.harmonie-vienna.at\/wp-content\/uploads\/2022\/03\/Janapisches_Fruestueck.webp\">\n                  <img decoding=\"async\" width=\"400\" height=\"208\" src=\"https:\/\/www.harmonie-vienna.at\/wp-content\/uploads\/2022\/03\/Janapisches_Fruestueck-400x208.webp\" class=\"attachment-custom-post-image size-custom-post-image\" alt=\"Ein Japanisches Fr\u00fchst\u00fcck mit Suppe, Lachs, Reis und Ei auf einem Tablett angerichtet \" srcset=\"https:\/\/www.harmonie-vienna.at\/wp-content\/uploads\/2022\/03\/Janapisches_Fruestueck-400x208.webp 400w, https:\/\/www.harmonie-vienna.at\/wp-content\/uploads\/2022\/03\/Janapisches_Fruestueck-300x156.webp 300w, https:\/\/www.harmonie-vienna.at\/wp-content\/uploads\/2022\/03\/Janapisches_Fruestueck-1024x531.webp 1024w, https:\/\/www.harmonie-vienna.at\/wp-content\/uploads\/2022\/03\/Janapisches_Fruestueck-768x398.webp 768w, https:\/\/www.harmonie-vienna.at\/wp-content\/uploads\/2022\/03\/Janapisches_Fruestueck.webp 1440w\" sizes=\"(max-width: 400px) 100vw, 400px\" \/>                  <span class=\"sr-only\">Bild Ein Japanisches Fr\u00fchst\u00fcck mit Suppe, Lachs, Reis und Ei auf einem Tablett angerichtet  in Lightbox \u00f6ffnen<\/span>\n                <\/a>\n              <\/li>\n                          <li>\n                <a href=\"https:\/\/www.harmonie-vienna.at\/wp-content\/uploads\/2022\/03\/Harmonie_Vienna_Fruehstueck_02.webp\">\n                  <img decoding=\"async\" width=\"400\" height=\"208\" src=\"https:\/\/www.harmonie-vienna.at\/wp-content\/uploads\/2022\/03\/Harmonie_Vienna_Fruehstueck_02-400x208.webp\" class=\"attachment-custom-post-image size-custom-post-image\" alt=\"Obstsalat, Jogurt, M\u00fcsli und eine K\u00e4seplatte auf dem Fr\u00fchst\u00fccksbuffet des Hotels \" srcset=\"https:\/\/www.harmonie-vienna.at\/wp-content\/uploads\/2022\/03\/Harmonie_Vienna_Fruehstueck_02-400x208.webp 400w, https:\/\/www.harmonie-vienna.at\/wp-content\/uploads\/2022\/03\/Harmonie_Vienna_Fruehstueck_02-300x156.webp 300w, https:\/\/www.harmonie-vienna.at\/wp-content\/uploads\/2022\/03\/Harmonie_Vienna_Fruehstueck_02-1024x531.webp 1024w, https:\/\/www.harmonie-vienna.at\/wp-content\/uploads\/2022\/03\/Harmonie_Vienna_Fruehstueck_02-768x399.webp 768w, https:\/\/www.harmonie-vienna.at\/wp-content\/uploads\/2022\/03\/Harmonie_Vienna_Fruehstueck_02-1536x797.webp 1536w, https:\/\/www.harmonie-vienna.at\/wp-content\/uploads\/2022\/03\/Harmonie_Vienna_Fruehstueck_02.webp 1800w\" sizes=\"(max-width: 400px) 100vw, 400px\" \/>                  <span class=\"sr-only\">Bild Obstsalat, Jogurt, M\u00fcsli und eine K\u00e4seplatte auf dem Fr\u00fchst\u00fccksbuffet des Hotels  in Lightbox \u00f6ffnen<\/span>\n                <\/a>\n              <\/li>\n                          <li>\n                <a href=\"https:\/\/www.harmonie-vienna.at\/wp-content\/uploads\/2022\/03\/CupCakes_Harmonie.webp\">\n                  <img decoding=\"async\" width=\"400\" height=\"267\" src=\"https:\/\/www.harmonie-vienna.at\/wp-content\/uploads\/2022\/03\/CupCakes_Harmonie-400x267.webp\" class=\"attachment-custom-post-image size-custom-post-image\" alt=\"Etagere mit Schokoladen Cupcakes, daneben ein Stapel Kuchenteller und Kaffeetassen \" srcset=\"https:\/\/www.harmonie-vienna.at\/wp-content\/uploads\/2022\/03\/CupCakes_Harmonie-400x267.webp 400w, https:\/\/www.harmonie-vienna.at\/wp-content\/uploads\/2022\/03\/CupCakes_Harmonie-300x200.webp 300w, https:\/\/www.harmonie-vienna.at\/wp-content\/uploads\/2022\/03\/CupCakes_Harmonie-1024x683.webp 1024w, https:\/\/www.harmonie-vienna.at\/wp-content\/uploads\/2022\/03\/CupCakes_Harmonie-768x512.webp 768w, https:\/\/www.harmonie-vienna.at\/wp-content\/uploads\/2022\/03\/CupCakes_Harmonie.webp 1270w\" sizes=\"(max-width: 400px) 100vw, 400px\" \/>                  <span class=\"sr-only\">Bild Etagere mit Schokoladen Cupcakes, daneben ein Stapel Kuchenteller und Kaffeetassen  in Lightbox \u00f6ffnen<\/span>\n                <\/a>\n              <\/li>\n                      <\/ul>\n        <\/div>\n\n      \n        <div class=\"lookbook__gallery\" id=\"interior\">\n          <div class=\"lookbook__gallery__intro\">\n                          <span class=\"subline\">Rooms to feel good in<\/span>\n            \n                          <h2 class=\"headline\">Interior<\/h2>\n            \n                          <p>We invite you to enjoy your stay in Vienna in a relaxed way.<\/p>\n                      <\/div>\n\n          <ul class=\"lookbook__gallery__loop\" aria-label=\"Lookbook Gallerie\">\n                          <li>\n                <a href=\"https:\/\/www.harmonie-vienna.at\/wp-content\/uploads\/2022\/03\/Bibliothek_Harmonie_Vienna_01.webp\">\n                  <img decoding=\"async\" width=\"400\" height=\"208\" src=\"https:\/\/www.harmonie-vienna.at\/wp-content\/uploads\/2022\/03\/Bibliothek_Harmonie_Vienna_01-400x208.webp\" class=\"attachment-custom-post-image size-custom-post-image\" alt=\"Vor dem brennenden Holzkamin stehen zwei wei\u00dfe St\u00fchle und ein Beistelltisch \" srcset=\"https:\/\/www.harmonie-vienna.at\/wp-content\/uploads\/2022\/03\/Bibliothek_Harmonie_Vienna_01-400x208.webp 400w, https:\/\/www.harmonie-vienna.at\/wp-content\/uploads\/2022\/03\/Bibliothek_Harmonie_Vienna_01-300x156.webp 300w, https:\/\/www.harmonie-vienna.at\/wp-content\/uploads\/2022\/03\/Bibliothek_Harmonie_Vienna_01-1024x531.webp 1024w, https:\/\/www.harmonie-vienna.at\/wp-content\/uploads\/2022\/03\/Bibliothek_Harmonie_Vienna_01-768x398.webp 768w, https:\/\/www.harmonie-vienna.at\/wp-content\/uploads\/2022\/03\/Bibliothek_Harmonie_Vienna_01.webp 1440w\" sizes=\"(max-width: 400px) 100vw, 400px\" \/>                  <span class=\"sr-only\">Bild Vor dem brennenden Holzkamin stehen zwei wei\u00dfe St\u00fchle und ein Beistelltisch  in Lightbox \u00f6ffnen<\/span>\n                <\/a>\n              <\/li>\n                          <li>\n                <a href=\"https:\/\/www.harmonie-vienna.at\/wp-content\/uploads\/2022\/03\/Harmonie_037.webp\">\n                  <img decoding=\"async\" width=\"400\" height=\"267\" src=\"https:\/\/www.harmonie-vienna.at\/wp-content\/uploads\/2022\/03\/Harmonie_037-400x267.webp\" class=\"attachment-custom-post-image size-custom-post-image\" alt=\"Fr\u00fchst\u00fccksraum im Hotel im Zentrum Wien\n\" srcset=\"https:\/\/www.harmonie-vienna.at\/wp-content\/uploads\/2022\/03\/Harmonie_037-400x267.webp 400w, https:\/\/www.harmonie-vienna.at\/wp-content\/uploads\/2022\/03\/Harmonie_037-300x200.webp 300w, https:\/\/www.harmonie-vienna.at\/wp-content\/uploads\/2022\/03\/Harmonie_037-1024x683.webp 1024w, https:\/\/www.harmonie-vienna.at\/wp-content\/uploads\/2022\/03\/Harmonie_037-768x512.webp 768w, https:\/\/www.harmonie-vienna.at\/wp-content\/uploads\/2022\/03\/Harmonie_037-1536x1024.webp 1536w, https:\/\/www.harmonie-vienna.at\/wp-content\/uploads\/2022\/03\/Harmonie_037.webp 1800w\" sizes=\"(max-width: 400px) 100vw, 400px\" \/>                  <span class=\"sr-only\">Bild Fr\u00fchst\u00fccksraum im Hotel im Zentrum Wien\n in Lightbox \u00f6ffnen<\/span>\n                <\/a>\n              <\/li>\n                          <li>\n                <a href=\"https:\/\/www.harmonie-vienna.at\/wp-content\/uploads\/2022\/03\/Harmonie_020.webp\">\n                  <img decoding=\"async\" width=\"400\" height=\"267\" src=\"https:\/\/www.harmonie-vienna.at\/wp-content\/uploads\/2022\/03\/Harmonie_020-400x267.webp\" class=\"attachment-custom-post-image size-custom-post-image\" alt=\"In der Lounge des Hotels stehen zwei Sessel und ein gestreiftes Sofa neben dem Kamin\" srcset=\"https:\/\/www.harmonie-vienna.at\/wp-content\/uploads\/2022\/03\/Harmonie_020-400x267.webp 400w, https:\/\/www.harmonie-vienna.at\/wp-content\/uploads\/2022\/03\/Harmonie_020-300x200.webp 300w, https:\/\/www.harmonie-vienna.at\/wp-content\/uploads\/2022\/03\/Harmonie_020-1024x683.webp 1024w, https:\/\/www.harmonie-vienna.at\/wp-content\/uploads\/2022\/03\/Harmonie_020-768x512.webp 768w, https:\/\/www.harmonie-vienna.at\/wp-content\/uploads\/2022\/03\/Harmonie_020-1536x1024.webp 1536w, https:\/\/www.harmonie-vienna.at\/wp-content\/uploads\/2022\/03\/Harmonie_020.webp 1800w\" sizes=\"(max-width: 400px) 100vw, 400px\" \/>                  <span class=\"sr-only\">Bild In der Lounge des Hotels stehen zwei Sessel und ein gestreiftes Sofa neben dem Kamin in Lightbox \u00f6ffnen<\/span>\n                <\/a>\n              <\/li>\n                          <li>\n                <a href=\"https:\/\/www.harmonie-vienna.at\/wp-content\/uploads\/2022\/03\/Harmonie_039.webp\">\n                  <img decoding=\"async\" width=\"400\" height=\"267\" src=\"https:\/\/www.harmonie-vienna.at\/wp-content\/uploads\/2022\/03\/Harmonie_039-400x267.webp\" class=\"attachment-custom-post-image size-custom-post-image\" alt=\"Eingedeckter Tisch im Hotelrestaurant mit Gl\u00e4sern, Tassen und Besteck \" srcset=\"https:\/\/www.harmonie-vienna.at\/wp-content\/uploads\/2022\/03\/Harmonie_039-400x267.webp 400w, https:\/\/www.harmonie-vienna.at\/wp-content\/uploads\/2022\/03\/Harmonie_039-300x200.webp 300w, https:\/\/www.harmonie-vienna.at\/wp-content\/uploads\/2022\/03\/Harmonie_039-1024x683.webp 1024w, https:\/\/www.harmonie-vienna.at\/wp-content\/uploads\/2022\/03\/Harmonie_039-768x512.webp 768w, https:\/\/www.harmonie-vienna.at\/wp-content\/uploads\/2022\/03\/Harmonie_039-1536x1024.webp 1536w, https:\/\/www.harmonie-vienna.at\/wp-content\/uploads\/2022\/03\/Harmonie_039.webp 1800w\" sizes=\"(max-width: 400px) 100vw, 400px\" \/>                  <span class=\"sr-only\">Bild Eingedeckter Tisch im Hotelrestaurant mit Gl\u00e4sern, Tassen und Besteck  in Lightbox \u00f6ffnen<\/span>\n                <\/a>\n              <\/li>\n                          <li>\n                <a href=\"https:\/\/www.harmonie-vienna.at\/wp-content\/uploads\/2022\/03\/Harmonie_Zi_405_3.webp\">\n                  <img decoding=\"async\" width=\"400\" height=\"267\" src=\"https:\/\/www.harmonie-vienna.at\/wp-content\/uploads\/2022\/03\/Harmonie_Zi_405_3-400x267.webp\" class=\"attachment-custom-post-image size-custom-post-image\" alt=\"Eine gem\u00fctliche Sofaecke in einem Hotelzimmer des The Harmonie Vienna in Wien \" srcset=\"https:\/\/www.harmonie-vienna.at\/wp-content\/uploads\/2022\/03\/Harmonie_Zi_405_3-400x267.webp 400w, https:\/\/www.harmonie-vienna.at\/wp-content\/uploads\/2022\/03\/Harmonie_Zi_405_3-300x200.webp 300w, https:\/\/www.harmonie-vienna.at\/wp-content\/uploads\/2022\/03\/Harmonie_Zi_405_3-1024x683.webp 1024w, https:\/\/www.harmonie-vienna.at\/wp-content\/uploads\/2022\/03\/Harmonie_Zi_405_3-768x512.webp 768w, https:\/\/www.harmonie-vienna.at\/wp-content\/uploads\/2022\/03\/Harmonie_Zi_405_3-1536x1024.webp 1536w, https:\/\/www.harmonie-vienna.at\/wp-content\/uploads\/2022\/03\/Harmonie_Zi_405_3.webp 1800w\" sizes=\"(max-width: 400px) 100vw, 400px\" \/>                  <span class=\"sr-only\">Bild Eine gem\u00fctliche Sofaecke in einem Hotelzimmer des The Harmonie Vienna in Wien  in Lightbox \u00f6ffnen<\/span>\n                <\/a>\n              <\/li>\n                          <li>\n                <a href=\"https:\/\/www.harmonie-vienna.at\/wp-content\/uploads\/2022\/03\/Harmonie_034.webp\">\n                  <img decoding=\"async\" width=\"400\" height=\"267\" src=\"https:\/\/www.harmonie-vienna.at\/wp-content\/uploads\/2022\/03\/Harmonie_034-400x267.webp\" class=\"attachment-custom-post-image size-custom-post-image\" alt=\"Das Restaurant des Hotels besticht durch seine gestreiften Details auf den St\u00fchlen \" srcset=\"https:\/\/www.harmonie-vienna.at\/wp-content\/uploads\/2022\/03\/Harmonie_034-400x267.webp 400w, https:\/\/www.harmonie-vienna.at\/wp-content\/uploads\/2022\/03\/Harmonie_034-300x200.webp 300w, https:\/\/www.harmonie-vienna.at\/wp-content\/uploads\/2022\/03\/Harmonie_034-1024x683.webp 1024w, https:\/\/www.harmonie-vienna.at\/wp-content\/uploads\/2022\/03\/Harmonie_034-768x512.webp 768w, https:\/\/www.harmonie-vienna.at\/wp-content\/uploads\/2022\/03\/Harmonie_034-1536x1024.webp 1536w, https:\/\/www.harmonie-vienna.at\/wp-content\/uploads\/2022\/03\/Harmonie_034.webp 1800w\" sizes=\"(max-width: 400px) 100vw, 400px\" \/>                  <span class=\"sr-only\">Bild Das Restaurant des Hotels besticht durch seine gestreiften Details auf den St\u00fchlen  in Lightbox \u00f6ffnen<\/span>\n                <\/a>\n              <\/li>\n                          <li>\n                <a href=\"https:\/\/www.harmonie-vienna.at\/wp-content\/uploads\/2022\/03\/Harmonie_Zi_106_1-1.webp\">\n                  <img decoding=\"async\" width=\"400\" height=\"267\" src=\"https:\/\/www.harmonie-vienna.at\/wp-content\/uploads\/2022\/03\/Harmonie_Zi_106_1-1-400x267.webp\" class=\"attachment-custom-post-image size-custom-post-image\" alt=\"Blick in ein Hotelzimmer des Hotel Harmonie mit Doppelbett und gro\u00dfer Fensterfront \" srcset=\"https:\/\/www.harmonie-vienna.at\/wp-content\/uploads\/2022\/03\/Harmonie_Zi_106_1-1-400x267.webp 400w, https:\/\/www.harmonie-vienna.at\/wp-content\/uploads\/2022\/03\/Harmonie_Zi_106_1-1-300x200.webp 300w, https:\/\/www.harmonie-vienna.at\/wp-content\/uploads\/2022\/03\/Harmonie_Zi_106_1-1-1024x683.webp 1024w, https:\/\/www.harmonie-vienna.at\/wp-content\/uploads\/2022\/03\/Harmonie_Zi_106_1-1-768x512.webp 768w, https:\/\/www.harmonie-vienna.at\/wp-content\/uploads\/2022\/03\/Harmonie_Zi_106_1-1-1536x1024.webp 1536w, https:\/\/www.harmonie-vienna.at\/wp-content\/uploads\/2022\/03\/Harmonie_Zi_106_1-1.webp 1800w\" sizes=\"(max-width: 400px) 100vw, 400px\" \/>                  <span class=\"sr-only\">Bild Blick in ein Hotelzimmer des Hotel Harmonie mit Doppelbett und gro\u00dfer Fensterfront  in Lightbox \u00f6ffnen<\/span>\n                <\/a>\n              <\/li>\n                          <li>\n                <a href=\"https:\/\/www.harmonie-vienna.at\/wp-content\/uploads\/2022\/03\/BoardMeetingRoom_gross-1.webp\">\n                  <img decoding=\"async\" width=\"400\" height=\"210\" src=\"https:\/\/www.harmonie-vienna.at\/wp-content\/uploads\/2022\/03\/BoardMeetingRoom_gross-1-400x210.webp\" class=\"attachment-custom-post-image size-custom-post-image\" alt=\"Konferenzraum im The Harmonie Vienna mit Meeting Tisch, Leinwand und Beamer \" srcset=\"https:\/\/www.harmonie-vienna.at\/wp-content\/uploads\/2022\/03\/BoardMeetingRoom_gross-1-400x210.webp 400w, https:\/\/www.harmonie-vienna.at\/wp-content\/uploads\/2022\/03\/BoardMeetingRoom_gross-1-300x157.webp 300w, https:\/\/www.harmonie-vienna.at\/wp-content\/uploads\/2022\/03\/BoardMeetingRoom_gross-1-1024x537.webp 1024w, https:\/\/www.harmonie-vienna.at\/wp-content\/uploads\/2022\/03\/BoardMeetingRoom_gross-1-768x403.webp 768w, https:\/\/www.harmonie-vienna.at\/wp-content\/uploads\/2022\/03\/BoardMeetingRoom_gross-1-1536x806.webp 1536w, https:\/\/www.harmonie-vienna.at\/wp-content\/uploads\/2022\/03\/BoardMeetingRoom_gross-1.webp 1920w\" sizes=\"(max-width: 400px) 100vw, 400px\" \/>                  <span class=\"sr-only\">Bild Konferenzraum im The Harmonie Vienna mit Meeting Tisch, Leinwand und Beamer  in Lightbox \u00f6ffnen<\/span>\n                <\/a>\n              <\/li>\n                          <li>\n                <a href=\"https:\/\/www.harmonie-vienna.at\/wp-content\/uploads\/2022\/03\/Harmonie_099.webp\">\n                  <img decoding=\"async\" width=\"400\" height=\"192\" src=\"https:\/\/www.harmonie-vienna.at\/wp-content\/uploads\/2022\/03\/Harmonie_099-400x192.webp\" class=\"attachment-custom-post-image size-custom-post-image\" alt=\"Ein M\u00e4dchen in rotem Kleid tanzt durch das Hotelzimmer in Wien \" srcset=\"https:\/\/www.harmonie-vienna.at\/wp-content\/uploads\/2022\/03\/Harmonie_099-400x192.webp 400w, https:\/\/www.harmonie-vienna.at\/wp-content\/uploads\/2022\/03\/Harmonie_099-300x144.webp 300w, https:\/\/www.harmonie-vienna.at\/wp-content\/uploads\/2022\/03\/Harmonie_099-1024x492.webp 1024w, https:\/\/www.harmonie-vienna.at\/wp-content\/uploads\/2022\/03\/Harmonie_099-768x369.webp 768w, https:\/\/www.harmonie-vienna.at\/wp-content\/uploads\/2022\/03\/Harmonie_099-1536x738.webp 1536w, https:\/\/www.harmonie-vienna.at\/wp-content\/uploads\/2022\/03\/Harmonie_099.webp 1920w\" sizes=\"(max-width: 400px) 100vw, 400px\" \/>                  <span class=\"sr-only\">Bild Ein M\u00e4dchen in rotem Kleid tanzt durch das Hotelzimmer in Wien  in Lightbox \u00f6ffnen<\/span>\n                <\/a>\n              <\/li>\n                          <li>\n                <a href=\"https:\/\/www.harmonie-vienna.at\/wp-content\/uploads\/2022\/03\/Harmonie_Vienna_Lounge.webp\">\n                  <img decoding=\"async\" width=\"400\" height=\"208\" src=\"https:\/\/www.harmonie-vienna.at\/wp-content\/uploads\/2022\/03\/Harmonie_Vienna_Lounge-400x208.webp\" class=\"attachment-custom-post-image size-custom-post-image\" alt=\"In der Lounge des Harmonie Hotels stehen zwei wei\u00dfe St\u00fchle und rote Stehlampen \" srcset=\"https:\/\/www.harmonie-vienna.at\/wp-content\/uploads\/2022\/03\/Harmonie_Vienna_Lounge-400x208.webp 400w, https:\/\/www.harmonie-vienna.at\/wp-content\/uploads\/2022\/03\/Harmonie_Vienna_Lounge-300x156.webp 300w, https:\/\/www.harmonie-vienna.at\/wp-content\/uploads\/2022\/03\/Harmonie_Vienna_Lounge-1024x531.webp 1024w, https:\/\/www.harmonie-vienna.at\/wp-content\/uploads\/2022\/03\/Harmonie_Vienna_Lounge-768x399.webp 768w, https:\/\/www.harmonie-vienna.at\/wp-content\/uploads\/2022\/03\/Harmonie_Vienna_Lounge-1536x797.webp 1536w, https:\/\/www.harmonie-vienna.at\/wp-content\/uploads\/2022\/03\/Harmonie_Vienna_Lounge.webp 1800w\" sizes=\"(max-width: 400px) 100vw, 400px\" \/>                  <span class=\"sr-only\">Bild In der Lounge des Harmonie Hotels stehen zwei wei\u00dfe St\u00fchle und rote Stehlampen  in Lightbox \u00f6ffnen<\/span>\n                <\/a>\n              <\/li>\n                      <\/ul>\n        <\/div>\n\n      \n    <\/div>\n\n  <\/div>","protected":false},"excerpt":{"rendered":"","protected":false},"author":11,"featured_media":0,"parent":4106,"menu_order":0,"comment_status":"closed","ping_status":"closed","template":"","meta":{"_acf_changed":false,"footnotes":""},"class_list":["post-4165","page","type-page","status-publish","hentry"],"acf":[],"yoast_head":"<!-- This site is optimized with the Yoast SEO plugin v27.5 - https:\/\/yoast.com\/product\/yoast-seo-wordpress\/ -->\n<title>Harmonie Lookbook | The Harmonie Vienna<\/title>\n<meta name=\"description\" content=\"Gallery of the Hotel The Harmonie Vienna in Vienna \u25baBrowse through the impressions of the boutique hotel: art, rooms, culinary and more.\" \/>\n<meta name=\"robots\" content=\"noindex, follow\" \/>\n<meta property=\"og:locale\" content=\"en_US\" \/>\n<meta property=\"og:type\" content=\"article\" \/>\n<meta property=\"og:title\" content=\"Harmonie Lookbook | The Harmonie Vienna\" \/>\n<meta property=\"og:description\" content=\"Gallery of the Hotel The Harmonie Vienna in Vienna \u25baBrowse through the impressions of the boutique hotel: art, rooms, culinary and more.\" \/>\n<meta property=\"og:url\" content=\"https:\/\/www.harmonie-vienna.at\/en\/hotel-in-the-centre-of-vienna\/the-harmonie-lookbook\/\" \/>\n<meta property=\"og:site_name\" content=\"Hotel Harmonie\" \/>\n<meta property=\"article:modified_time\" content=\"2024-05-24T09:44:06+00:00\" \/>\n<meta name=\"twitter:card\" content=\"summary_large_image\" \/>\n<!-- \/ Yoast SEO plugin. -->","yoast_head_json":{"title":"Harmonie Lookbook | The Harmonie Vienna","description":"Gallery of the Hotel The Harmonie Vienna in Vienna \u25baBrowse through the impressions of the boutique hotel: art, rooms, culinary and more.","robots":{"index":"noindex","follow":"follow"},"og_locale":"en_US","og_type":"article","og_title":"Harmonie Lookbook | The Harmonie Vienna","og_description":"Gallery of the Hotel The Harmonie Vienna in Vienna \u25baBrowse through the impressions of the boutique hotel: art, rooms, culinary and more.","og_url":"https:\/\/www.harmonie-vienna.at\/en\/hotel-in-the-centre-of-vienna\/the-harmonie-lookbook\/","og_site_name":"Hotel Harmonie","article_modified_time":"2024-05-24T09:44:06+00:00","twitter_card":"summary_large_image","schema":{"@context":"https:\/\/schema.org","@graph":[{"@type":"WebPage","@id":"https:\/\/www.harmonie-vienna.at\/en\/hotel-in-the-centre-of-vienna\/the-harmonie-lookbook\/","url":"https:\/\/www.harmonie-vienna.at\/en\/hotel-in-the-centre-of-vienna\/the-harmonie-lookbook\/","name":"Harmonie Lookbook | The Harmonie Vienna","isPartOf":{"@id":"https:\/\/www.harmonie-vienna.at\/en\/#website"},"datePublished":"2022-03-02T16:05:09+00:00","dateModified":"2024-05-24T09:44:06+00:00","description":"Gallery of the Hotel The Harmonie Vienna in Vienna \u25baBrowse through the impressions of the boutique hotel: art, rooms, culinary and more.","breadcrumb":{"@id":"https:\/\/www.harmonie-vienna.at\/en\/hotel-in-the-centre-of-vienna\/the-harmonie-lookbook\/#breadcrumb"},"inLanguage":"en-US","potentialAction":[{"@type":"ReadAction","target":["https:\/\/www.harmonie-vienna.at\/en\/hotel-in-the-centre-of-vienna\/the-harmonie-lookbook\/"]}]},{"@type":"BreadcrumbList","@id":"https:\/\/www.harmonie-vienna.at\/en\/hotel-in-the-centre-of-vienna\/the-harmonie-lookbook\/#breadcrumb","itemListElement":[{"@type":"ListItem","position":1,"name":"Startseite","item":"https:\/\/www.harmonie-vienna.at\/en\/"},{"@type":"ListItem","position":2,"name":"The Hotel","item":"https:\/\/www.harmonie-vienna.at\/en\/hotel-in-the-centre-of-vienna\/"},{"@type":"ListItem","position":3,"name":"Harmonie Lookbook"}]},{"@type":"WebSite","@id":"https:\/\/www.harmonie-vienna.at\/en\/#website","url":"https:\/\/www.harmonie-vienna.at\/en\/","name":"Hotel Harmonie","description":"Boutique Hotel in Wien - The Harmonie Vienna","publisher":{"@id":"https:\/\/www.harmonie-vienna.at\/en\/#organization"},"potentialAction":[{"@type":"SearchAction","target":{"@type":"EntryPoint","urlTemplate":"https:\/\/www.harmonie-vienna.at\/en\/?s={search_term_string}"},"query-input":{"@type":"PropertyValueSpecification","valueRequired":true,"valueName":"search_term_string"}}],"inLanguage":"en-US"},{"@type":"Organization","@id":"https:\/\/www.harmonie-vienna.at\/en\/#organization","name":"Hotel Harmonie Vienna","url":"https:\/\/www.harmonie-vienna.at\/en\/","logo":{"@type":"ImageObject","inLanguage":"en-US","@id":"https:\/\/www.harmonie-vienna.at\/en\/#\/schema\/logo\/image\/","url":"https:\/\/www.harmonie-vienna.at\/wp-content\/uploads\/2022\/02\/cropped-cropped-hotel-harmonie-logo.png","contentUrl":"https:\/\/www.harmonie-vienna.at\/wp-content\/uploads\/2022\/02\/cropped-cropped-hotel-harmonie-logo.png","width":321,"height":90,"caption":"Hotel Harmonie Vienna"},"image":{"@id":"https:\/\/www.harmonie-vienna.at\/en\/#\/schema\/logo\/image\/"}}]}},"_links":{"self":[{"href":"https:\/\/www.harmonie-vienna.at\/en\/wp-json\/wp\/v2\/pages\/4165","targetHints":{"allow":["GET"]}}],"collection":[{"href":"https:\/\/www.harmonie-vienna.at\/en\/wp-json\/wp\/v2\/pages"}],"about":[{"href":"https:\/\/www.harmonie-vienna.at\/en\/wp-json\/wp\/v2\/types\/page"}],"author":[{"embeddable":true,"href":"https:\/\/www.harmonie-vienna.at\/en\/wp-json\/wp\/v2\/users\/11"}],"replies":[{"embeddable":true,"href":"https:\/\/www.harmonie-vienna.at\/en\/wp-json\/wp\/v2\/comments?post=4165"}],"version-history":[{"count":7,"href":"https:\/\/www.harmonie-vienna.at\/en\/wp-json\/wp\/v2\/pages\/4165\/revisions"}],"predecessor-version":[{"id":7371,"href":"https:\/\/www.harmonie-vienna.at\/en\/wp-json\/wp\/v2\/pages\/4165\/revisions\/7371"}],"up":[{"embeddable":true,"href":"https:\/\/www.harmonie-vienna.at\/en\/wp-json\/wp\/v2\/pages\/4106"}],"wp:attachment":[{"href":"https:\/\/www.harmonie-vienna.at\/en\/wp-json\/wp\/v2\/media?parent=4165"}],"curies":[{"name":"wp","href":"https:\/\/api.w.org\/{rel}","templated":true}]}}