{"id":14104,"date":"2025-07-07T12:44:07","date_gmt":"2025-07-07T10:44:07","guid":{"rendered":"https:\/\/www.harmonie-vienna.at\/?post_type=angebote&#038;p=14104"},"modified":"2026-03-25T12:43:27","modified_gmt":"2026-03-25T11:43:27","slug":"short-stay-promotion","status":"publish","type":"angebote","link":"https:\/\/www.harmonie-vienna.at\/it\/angebote\/short-stay-promotion\/","title":{"rendered":"Short Stay Promotion"},"content":{"rendered":"\n\n<div class=\"page-intro  \">\n\n  <div \n    role=\"img\"\n    aria-label=\"Doppelbett im Hotel Wien Zentrum mit roter Tagesdecke und rotem Kunstwerk \"\n    class=\"page-intro__image\" \n    style=\"background-image: url('https:\/\/www.harmonie-vienna.at\/wp-content\/uploads\/2022\/03\/Harmonie_Zi_211_3_web.jpg');\"\n  >\n  <\/div>\n\n      <div class=\"page-intro__content \">\n  \n    <div class=\"frame\">\n              <span class=\"subline\">Spontaner St\u00e4dtetrip oder kleine Auszeit?<\/span>\n      \n              <h1 class=\"headline\">Angebot: Short Stay Promotion<\/h1>\n      \n              <div class=\"wysiwyg-output\"><p>Verbringen Sie eine oder zwei N\u00e4chte im wundersch\u00f6nen Wien und lassen Sie sich im The Harmonie Vienna rundum verw\u00f6hnen \u2013 stilvoll, pers\u00f6nlich und mit viel Liebe zum Detail.<\/p>\n<p>&nbsp;<\/p>\n<p>Profitieren Sie von unserem Direktbuchervorteil \u2013 und sparen Sie zus\u00e4tzlich bei Buchungen bis zu zwei N\u00e4chten mit unserer Short-Stay Promotion.<br \/>\nUnser Rezeptionsteam h\u00e4lt eine feine Auswahl an Empfehlungen f\u00fcr Sie bereit \u2013 f\u00fcr besondere Momente in und rund um das charmante Servitenviertel.<\/p>\n<p>&nbsp;<\/p>\n<p>Folgende Leistungen unseres Boutique Hotels sind im Angebot inkludiert:<\/p>\n<div class=\"package-items\">\n<ul>\n<li>Bis zu 2 \u00dcbernachtungen in der von Ihnen gew\u00e4hlten <a href=\"https:\/\/www.harmonie-vienna.at\/das-hotel\/zimmer-und-suiten\/\">Zimmerkategorie<\/a><\/li>\n<li>Kostenfreies WIFI im gesamten Haus<\/li>\n<li>Regionales, BIO <a href=\"https:\/\/www.harmonie-vienna.at\/das-hotel\/kulinarik-im-hotel\/\">Genie\u00dfer-Fr\u00fchst\u00fccksbuffet<\/a><\/li>\n<li>Tea Time mit hausgemachtem Kuchen am Nachmittag in der Harmonie Lounge<\/li>\n<li>Pers\u00f6nlicher Concierge Service f\u00fcr kulturelle Highlights<\/li>\n<li>TV mit Streaming im Hotelzimmer<\/li>\n<li>Early Check-In und Late Check-Out nach Verf\u00fcgbarkeit<\/li>\n<\/ul>\n<p><strong><b>Buchen Sie bis zu 7 Tagen vor Ihrem Anreisedatum und profitieren Sie von mindestens -5 % Rabatt gegen\u00fcber der flexiblen Direktbucherrate.<\/b><\/strong><\/p>\n<\/div>\n<\/div>\n      \n          <\/div>\n  <\/div>\n<\/div>\n\n\n<div class=\"offers_in_flexible_layout \" id=\"\">\n\n  <div class=\" container mx-auto px-4 py-16 md:py-24 flex items-center flex-col\">\n          <h2 class=\"headline\">\n        Short Stay Promotion      <\/h2>\n        \n                  <ul class=\"grid grid-cols-1 gap-10 mt-10\" aria-label=\"Short Stay Promotion\">\n        \n            \n              \n              <li class=\"booking-cta__frame\">\n                <div class=\"booking-cta__content\">\n                                      <span class=\"subline\">\n                      F\u00fcr Aufenthalte bis 2 N\u00e4chten                    <\/span>\n                                                        <h2 class=\"headline\">\n                      Short Stay Promotion                    <\/h2>\n                                                        <p>\n                      zus\u00e4tzlich -5% Rabatt                    <\/p>\n                  \n                                      <a href=\"https:\/\/www.secure-hotel-booking.com\/d-edge\/The-Harmonie-Vienna-Hotel\/JS2C\/de-DE\/DateSelection\" class=\"button booking-button mx-auto mt-8\"\n                      target=\"\">\n                      <span>\n                        Bis zu 2 N\u00e4chte                      <\/span>\n                    <\/a>\n                                <\/li>\n\n                      <\/ul>\n          <\/div>\n\n<\/div>\n\n\n<div class=\"wp-block-group alignfull is-layout-constrained wp-container-core-group-is-layout-97875daf wp-block-group-is-layout-constrained\" style=\"padding-top:var(--wp--preset--spacing--30);padding-right:var(--wp--preset--spacing--30);padding-bottom:var(--wp--preset--spacing--30);padding-left:var(--wp--preset--spacing--30)\">\n\n<div class=\"page-intro  \">\n\n  <div class=\"page-intro--without-image\">\n\n      <div class=\"page-intro__content page-intro__content--align-center  \">\n  \n    <div class=\"frame\">\n              <span class=\"subline\">Mehr erleben<\/span>\n      \n      \n              <div class=\"wysiwyg-output\"><h2>Wochenendtrip nach Wien<\/h2>\n<p>Von der eindrucksvollen Hofburg \u00fcber das elegante Schloss Belvedere bis zu den charmanten Wiener Kaffeeh\u00e4usern \u2013 die Stadt begeistert mit einzigartigen Sehensw\u00fcrdigkeiten. Erleben Sie die sch\u00f6nsten Highlights f\u00fcr ein unvergessliches Wochenende in Wien.<\/p>\n<p>&nbsp;<\/p>\n<p><a href=\"https:\/\/www.harmonie-vienna.at\/urlaubstipps-wien\/wochenendtrip-wien\/\">Wochenendtrip in Wien<\/a><\/p>\n<p>&nbsp;<\/p>\n<h2>3 Tage Kurzurlaub in Wien<\/h2>\n<p>Sie haben drei volle Tage zur Verf\u00fcgung, um Wien zu entdecken? Dann ist unser 3-Tages-Guide genau das Richtige f\u00fcr Sie. Wir verraten Ihnen, wie Sie Ihre Zeit optimal nutzen und viele der bekanntesten Sehensw\u00fcrdigkeiten Wiens erleben k\u00f6nnen.<\/p>\n<p>&nbsp;<\/p>\n<p><a href=\"https:\/\/www.harmonie-vienna.at\/urlaubstipps-wien\/3-tage-wien\/\">Tipps f\u00fcr 3 Tage in Wien<\/a><\/p>\n<p>&nbsp;<\/p>\n<h2><strong><b>Weitere Hotel-Angebote f\u00fcr Ihren Wien-Urlaub<\/b><\/strong><\/h2>\n<p>Lernen Sie unsere besonderen Angebote f\u00fcr Ihren Kurzaufenthalt in Wien im Hotel The Harmonie Vienna kennen! Genie\u00dfen Sie romantische Auszeiten, kulturelle Highlights wie das Staatsballett oder Theaterbesuche und spezielle Museumspakete. Mit unseren individuell zusammengestellten Arrangements entdecken Sie Wien von seiner sch\u00f6nsten Seite.<\/p>\n<p>&nbsp;<\/p>\n<p><a href=\"https:\/\/www.harmonie-vienna.at\/das-hotel\/angebote-und-packages\/\">Alle Hotel-Angebote entdecken<\/a><\/p>\n<p>&nbsp;<\/p>\n<p>&nbsp;<\/p>\n<\/div>\n      \n          <\/div>\n  <\/div>\n<\/div><\/div>\n\n\n\n<div class=\"offer-and-packages-preview \">\n  <div class=\"container mx-auto\">\n    <div class=\"offer-and-packages-preview__intro\">\n              <span class=\"subline\">Angebote &#038; Packages<\/span>\n      \n              <h2 class=\"headline\">Entdecken Sie weitere Specials<\/h2>\n      \n          <\/div>\n\n          <ul class=\"offer-and-packages-preview__loop\" aria-label=\"Entdecken Sie weitere Specials\">\n    \n                                  <li>\n                          <a href=\"https:\/\/www.harmonie-vienna.at\/it\/angebote\/package-wiener-staatsballett\/\" class=\"offer-and-packages-preview__link\">\n                                          <div class=\"overflow-hidden block\">\n                  <div class=\"preview-image\">\n                    <img decoding=\"async\" width=\"880\" height=\"429\" src=\"https:\/\/www.harmonie-vienna.at\/wp-content\/uploads\/2022\/03\/50739-kleiner.jpg\" class=\"attachment-offer-image size-offer-image wp-post-image\" alt=\"Innenraum eines gro\u00dfen Theatersaals mit B\u00fchne, rotem Rang und mehreren Logen.\" \/>                  <\/div>\n                <\/div>\n                            <h2 class=\"subline\">\n                <span class=\"frame\">\n                  Staatsoper &#038; Staatsballett: Ihr Wien Highlight                  <span class=\"price\">Ab 250\u20ac<\/span>\n                <\/span>\n              <\/h2>\n            <\/a>\n          <\/li>\n\n                            <li>\n                          <a href=\"https:\/\/www.harmonie-vienna.at\/it\/angebote\/package-musicalbesuch\/\" class=\"offer-and-packages-preview__link\">\n                                          <div class=\"overflow-hidden block\">\n                  <div class=\"preview-image\">\n                    <img decoding=\"async\" width=\"789\" height=\"560\" src=\"https:\/\/www.harmonie-vienna.at\/wp-content\/uploads\/2024\/05\/DAS-PHANTOM-DER-OPER_Lisanne-Clemence-VeenemanChristine-Daae_Anton-ZetterholmDas-Phantom_1_\u00a9VBW_Deen_van_Meer-789x560.jpg\" class=\"attachment-offer-image size-offer-image wp-post-image\" alt=\"\" srcset=\"https:\/\/www.harmonie-vienna.at\/wp-content\/uploads\/2024\/05\/DAS-PHANTOM-DER-OPER_Lisanne-Clemence-VeenemanChristine-Daae_Anton-ZetterholmDas-Phantom_1_\u00a9VBW_Deen_van_Meer-789x560.jpg 789w, https:\/\/www.harmonie-vienna.at\/wp-content\/uploads\/2024\/05\/DAS-PHANTOM-DER-OPER_Lisanne-Clemence-VeenemanChristine-Daae_Anton-ZetterholmDas-Phantom_1_\u00a9VBW_Deen_van_Meer-2048x1453.jpg 2048w, https:\/\/www.harmonie-vienna.at\/wp-content\/uploads\/2024\/05\/DAS-PHANTOM-DER-OPER_Lisanne-Clemence-VeenemanChristine-Daae_Anton-ZetterholmDas-Phantom_1_\u00a9VBW_Deen_van_Meer-820x582.jpg 820w, https:\/\/www.harmonie-vienna.at\/wp-content\/uploads\/2024\/05\/DAS-PHANTOM-DER-OPER_Lisanne-Clemence-VeenemanChristine-Daae_Anton-ZetterholmDas-Phantom_1_\u00a9VBW_Deen_van_Meer-300x213.jpg 300w, https:\/\/www.harmonie-vienna.at\/wp-content\/uploads\/2024\/05\/DAS-PHANTOM-DER-OPER_Lisanne-Clemence-VeenemanChristine-Daae_Anton-ZetterholmDas-Phantom_1_\u00a9VBW_Deen_van_Meer-768x545.jpg 768w, https:\/\/www.harmonie-vienna.at\/wp-content\/uploads\/2024\/05\/DAS-PHANTOM-DER-OPER_Lisanne-Clemence-VeenemanChristine-Daae_Anton-ZetterholmDas-Phantom_1_\u00a9VBW_Deen_van_Meer-1024x727.jpg 1024w, https:\/\/www.harmonie-vienna.at\/wp-content\/uploads\/2024\/05\/DAS-PHANTOM-DER-OPER_Lisanne-Clemence-VeenemanChristine-Daae_Anton-ZetterholmDas-Phantom_1_\u00a9VBW_Deen_van_Meer-1536x1090.jpg 1536w, https:\/\/www.harmonie-vienna.at\/wp-content\/uploads\/2024\/05\/DAS-PHANTOM-DER-OPER_Lisanne-Clemence-VeenemanChristine-Daae_Anton-ZetterholmDas-Phantom_1_\u00a9VBW_Deen_van_Meer-400x284.jpg 400w\" sizes=\"(max-width: 789px) 100vw, 789px\" \/>                  <\/div>\n                <\/div>\n                            <h2 class=\"subline\">\n                <span class=\"frame\">\n                  Die Bretter, die die Welt bedeuten: Musical in Wien                  <span class=\"price\">Ab 250\u20ac<\/span>\n                <\/span>\n              <\/h2>\n            <\/a>\n          <\/li>\n\n                            <li>\n                          <a href=\"https:\/\/www.harmonie-vienna.at\/it\/angebote\/museumserlebnis\/\" class=\"offer-and-packages-preview__link\">\n                                          <div class=\"overflow-hidden block\">\n                  <div class=\"preview-image\">\n                    <img decoding=\"async\" width=\"840\" height=\"560\" src=\"https:\/\/www.harmonie-vienna.at\/wp-content\/uploads\/2023\/02\/KHM_klein-840x560.jpg\" class=\"attachment-offer-image size-offer-image wp-post-image\" alt=\"Prunkvolle historische Treppenhalle mit Marmors\u00e4ulen, B\u00f6gen und zwei Personen auf der breiten Treppe.\" srcset=\"https:\/\/www.harmonie-vienna.at\/wp-content\/uploads\/2023\/02\/KHM_klein-840x560.jpg 840w, https:\/\/www.harmonie-vienna.at\/wp-content\/uploads\/2023\/02\/KHM_klein-820x547.jpg 820w, https:\/\/www.harmonie-vienna.at\/wp-content\/uploads\/2023\/02\/KHM_klein-300x200.jpg 300w, https:\/\/www.harmonie-vienna.at\/wp-content\/uploads\/2023\/02\/KHM_klein-768x512.jpg 768w, https:\/\/www.harmonie-vienna.at\/wp-content\/uploads\/2023\/02\/KHM_klein-1024x683.jpg 1024w, https:\/\/www.harmonie-vienna.at\/wp-content\/uploads\/2023\/02\/KHM_klein-1536x1025.jpg 1536w, https:\/\/www.harmonie-vienna.at\/wp-content\/uploads\/2023\/02\/KHM_klein-400x267.jpg 400w\" sizes=\"(max-width: 840px) 100vw, 840px\" \/>                  <\/div>\n                <\/div>\n                            <h2 class=\"subline\">\n                <span class=\"frame\">\n                  Geschichte &#038; Kunst verbunden: Ihr Museumserlebnis                  <span class=\"price\">Ab 185\u20ac<\/span>\n                <\/span>\n              <\/h2>\n            <\/a>\n          <\/li>\n\n                  <\/ul>\n\n     \n\n  <\/div>\n<\/div>","protected":false},"excerpt":{"rendered":"","protected":false},"featured_media":1026,"template":"","class_list":["post-14104","angebote","type-angebote","status-publish","has-post-thumbnail","hentry"],"acf":[],"yoast_head":"<!-- This site is optimized with the Yoast SEO plugin v27.5 - https:\/\/yoast.com\/product\/yoast-seo-wordpress\/ -->\n<title>Angebot Short Stay in Wien | The Harmonie Vienna<\/title>\n<meta name=\"description\" content=\"Genie\u00dfen Sie Ihren Kurzurlaub in Wien mit \u2713 Rabatt bis zu 2 \u00dcbernachtungen \u2713 Concierge Service \u2713 Genie\u00dfer-Fr\u00fchst\u00fccksbuffet\" \/>\n<meta name=\"robots\" content=\"index, follow, max-snippet:-1, max-image-preview:large, max-video-preview:-1\" \/>\n<link rel=\"canonical\" href=\"https:\/\/www.harmonie-vienna.at\/it\/angebote\/short-stay-promotion\/\" \/>\n<meta property=\"og:locale\" content=\"it_IT\" \/>\n<meta property=\"og:type\" content=\"article\" \/>\n<meta property=\"og:title\" content=\"Angebot Short Stay in Wien | The Harmonie Vienna\" \/>\n<meta property=\"og:description\" content=\"Genie\u00dfen Sie Ihren Kurzurlaub in Wien mit \u2713 Rabatt bis zu 2 \u00dcbernachtungen \u2713 Concierge Service \u2713 Genie\u00dfer-Fr\u00fchst\u00fccksbuffet\" \/>\n<meta property=\"og:url\" content=\"https:\/\/www.harmonie-vienna.at\/it\/angebote\/short-stay-promotion\/\" \/>\n<meta property=\"og:site_name\" content=\"Hotel Harmonie\" \/>\n<meta property=\"article:modified_time\" content=\"2026-03-25T11:43:27+00:00\" \/>\n<meta property=\"og:image\" content=\"https:\/\/www.harmonie-vienna.at\/wp-content\/uploads\/2022\/03\/Harmonie_Zi_405_2_web.jpg\" \/>\n\t<meta property=\"og:image:width\" content=\"1303\" \/>\n\t<meta property=\"og:image:height\" content=\"868\" \/>\n\t<meta property=\"og:image:type\" content=\"image\/jpeg\" \/>\n<meta name=\"twitter:card\" content=\"summary_large_image\" \/>\n<meta name=\"twitter:label1\" content=\"Tempo di lettura stimato\" \/>\n\t<meta name=\"twitter:data1\" content=\"1 minuto\" \/>\n<!-- \/ Yoast SEO plugin. -->","yoast_head_json":{"title":"Angebot Short Stay in Wien | The Harmonie Vienna","description":"Genie\u00dfen Sie Ihren Kurzurlaub in Wien mit \u2713 Rabatt bis zu 2 \u00dcbernachtungen \u2713 Concierge Service \u2713 Genie\u00dfer-Fr\u00fchst\u00fccksbuffet","robots":{"index":"index","follow":"follow","max-snippet":"max-snippet:-1","max-image-preview":"max-image-preview:large","max-video-preview":"max-video-preview:-1"},"canonical":"https:\/\/www.harmonie-vienna.at\/it\/angebote\/short-stay-promotion\/","og_locale":"it_IT","og_type":"article","og_title":"Angebot Short Stay in Wien | The Harmonie Vienna","og_description":"Genie\u00dfen Sie Ihren Kurzurlaub in Wien mit \u2713 Rabatt bis zu 2 \u00dcbernachtungen \u2713 Concierge Service \u2713 Genie\u00dfer-Fr\u00fchst\u00fccksbuffet","og_url":"https:\/\/www.harmonie-vienna.at\/it\/angebote\/short-stay-promotion\/","og_site_name":"Hotel Harmonie","article_modified_time":"2026-03-25T11:43:27+00:00","og_image":[{"width":1303,"height":868,"url":"https:\/\/www.harmonie-vienna.at\/wp-content\/uploads\/2022\/03\/Harmonie_Zi_405_2_web.jpg","type":"image\/jpeg"}],"twitter_card":"summary_large_image","twitter_misc":{"Tempo di lettura stimato":"1 minuto"},"schema":{"@context":"https:\/\/schema.org","@graph":[{"@type":"WebPage","@id":"https:\/\/www.harmonie-vienna.at\/it\/angebote\/short-stay-promotion\/","url":"https:\/\/www.harmonie-vienna.at\/it\/angebote\/short-stay-promotion\/","name":"Angebot Short Stay in Wien | The Harmonie Vienna","isPartOf":{"@id":"https:\/\/www.harmonie-vienna.at\/it\/#website"},"primaryImageOfPage":{"@id":"https:\/\/www.harmonie-vienna.at\/it\/angebote\/short-stay-promotion\/#primaryimage"},"image":{"@id":"https:\/\/www.harmonie-vienna.at\/it\/angebote\/short-stay-promotion\/#primaryimage"},"thumbnailUrl":"https:\/\/www.harmonie-vienna.at\/wp-content\/uploads\/2022\/03\/Harmonie_Zi_405_2_web.jpg","datePublished":"2025-07-07T10:44:07+00:00","dateModified":"2026-03-25T11:43:27+00:00","description":"Genie\u00dfen Sie Ihren Kurzurlaub in Wien mit \u2713 Rabatt bis zu 2 \u00dcbernachtungen \u2713 Concierge Service \u2713 Genie\u00dfer-Fr\u00fchst\u00fccksbuffet","breadcrumb":{"@id":"https:\/\/www.harmonie-vienna.at\/it\/angebote\/short-stay-promotion\/#breadcrumb"},"inLanguage":"it-IT","potentialAction":[{"@type":"ReadAction","target":["https:\/\/www.harmonie-vienna.at\/it\/angebote\/short-stay-promotion\/"]}]},{"@type":"ImageObject","inLanguage":"it-IT","@id":"https:\/\/www.harmonie-vienna.at\/it\/angebote\/short-stay-promotion\/#primaryimage","url":"https:\/\/www.harmonie-vienna.at\/wp-content\/uploads\/2022\/03\/Harmonie_Zi_405_2_web.jpg","contentUrl":"https:\/\/www.harmonie-vienna.at\/wp-content\/uploads\/2022\/03\/Harmonie_Zi_405_2_web.jpg","width":1303,"height":868,"caption":"Doppelbett im Hotel in Wiens Zentrum mit roter Tagesdecke und Wandkunstwerk"},{"@type":"BreadcrumbList","@id":"https:\/\/www.harmonie-vienna.at\/it\/angebote\/short-stay-promotion\/#breadcrumb","itemListElement":[{"@type":"ListItem","position":1,"name":"Startseite","item":"https:\/\/www.harmonie-vienna.at\/it\/"},{"@type":"ListItem","position":2,"name":"Angebote & Packages","item":"https:\/\/www.harmonie-vienna.at\/it\/angebote\/"},{"@type":"ListItem","position":3,"name":"Short Stay Promotion"}]},{"@type":"WebSite","@id":"https:\/\/www.harmonie-vienna.at\/it\/#website","url":"https:\/\/www.harmonie-vienna.at\/it\/","name":"Hotel Harmonie","description":"Boutique Hotel in Wien - The Harmonie Vienna","publisher":{"@id":"https:\/\/www.harmonie-vienna.at\/it\/#organization"},"potentialAction":[{"@type":"SearchAction","target":{"@type":"EntryPoint","urlTemplate":"https:\/\/www.harmonie-vienna.at\/it\/?s={search_term_string}"},"query-input":{"@type":"PropertyValueSpecification","valueRequired":true,"valueName":"search_term_string"}}],"inLanguage":"it-IT"},{"@type":"Organization","@id":"https:\/\/www.harmonie-vienna.at\/it\/#organization","name":"Hotel Harmonie Vienna","url":"https:\/\/www.harmonie-vienna.at\/it\/","logo":{"@type":"ImageObject","inLanguage":"it-IT","@id":"https:\/\/www.harmonie-vienna.at\/it\/#\/schema\/logo\/image\/","url":"https:\/\/www.harmonie-vienna.at\/wp-content\/uploads\/2022\/02\/cropped-cropped-hotel-harmonie-logo.png","contentUrl":"https:\/\/www.harmonie-vienna.at\/wp-content\/uploads\/2022\/02\/cropped-cropped-hotel-harmonie-logo.png","width":321,"height":90,"caption":"Hotel Harmonie Vienna"},"image":{"@id":"https:\/\/www.harmonie-vienna.at\/it\/#\/schema\/logo\/image\/"}}]}},"_links":{"self":[{"href":"https:\/\/www.harmonie-vienna.at\/it\/wp-json\/wp\/v2\/angebote\/14104","targetHints":{"allow":["GET"]}}],"collection":[{"href":"https:\/\/www.harmonie-vienna.at\/it\/wp-json\/wp\/v2\/angebote"}],"about":[{"href":"https:\/\/www.harmonie-vienna.at\/it\/wp-json\/wp\/v2\/types\/angebote"}],"version-history":[{"count":5,"href":"https:\/\/www.harmonie-vienna.at\/it\/wp-json\/wp\/v2\/angebote\/14104\/revisions"}],"predecessor-version":[{"id":14923,"href":"https:\/\/www.harmonie-vienna.at\/it\/wp-json\/wp\/v2\/angebote\/14104\/revisions\/14923"}],"wp:featuredmedia":[{"embeddable":true,"href":"https:\/\/www.harmonie-vienna.at\/it\/wp-json\/wp\/v2\/media\/1026"}],"wp:attachment":[{"href":"https:\/\/www.harmonie-vienna.at\/it\/wp-json\/wp\/v2\/media?parent=14104"}],"curies":[{"name":"wp","href":"https:\/\/api.w.org\/{rel}","templated":true}]}}