{"id":7481,"date":"2022-02-21T23:14:07","date_gmt":"2022-02-21T22:14:07","guid":{"rendered":"https:\/\/www.harmonie-vienna.at\/albergo-di-charme-a-vienna\/"},"modified":"2025-11-24T11:14:59","modified_gmt":"2025-11-24T10:14:59","slug":"albergo-di-charme-a-vienna","status":"publish","type":"page","link":"https:\/\/www.harmonie-vienna.at\/it\/","title":{"rendered":"Albergo di charme a Vienna"},"content":{"rendered":"\n\n<div class=\"hero-unit \">\n\n      <div class=\"hero-unit__actions mt-4\">\n      <div class=\"hero-unit__actions--video-layer-switch\">\n        <button data-hero-unit-action=\"video-to-background\"  aria-label=\"hide-video\" class=\"hidden\">\n          <svg xmlns=\"http:\/\/www.w3.org\/2000\/svg\" class=\"h-6 w-6\" fill=\"none\" viewBox=\"0 0 24 24\" stroke=\"currentColor\" stroke-width=\"2\">\n            <path stroke-linecap=\"round\" stroke-linejoin=\"round\" d=\"M10 9v6m4-6v6m7-3a9 9 0 11-18 0 9 9 0 0118 0z\" \/>\n          <\/svg>\n        <\/button>\n        <button data-hero-unit-action=\"video-to-foreground\" aria-label=\"display-video\">\n          <svg xmlns=\"http:\/\/www.w3.org\/2000\/svg\" class=\"h-6 w-6\" fill=\"none\" viewBox=\"0 0 24 24\" stroke=\"currentColor\" stroke-width=\"2\">\n            <path stroke-linecap=\"round\" stroke-linejoin=\"round\" d=\"M14.752 11.168l-3.197-2.132A1 1 0 0010 9.87v4.263a1 1 0 001.555.832l3.197-2.132a1 1 0 000-1.664z\" \/>\n            <path stroke-linecap=\"round\" stroke-linejoin=\"round\" d=\"M21 12a9 9 0 11-18 0 9 9 0 0118 0z\" \/>\n          <\/svg>\n        <\/button>\n      <\/div>\n\n      <div class=\"hero-unit__actions--video-sound-switch\">\n        <button data-hero-unit-action=\"mute\" class=\"hidden\" aria-label=\"mute-video\">\n          <svg xmlns=\"http:\/\/www.w3.org\/2000\/svg\" class=\"h-6 w-6\" fill=\"none\" viewBox=\"0 0 24 24\" stroke=\"currentColor\" stroke-width=\"2\">\n            <path stroke-linecap=\"round\" stroke-linejoin=\"round\" d=\"M5.586 15H4a1 1 0 01-1-1v-4a1 1 0 011-1h1.586l4.707-4.707C10.923 3.663 12 4.109 12 5v14c0 .891-1.077 1.337-1.707.707L5.586 15z\" clip-rule=\"evenodd\" \/>\n            <path stroke-linecap=\"round\" stroke-linejoin=\"round\" d=\"M17 14l2-2m0 0l2-2m-2 2l-2-2m2 2l2 2\" \/>\n          <\/svg>\n        <\/button>\n\n        <button data-hero-unit-action=\"unmute\" aria-label=\"unmute-video\">\n          <svg xmlns=\"http:\/\/www.w3.org\/2000\/svg\" class=\"h-6 w-6\" fill=\"none\" viewBox=\"0 0 24 24\" stroke=\"currentColor\" stroke-width=\"2\">\n            <path stroke-linecap=\"round\" stroke-linejoin=\"round\" d=\"M15.536 8.464a5 5 0 010 7.072m2.828-9.9a9 9 0 010 12.728M5.586 15H4a1 1 0 01-1-1v-4a1 1 0 011-1h1.586l4.707-4.707C10.923 3.663 12 4.109 12 5v14c0 .891-1.077 1.337-1.707.707L5.586 15z\" \/>\n          <\/svg>\n        <\/button>\n      <\/div>\n    <\/div>\n  \n  <div class=\"hero-unit__content\">\n    <div class=\"max-w-md\">\n                <span class=\"subline\">Cordialit\u00e0 e individualit\u00e0<\/span>\n                     <h1>L&#8217;hotel che si distingue dalla massa.<\/h1>\n          <\/div>\n\n                            <a href=\"https:\/\/www.secure-hotel-booking.com\/The-Harmonie-Vienna-Hotel\/JS2C\/en\" class=\"button booking-button\" data-booking-button=\"hero-unit\" target=\"_blank\">\n            <span>\n              <i class=\"fal fa-calendar-week\"><\/i>\n              Prenota al miglior prezzo            <\/span>\n          <\/a>\n                  \n    <img decoding=\"async\" src=\"https:\/\/www.harmonie-vienna.at\/wp-content\/themes\/hotel-harmonie-theme\/resources\/images\/hotel-harmonie-member-of-best-western-light.png\" alt=\"Hotel Hamronie Member of Best Western\" class=\"hero-unit__bw-image\">\n  <\/div>\n  \n      <video \n      class=\"hero-unit__video\"\n      autoplay muted loop playsinline defaultMuted\n      aria-label=\"The Harmonie Vienna Video\"\n      poster=\"https:\/\/www.harmonie-vienna.at\/wp-content\/uploads\/2022\/02\/Bildschirmfoto-2021-12-10-um-17.44-1.png\">\n      <source \n        src=\"https:\/\/www.harmonie-vienna.at\/wp-content\/uploads\/2022\/03\/1775690129_yt.mp4\"  \n        type=\"video\/mp4\"\n        \/>\n    <\/video>\n  <\/div>\n\n\n\n\n\n  <div class=\"horizontal-info-list \" tabindex=\"0\">\n    <div class=\"container mx-auto\">\n      <ul aria-label=\"Info Liste\">\n                  <li tabindex=\"0\">\n            <p>Garage per la vostra auto<\/p>\n          <\/li>\n                  <li tabindex=\"0\">\n            <p>Per le prenotazioni dirette: 10% di sconto sul prezzo<\/p>\n          <\/li>\n                  <li tabindex=\"0\">\n            <p>Opzioni vegane al buffet della colazione<\/p>\n          <\/li>\n              <\/ul>\n    <\/div>\n  <\/div>\n\n\n\n\n<div class=\"\">\n  <div class=\"container mx-auto two-column-teaser-splide-wrapper\">\n    <div class=\"splide\" role=\"group\" aria-label=\"Slider - Mentre Voi dormite, noi realizziamo i Vostri sogni.\">\n      <div class=\"splide__track\">\n        <div class=\"splide__list\">\n\n                      \n                            <div class=\"splide__slide\">\n                                  <div class=\"two-column-teaser\">\n                \n                  <div class=\"two-column-teaser__content\">\n                                          <span class=\"subline\">Chi siamo?<\/span>\n                    \n                                          <h2 class=\"headline\">Innamorato della danza, del teatro e di tutto ci\u00f2 che \u00e8 autenticamente Viennese<\/h2>\n                                        \n                                          <div class=\"wysiwyg-output\">\n                        <p>Il nostro hotel nel cuore del quartiere &#8216;Serviten&#8217; di Vienna ha una lunga tradizione nell&#8217;ospitare artisti della scena teatrale e del balletto di Vienna e di tutto il mondo.<\/p>\n<ul>\n<li>Amiamo la buona atmosfera, gli interni di buon gusto, i suoni raffinati e il buon cibo.<\/li>\n<li>L&#8217;ospitalit\u00e0 autentica e la cordialit\u00e0 sono importanti per noi. Desideriamo trasmettere la sensazione di sentirsi a casa.<\/li>\n<li>Attribuiamo grande importanza alla <a href=\"https:\/\/www.harmonie-vienna.at\/it\/albergo-vienna-centro\/hotel-sostenibile-a-vienna\/\">sostenibilit\u00e0<\/a> in tutti i settori.<\/li>\n<li>I nostri prodotti biologici al buffet della colazione, le specialit\u00e0 dei produttori regionali e la selezione vegana sono un punto di forza.<\/li>\n<\/ul>\n                      <\/div>\n                    \n                                          <a href=\"https:\/\/www.harmonie-vienna.at\/it\/albergo-vienna-centro\/\" class=\"brush-link dark-brush\" target=\"\">\n                        L&#8217;albergo                      <\/a>\n                                      <\/div>\n                  <div class=\"two-column-teaser__images\">\n                                          <div class=\"two-column-teaser__main-image\">\n                        <img decoding=\"async\" src=\"https:\/\/www.harmonie-vienna.at\/wp-content\/uploads\/2022\/02\/Harmonie_Nov13_27_web-1-682x1024.png\" alt=\"Innamorato della danza, del teatro e di tutto ci\u00f2 che \u00e8 autenticamente Viennese\">\n                        <small class=\"text-brown-dark\">Harmonie_Nov13_27_web 1<\/small>\n                      <\/div>\n                    \n                                      <\/div>\n\n                <\/div>\n\n              <\/div>\n\n            \n                            <div class=\"splide__slide\">\n                                  <div class=\"two-column-teaser\">\n                \n                  <div class=\"two-column-teaser__content\">\n                                          <span class=\"subline\">Scoprite l&#8217;arte e la cultura a Vienna<\/span>\n                    \n                                          <h2 class=\"headline\">Mentre Voi dormite, noi realizziamo i Vostri sogni.<\/h2>\n                                        \n                                          <div class=\"wysiwyg-output\">\n                        <p>Grazie ai nostri buoni rapporti con la scena artistica e culturale viennese e grazie ai nostri partner di cooperazione, possiamo offrirvi un gran numero di biglietti a un prezzo notevolmente ridotto. Per balletto, musical, opera e teatro, ma anche per musei e mostre selezionate. Chiedete al momento della prenotazione o direttamente alla reception dell&#8217;hotel.<\/p>\n<p>E mentre Voi Vi mettete comodi nelle nostre camere, noi lavoriamo alacremente per organizzare il Vostro ambito biglietto culturale.<\/p>\n                      <\/div>\n                    \n                                          <a href=\"https:\/\/www.harmonie-vienna.at\/en\/experience\/culture-cooperation\/\" class=\"brush-link dark-brush\" target=\"\">\n                        Scoprire                      <\/a>\n                                      <\/div>\n                  <div class=\"two-column-teaser__images\">\n                                          <div class=\"two-column-teaser__main-image\">\n                        <img decoding=\"async\" src=\"https:\/\/www.harmonie-vienna.at\/wp-content\/uploads\/2022\/03\/pexels-pixabay-45258-1024x606.jpg\" alt=\"Mentre Voi dormite, noi realizziamo i Vostri sogni.\">\n                        <small class=\"text-brown-dark\">pexels-pixabay-45258<\/small>\n                      <\/div>\n                    \n                                      <\/div>\n\n                <\/div>\n\n              <\/div>\n\n                      \n        <\/div>\n      <\/div>\n    <\/div>\n  <\/div>\n<\/div>\n\n\n\n  <div class=\"\">\n    <div class=\"container mx-auto boxed-teaser\">\n\n  <div class=\"splide\">\n    <div class=\"splide__track\">\n      <div class=\"splide__list\">\n\n                  \n              \n              \n                <div class=\"splide__slide\">\n                  \n                  \n                                      <div class=\"teaser-with-framed-card\">\n                  \n                    <div class=\"teaser-with-framed-card__content\">\n                      <div class=\"frame\">\n                                                  <h2 class=\"subline\">Danza e teatro<\/h2>  \n                                                \n                                                  <h3 class=\"headline\">Coltiviamo e manteniam rapporti stretti con rinomati centri culturali viennesi<\/h3>\n                        \n                                                  <div class=\"wysiwyg-output\">\n                            <p>Elegante, stimolante e con interni di buon gusto: intraprendete un viaggio artistico unico nel centro di Vienna.<\/p>\n                          <\/div>\n                        \n                                                  <a href=\"https:\/\/www.harmonie-vienna.at\/en\/experience\/dance-theatre\/\" class=\"brush-link dark-brush\">\n                            Per saperne di pi\u00f9                          <\/a>\n                                              <\/div>\n                    <\/div>\n\n                    <div \n                      class=\"teaser-with-framed-card__bg-image\"\n                      style=\"background-image: url('https:\/\/www.harmonie-vienna.at\/wp-content\/uploads\/2022\/02\/Harmonie_012_web-1.png')\"\n                    >\n                                              <div class=\"teaser-with-framed-card__secondary-image \">\n                          <img decoding=\"async\" src=\"https:\/\/www.harmonie-vienna.at\/wp-content\/uploads\/2022\/02\/Ballerina-final_A4-300dpi.png\" alt=\"Danza e teatro\">\n                        <\/div>\n                                          <\/div>\n\n                  <\/div>\n\n                <\/div>\n\n              \n                        <\/div>\n    <\/div>\n  <\/div>\n\n\n  <\/div>\n<\/div>\n\n\n<div class=\"usp-grid \">\n  <div class=\"container mx-auto\">\n    \n          <h2 class=\"headline\">Ecco perch\u00e9 con noi Vi sentirete a Casa:<\/h2>\n    \n    \n      <ul class=\"usp-grid__items\" Das Beste im \u00dcberblick\">\n\n        \n          \n          <li class=\"usp-grid__item\">\n            <div class=\"frame\">\n                              <span class=\"subline\">Direttamente in centro<\/span>\n              \n                              <h2 class=\"headline-3\">La nostra posizione: nel centro dell&#8217;affascinante quartiere Servite<\/h2>\n              \n                              <p>In nur 10 Minuten Gehzeit erreichen Sie die Wiener Innenstadt.<\/p>\n              \n                              <a href=\"https:\/\/www.harmonie-vienna.at\/it\/albergo-vienna-centro\/\" class=\"brush-link dark-brush\" target=\"\">\n                  Ulteriori informazioni sull&#8217;ubicazione                <\/a>\n                          <\/div>\n          <\/li>\n\n        \n          \n          <li class=\"usp-grid__item\">\n            <div class=\"frame\">\n                              <span class=\"subline\">Un&#8217;esperienza autentica<\/span>\n              \n                              <h2 class=\"headline-3\">Ospitalit\u00e0 genuina e fascino viennese<\/h2>\n              \n                              <p>Ein herzliches Willkommen, ein zuvorkommendes &#8220;Hallo&#8221;, das t\u00e4gliche L\u00e4cheln. <\/p>\n              \n                              <a href=\"https:\/\/www.harmonie-vienna.at\/it\/albergo-vienna-centro\/chi-siamo\/\" class=\"brush-link dark-brush\" target=\"\">\n                  Chi siamo                <\/a>\n                          <\/div>\n          <\/li>\n\n        \n          \n          <li class=\"usp-grid__item\">\n            <div class=\"frame\">\n                              <span class=\"subline\">Standard di qualit\u00e0 elevati<\/span>\n              \n                              <h2 class=\"headline-3\">Prodotti regionali e biologici sul buffet della colazione<\/h2>\n              \n                              <p>Damit Sie perfekt in einen ereignisreichen Tag starten k\u00f6nnen!<\/p>\n              \n                              <a href=\"https:\/\/www.harmonie-vienna.at\/it\/albergo-vienna-centro\/delizie-culinarie-in-hotel\/\" class=\"brush-link dark-brush\" target=\"\">\n                  Armonia culinaria                <\/a>\n                          <\/div>\n          <\/li>\n\n              \n      <\/ul>\n\n    \n  <\/div>\n<\/div>\n\n\n\n  <div class=\"testimonial \">\n\n    <div class=\"splide\">\n      <div class=\"splide__track\">\n        <div class=\"splide__list\">\n\n                      \n            \n           <div class=\"splide__slide\">\n            <div class=\"testimonial__content\">\n                                  <h2 class=\"subline\">Cosa dicono i nostri ospiti<\/h2>\n                \n                                  <p class=\"quote\">\n                    Davvero molto bello. Nuovo di zecca, ristrutturato. Boutique-Hotel. Molto vicino al centro ma in una posizione molto tranquilla. Nel centro del Serviettenviertel con molti ottimi ristoranti. Il rapporto qualit\u00e1-prezzo \u00e8 davvero TOP.                  <\/p>\n                \n                                  <span class=\"quote__author\">\n                    Patrick W. \n                    \n                                      <\/span>\n                \n                \n              <\/div>\n           <\/div>\n            \n                      \n            \n           <div class=\"splide__slide\">\n            <div class=\"testimonial__content\">\n                                  <h2 class=\"subline\">Cosa dicono i nostri ospiti<\/h2>\n                \n                                  <p class=\"quote\">\n                    Un&#8217;esperienza estremamente piacevole per tutti. Assolutamente da consigliare!\nTorner\u00f2 sicuramente. Tutti gli hotel dovrebbero essere cos\u00ec.\nAnche l&#8217;aspetto della sostenibilit\u00e0 \u00e8 stato molto buono. Il servizio \u00e8 stato eccellente sotto ogni aspetto.                  <\/p>\n                \n                                  <span class=\"quote__author\">\n                    Boris H. \n                    \n                                      <\/span>\n                \n                \n              <\/div>\n           <\/div>\n            \n                      \n            \n           <div class=\"splide__slide\">\n            <div class=\"testimonial__content\">\n                                  <h2 class=\"subline\">Cosa dicono i nostri ospiti<\/h2>\n                \n                                  <p class=\"quote\">\n                    Un ottimo hotel con personale ovviamente fedele, estremamente gentile e cortese! La colazione al buffet \u00e8 unica, una delle migliori che conosciamo! Le camere sono molto confortevoli e pulite. Nessun hotel ha letti migliori.                  <\/p>\n                \n                                  <span class=\"quote__author\">\n                    Jeanette A. \n                    \n                                      <\/span>\n                \n                \n              <\/div>\n           <\/div>\n            \n          \n        <\/div>\n      <\/div>\n    <\/div>\n\n    <img decoding=\"async\" src=\"https:\/\/www.harmonie-vienna.at\/wp-content\/themes\/hotel-harmonie-theme\/resources\/images\/ballerina.png\" alt=\"\" class=\"testimonial__ballerina\">\n  <\/div>\n\n\n\n\n<div class=\"booking-cta \">\n  <div class=\"booking-cta__frame\">\n    <div class=\"booking-cta__content\">\n              <span class=\"subline\">\n          10% in caso di prenotazioni dirette        <\/span>\n                    <h2 class=\"headline\">\n          Con noi avrete sempre il miglior prezzo        <\/h2>\n                    <p>\n          Il modo pi\u00f9 rapido per raggiungere il Boutique Hotel Harmonie \u00e8 tramite il nostro sito web. Se prenotate la Vostra camera direttamente online, riceverete uno sconto del 10% sulla tariffa giornaliera corrente.\r\nGodeteVi il nostro t\u00e8 quotidiano con torte fatte in casa e approfittate del nostro servizio di concierge con consigli personalizzati per esperienze culturali uniche a Vienna.        <\/p>\n      \n                                    <a href=\"https:\/\/www.secure-hotel-booking.com\/The-Harmonie-Vienna-Hotel\/JS2C\/en\" class=\"button booking-button mx-auto mt-8\"\n              target=\"_blank\">\n              <span>\n                <i class=\"fal fa-calendar-week\"><\/i>\n                prenota ora              <\/span>\n            <\/a>\n                        \n    <\/div>\n  <\/div>\n<\/div>\n\n\n<div class=\"offer-and-packages-preview \">\n  <div class=\"container mx-auto\">\n    <div class=\"offer-and-packages-preview__intro\">\n              <span class=\"subline\">I pacchetti Harmonie<\/span>\n      \n              <h2 class=\"headline\">Le nostre offerte<\/h2>\n      \n              <p>Che si tratti di una pausa romantica per due, di un weekend con gli amici, di momenti felici dopo un matrimonio, della febbre della primavera durante un viaggio di Pasqua o di una brillante cena di fine anno in citt\u00e0&#8230; Vienna merita un viaggio in qualsiasi periodo dell&#8217;anno! Al Boutique Hotel Harmonie Vienna, voi e i vostri cari siete in ottime mani.<\/p>\n          <\/div>\n\n          <ul class=\"offer-and-packages-preview__loop\" aria-label=\"Le nostre offerte\">\n    \n                                  <li>\n                          <a href=\"https:\/\/www.harmonie-vienna.at\/it\/angebote\/package-wiener-staatsballett\/\" class=\"offer-and-packages-preview__link\">\n                                          <div class=\"overflow-hidden block\">\n                  <div class=\"preview-image\">\n                    <img decoding=\"async\" width=\"880\" height=\"429\" src=\"https:\/\/www.harmonie-vienna.at\/wp-content\/uploads\/2022\/03\/50739-kleiner.jpg\" class=\"attachment-offer-image size-offer-image wp-post-image\" alt=\"Innenraum eines gro\u00dfen Theatersaals mit B\u00fchne, rotem Rang und mehreren Logen.\" \/>                  <\/div>\n                <\/div>\n                            <h2 class=\"subline\">\n                <span class=\"frame\">\n                  Staatsoper &#038; Staatsballett: Ihr Wien Highlight                  <span class=\"price\">Ab 250\u20ac<\/span>\n                <\/span>\n              <\/h2>\n            <\/a>\n          <\/li>\n\n                            <li>\n                          <a href=\"https:\/\/www.harmonie-vienna.at\/it\/angebote\/fuer-die-schoensten-momente-zu-zweit\/\" class=\"offer-and-packages-preview__link\">\n                                          <div class=\"overflow-hidden block\">\n                  <div class=\"preview-image\">\n                    <img decoding=\"async\" width=\"839\" height=\"560\" src=\"https:\/\/www.harmonie-vienna.at\/wp-content\/uploads\/2022\/03\/Harmonie_113_web.jpg\" class=\"attachment-offer-image size-offer-image wp-post-image\" alt=\"Elegant gekleidetes Paar im hellen Hotelflur.\" srcset=\"https:\/\/www.harmonie-vienna.at\/wp-content\/uploads\/2022\/03\/Harmonie_113_web.jpg 1382w, https:\/\/www.harmonie-vienna.at\/wp-content\/uploads\/2022\/03\/Harmonie_113_web-300x200.jpg 300w, https:\/\/www.harmonie-vienna.at\/wp-content\/uploads\/2022\/03\/Harmonie_113_web-1024x683.jpg 1024w, https:\/\/www.harmonie-vienna.at\/wp-content\/uploads\/2022\/03\/Harmonie_113_web-768x512.jpg 768w, https:\/\/www.harmonie-vienna.at\/wp-content\/uploads\/2022\/03\/Harmonie_113_web-400x267.jpg 400w\" sizes=\"(max-width: 839px) 100vw, 839px\" \/>                  <\/div>\n                <\/div>\n                            <h2 class=\"subline\">\n                <span class=\"frame\">\n                  F\u00fcr die sch\u00f6nsten Momente zu zweit!                  <span class=\"price\"><\/span>\n                <\/span>\n              <\/h2>\n            <\/a>\n          <\/li>\n\n                            <li>\n                          <a href=\"https:\/\/www.harmonie-vienna.at\/it\/angebote\/volksoper\/\" class=\"offer-and-packages-preview__link\">\n                                          <div class=\"overflow-hidden block\">\n                  <div class=\"preview-image\">\n                    <img decoding=\"async\" width=\"840\" height=\"560\" src=\"https:\/\/www.harmonie-vienna.at\/wp-content\/uploads\/2023\/08\/Volksoper-1-840x560.jpg\" class=\"attachment-offer-image size-offer-image wp-post-image\" alt=\"MuseumsQuartier Wien mit moderner Schriftfassade und violetter Beleuchtung in der Abendd\u00e4mmerung.\" srcset=\"https:\/\/www.harmonie-vienna.at\/wp-content\/uploads\/2023\/08\/Volksoper-1-840x560.jpg 840w, https:\/\/www.harmonie-vienna.at\/wp-content\/uploads\/2023\/08\/Volksoper-1-2048x1365.jpg 2048w, https:\/\/www.harmonie-vienna.at\/wp-content\/uploads\/2023\/08\/Volksoper-1-820x547.jpg 820w, https:\/\/www.harmonie-vienna.at\/wp-content\/uploads\/2023\/08\/Volksoper-1-300x200.jpg 300w, https:\/\/www.harmonie-vienna.at\/wp-content\/uploads\/2023\/08\/Volksoper-1-768x512.jpg 768w, https:\/\/www.harmonie-vienna.at\/wp-content\/uploads\/2023\/08\/Volksoper-1-1024x683.jpg 1024w, https:\/\/www.harmonie-vienna.at\/wp-content\/uploads\/2023\/08\/Volksoper-1-1536x1024.jpg 1536w, https:\/\/www.harmonie-vienna.at\/wp-content\/uploads\/2023\/08\/Volksoper-1-400x267.jpg 400w\" sizes=\"(max-width: 840px) 100vw, 840px\" \/>                  <\/div>\n                <\/div>\n                            <h2 class=\"subline\">\n                <span class=\"frame\">\n                  Volksoper Wien: Unvergessliche Inszenierungen                  <span class=\"price\">Ab 200\u20ac<\/span>\n                <\/span>\n              <\/h2>\n            <\/a>\n          <\/li>\n\n                  <\/ul>\n\n          <a href=\"https:\/\/www.harmonie-vienna.at\/it\/albergo-vienna-centro\/offerte-e-pacchetti\/\" class=\"brush-link dark-brush mx-auto\" target=\"\">\n        Scoprire le offerte      <\/a>\n     \n\n  <\/div>\n<\/div>\n\n\n  <div class=\"fullwidth-teaser\">\n\n  <div class=\"splide\">\n    <div class=\"splide__track\">\n      <div class=\"splide__list\">\n\n                  \n              \n                              \n                <div \n                  class=\"teaser-with-framed-card is-fullwidth splide__slide\"\n                  style=\"background-image: url('https:\/\/www.harmonie-vienna.at\/wp-content\/uploads\/2022\/03\/MG_2028-scaled.jpg')\"\n                >\n                  <div class=\"container mx-auto\">\n                    <div class=\"teaser-with-framed-card__content\">\n                      <div class=\"frame\">\n                                                 <span class=\"subline\">Dove l&#8217;ospitalit\u00e0 conta<\/span>\n                        \n                                                  <h2 class=\"headline\">La vostra padrona di casa, Sonja Wimmer<\/h2>  \n                        \n                                                  <div class=\"wysiwyg-output\">\n                            <p>&#8220;\u00c8 un onore per me che il mio impegno nei confronti dei miei ospiti e del mio team sia stato riconosciuto con il titolo di albergatore dell&#8217;anno&#8221;.<\/p>\n                          <\/div>\n                                                                          <a href=\"https:\/\/www.harmonie-vienna.at\/it\/albergo-vienna-centro\/chi-siamo\/\" class=\"brush-link dark-brush\" target=\"\">\n                            Per saperne di pi\u00f9                          <\/a>\n                                              <\/div>\n                    <\/div>\n                  <\/div>\n                <\/div>\n\n              \n                        <\/div>\n    <\/div>\n  <\/div>\n\n\n<\/div>\n\n\n\n<div class=\"certifications \">\n  <div class=\"container mx-auto\">\n    <div class=\"certifications__wrapper\">\n      <div> \n                  <span class=\"subline\">Certificazioni<\/span>\n                          <h2 class=\"headline\">Una qualit\u00e0 costante che ripaga<\/h2>\n                          <p><p>Siamo orgogliosi di fare qualcosa di buono per Voi e per il nostro ambiente! La continua richiesta del nostro servizio e della selezione dei nostri prodotti non \u00e8 passata inosservata, per cui siamo lieti di aver ottenuto cinque marchi di qualit\u00e0: Austrian &amp; European Ecolabel, Austria Bio Garantie, European Allergy Seal e Vegan Welcome.<\/p>\n<p>&nbsp;<\/p>\n<p><a href=\"https:\/\/www.harmonie-vienna.at\/it\/albergo-vienna-centro\/hotel-sostenibile-a-vienna\/\">\u00bb Scopri tutto sulle nostre certificazioni qui<\/a><\/p>\n<\/p>\n              <\/div>\n      <div>\n                  <ul class=\"certifications__items\" Bild Grid\">\n                          <li>\n                                <a href=\"https:\/\/www.harmonie-vienna.at\/it\/albergo-vienna-centro\/hotel-sostenibile-a-vienna\/\" target=\"\" aria-label=\"Certificazioni Zu Bild springen\">\n                \n                                      <span class=\"certifications__image-wrapper\">\n                      <img decoding=\"async\" src=\"https:\/\/www.harmonie-vienna.at\/wp-content\/uploads\/2022\/03\/Umweltzeichen.png\" alt=\"Siegel mit der Aufschrift Umweltzeichen in rot und gr\u00fcner Farbe \">\n                    <\/span>\n                  \n                  \n                                      <strong><\/strong>\n                  \n                                    <\/a>\n                                \n              <\/li>\n                          <li>\n                                <a href=\"https:\/\/www.harmonie-vienna.at\/it\/albergo-vienna-centro\/hotel-sostenibile-a-vienna\/\" target=\"\" aria-label=\"Certificazioni Zu Bild springen\">\n                \n                                      <span class=\"certifications__image-wrapper\">\n                      <img decoding=\"async\" src=\"https:\/\/www.harmonie-vienna.at\/wp-content\/uploads\/2022\/03\/ecolabel.png\" alt=\"Siegel des EU Ecolabel in blau und gr\u00fcner Farbe \">\n                    <\/span>\n                  \n                  \n                                      <strong><\/strong>\n                  \n                                    <\/a>\n                                \n              <\/li>\n                          <li>\n                                <a href=\"https:\/\/www.harmonie-vienna.at\/it\/albergo-vienna-centro\/hotel-sostenibile-a-vienna\/\" target=\"\" aria-label=\"Certificazioni Zu Bild springen\">\n                \n                                      <span class=\"certifications__image-wrapper\">\n                      <img decoding=\"async\" src=\"https:\/\/www.harmonie-vienna.at\/wp-content\/uploads\/2022\/03\/Austria-Bio-Garantie-neu.png\" alt=\"Gr\u00fcnes Siegel der Austria Bio Garantie mit roter Umrandung \">\n                    <\/span>\n                  \n                  \n                                      <strong><\/strong>\n                  \n                                    <\/a>\n                                \n              <\/li>\n                          <li>\n              \n                                      <span class=\"certifications__image-wrapper\">\n                      <img decoding=\"async\" src=\"https:\/\/www.harmonie-vienna.at\/wp-content\/uploads\/2022\/03\/Ecarf-neu.png\" alt=\"Siegel des ECARF f\u00fcr Allergikerfreundliche Qualit\u00e4tspr\u00fcfung \">\n                    <\/span>\n                  \n                  \n                  \n                                  \n              <\/li>\n                          <li>\n              \n                                      <span class=\"certifications__image-wrapper\">\n                      <img decoding=\"async\" src=\"https:\/\/www.harmonie-vienna.at\/wp-content\/uploads\/2022\/03\/Vegan-Welcome.png\" alt=\"Siegel Vegan Welcome mit f\u00fcnf Sternen und einem gr\u00fcnen Blatt \">\n                    <\/span>\n                  \n                  \n                  \n                                  \n              <\/li>\n                      <\/ul>\n              <\/div>\n    <\/div>\n  <\/div>\n<\/div>\n\n\n\n\n\n\n\n\n\n\n\n\n<div class=\"form \" aria-label=\"Formular\">\n  <div class=\"max-w-lg lg:max-w-3xl mx-auto text-center\">\n\n      <span class=\"subline\">Lettera Harmonie<\/span>\n  \n      <h2 class=\"headline\">Iscriviti alle nostre news e non perdere altre offerte!<\/h2>\n  \n  \n  <div class=\"form__form-wrapper\" aria-label=\"Formular 3\">\n    <div class=\"form__icon\" style=\"background-image: url('https:\/\/www.harmonie-vienna.at\/wp-content\/uploads\/2022\/03\/News.png');\"><\/div>\n    <div class=\"frame\">\n              \n<div class=\"wpcf7 no-js\" id=\"wpcf7-f155-o1\" lang=\"de-DE\" dir=\"ltr\" data-wpcf7-id=\"155\">\n<div class=\"screen-reader-response\"><p role=\"status\" aria-live=\"polite\" aria-atomic=\"true\"><\/p> <ul><\/ul><\/div>\n<form action=\"\/it\/wp-json\/wp\/v2\/pages\/7481#wpcf7-f155-o1\" method=\"post\" class=\"wpcf7-form init form-with-animated-labels\" aria-label=\"Kontaktformular\" novalidate=\"novalidate\" data-status=\"init\">\n<fieldset class=\"hidden-fields-container\"><input type=\"hidden\" name=\"_wpcf7\" value=\"155\" \/><input type=\"hidden\" name=\"_wpcf7_version\" value=\"6.1.5\" \/><input type=\"hidden\" name=\"_wpcf7_locale\" value=\"de_DE\" \/><input type=\"hidden\" name=\"_wpcf7_unit_tag\" value=\"wpcf7-f155-o1\" \/><input type=\"hidden\" name=\"_wpcf7_container_post\" value=\"0\" \/><input type=\"hidden\" name=\"_wpcf7_posted_data_hash\" value=\"\" \/>\n<\/fieldset>\n<ul class=\"form__fields\">\n    <li class=\"form__field\">\n      <span class=\"wpcf7-form-control-wrap\" data-name=\"first-name\"><input size=\"40\" maxlength=\"400\" class=\"wpcf7-form-control wpcf7-text wpcf7-validates-as-required\" id=\"first-name\" aria-required=\"true\" aria-invalid=\"false\" value=\"\" type=\"text\" name=\"first-name\" \/><\/span>\n      <label for=\"first-name\">Vorname<\/label>\n    <\/li>\n    <li class=\"form__field\">\n      <span class=\"wpcf7-form-control-wrap\" data-name=\"second-name\"><input size=\"40\" maxlength=\"400\" class=\"wpcf7-form-control wpcf7-text wpcf7-validates-as-required\" id=\"second-name\" aria-required=\"true\" aria-invalid=\"false\" value=\"\" type=\"text\" name=\"second-name\" \/><\/span>\n      <label for=\"second-name\">Nachname<\/label>\n    <\/li>\n    <li class=\"form__field\">\n      <span class=\"wpcf7-form-control-wrap\" data-name=\"email\"><input size=\"40\" maxlength=\"400\" class=\"wpcf7-form-control wpcf7-email wpcf7-validates-as-required wpcf7-text wpcf7-validates-as-email\" id=\"email\" aria-required=\"true\" aria-invalid=\"false\" value=\"\" type=\"email\" name=\"email\" \/><\/span>\n      <label for=\"email\">E-Mail Adresse<\/label>\n    <\/li>\n  <\/ul>\n  <ul class=\"form__footer\">\n    <li class=\"form__field\">\n      <span class=\"wpcf7-form-control-wrap\" data-name=\"checkbox-679\"><span class=\"wpcf7-form-control wpcf7-checkbox wpcf7-validates-as-required\"><span class=\"wpcf7-list-item first last\"><label><input type=\"checkbox\" name=\"checkbox-679[]\" value=\"Ich stimme der Datenschutzerkl\u00e4rung zu\" \/><span class=\"wpcf7-list-item-label\">Ich stimme der Datenschutzerkl\u00e4rung zu<\/span><\/label><\/span><\/span><\/span>\n      <span id=\"wpcf7-69f3281882fea-wrapper\" class=\"wpcf7-form-control-wrap checkbox-501-wrap\" style=\"display:none !important; visibility:hidden !important;\"><input type=\"hidden\" name=\"checkbox-501-time-start\" value=\"1777543192\"><input type=\"hidden\" name=\"checkbox-501-time-check\" value=\"4\"><label for=\"wpcf7-69f3281882fea-field\" class=\"hp-message\">Bitte lasse dieses Feld leer.<\/label><input id=\"wpcf7-69f3281882fea-field\"  class=\"wpcf7-form-control wpcf7-text\" type=\"text\" name=\"checkbox-501\" value=\"\" size=\"40\" tabindex=\"-1\" autocomplete=\"new-password\" \/><\/span>\n    <\/li>\n    <li class=\"form__field\">\n      <input class=\"wpcf7-form-control wpcf7-submit has-spinner\" type=\"submit\" value=\"Abbonieren\" \/>\n    <\/li>\n  <\/ul><div class=\"wpcf7-response-output\" aria-hidden=\"true\"><\/div>\n<\/form>\n<\/div>\n          <\/div>\n  <\/div>\n\n  <\/div>\n<\/div>\n\n\n\n<div class=\"blog-preview \">\n  <div class=\"container mx-auto\">\n    <div class=\"blog-preview__intro\">\n              <span class=\"subline\">Scoprire Vienna <\/span>\n      \n              <h2 class=\"headline\">Consigli per il soggiorno<\/h2>\n      \n              <p>Nel nostro blog troverete alcuni punti salienti che Vi accompagneranno nel Vostro viaggio a Vienna. Dalle destinazioni per le escursioni, ai consigli per i ristoranti, agli approfondimenti storici, immergetevi nelle &#8220;storie viennesi&#8221;. <\/p>\n          <\/div>\n\n          <ul class=\"blog-preview__loop blog-preview__loop--two-items\" aria-label=\"Consigli per il soggiorno\">\n    \n                          \n           \n          <li>\n            <a href=\"https:\/\/www.harmonie-vienna.at\/urlaubstipps-wien\/ostern-in-wien\/\" class=\"blog-preview__link\">\n                          <div class=\"overflow-hidden block\">\n                 <div class=\"preview-image\">\n                  <img decoding=\"async\" width=\"820\" height=\"547\" src=\"https:\/\/www.harmonie-vienna.at\/wp-content\/uploads\/2022\/03\/ostern-hase-wien-820x547.jpeg\" class=\"attachment-custom-post-image size-custom-post-image wp-post-image\" alt=\"Gro\u00dfe pinke Hasenskulptur vor historischer Fassade in Wien mit vorbeigehender Person.\" srcset=\"https:\/\/www.harmonie-vienna.at\/wp-content\/uploads\/2022\/03\/ostern-hase-wien-820x547.jpeg 820w, https:\/\/www.harmonie-vienna.at\/wp-content\/uploads\/2022\/03\/ostern-hase-wien-840x560.jpeg 840w, https:\/\/www.harmonie-vienna.at\/wp-content\/uploads\/2022\/03\/ostern-hase-wien-300x200.jpeg 300w, https:\/\/www.harmonie-vienna.at\/wp-content\/uploads\/2022\/03\/ostern-hase-wien-768x512.jpeg 768w, https:\/\/www.harmonie-vienna.at\/wp-content\/uploads\/2022\/03\/ostern-hase-wien-1024x682.jpeg 1024w, https:\/\/www.harmonie-vienna.at\/wp-content\/uploads\/2022\/03\/ostern-hase-wien-1536x1024.jpeg 1536w, https:\/\/www.harmonie-vienna.at\/wp-content\/uploads\/2022\/03\/ostern-hase-wien-400x267.jpeg 400w, https:\/\/www.harmonie-vienna.at\/wp-content\/uploads\/2022\/03\/ostern-hase-wien.jpeg 2000w\" sizes=\"(max-width: 820px) 100vw, 820px\" \/>                <\/div>\n              <\/div>\n                          <span class=\"frame\">\n                                  <span class=\"subline\">\n                                            Urlaubstipps in Wien                                      <\/span>\n                                <h3 class=\"headline-3\">Ostern in Wien erleben<\/h3>\n                Ostern bedeutet f\u00fcr viele vor allem eines: Den Beginn des Fr\u00fchlings zu feiern! Das bunte Treiben in der Stadt Wien ist an O&#8230;\n              <\/span>\n            <\/a>\n          <\/li>\n\n                    \n           \n          <li>\n            <a href=\"https:\/\/www.harmonie-vienna.at\/sehenswuerdigkeiten\/donauinsel-wien\/\" class=\"blog-preview__link\">\n                          <div class=\"overflow-hidden block\">\n                 <div class=\"preview-image\">\n                  <img decoding=\"async\" width=\"820\" height=\"547\" src=\"https:\/\/www.harmonie-vienna.at\/wp-content\/uploads\/2022\/03\/donau-wasser-padler-1-820x547.webp\" class=\"attachment-custom-post-image size-custom-post-image wp-post-image\" alt=\"Mann beim Stand up Paddeln auf ruhigem Wasser bei der Donauinsel in Wien mit Booten und H\u00e4usern im warmen Abendlicht.\" srcset=\"https:\/\/www.harmonie-vienna.at\/wp-content\/uploads\/2022\/03\/donau-wasser-padler-1-820x547.webp 820w, https:\/\/www.harmonie-vienna.at\/wp-content\/uploads\/2022\/03\/donau-wasser-padler-1-840x560.webp 840w, https:\/\/www.harmonie-vienna.at\/wp-content\/uploads\/2022\/03\/donau-wasser-padler-1-300x200.webp 300w, https:\/\/www.harmonie-vienna.at\/wp-content\/uploads\/2022\/03\/donau-wasser-padler-1-768x512.webp 768w, https:\/\/www.harmonie-vienna.at\/wp-content\/uploads\/2022\/03\/donau-wasser-padler-1-1024x682.webp 1024w, https:\/\/www.harmonie-vienna.at\/wp-content\/uploads\/2022\/03\/donau-wasser-padler-1-1536x1024.webp 1536w, https:\/\/www.harmonie-vienna.at\/wp-content\/uploads\/2022\/03\/donau-wasser-padler-1-400x267.webp 400w, https:\/\/www.harmonie-vienna.at\/wp-content\/uploads\/2022\/03\/donau-wasser-padler-1.webp 2000w\" sizes=\"(max-width: 820px) 100vw, 820px\" \/>                <\/div>\n              <\/div>\n                          <span class=\"frame\">\n                                  <span class=\"subline\">\n                                            Sehensw\u00fcrdigkeiten                                      <\/span>\n                                <h3 class=\"headline-3\">Die Donauinsel in Wien<\/h3>\n                Die Donauinsel ist das Freizeiteldorado und Naherholungsgebiet nahe des\u202fWiener Praters. Auf der 21 Kilometer langen von der&#8230;\n              <\/span>\n            <\/a>\n          <\/li>\n\n                  <\/ul>\n\n          <a href=\"#\" class=\"brush-link dark-brush mx-auto\" target=\"\">\n        Il nostro blog su Vienna      <\/a>\n     \n\n  <\/div>\n<\/div>\n\n\n<div class=\"py-12 \">\n  \n  <div class=\"container mx-auto\">\n\n          <div class=\"wysiwyg-output\">\n        \n<div id=\"sb_instagram\"  class=\"sbi sbi_mob_col_2 sbi_tab_col_3 sbi_col_4 sbi_width_resp\" style=\"padding-bottom: 32px;\"\t data-feedid=\"*1\"  data-res=\"auto\" data-cols=\"4\" data-colsmobile=\"2\" data-colstablet=\"3\" data-num=\"12\" data-nummobile=\"6\" data-item-padding=\"16\"\t data-shortcode-atts=\"{&quot;feed&quot;:&quot;1&quot;}\"  data-postid=\"7481\" data-locatornonce=\"e5cd291273\" data-imageaspectratio=\"1:1\" data-sbi-flags=\"favorLocal,gdpr\">\n\t<div class=\"sb_instagram_header  sbi_medium\"   >\n\t<a class=\"sbi_header_link\" target=\"_blank\"\n\t   rel=\"nofollow noopener\" href=\"https:\/\/www.instagram.com\/the.harmonie.vienna\/\" title=\"@the.harmonie.vienna\">\n\t\t<div class=\"sbi_header_text\">\n\t\t\t<div class=\"sbi_header_img\"  data-avatar-url=\"https:\/\/scontent-hel3-1.cdninstagram.com\/v\/t51.2885-19\/58939974_334813627231134_3398359698632605696_n.jpg?_nc_cat=101&amp;ccb=7-5&amp;_nc_sid=bf7eb4&amp;efg=eyJ2ZW5jb2RlX3RhZyI6InByb2ZpbGVfcGljLnd3dy4yMDAuQzMifQ%3D%3D&amp;_nc_ohc=VLYZeDmGwVwQ7kNvwFKEOGl&amp;_nc_oc=AdqkrxeGTMQv578S6_SBn_G2pmQC95WOQoRR2b4YtgqOD8leNlm3x4CEgdpt8T9jCY9SUOPIIkswySljYWCV5MsB&amp;_nc_zt=24&amp;_nc_ht=scontent-hel3-1.cdninstagram.com&amp;edm=AP4hL3IEAAAA&amp;_nc_tpa=Q5bMBQHnNJpxH70S4gLu85-7o7U80zD1gS_03iqMaQFFPzJCIsKO4UCXodXaN4L5kf3wyjcMWu64U2mwDQ&amp;oh=00_Af1s1JL4QeIeRg7ipe1He8maTigzg_0AKxVFq6RPtmh9-A&amp;oe=69F85714\">\n\t\t\t\t\t\t\t\t\t<div class=\"sbi_header_img_hover\"  ><svg class=\"sbi_new_logo fa-instagram fa-w-14\" aria-hidden=\"true\" data-fa-processed=\"\" aria-label=\"Instagram\" data-prefix=\"fab\" data-icon=\"instagram\" role=\"img\" viewBox=\"0 0 448 512\">\n                    <path fill=\"currentColor\" d=\"M224.1 141c-63.6 0-114.9 51.3-114.9 114.9s51.3 114.9 114.9 114.9S339 319.5 339 255.9 287.7 141 224.1 141zm0 189.6c-41.1 0-74.7-33.5-74.7-74.7s33.5-74.7 74.7-74.7 74.7 33.5 74.7 74.7-33.6 74.7-74.7 74.7zm146.4-194.3c0 14.9-12 26.8-26.8 26.8-14.9 0-26.8-12-26.8-26.8s12-26.8 26.8-26.8 26.8 12 26.8 26.8zm76.1 27.2c-1.7-35.9-9.9-67.7-36.2-93.9-26.2-26.2-58-34.4-93.9-36.2-37-2.1-147.9-2.1-184.9 0-35.8 1.7-67.6 9.9-93.9 36.1s-34.4 58-36.2 93.9c-2.1 37-2.1 147.9 0 184.9 1.7 35.9 9.9 67.7 36.2 93.9s58 34.4 93.9 36.2c37 2.1 147.9 2.1 184.9 0 35.9-1.7 67.7-9.9 93.9-36.2 26.2-26.2 34.4-58 36.2-93.9 2.1-37 2.1-147.8 0-184.8zM398.8 388c-7.8 19.6-22.9 34.7-42.6 42.6-29.5 11.7-99.5 9-132.1 9s-102.7 2.6-132.1-9c-19.6-7.8-34.7-22.9-42.6-42.6-11.7-29.5-9-99.5-9-132.1s-2.6-102.7 9-132.1c7.8-19.6 22.9-34.7 42.6-42.6 29.5-11.7 99.5-9 132.1-9s102.7-2.6 132.1 9c19.6 7.8 34.7 22.9 42.6 42.6 11.7 29.5 9 99.5 9 132.1s2.7 102.7-9 132.1z\"><\/path>\n                <\/svg><\/div>\n\t\t\t\t\t<img decoding=\"async\"  src=\"https:\/\/www.harmonie-vienna.at\/wp-content\/uploads\/sb-instagram-feed-images\/the.harmonie.vienna.webp\" alt=\"\" width=\"50\" height=\"50\">\n\t\t\t\t\n\t\t\t\t\t\t\t<\/div>\n\n\t\t\t<div class=\"sbi_feedtheme_header_text\">\n\t\t\t\t<h3>the.harmonie.vienna<\/h3>\n\t\t\t\t\t\t\t\t\t<p class=\"sbi_bio\">#artboutiqueunique <br>\nDas Hotel, das aus<br>\nder Reihe tanzt \ud83c\udf3f<\/p>\n\t\t\t\t\t\t\t<\/div>\n\t\t<\/div>\n\t<\/a>\n<\/div>\n\n\t<div id=\"sbi_images\"  style=\"gap: 32px;\">\n\t\t<div class=\"sbi_item sbi_type_carousel sbi_new sbi_transition\"\n\tid=\"sbi_17925867342264194\" data-date=\"1776096020\">\n\t<div class=\"sbi_photo_wrap\">\n\t\t<a class=\"sbi_photo\" href=\"https:\/\/www.instagram.com\/p\/DXE-jfrCcIb\/\" target=\"_blank\" rel=\"noopener nofollow\"\n\t\t\tdata-full-res=\"https:\/\/scontent-hel3-1.cdninstagram.com\/v\/t39.30808-6\/669693734_1634151584822123_1297730593243302900_n.jpg?stp=dst-jpg_e35_tt6&#038;_nc_cat=102&#038;ccb=7-5&#038;_nc_sid=18de74&#038;efg=eyJlZmdfdGFnIjoiQ0FST1VTRUxfSVRFTS5iZXN0X2ltYWdlX3VybGdlbi5DMyJ9&#038;_nc_ohc=QP56cBiClNwQ7kNvwELd5A0&#038;_nc_oc=AdpGZh5usE9DMH7IU10RqsGhnxdV3iVSzFIzWenbc4FEHIO62SgFFGguwZe6QnjHHElkYuzBXOShqmZiM1LaCD3j&#038;_nc_zt=23&#038;_nc_ht=scontent-hel3-1.cdninstagram.com&#038;edm=ANo9K5cEAAAA&#038;_nc_gid=VM0um5WHkWa0hVeqLa4Wtw&#038;_nc_tpa=Q5bMBQHvbg-Yu-BNeWc7DmUpaGPe0aSzVzIwwPZNDbTUCCuHhliqDcmAKWqWf9kwkqp6GMJ9xM27YmXFmA&#038;oh=00_Af1opIk5GuzdTqItKLC4QsWRZj4A6XvjWpK31zgMCtimxA&#038;oe=69F86883\"\n\t\t\tdata-img-src-set=\"{&quot;d&quot;:&quot;https:\\\/\\\/scontent-hel3-1.cdninstagram.com\\\/v\\\/t39.30808-6\\\/669693734_1634151584822123_1297730593243302900_n.jpg?stp=dst-jpg_e35_tt6&amp;_nc_cat=102&amp;ccb=7-5&amp;_nc_sid=18de74&amp;efg=eyJlZmdfdGFnIjoiQ0FST1VTRUxfSVRFTS5iZXN0X2ltYWdlX3VybGdlbi5DMyJ9&amp;_nc_ohc=QP56cBiClNwQ7kNvwELd5A0&amp;_nc_oc=AdpGZh5usE9DMH7IU10RqsGhnxdV3iVSzFIzWenbc4FEHIO62SgFFGguwZe6QnjHHElkYuzBXOShqmZiM1LaCD3j&amp;_nc_zt=23&amp;_nc_ht=scontent-hel3-1.cdninstagram.com&amp;edm=ANo9K5cEAAAA&amp;_nc_gid=VM0um5WHkWa0hVeqLa4Wtw&amp;_nc_tpa=Q5bMBQHvbg-Yu-BNeWc7DmUpaGPe0aSzVzIwwPZNDbTUCCuHhliqDcmAKWqWf9kwkqp6GMJ9xM27YmXFmA&amp;oh=00_Af1opIk5GuzdTqItKLC4QsWRZj4A6XvjWpK31zgMCtimxA&amp;oe=69F86883&quot;,&quot;150&quot;:&quot;https:\\\/\\\/scontent-hel3-1.cdninstagram.com\\\/v\\\/t39.30808-6\\\/669693734_1634151584822123_1297730593243302900_n.jpg?stp=dst-jpg_e35_tt6&amp;_nc_cat=102&amp;ccb=7-5&amp;_nc_sid=18de74&amp;efg=eyJlZmdfdGFnIjoiQ0FST1VTRUxfSVRFTS5iZXN0X2ltYWdlX3VybGdlbi5DMyJ9&amp;_nc_ohc=QP56cBiClNwQ7kNvwELd5A0&amp;_nc_oc=AdpGZh5usE9DMH7IU10RqsGhnxdV3iVSzFIzWenbc4FEHIO62SgFFGguwZe6QnjHHElkYuzBXOShqmZiM1LaCD3j&amp;_nc_zt=23&amp;_nc_ht=scontent-hel3-1.cdninstagram.com&amp;edm=ANo9K5cEAAAA&amp;_nc_gid=VM0um5WHkWa0hVeqLa4Wtw&amp;_nc_tpa=Q5bMBQHvbg-Yu-BNeWc7DmUpaGPe0aSzVzIwwPZNDbTUCCuHhliqDcmAKWqWf9kwkqp6GMJ9xM27YmXFmA&amp;oh=00_Af1opIk5GuzdTqItKLC4QsWRZj4A6XvjWpK31zgMCtimxA&amp;oe=69F86883&quot;,&quot;320&quot;:&quot;https:\\\/\\\/scontent-hel3-1.cdninstagram.com\\\/v\\\/t39.30808-6\\\/669693734_1634151584822123_1297730593243302900_n.jpg?stp=dst-jpg_e35_tt6&amp;_nc_cat=102&amp;ccb=7-5&amp;_nc_sid=18de74&amp;efg=eyJlZmdfdGFnIjoiQ0FST1VTRUxfSVRFTS5iZXN0X2ltYWdlX3VybGdlbi5DMyJ9&amp;_nc_ohc=QP56cBiClNwQ7kNvwELd5A0&amp;_nc_oc=AdpGZh5usE9DMH7IU10RqsGhnxdV3iVSzFIzWenbc4FEHIO62SgFFGguwZe6QnjHHElkYuzBXOShqmZiM1LaCD3j&amp;_nc_zt=23&amp;_nc_ht=scontent-hel3-1.cdninstagram.com&amp;edm=ANo9K5cEAAAA&amp;_nc_gid=VM0um5WHkWa0hVeqLa4Wtw&amp;_nc_tpa=Q5bMBQHvbg-Yu-BNeWc7DmUpaGPe0aSzVzIwwPZNDbTUCCuHhliqDcmAKWqWf9kwkqp6GMJ9xM27YmXFmA&amp;oh=00_Af1opIk5GuzdTqItKLC4QsWRZj4A6XvjWpK31zgMCtimxA&amp;oe=69F86883&quot;,&quot;640&quot;:&quot;https:\\\/\\\/scontent-hel3-1.cdninstagram.com\\\/v\\\/t39.30808-6\\\/669693734_1634151584822123_1297730593243302900_n.jpg?stp=dst-jpg_e35_tt6&amp;_nc_cat=102&amp;ccb=7-5&amp;_nc_sid=18de74&amp;efg=eyJlZmdfdGFnIjoiQ0FST1VTRUxfSVRFTS5iZXN0X2ltYWdlX3VybGdlbi5DMyJ9&amp;_nc_ohc=QP56cBiClNwQ7kNvwELd5A0&amp;_nc_oc=AdpGZh5usE9DMH7IU10RqsGhnxdV3iVSzFIzWenbc4FEHIO62SgFFGguwZe6QnjHHElkYuzBXOShqmZiM1LaCD3j&amp;_nc_zt=23&amp;_nc_ht=scontent-hel3-1.cdninstagram.com&amp;edm=ANo9K5cEAAAA&amp;_nc_gid=VM0um5WHkWa0hVeqLa4Wtw&amp;_nc_tpa=Q5bMBQHvbg-Yu-BNeWc7DmUpaGPe0aSzVzIwwPZNDbTUCCuHhliqDcmAKWqWf9kwkqp6GMJ9xM27YmXFmA&amp;oh=00_Af1opIk5GuzdTqItKLC4QsWRZj4A6XvjWpK31zgMCtimxA&amp;oe=69F86883&quot;}\">\n\t\t\t<span class=\"sbi-screenreader\">\u2728 Premiere in der Volksoper Wien: Der Zarewitsch \u2728<\/span>\n\t\t\t<svg class=\"svg-inline--fa fa-clone fa-w-16 sbi_lightbox_carousel_icon\" aria-hidden=\"true\" aria-label=\"Clone\" data-fa-pro\u0192cessed=\"\" data-prefix=\"far\" data-icon=\"clone\" role=\"img\" xmlns=\"http:\/\/www.w3.org\/2000\/svg\" viewBox=\"0 0 512 512\">\n                    <path fill=\"currentColor\" d=\"M464 0H144c-26.51 0-48 21.49-48 48v48H48c-26.51 0-48 21.49-48 48v320c0 26.51 21.49 48 48 48h320c26.51 0 48-21.49 48-48v-48h48c26.51 0 48-21.49 48-48V48c0-26.51-21.49-48-48-48zM362 464H54a6 6 0 0 1-6-6V150a6 6 0 0 1 6-6h42v224c0 26.51 21.49 48 48 48h224v42a6 6 0 0 1-6 6zm96-96H150a6 6 0 0 1-6-6V54a6 6 0 0 1 6-6h308a6 6 0 0 1 6 6v308a6 6 0 0 1-6 6z\"><\/path>\n                <\/svg>\t\t\t\t\t\t<img decoding=\"async\" src=\"https:\/\/www.harmonie-vienna.at\/wp-content\/plugins\/instagram-feed\/img\/placeholder.png\" alt=\"\u2728 Premiere in der Volksoper Wien: Der Zarewitsch \u2728\n\nMelancholisch, ber\u00fchrend und von zeitloser Sch\u00f6nheit \u2013 Franz Leh\u00e1rs Sp\u00e4twerk erz\u00e4hlt die Geschichte des jungen Thronfolgers Aljoscha, der zwischen Pflicht und Sehnsucht nach echter N\u00e4he gefangen ist.\n\nIn einer m\u00e4rchenhaften Inszenierung von Steef de Jong entfaltet sich eine zarte Liebesgeschichte, die durch fantasievolle Zeichnungen, Projektionen und eine ganz besondere B\u00fchnen\u00e4sthetik zum Leben erweckt wird.\n\nEin Abend zwischen Operette und gro\u00dfer Oper \u2013 poetisch, humorvoll und zutiefst bewegend.\n\n#TheHarmonieVienna #ViennaCulture #VolksoperWien #DerZarewitsch #Operette #Leh\u00e1r #ViennaExperience #kulturinwien \n\u00a9 Volksoper Wien\" aria-hidden=\"true\">\n\t\t<\/a>\n\t<\/div>\n<\/div><div class=\"sbi_item sbi_type_carousel sbi_new sbi_transition\"\n\tid=\"sbi_17899577352262905\" data-date=\"1775462484\">\n\t<div class=\"sbi_photo_wrap\">\n\t\t<a class=\"sbi_photo\" href=\"https:\/\/www.instagram.com\/p\/DWyGLkpCFPD\/\" target=\"_blank\" rel=\"noopener nofollow\"\n\t\t\tdata-full-res=\"https:\/\/scontent-hel3-1.cdninstagram.com\/v\/t39.30808-6\/657266072_1622898089280806_8865496461586277709_n.jpg?stp=dst-jpg_e35_tt6&#038;_nc_cat=102&#038;ccb=7-5&#038;_nc_sid=18de74&#038;efg=eyJlZmdfdGFnIjoiQ0FST1VTRUxfSVRFTS5iZXN0X2ltYWdlX3VybGdlbi5DMyJ9&#038;_nc_ohc=wFbEThPV5IkQ7kNvwFjc1ey&#038;_nc_oc=AdoGjFqt6EvuIameFWgpocW_AEzWGvW18JmCGMfisQSZYL1JU3jqPnact3go2VWk9m-MN4t2h7fa6jDb1KruGoVz&#038;_nc_zt=23&#038;_nc_ht=scontent-hel3-1.cdninstagram.com&#038;edm=ANo9K5cEAAAA&#038;_nc_gid=VM0um5WHkWa0hVeqLa4Wtw&#038;_nc_tpa=Q5bMBQFvZd8qOfs17JpAWp4GIyR58eTV5ieGIB4jIXTUmmXgyt5qxhn0X35V7wAu5_BWq4MaVfBtkxrnWA&#038;oh=00_Af2cHz7Y1ZbnoNHYeT3SetSoQYLUmGc-FkTRI5Yi-7ukpw&#038;oe=69F86D75\"\n\t\t\tdata-img-src-set=\"{&quot;d&quot;:&quot;https:\\\/\\\/scontent-hel3-1.cdninstagram.com\\\/v\\\/t39.30808-6\\\/657266072_1622898089280806_8865496461586277709_n.jpg?stp=dst-jpg_e35_tt6&amp;_nc_cat=102&amp;ccb=7-5&amp;_nc_sid=18de74&amp;efg=eyJlZmdfdGFnIjoiQ0FST1VTRUxfSVRFTS5iZXN0X2ltYWdlX3VybGdlbi5DMyJ9&amp;_nc_ohc=wFbEThPV5IkQ7kNvwFjc1ey&amp;_nc_oc=AdoGjFqt6EvuIameFWgpocW_AEzWGvW18JmCGMfisQSZYL1JU3jqPnact3go2VWk9m-MN4t2h7fa6jDb1KruGoVz&amp;_nc_zt=23&amp;_nc_ht=scontent-hel3-1.cdninstagram.com&amp;edm=ANo9K5cEAAAA&amp;_nc_gid=VM0um5WHkWa0hVeqLa4Wtw&amp;_nc_tpa=Q5bMBQFvZd8qOfs17JpAWp4GIyR58eTV5ieGIB4jIXTUmmXgyt5qxhn0X35V7wAu5_BWq4MaVfBtkxrnWA&amp;oh=00_Af2cHz7Y1ZbnoNHYeT3SetSoQYLUmGc-FkTRI5Yi-7ukpw&amp;oe=69F86D75&quot;,&quot;150&quot;:&quot;https:\\\/\\\/scontent-hel3-1.cdninstagram.com\\\/v\\\/t39.30808-6\\\/657266072_1622898089280806_8865496461586277709_n.jpg?stp=dst-jpg_e35_tt6&amp;_nc_cat=102&amp;ccb=7-5&amp;_nc_sid=18de74&amp;efg=eyJlZmdfdGFnIjoiQ0FST1VTRUxfSVRFTS5iZXN0X2ltYWdlX3VybGdlbi5DMyJ9&amp;_nc_ohc=wFbEThPV5IkQ7kNvwFjc1ey&amp;_nc_oc=AdoGjFqt6EvuIameFWgpocW_AEzWGvW18JmCGMfisQSZYL1JU3jqPnact3go2VWk9m-MN4t2h7fa6jDb1KruGoVz&amp;_nc_zt=23&amp;_nc_ht=scontent-hel3-1.cdninstagram.com&amp;edm=ANo9K5cEAAAA&amp;_nc_gid=VM0um5WHkWa0hVeqLa4Wtw&amp;_nc_tpa=Q5bMBQFvZd8qOfs17JpAWp4GIyR58eTV5ieGIB4jIXTUmmXgyt5qxhn0X35V7wAu5_BWq4MaVfBtkxrnWA&amp;oh=00_Af2cHz7Y1ZbnoNHYeT3SetSoQYLUmGc-FkTRI5Yi-7ukpw&amp;oe=69F86D75&quot;,&quot;320&quot;:&quot;https:\\\/\\\/scontent-hel3-1.cdninstagram.com\\\/v\\\/t39.30808-6\\\/657266072_1622898089280806_8865496461586277709_n.jpg?stp=dst-jpg_e35_tt6&amp;_nc_cat=102&amp;ccb=7-5&amp;_nc_sid=18de74&amp;efg=eyJlZmdfdGFnIjoiQ0FST1VTRUxfSVRFTS5iZXN0X2ltYWdlX3VybGdlbi5DMyJ9&amp;_nc_ohc=wFbEThPV5IkQ7kNvwFjc1ey&amp;_nc_oc=AdoGjFqt6EvuIameFWgpocW_AEzWGvW18JmCGMfisQSZYL1JU3jqPnact3go2VWk9m-MN4t2h7fa6jDb1KruGoVz&amp;_nc_zt=23&amp;_nc_ht=scontent-hel3-1.cdninstagram.com&amp;edm=ANo9K5cEAAAA&amp;_nc_gid=VM0um5WHkWa0hVeqLa4Wtw&amp;_nc_tpa=Q5bMBQFvZd8qOfs17JpAWp4GIyR58eTV5ieGIB4jIXTUmmXgyt5qxhn0X35V7wAu5_BWq4MaVfBtkxrnWA&amp;oh=00_Af2cHz7Y1ZbnoNHYeT3SetSoQYLUmGc-FkTRI5Yi-7ukpw&amp;oe=69F86D75&quot;,&quot;640&quot;:&quot;https:\\\/\\\/scontent-hel3-1.cdninstagram.com\\\/v\\\/t39.30808-6\\\/657266072_1622898089280806_8865496461586277709_n.jpg?stp=dst-jpg_e35_tt6&amp;_nc_cat=102&amp;ccb=7-5&amp;_nc_sid=18de74&amp;efg=eyJlZmdfdGFnIjoiQ0FST1VTRUxfSVRFTS5iZXN0X2ltYWdlX3VybGdlbi5DMyJ9&amp;_nc_ohc=wFbEThPV5IkQ7kNvwFjc1ey&amp;_nc_oc=AdoGjFqt6EvuIameFWgpocW_AEzWGvW18JmCGMfisQSZYL1JU3jqPnact3go2VWk9m-MN4t2h7fa6jDb1KruGoVz&amp;_nc_zt=23&amp;_nc_ht=scontent-hel3-1.cdninstagram.com&amp;edm=ANo9K5cEAAAA&amp;_nc_gid=VM0um5WHkWa0hVeqLa4Wtw&amp;_nc_tpa=Q5bMBQFvZd8qOfs17JpAWp4GIyR58eTV5ieGIB4jIXTUmmXgyt5qxhn0X35V7wAu5_BWq4MaVfBtkxrnWA&amp;oh=00_Af2cHz7Y1ZbnoNHYeT3SetSoQYLUmGc-FkTRI5Yi-7ukpw&amp;oe=69F86D75&quot;}\">\n\t\t\t<span class=\"sbi-screenreader\">Frohen Ostermontag aus dem The Harmonie Vienna! \ud83d\udc30\ud83c\udf6b<\/span>\n\t\t\t<svg class=\"svg-inline--fa fa-clone fa-w-16 sbi_lightbox_carousel_icon\" aria-hidden=\"true\" aria-label=\"Clone\" data-fa-pro\u0192cessed=\"\" data-prefix=\"far\" data-icon=\"clone\" role=\"img\" xmlns=\"http:\/\/www.w3.org\/2000\/svg\" viewBox=\"0 0 512 512\">\n                    <path fill=\"currentColor\" d=\"M464 0H144c-26.51 0-48 21.49-48 48v48H48c-26.51 0-48 21.49-48 48v320c0 26.51 21.49 48 48 48h320c26.51 0 48-21.49 48-48v-48h48c26.51 0 48-21.49 48-48V48c0-26.51-21.49-48-48-48zM362 464H54a6 6 0 0 1-6-6V150a6 6 0 0 1 6-6h42v224c0 26.51 21.49 48 48 48h224v42a6 6 0 0 1-6 6zm96-96H150a6 6 0 0 1-6-6V54a6 6 0 0 1 6-6h308a6 6 0 0 1 6 6v308a6 6 0 0 1-6 6z\"><\/path>\n                <\/svg>\t\t\t\t\t\t<img decoding=\"async\" src=\"https:\/\/www.harmonie-vienna.at\/wp-content\/plugins\/instagram-feed\/img\/placeholder.png\" alt=\"Frohen Ostermontag aus dem The Harmonie Vienna! \ud83d\udc30\ud83c\udf6b\n\nDer Osterhase war bei uns im Haus unterwegs \u2013 und hat kleine s\u00fc\u00dfe \u00dcberraschungen versteckt. Haben Sie ihn schon entdeckt?\n\nBegleiten Sie uns auf die Suche durch unser Hotel und halten Sie Ausschau nach dem Schoko-Osterhasen.\n\nViel Freude beim Suchen und einen genussvollen Ostermontag!\n\n#TheHarmonieVienna #Ostermontag #EasterMonday #Vienna #BoutiqueHotel #EasterFun #HiddenEasterBunny\" aria-hidden=\"true\">\n\t\t<\/a>\n\t<\/div>\n<\/div><div class=\"sbi_item sbi_type_image sbi_new sbi_transition\"\n\tid=\"sbi_18080016335426954\" data-date=\"1775376088\">\n\t<div class=\"sbi_photo_wrap\">\n\t\t<a class=\"sbi_photo\" href=\"https:\/\/www.instagram.com\/p\/DWvhZFiD9sz\/\" target=\"_blank\" rel=\"noopener nofollow\"\n\t\t\tdata-full-res=\"https:\/\/scontent-hel3-1.cdninstagram.com\/v\/t39.30808-6\/659191542_1622885859282029_3506487617785508676_n.jpg?stp=dst-jpg_e35_tt6&#038;_nc_cat=108&#038;ccb=7-5&#038;_nc_sid=18de74&#038;efg=eyJlZmdfdGFnIjoiRkVFRC5iZXN0X2ltYWdlX3VybGdlbi5DMyJ9&#038;_nc_ohc=FPjoOis2kvIQ7kNvwH5Hl2x&#038;_nc_oc=AdrEfOiBm9nmWukvXfOXdViZdChE_camueelyY45YCG2X0cLsNjRsS-75EBB7eegtsdFsw8YSPlDC48gDDDgG6Aw&#038;_nc_zt=23&#038;_nc_ht=scontent-hel3-1.cdninstagram.com&#038;edm=ANo9K5cEAAAA&#038;_nc_gid=VM0um5WHkWa0hVeqLa4Wtw&#038;_nc_tpa=Q5bMBQGGEOjKsNgvjqhJQPoKf6CEZT_WGIoo13o3pd_NiYF9YXzGTbnvq9Km_iXEtkPWUB3KJts4B-FdKA&#038;oh=00_Af3VQNNBeQYU4NhDumBRS5MqvgOu-Tm7jkKu5sxTpu5rdQ&#038;oe=69F87845\"\n\t\t\tdata-img-src-set=\"{&quot;d&quot;:&quot;https:\\\/\\\/scontent-hel3-1.cdninstagram.com\\\/v\\\/t39.30808-6\\\/659191542_1622885859282029_3506487617785508676_n.jpg?stp=dst-jpg_e35_tt6&amp;_nc_cat=108&amp;ccb=7-5&amp;_nc_sid=18de74&amp;efg=eyJlZmdfdGFnIjoiRkVFRC5iZXN0X2ltYWdlX3VybGdlbi5DMyJ9&amp;_nc_ohc=FPjoOis2kvIQ7kNvwH5Hl2x&amp;_nc_oc=AdrEfOiBm9nmWukvXfOXdViZdChE_camueelyY45YCG2X0cLsNjRsS-75EBB7eegtsdFsw8YSPlDC48gDDDgG6Aw&amp;_nc_zt=23&amp;_nc_ht=scontent-hel3-1.cdninstagram.com&amp;edm=ANo9K5cEAAAA&amp;_nc_gid=VM0um5WHkWa0hVeqLa4Wtw&amp;_nc_tpa=Q5bMBQGGEOjKsNgvjqhJQPoKf6CEZT_WGIoo13o3pd_NiYF9YXzGTbnvq9Km_iXEtkPWUB3KJts4B-FdKA&amp;oh=00_Af3VQNNBeQYU4NhDumBRS5MqvgOu-Tm7jkKu5sxTpu5rdQ&amp;oe=69F87845&quot;,&quot;150&quot;:&quot;https:\\\/\\\/scontent-hel3-1.cdninstagram.com\\\/v\\\/t39.30808-6\\\/659191542_1622885859282029_3506487617785508676_n.jpg?stp=dst-jpg_e35_tt6&amp;_nc_cat=108&amp;ccb=7-5&amp;_nc_sid=18de74&amp;efg=eyJlZmdfdGFnIjoiRkVFRC5iZXN0X2ltYWdlX3VybGdlbi5DMyJ9&amp;_nc_ohc=FPjoOis2kvIQ7kNvwH5Hl2x&amp;_nc_oc=AdrEfOiBm9nmWukvXfOXdViZdChE_camueelyY45YCG2X0cLsNjRsS-75EBB7eegtsdFsw8YSPlDC48gDDDgG6Aw&amp;_nc_zt=23&amp;_nc_ht=scontent-hel3-1.cdninstagram.com&amp;edm=ANo9K5cEAAAA&amp;_nc_gid=VM0um5WHkWa0hVeqLa4Wtw&amp;_nc_tpa=Q5bMBQGGEOjKsNgvjqhJQPoKf6CEZT_WGIoo13o3pd_NiYF9YXzGTbnvq9Km_iXEtkPWUB3KJts4B-FdKA&amp;oh=00_Af3VQNNBeQYU4NhDumBRS5MqvgOu-Tm7jkKu5sxTpu5rdQ&amp;oe=69F87845&quot;,&quot;320&quot;:&quot;https:\\\/\\\/scontent-hel3-1.cdninstagram.com\\\/v\\\/t39.30808-6\\\/659191542_1622885859282029_3506487617785508676_n.jpg?stp=dst-jpg_e35_tt6&amp;_nc_cat=108&amp;ccb=7-5&amp;_nc_sid=18de74&amp;efg=eyJlZmdfdGFnIjoiRkVFRC5iZXN0X2ltYWdlX3VybGdlbi5DMyJ9&amp;_nc_ohc=FPjoOis2kvIQ7kNvwH5Hl2x&amp;_nc_oc=AdrEfOiBm9nmWukvXfOXdViZdChE_camueelyY45YCG2X0cLsNjRsS-75EBB7eegtsdFsw8YSPlDC48gDDDgG6Aw&amp;_nc_zt=23&amp;_nc_ht=scontent-hel3-1.cdninstagram.com&amp;edm=ANo9K5cEAAAA&amp;_nc_gid=VM0um5WHkWa0hVeqLa4Wtw&amp;_nc_tpa=Q5bMBQGGEOjKsNgvjqhJQPoKf6CEZT_WGIoo13o3pd_NiYF9YXzGTbnvq9Km_iXEtkPWUB3KJts4B-FdKA&amp;oh=00_Af3VQNNBeQYU4NhDumBRS5MqvgOu-Tm7jkKu5sxTpu5rdQ&amp;oe=69F87845&quot;,&quot;640&quot;:&quot;https:\\\/\\\/scontent-hel3-1.cdninstagram.com\\\/v\\\/t39.30808-6\\\/659191542_1622885859282029_3506487617785508676_n.jpg?stp=dst-jpg_e35_tt6&amp;_nc_cat=108&amp;ccb=7-5&amp;_nc_sid=18de74&amp;efg=eyJlZmdfdGFnIjoiRkVFRC5iZXN0X2ltYWdlX3VybGdlbi5DMyJ9&amp;_nc_ohc=FPjoOis2kvIQ7kNvwH5Hl2x&amp;_nc_oc=AdrEfOiBm9nmWukvXfOXdViZdChE_camueelyY45YCG2X0cLsNjRsS-75EBB7eegtsdFsw8YSPlDC48gDDDgG6Aw&amp;_nc_zt=23&amp;_nc_ht=scontent-hel3-1.cdninstagram.com&amp;edm=ANo9K5cEAAAA&amp;_nc_gid=VM0um5WHkWa0hVeqLa4Wtw&amp;_nc_tpa=Q5bMBQGGEOjKsNgvjqhJQPoKf6CEZT_WGIoo13o3pd_NiYF9YXzGTbnvq9Km_iXEtkPWUB3KJts4B-FdKA&amp;oh=00_Af3VQNNBeQYU4NhDumBRS5MqvgOu-Tm7jkKu5sxTpu5rdQ&amp;oe=69F87845&quot;}\">\n\t\t\t<span class=\"sbi-screenreader\">Frohe Ostern aus Wien! \ud83c\udf38\ud83d\udc30\n\nWir w\u00fcnschen Ihnen erho<\/span>\n\t\t\t\t\t\t\t\t\t<img decoding=\"async\" src=\"https:\/\/www.harmonie-vienna.at\/wp-content\/plugins\/instagram-feed\/img\/placeholder.png\" alt=\"Frohe Ostern aus Wien! \ud83c\udf38\ud83d\udc30\n\nWir w\u00fcnschen Ihnen erholsame Feiertage voller Fr\u00fchlingsfreude, sonniger Momente und kleiner \u00dcberraschungen. Genie\u00dfen Sie ein beschwingtes Osterwochenende voller Leichtigkeit und sch\u00f6ner Augenblicke.\n\nFrohe Ostern an unsere gesch\u00e4tzten G\u00e4ste &amp; Partner \u2013 wir freuen uns darauf, Sie bald wieder im The Harmonie Vienna willkommen zu hei\u00dfen.\n\n#TheHarmonieVienna #FroheOstern #HappyEaster #Vienna #SpringInVienna #BoutiqueHotel #EasterVibes\" aria-hidden=\"true\">\n\t\t<\/a>\n\t<\/div>\n<\/div><div class=\"sbi_item sbi_type_carousel sbi_new sbi_transition\"\n\tid=\"sbi_18082986995071765\" data-date=\"1775318429\">\n\t<div class=\"sbi_photo_wrap\">\n\t\t<a class=\"sbi_photo\" href=\"https:\/\/www.instagram.com\/p\/DWtzavhDKbU\/\" target=\"_blank\" rel=\"noopener nofollow\"\n\t\t\tdata-full-res=\"https:\/\/scontent-hel3-1.cdninstagram.com\/v\/t39.30808-6\/659653507_1622874532616495_3605390356799860417_n.jpg?stp=dst-jpg_e35_tt6&#038;_nc_cat=101&#038;ccb=7-5&#038;_nc_sid=18de74&#038;efg=eyJlZmdfdGFnIjoiQ0FST1VTRUxfSVRFTS5iZXN0X2ltYWdlX3VybGdlbi5DMyJ9&#038;_nc_ohc=shuRJ7l74CcQ7kNvwGX6eEe&#038;_nc_oc=Ado70PpBWmtN7Z66q2OAPufrwit0lq3VrK6PA5wGsKARf_SLT_Iy0L2agmRt2-j54i5-Y7TVVThyjSA2rKTOCf56&#038;_nc_zt=23&#038;_nc_ht=scontent-hel3-1.cdninstagram.com&#038;edm=ANo9K5cEAAAA&#038;_nc_gid=VM0um5WHkWa0hVeqLa4Wtw&#038;_nc_tpa=Q5bMBQGSGXo7YoV24sfC_lwdruvfABF_dL25V3LBFSCg67PQF6uCLCRlWtHAOCc_PqDqLyuDGh1ca0UkuA&#038;oh=00_Af1uRMKL9Jwf4yznQnWOVieWSualbNRf2-21UpqvyT7pVw&#038;oe=69F8477A\"\n\t\t\tdata-img-src-set=\"{&quot;d&quot;:&quot;https:\\\/\\\/scontent-hel3-1.cdninstagram.com\\\/v\\\/t39.30808-6\\\/659653507_1622874532616495_3605390356799860417_n.jpg?stp=dst-jpg_e35_tt6&amp;_nc_cat=101&amp;ccb=7-5&amp;_nc_sid=18de74&amp;efg=eyJlZmdfdGFnIjoiQ0FST1VTRUxfSVRFTS5iZXN0X2ltYWdlX3VybGdlbi5DMyJ9&amp;_nc_ohc=shuRJ7l74CcQ7kNvwGX6eEe&amp;_nc_oc=Ado70PpBWmtN7Z66q2OAPufrwit0lq3VrK6PA5wGsKARf_SLT_Iy0L2agmRt2-j54i5-Y7TVVThyjSA2rKTOCf56&amp;_nc_zt=23&amp;_nc_ht=scontent-hel3-1.cdninstagram.com&amp;edm=ANo9K5cEAAAA&amp;_nc_gid=VM0um5WHkWa0hVeqLa4Wtw&amp;_nc_tpa=Q5bMBQGSGXo7YoV24sfC_lwdruvfABF_dL25V3LBFSCg67PQF6uCLCRlWtHAOCc_PqDqLyuDGh1ca0UkuA&amp;oh=00_Af1uRMKL9Jwf4yznQnWOVieWSualbNRf2-21UpqvyT7pVw&amp;oe=69F8477A&quot;,&quot;150&quot;:&quot;https:\\\/\\\/scontent-hel3-1.cdninstagram.com\\\/v\\\/t39.30808-6\\\/659653507_1622874532616495_3605390356799860417_n.jpg?stp=dst-jpg_e35_tt6&amp;_nc_cat=101&amp;ccb=7-5&amp;_nc_sid=18de74&amp;efg=eyJlZmdfdGFnIjoiQ0FST1VTRUxfSVRFTS5iZXN0X2ltYWdlX3VybGdlbi5DMyJ9&amp;_nc_ohc=shuRJ7l74CcQ7kNvwGX6eEe&amp;_nc_oc=Ado70PpBWmtN7Z66q2OAPufrwit0lq3VrK6PA5wGsKARf_SLT_Iy0L2agmRt2-j54i5-Y7TVVThyjSA2rKTOCf56&amp;_nc_zt=23&amp;_nc_ht=scontent-hel3-1.cdninstagram.com&amp;edm=ANo9K5cEAAAA&amp;_nc_gid=VM0um5WHkWa0hVeqLa4Wtw&amp;_nc_tpa=Q5bMBQGSGXo7YoV24sfC_lwdruvfABF_dL25V3LBFSCg67PQF6uCLCRlWtHAOCc_PqDqLyuDGh1ca0UkuA&amp;oh=00_Af1uRMKL9Jwf4yznQnWOVieWSualbNRf2-21UpqvyT7pVw&amp;oe=69F8477A&quot;,&quot;320&quot;:&quot;https:\\\/\\\/scontent-hel3-1.cdninstagram.com\\\/v\\\/t39.30808-6\\\/659653507_1622874532616495_3605390356799860417_n.jpg?stp=dst-jpg_e35_tt6&amp;_nc_cat=101&amp;ccb=7-5&amp;_nc_sid=18de74&amp;efg=eyJlZmdfdGFnIjoiQ0FST1VTRUxfSVRFTS5iZXN0X2ltYWdlX3VybGdlbi5DMyJ9&amp;_nc_ohc=shuRJ7l74CcQ7kNvwGX6eEe&amp;_nc_oc=Ado70PpBWmtN7Z66q2OAPufrwit0lq3VrK6PA5wGsKARf_SLT_Iy0L2agmRt2-j54i5-Y7TVVThyjSA2rKTOCf56&amp;_nc_zt=23&amp;_nc_ht=scontent-hel3-1.cdninstagram.com&amp;edm=ANo9K5cEAAAA&amp;_nc_gid=VM0um5WHkWa0hVeqLa4Wtw&amp;_nc_tpa=Q5bMBQGSGXo7YoV24sfC_lwdruvfABF_dL25V3LBFSCg67PQF6uCLCRlWtHAOCc_PqDqLyuDGh1ca0UkuA&amp;oh=00_Af1uRMKL9Jwf4yznQnWOVieWSualbNRf2-21UpqvyT7pVw&amp;oe=69F8477A&quot;,&quot;640&quot;:&quot;https:\\\/\\\/scontent-hel3-1.cdninstagram.com\\\/v\\\/t39.30808-6\\\/659653507_1622874532616495_3605390356799860417_n.jpg?stp=dst-jpg_e35_tt6&amp;_nc_cat=101&amp;ccb=7-5&amp;_nc_sid=18de74&amp;efg=eyJlZmdfdGFnIjoiQ0FST1VTRUxfSVRFTS5iZXN0X2ltYWdlX3VybGdlbi5DMyJ9&amp;_nc_ohc=shuRJ7l74CcQ7kNvwGX6eEe&amp;_nc_oc=Ado70PpBWmtN7Z66q2OAPufrwit0lq3VrK6PA5wGsKARf_SLT_Iy0L2agmRt2-j54i5-Y7TVVThyjSA2rKTOCf56&amp;_nc_zt=23&amp;_nc_ht=scontent-hel3-1.cdninstagram.com&amp;edm=ANo9K5cEAAAA&amp;_nc_gid=VM0um5WHkWa0hVeqLa4Wtw&amp;_nc_tpa=Q5bMBQGSGXo7YoV24sfC_lwdruvfABF_dL25V3LBFSCg67PQF6uCLCRlWtHAOCc_PqDqLyuDGh1ca0UkuA&amp;oh=00_Af1uRMKL9Jwf4yznQnWOVieWSualbNRf2-21UpqvyT7pVw&amp;oe=69F8477A&quot;}\">\n\t\t\t<span class=\"sbi-screenreader\">Der Osterhase kann kommen \ud83d\udc30\ud83c\udf38\n\nZarte Farben, liebev<\/span>\n\t\t\t<svg class=\"svg-inline--fa fa-clone fa-w-16 sbi_lightbox_carousel_icon\" aria-hidden=\"true\" aria-label=\"Clone\" data-fa-pro\u0192cessed=\"\" data-prefix=\"far\" data-icon=\"clone\" role=\"img\" xmlns=\"http:\/\/www.w3.org\/2000\/svg\" viewBox=\"0 0 512 512\">\n                    <path fill=\"currentColor\" d=\"M464 0H144c-26.51 0-48 21.49-48 48v48H48c-26.51 0-48 21.49-48 48v320c0 26.51 21.49 48 48 48h320c26.51 0 48-21.49 48-48v-48h48c26.51 0 48-21.49 48-48V48c0-26.51-21.49-48-48-48zM362 464H54a6 6 0 0 1-6-6V150a6 6 0 0 1 6-6h42v224c0 26.51 21.49 48 48 48h224v42a6 6 0 0 1-6 6zm96-96H150a6 6 0 0 1-6-6V54a6 6 0 0 1 6-6h308a6 6 0 0 1 6 6v308a6 6 0 0 1-6 6z\"><\/path>\n                <\/svg>\t\t\t\t\t\t<img decoding=\"async\" src=\"https:\/\/www.harmonie-vienna.at\/wp-content\/plugins\/instagram-feed\/img\/placeholder.png\" alt=\"Der Osterhase kann kommen \ud83d\udc30\ud83c\udf38\n\nZarte Farben, liebevolle Details und ganz viel Osterstimmung verwandeln unser Hotel in einen Ort zum Ankommen und Wohlf\u00fchlen. \ud83c\udf37\u2728\n\nMit viel Herz dekoriert, schaffen wir kleine Momente der Freude \u2013 f\u00fcr alle, die die Feiertage bei uns verbringen oder einfach auf einen Besuch vorbeischauen.\n\nWir sind bereit f\u00fcr Ostern \u2013 und freuen uns darauf, diese besondere Zeit mit Ihnen zu teilen! \ud83d\udc9b\n\n#TheHarmonieVienna #HarmonieHeroes #OsternInWien #SpringInVienna #BoutiqueHotel #ViennaMoments #EasterVibes\" aria-hidden=\"true\">\n\t\t<\/a>\n\t<\/div>\n<\/div><div class=\"sbi_item sbi_type_carousel sbi_new sbi_transition\"\n\tid=\"sbi_18101318378489924\" data-date=\"1775059260\">\n\t<div class=\"sbi_photo_wrap\">\n\t\t<a class=\"sbi_photo\" href=\"https:\/\/www.instagram.com\/p\/DWmFF4gDnSd\/\" target=\"_blank\" rel=\"noopener nofollow\"\n\t\t\tdata-full-res=\"https:\/\/scontent-hel3-1.cdninstagram.com\/v\/t39.30808-6\/659057753_1622866072617341_1295630921644229334_n.jpg?stp=dst-jpg_e35_tt6&#038;_nc_cat=110&#038;ccb=7-5&#038;_nc_sid=18de74&#038;efg=eyJlZmdfdGFnIjoiQ0FST1VTRUxfSVRFTS5iZXN0X2ltYWdlX3VybGdlbi5DMyJ9&#038;_nc_ohc=_KHDiZj9xrIQ7kNvwFNPri3&#038;_nc_oc=AdrLVTlQRsRYdYrPMcaTIMElAzYYzmxfeCh-xRaoIb-OwlkHWMzbiHnLU4cxCZXPm1IKubQVk843XzZi67kMQaF6&#038;_nc_zt=23&#038;_nc_ht=scontent-hel3-1.cdninstagram.com&#038;edm=ANo9K5cEAAAA&#038;_nc_gid=VM0um5WHkWa0hVeqLa4Wtw&#038;_nc_tpa=Q5bMBQFFSj_OgdErVzc3LwK0aZ892bTZFdhSbbSz4eZpbUYrFMfdzF4btPWVK-Qa19Hf7uFuSd7IqZQ2Pg&#038;oh=00_Af1SVVvdL0dZVPeg7mkDdXBLIMLsLNbAe02IsRKNWwCkYg&#038;oe=69F844F6\"\n\t\t\tdata-img-src-set=\"{&quot;d&quot;:&quot;https:\\\/\\\/scontent-hel3-1.cdninstagram.com\\\/v\\\/t39.30808-6\\\/659057753_1622866072617341_1295630921644229334_n.jpg?stp=dst-jpg_e35_tt6&amp;_nc_cat=110&amp;ccb=7-5&amp;_nc_sid=18de74&amp;efg=eyJlZmdfdGFnIjoiQ0FST1VTRUxfSVRFTS5iZXN0X2ltYWdlX3VybGdlbi5DMyJ9&amp;_nc_ohc=_KHDiZj9xrIQ7kNvwFNPri3&amp;_nc_oc=AdrLVTlQRsRYdYrPMcaTIMElAzYYzmxfeCh-xRaoIb-OwlkHWMzbiHnLU4cxCZXPm1IKubQVk843XzZi67kMQaF6&amp;_nc_zt=23&amp;_nc_ht=scontent-hel3-1.cdninstagram.com&amp;edm=ANo9K5cEAAAA&amp;_nc_gid=VM0um5WHkWa0hVeqLa4Wtw&amp;_nc_tpa=Q5bMBQFFSj_OgdErVzc3LwK0aZ892bTZFdhSbbSz4eZpbUYrFMfdzF4btPWVK-Qa19Hf7uFuSd7IqZQ2Pg&amp;oh=00_Af1SVVvdL0dZVPeg7mkDdXBLIMLsLNbAe02IsRKNWwCkYg&amp;oe=69F844F6&quot;,&quot;150&quot;:&quot;https:\\\/\\\/scontent-hel3-1.cdninstagram.com\\\/v\\\/t39.30808-6\\\/659057753_1622866072617341_1295630921644229334_n.jpg?stp=dst-jpg_e35_tt6&amp;_nc_cat=110&amp;ccb=7-5&amp;_nc_sid=18de74&amp;efg=eyJlZmdfdGFnIjoiQ0FST1VTRUxfSVRFTS5iZXN0X2ltYWdlX3VybGdlbi5DMyJ9&amp;_nc_ohc=_KHDiZj9xrIQ7kNvwFNPri3&amp;_nc_oc=AdrLVTlQRsRYdYrPMcaTIMElAzYYzmxfeCh-xRaoIb-OwlkHWMzbiHnLU4cxCZXPm1IKubQVk843XzZi67kMQaF6&amp;_nc_zt=23&amp;_nc_ht=scontent-hel3-1.cdninstagram.com&amp;edm=ANo9K5cEAAAA&amp;_nc_gid=VM0um5WHkWa0hVeqLa4Wtw&amp;_nc_tpa=Q5bMBQFFSj_OgdErVzc3LwK0aZ892bTZFdhSbbSz4eZpbUYrFMfdzF4btPWVK-Qa19Hf7uFuSd7IqZQ2Pg&amp;oh=00_Af1SVVvdL0dZVPeg7mkDdXBLIMLsLNbAe02IsRKNWwCkYg&amp;oe=69F844F6&quot;,&quot;320&quot;:&quot;https:\\\/\\\/scontent-hel3-1.cdninstagram.com\\\/v\\\/t39.30808-6\\\/659057753_1622866072617341_1295630921644229334_n.jpg?stp=dst-jpg_e35_tt6&amp;_nc_cat=110&amp;ccb=7-5&amp;_nc_sid=18de74&amp;efg=eyJlZmdfdGFnIjoiQ0FST1VTRUxfSVRFTS5iZXN0X2ltYWdlX3VybGdlbi5DMyJ9&amp;_nc_ohc=_KHDiZj9xrIQ7kNvwFNPri3&amp;_nc_oc=AdrLVTlQRsRYdYrPMcaTIMElAzYYzmxfeCh-xRaoIb-OwlkHWMzbiHnLU4cxCZXPm1IKubQVk843XzZi67kMQaF6&amp;_nc_zt=23&amp;_nc_ht=scontent-hel3-1.cdninstagram.com&amp;edm=ANo9K5cEAAAA&amp;_nc_gid=VM0um5WHkWa0hVeqLa4Wtw&amp;_nc_tpa=Q5bMBQFFSj_OgdErVzc3LwK0aZ892bTZFdhSbbSz4eZpbUYrFMfdzF4btPWVK-Qa19Hf7uFuSd7IqZQ2Pg&amp;oh=00_Af1SVVvdL0dZVPeg7mkDdXBLIMLsLNbAe02IsRKNWwCkYg&amp;oe=69F844F6&quot;,&quot;640&quot;:&quot;https:\\\/\\\/scontent-hel3-1.cdninstagram.com\\\/v\\\/t39.30808-6\\\/659057753_1622866072617341_1295630921644229334_n.jpg?stp=dst-jpg_e35_tt6&amp;_nc_cat=110&amp;ccb=7-5&amp;_nc_sid=18de74&amp;efg=eyJlZmdfdGFnIjoiQ0FST1VTRUxfSVRFTS5iZXN0X2ltYWdlX3VybGdlbi5DMyJ9&amp;_nc_ohc=_KHDiZj9xrIQ7kNvwFNPri3&amp;_nc_oc=AdrLVTlQRsRYdYrPMcaTIMElAzYYzmxfeCh-xRaoIb-OwlkHWMzbiHnLU4cxCZXPm1IKubQVk843XzZi67kMQaF6&amp;_nc_zt=23&amp;_nc_ht=scontent-hel3-1.cdninstagram.com&amp;edm=ANo9K5cEAAAA&amp;_nc_gid=VM0um5WHkWa0hVeqLa4Wtw&amp;_nc_tpa=Q5bMBQFFSj_OgdErVzc3LwK0aZ892bTZFdhSbbSz4eZpbUYrFMfdzF4btPWVK-Qa19Hf7uFuSd7IqZQ2Pg&amp;oh=00_Af1SVVvdL0dZVPeg7mkDdXBLIMLsLNbAe02IsRKNWwCkYg&amp;oe=69F844F6&quot;}\">\n\t\t\t<span class=\"sbi-screenreader\">Ein Teil unseres Management-Teams hatte k\u00fcrzlich d<\/span>\n\t\t\t<svg class=\"svg-inline--fa fa-clone fa-w-16 sbi_lightbox_carousel_icon\" aria-hidden=\"true\" aria-label=\"Clone\" data-fa-pro\u0192cessed=\"\" data-prefix=\"far\" data-icon=\"clone\" role=\"img\" xmlns=\"http:\/\/www.w3.org\/2000\/svg\" viewBox=\"0 0 512 512\">\n                    <path fill=\"currentColor\" d=\"M464 0H144c-26.51 0-48 21.49-48 48v48H48c-26.51 0-48 21.49-48 48v320c0 26.51 21.49 48 48 48h320c26.51 0 48-21.49 48-48v-48h48c26.51 0 48-21.49 48-48V48c0-26.51-21.49-48-48-48zM362 464H54a6 6 0 0 1-6-6V150a6 6 0 0 1 6-6h42v224c0 26.51 21.49 48 48 48h224v42a6 6 0 0 1-6 6zm96-96H150a6 6 0 0 1-6-6V54a6 6 0 0 1 6-6h308a6 6 0 0 1 6 6v308a6 6 0 0 1-6 6z\"><\/path>\n                <\/svg>\t\t\t\t\t\t<img decoding=\"async\" src=\"https:\/\/www.harmonie-vienna.at\/wp-content\/plugins\/instagram-feed\/img\/placeholder.png\" alt=\"Ein Teil unseres Management-Teams hatte k\u00fcrzlich die besondere Freude, gemeinsam mit unserer Gesch\u00e4ftsf\u00fchrerin &amp; Eigent\u00fcmerin Frau Sonja Wimmer einen Spaziergang durch das wundersch\u00f6ne Servitenviertel zu genie\u00dfen. \u2728\n\nDabei wurde nicht nur die Geschichte unseres Gr\u00e4tzls lebendig, sondern auch neue Perspektiven entdeckt und der Teamzusammenhalt gest\u00e4rkt. Ein inspirierender Austausch, der zeigt, wie wertvoll gemeinsame Momente au\u00dferhalb des Arbeitsalltags sind. \ud83d\udcab\n\n#TheHarmonieVienna #HarmonieHeroes #Servitenviertel #Teamspirit #ViennaLife #Gr\u00e4tzlliebe\" aria-hidden=\"true\">\n\t\t<\/a>\n\t<\/div>\n<\/div><div class=\"sbi_item sbi_type_carousel sbi_new sbi_transition\"\n\tid=\"sbi_17933526633050414\" data-date=\"1774886537\">\n\t<div class=\"sbi_photo_wrap\">\n\t\t<a class=\"sbi_photo\" href=\"https:\/\/www.instagram.com\/p\/DWg7pjjDP6Z\/\" target=\"_blank\" rel=\"noopener nofollow\"\n\t\t\tdata-full-res=\"https:\/\/scontent-hel3-1.cdninstagram.com\/v\/t39.30808-6\/657429485_1622862709284344_7842974420602745015_n.jpg?stp=dst-jpg_e35_tt6&#038;_nc_cat=110&#038;ccb=7-5&#038;_nc_sid=18de74&#038;efg=eyJlZmdfdGFnIjoiQ0FST1VTRUxfSVRFTS5iZXN0X2ltYWdlX3VybGdlbi5DMyJ9&#038;_nc_ohc=tnpG7FmxQjUQ7kNvwGEqxrn&#038;_nc_oc=Adouf5E4ALpunMLcgc5zxC8DNjN0aiS8Foz9MaE8qlpnT01u4gNU1Yc_mGubZPeHFS_1vp5jOUQ4-WRvTfJe50_z&#038;_nc_zt=23&#038;_nc_ht=scontent-hel3-1.cdninstagram.com&#038;edm=ANo9K5cEAAAA&#038;_nc_gid=VM0um5WHkWa0hVeqLa4Wtw&#038;_nc_tpa=Q5bMBQFs-qkK_o-_qqcrLaYT_a_vbzumaoZV2dHIFmQyXLNU_XKfhNEIYkmD2wKZ_a0ocw0iyknSfnzGUQ&#038;oh=00_Af1ADl-ozGJj4gTDJIj3WrHM_vBrMF43r1GbHcQCXrx2ow&#038;oe=69F85394\"\n\t\t\tdata-img-src-set=\"{&quot;d&quot;:&quot;https:\\\/\\\/scontent-hel3-1.cdninstagram.com\\\/v\\\/t39.30808-6\\\/657429485_1622862709284344_7842974420602745015_n.jpg?stp=dst-jpg_e35_tt6&amp;_nc_cat=110&amp;ccb=7-5&amp;_nc_sid=18de74&amp;efg=eyJlZmdfdGFnIjoiQ0FST1VTRUxfSVRFTS5iZXN0X2ltYWdlX3VybGdlbi5DMyJ9&amp;_nc_ohc=tnpG7FmxQjUQ7kNvwGEqxrn&amp;_nc_oc=Adouf5E4ALpunMLcgc5zxC8DNjN0aiS8Foz9MaE8qlpnT01u4gNU1Yc_mGubZPeHFS_1vp5jOUQ4-WRvTfJe50_z&amp;_nc_zt=23&amp;_nc_ht=scontent-hel3-1.cdninstagram.com&amp;edm=ANo9K5cEAAAA&amp;_nc_gid=VM0um5WHkWa0hVeqLa4Wtw&amp;_nc_tpa=Q5bMBQFs-qkK_o-_qqcrLaYT_a_vbzumaoZV2dHIFmQyXLNU_XKfhNEIYkmD2wKZ_a0ocw0iyknSfnzGUQ&amp;oh=00_Af1ADl-ozGJj4gTDJIj3WrHM_vBrMF43r1GbHcQCXrx2ow&amp;oe=69F85394&quot;,&quot;150&quot;:&quot;https:\\\/\\\/scontent-hel3-1.cdninstagram.com\\\/v\\\/t39.30808-6\\\/657429485_1622862709284344_7842974420602745015_n.jpg?stp=dst-jpg_e35_tt6&amp;_nc_cat=110&amp;ccb=7-5&amp;_nc_sid=18de74&amp;efg=eyJlZmdfdGFnIjoiQ0FST1VTRUxfSVRFTS5iZXN0X2ltYWdlX3VybGdlbi5DMyJ9&amp;_nc_ohc=tnpG7FmxQjUQ7kNvwGEqxrn&amp;_nc_oc=Adouf5E4ALpunMLcgc5zxC8DNjN0aiS8Foz9MaE8qlpnT01u4gNU1Yc_mGubZPeHFS_1vp5jOUQ4-WRvTfJe50_z&amp;_nc_zt=23&amp;_nc_ht=scontent-hel3-1.cdninstagram.com&amp;edm=ANo9K5cEAAAA&amp;_nc_gid=VM0um5WHkWa0hVeqLa4Wtw&amp;_nc_tpa=Q5bMBQFs-qkK_o-_qqcrLaYT_a_vbzumaoZV2dHIFmQyXLNU_XKfhNEIYkmD2wKZ_a0ocw0iyknSfnzGUQ&amp;oh=00_Af1ADl-ozGJj4gTDJIj3WrHM_vBrMF43r1GbHcQCXrx2ow&amp;oe=69F85394&quot;,&quot;320&quot;:&quot;https:\\\/\\\/scontent-hel3-1.cdninstagram.com\\\/v\\\/t39.30808-6\\\/657429485_1622862709284344_7842974420602745015_n.jpg?stp=dst-jpg_e35_tt6&amp;_nc_cat=110&amp;ccb=7-5&amp;_nc_sid=18de74&amp;efg=eyJlZmdfdGFnIjoiQ0FST1VTRUxfSVRFTS5iZXN0X2ltYWdlX3VybGdlbi5DMyJ9&amp;_nc_ohc=tnpG7FmxQjUQ7kNvwGEqxrn&amp;_nc_oc=Adouf5E4ALpunMLcgc5zxC8DNjN0aiS8Foz9MaE8qlpnT01u4gNU1Yc_mGubZPeHFS_1vp5jOUQ4-WRvTfJe50_z&amp;_nc_zt=23&amp;_nc_ht=scontent-hel3-1.cdninstagram.com&amp;edm=ANo9K5cEAAAA&amp;_nc_gid=VM0um5WHkWa0hVeqLa4Wtw&amp;_nc_tpa=Q5bMBQFs-qkK_o-_qqcrLaYT_a_vbzumaoZV2dHIFmQyXLNU_XKfhNEIYkmD2wKZ_a0ocw0iyknSfnzGUQ&amp;oh=00_Af1ADl-ozGJj4gTDJIj3WrHM_vBrMF43r1GbHcQCXrx2ow&amp;oe=69F85394&quot;,&quot;640&quot;:&quot;https:\\\/\\\/scontent-hel3-1.cdninstagram.com\\\/v\\\/t39.30808-6\\\/657429485_1622862709284344_7842974420602745015_n.jpg?stp=dst-jpg_e35_tt6&amp;_nc_cat=110&amp;ccb=7-5&amp;_nc_sid=18de74&amp;efg=eyJlZmdfdGFnIjoiQ0FST1VTRUxfSVRFTS5iZXN0X2ltYWdlX3VybGdlbi5DMyJ9&amp;_nc_ohc=tnpG7FmxQjUQ7kNvwGEqxrn&amp;_nc_oc=Adouf5E4ALpunMLcgc5zxC8DNjN0aiS8Foz9MaE8qlpnT01u4gNU1Yc_mGubZPeHFS_1vp5jOUQ4-WRvTfJe50_z&amp;_nc_zt=23&amp;_nc_ht=scontent-hel3-1.cdninstagram.com&amp;edm=ANo9K5cEAAAA&amp;_nc_gid=VM0um5WHkWa0hVeqLa4Wtw&amp;_nc_tpa=Q5bMBQFs-qkK_o-_qqcrLaYT_a_vbzumaoZV2dHIFmQyXLNU_XKfhNEIYkmD2wKZ_a0ocw0iyknSfnzGUQ&amp;oh=00_Af1ADl-ozGJj4gTDJIj3WrHM_vBrMF43r1GbHcQCXrx2ow&amp;oe=69F85394&quot;}\">\n\t\t\t<span class=\"sbi-screenreader\">Im Kunsthistorischen Museum Wien erwartet Sie aktu<\/span>\n\t\t\t<svg class=\"svg-inline--fa fa-clone fa-w-16 sbi_lightbox_carousel_icon\" aria-hidden=\"true\" aria-label=\"Clone\" data-fa-pro\u0192cessed=\"\" data-prefix=\"far\" data-icon=\"clone\" role=\"img\" xmlns=\"http:\/\/www.w3.org\/2000\/svg\" viewBox=\"0 0 512 512\">\n                    <path fill=\"currentColor\" d=\"M464 0H144c-26.51 0-48 21.49-48 48v48H48c-26.51 0-48 21.49-48 48v320c0 26.51 21.49 48 48 48h320c26.51 0 48-21.49 48-48v-48h48c26.51 0 48-21.49 48-48V48c0-26.51-21.49-48-48-48zM362 464H54a6 6 0 0 1-6-6V150a6 6 0 0 1 6-6h42v224c0 26.51 21.49 48 48 48h224v42a6 6 0 0 1-6 6zm96-96H150a6 6 0 0 1-6-6V54a6 6 0 0 1 6-6h308a6 6 0 0 1 6 6v308a6 6 0 0 1-6 6z\"><\/path>\n                <\/svg>\t\t\t\t\t\t<img decoding=\"async\" src=\"https:\/\/www.harmonie-vienna.at\/wp-content\/plugins\/instagram-feed\/img\/placeholder.png\" alt=\"Im Kunsthistorischen Museum Wien erwartet Sie aktuell die beeindruckende Ausstellung Canaletto &amp; Bellotto. \u2728\n\nEin besonderes Highlight: Bellottos Blick auf das Gartenpalais Liechtenstein \u2013 und genau dieses befindet sich nur wenige Schritte von The Harmonie Vienna entfernt. So wird ein Spaziergang durch unsere Nachbarschaft pl\u00f6tzlich zur lebendigen Zeitreise. \ud83c\udfa8\n\nAls stolzer Kooperationspartner des KHM unterst\u00fctzen wir Sie selbstverst\u00e4ndlich gerne bei der Ticketbuchung und teilen unsere pers\u00f6nlichen Tipps f\u00fcr einen inspirierenden Museumsbesuch.\n\n#TheHarmonieVienna #KHM #KunsthistorischesMuseum #WienErleben #ViennaArt #CanalettoBellotto #ViennaCulture #ArtLovers #visitvienna \n\n\u00a9 LIECHTENSTEIN. The Princely Collections, Vaduz-Vienna\n\u00a9 KHM-Museumsverband, Foto: Jakob Gs\u00f6llpointner\" aria-hidden=\"true\">\n\t\t<\/a>\n\t<\/div>\n<\/div><div class=\"sbi_item sbi_type_carousel sbi_new sbi_transition\"\n\tid=\"sbi_17900236746409868\" data-date=\"1774630857\">\n\t<div class=\"sbi_photo_wrap\">\n\t\t<a class=\"sbi_photo\" href=\"https:\/\/www.instagram.com\/p\/DWZT-kugdTk\/\" target=\"_blank\" rel=\"noopener nofollow\"\n\t\t\tdata-full-res=\"https:\/\/scontent-hel3-1.cdninstagram.com\/v\/t39.30808-6\/657244138_1622850865952195_6314841294366982500_n.jpg?stp=dst-jpg_e35_tt6&#038;_nc_cat=100&#038;ccb=7-5&#038;_nc_sid=18de74&#038;efg=eyJlZmdfdGFnIjoiQ0FST1VTRUxfSVRFTS5iZXN0X2ltYWdlX3VybGdlbi5DMyJ9&#038;_nc_ohc=cMBr-l3AZ60Q7kNvwGLhv4i&#038;_nc_oc=AdoQsmrHExJF4ITVExOOU3kEZbXsDKa0YBQg1Hws9HORSdqvTCJ-ObkUAJZbjbNqSDHWSum2kmNRH3KhEeNTAgRB&#038;_nc_zt=23&#038;_nc_ht=scontent-hel3-1.cdninstagram.com&#038;edm=ANo9K5cEAAAA&#038;_nc_gid=VM0um5WHkWa0hVeqLa4Wtw&#038;_nc_tpa=Q5bMBQFW5a8x4_iTaOkRobruRZPpMKyZJUsG7QznsJ4VNpsasuITtn8lWzmZlnl5KkRJVPT5GkHeLR9e4g&#038;oh=00_Af2Zz5-3dRgkjA4xyR2xl0V9ON-8bNDQ8JntHb1Qaoyt0Q&#038;oe=69F860B1\"\n\t\t\tdata-img-src-set=\"{&quot;d&quot;:&quot;https:\\\/\\\/scontent-hel3-1.cdninstagram.com\\\/v\\\/t39.30808-6\\\/657244138_1622850865952195_6314841294366982500_n.jpg?stp=dst-jpg_e35_tt6&amp;_nc_cat=100&amp;ccb=7-5&amp;_nc_sid=18de74&amp;efg=eyJlZmdfdGFnIjoiQ0FST1VTRUxfSVRFTS5iZXN0X2ltYWdlX3VybGdlbi5DMyJ9&amp;_nc_ohc=cMBr-l3AZ60Q7kNvwGLhv4i&amp;_nc_oc=AdoQsmrHExJF4ITVExOOU3kEZbXsDKa0YBQg1Hws9HORSdqvTCJ-ObkUAJZbjbNqSDHWSum2kmNRH3KhEeNTAgRB&amp;_nc_zt=23&amp;_nc_ht=scontent-hel3-1.cdninstagram.com&amp;edm=ANo9K5cEAAAA&amp;_nc_gid=VM0um5WHkWa0hVeqLa4Wtw&amp;_nc_tpa=Q5bMBQFW5a8x4_iTaOkRobruRZPpMKyZJUsG7QznsJ4VNpsasuITtn8lWzmZlnl5KkRJVPT5GkHeLR9e4g&amp;oh=00_Af2Zz5-3dRgkjA4xyR2xl0V9ON-8bNDQ8JntHb1Qaoyt0Q&amp;oe=69F860B1&quot;,&quot;150&quot;:&quot;https:\\\/\\\/scontent-hel3-1.cdninstagram.com\\\/v\\\/t39.30808-6\\\/657244138_1622850865952195_6314841294366982500_n.jpg?stp=dst-jpg_e35_tt6&amp;_nc_cat=100&amp;ccb=7-5&amp;_nc_sid=18de74&amp;efg=eyJlZmdfdGFnIjoiQ0FST1VTRUxfSVRFTS5iZXN0X2ltYWdlX3VybGdlbi5DMyJ9&amp;_nc_ohc=cMBr-l3AZ60Q7kNvwGLhv4i&amp;_nc_oc=AdoQsmrHExJF4ITVExOOU3kEZbXsDKa0YBQg1Hws9HORSdqvTCJ-ObkUAJZbjbNqSDHWSum2kmNRH3KhEeNTAgRB&amp;_nc_zt=23&amp;_nc_ht=scontent-hel3-1.cdninstagram.com&amp;edm=ANo9K5cEAAAA&amp;_nc_gid=VM0um5WHkWa0hVeqLa4Wtw&amp;_nc_tpa=Q5bMBQFW5a8x4_iTaOkRobruRZPpMKyZJUsG7QznsJ4VNpsasuITtn8lWzmZlnl5KkRJVPT5GkHeLR9e4g&amp;oh=00_Af2Zz5-3dRgkjA4xyR2xl0V9ON-8bNDQ8JntHb1Qaoyt0Q&amp;oe=69F860B1&quot;,&quot;320&quot;:&quot;https:\\\/\\\/scontent-hel3-1.cdninstagram.com\\\/v\\\/t39.30808-6\\\/657244138_1622850865952195_6314841294366982500_n.jpg?stp=dst-jpg_e35_tt6&amp;_nc_cat=100&amp;ccb=7-5&amp;_nc_sid=18de74&amp;efg=eyJlZmdfdGFnIjoiQ0FST1VTRUxfSVRFTS5iZXN0X2ltYWdlX3VybGdlbi5DMyJ9&amp;_nc_ohc=cMBr-l3AZ60Q7kNvwGLhv4i&amp;_nc_oc=AdoQsmrHExJF4ITVExOOU3kEZbXsDKa0YBQg1Hws9HORSdqvTCJ-ObkUAJZbjbNqSDHWSum2kmNRH3KhEeNTAgRB&amp;_nc_zt=23&amp;_nc_ht=scontent-hel3-1.cdninstagram.com&amp;edm=ANo9K5cEAAAA&amp;_nc_gid=VM0um5WHkWa0hVeqLa4Wtw&amp;_nc_tpa=Q5bMBQFW5a8x4_iTaOkRobruRZPpMKyZJUsG7QznsJ4VNpsasuITtn8lWzmZlnl5KkRJVPT5GkHeLR9e4g&amp;oh=00_Af2Zz5-3dRgkjA4xyR2xl0V9ON-8bNDQ8JntHb1Qaoyt0Q&amp;oe=69F860B1&quot;,&quot;640&quot;:&quot;https:\\\/\\\/scontent-hel3-1.cdninstagram.com\\\/v\\\/t39.30808-6\\\/657244138_1622850865952195_6314841294366982500_n.jpg?stp=dst-jpg_e35_tt6&amp;_nc_cat=100&amp;ccb=7-5&amp;_nc_sid=18de74&amp;efg=eyJlZmdfdGFnIjoiQ0FST1VTRUxfSVRFTS5iZXN0X2ltYWdlX3VybGdlbi5DMyJ9&amp;_nc_ohc=cMBr-l3AZ60Q7kNvwGLhv4i&amp;_nc_oc=AdoQsmrHExJF4ITVExOOU3kEZbXsDKa0YBQg1Hws9HORSdqvTCJ-ObkUAJZbjbNqSDHWSum2kmNRH3KhEeNTAgRB&amp;_nc_zt=23&amp;_nc_ht=scontent-hel3-1.cdninstagram.com&amp;edm=ANo9K5cEAAAA&amp;_nc_gid=VM0um5WHkWa0hVeqLa4Wtw&amp;_nc_tpa=Q5bMBQFW5a8x4_iTaOkRobruRZPpMKyZJUsG7QznsJ4VNpsasuITtn8lWzmZlnl5KkRJVPT5GkHeLR9e4g&amp;oh=00_Af2Zz5-3dRgkjA4xyR2xl0V9ON-8bNDQ8JntHb1Qaoyt0Q&amp;oe=69F860B1&quot;}\">\n\t\t\t<span class=\"sbi-screenreader\">Der Fr\u00fchling macht gerade eine kleine Regenpause \ud83c\udf27<\/span>\n\t\t\t<svg class=\"svg-inline--fa fa-clone fa-w-16 sbi_lightbox_carousel_icon\" aria-hidden=\"true\" aria-label=\"Clone\" data-fa-pro\u0192cessed=\"\" data-prefix=\"far\" data-icon=\"clone\" role=\"img\" xmlns=\"http:\/\/www.w3.org\/2000\/svg\" viewBox=\"0 0 512 512\">\n                    <path fill=\"currentColor\" d=\"M464 0H144c-26.51 0-48 21.49-48 48v48H48c-26.51 0-48 21.49-48 48v320c0 26.51 21.49 48 48 48h320c26.51 0 48-21.49 48-48v-48h48c26.51 0 48-21.49 48-48V48c0-26.51-21.49-48-48-48zM362 464H54a6 6 0 0 1-6-6V150a6 6 0 0 1 6-6h42v224c0 26.51 21.49 48 48 48h224v42a6 6 0 0 1-6 6zm96-96H150a6 6 0 0 1-6-6V54a6 6 0 0 1 6-6h308a6 6 0 0 1 6 6v308a6 6 0 0 1-6 6z\"><\/path>\n                <\/svg>\t\t\t\t\t\t<img decoding=\"async\" src=\"https:\/\/www.harmonie-vienna.at\/wp-content\/plugins\/instagram-feed\/img\/placeholder.png\" alt=\"Der Fr\u00fchling macht gerade eine kleine Regenpause \ud83c\udf27\ufe0f \u2013 aber wir holen uns einfach die Sonne der letzten Tage zur\u00fcck \ud83c\udf38\u2728\n\nIm Servitenviertel hat es letzte Woche schon \u00fcberall gebl\u00fcht: kleine, charmante Blumenl\u00e4den, frische Farben und dieser ganz besondere Duft nach Fr\u00fchling in der Luft. Genau diese Momente haben wir f\u00fcr euch eingefangen \ud83d\udc90\n\nSwipe dich durch unsere liebsten bl\u00fchenden Spots und lass dich inspirieren \u2013 f\u00fcr den n\u00e4chsten sonnigen Spaziergang (der bestimmt bald wieder kommt) \u2600\ufe0f\ud83c\udf3f\n\n#TheHarmonieVienna #Servitenviertel #Fr\u00fchlingInWien #ViennaNow #WienLiebe\n#HiddenVienna #SpringInVienna\" aria-hidden=\"true\">\n\t\t<\/a>\n\t<\/div>\n<\/div><div class=\"sbi_item sbi_type_carousel sbi_new sbi_transition\"\n\tid=\"sbi_18207678709328850\" data-date=\"1774461623\">\n\t<div class=\"sbi_photo_wrap\">\n\t\t<a class=\"sbi_photo\" href=\"https:\/\/www.instagram.com\/p\/DWURMHoDDxK\/\" target=\"_blank\" rel=\"noopener nofollow\"\n\t\t\tdata-full-res=\"https:\/\/scontent-hel3-1.cdninstagram.com\/v\/t39.30808-6\/651754602_1615267216710560_8970529260166113244_n.jpg?stp=dst-jpg_e35_tt6&#038;_nc_cat=103&#038;ccb=7-5&#038;_nc_sid=18de74&#038;efg=eyJlZmdfdGFnIjoiQ0FST1VTRUxfSVRFTS5iZXN0X2ltYWdlX3VybGdlbi5DMyJ9&#038;_nc_ohc=qHzpv0e8OSAQ7kNvwHYB-lZ&#038;_nc_oc=AdploYvwb772gaUjVh7j_Mq6c1TsDxS9dk6UCe9qHoMSF_yPMBfWNCzuCMps60bihjkPXFybo0RpYevEoeicG-bz&#038;_nc_zt=23&#038;_nc_ht=scontent-hel3-1.cdninstagram.com&#038;edm=ANo9K5cEAAAA&#038;_nc_gid=VM0um5WHkWa0hVeqLa4Wtw&#038;_nc_tpa=Q5bMBQGHPntkD6llKkxHPWPGPHRGrjEbMOcNYUgBC3V4gR1eXtK63FtPrlRNMiw6OelHQphnC_ZR2xOrKQ&#038;oh=00_Af27jGeKTxn1ZtcVaNHttVarOcPu8qpp1ry_i-o9yHh_2w&#038;oe=69F8720E\"\n\t\t\tdata-img-src-set=\"{&quot;d&quot;:&quot;https:\\\/\\\/scontent-hel3-1.cdninstagram.com\\\/v\\\/t39.30808-6\\\/651754602_1615267216710560_8970529260166113244_n.jpg?stp=dst-jpg_e35_tt6&amp;_nc_cat=103&amp;ccb=7-5&amp;_nc_sid=18de74&amp;efg=eyJlZmdfdGFnIjoiQ0FST1VTRUxfSVRFTS5iZXN0X2ltYWdlX3VybGdlbi5DMyJ9&amp;_nc_ohc=qHzpv0e8OSAQ7kNvwHYB-lZ&amp;_nc_oc=AdploYvwb772gaUjVh7j_Mq6c1TsDxS9dk6UCe9qHoMSF_yPMBfWNCzuCMps60bihjkPXFybo0RpYevEoeicG-bz&amp;_nc_zt=23&amp;_nc_ht=scontent-hel3-1.cdninstagram.com&amp;edm=ANo9K5cEAAAA&amp;_nc_gid=VM0um5WHkWa0hVeqLa4Wtw&amp;_nc_tpa=Q5bMBQGHPntkD6llKkxHPWPGPHRGrjEbMOcNYUgBC3V4gR1eXtK63FtPrlRNMiw6OelHQphnC_ZR2xOrKQ&amp;oh=00_Af27jGeKTxn1ZtcVaNHttVarOcPu8qpp1ry_i-o9yHh_2w&amp;oe=69F8720E&quot;,&quot;150&quot;:&quot;https:\\\/\\\/scontent-hel3-1.cdninstagram.com\\\/v\\\/t39.30808-6\\\/651754602_1615267216710560_8970529260166113244_n.jpg?stp=dst-jpg_e35_tt6&amp;_nc_cat=103&amp;ccb=7-5&amp;_nc_sid=18de74&amp;efg=eyJlZmdfdGFnIjoiQ0FST1VTRUxfSVRFTS5iZXN0X2ltYWdlX3VybGdlbi5DMyJ9&amp;_nc_ohc=qHzpv0e8OSAQ7kNvwHYB-lZ&amp;_nc_oc=AdploYvwb772gaUjVh7j_Mq6c1TsDxS9dk6UCe9qHoMSF_yPMBfWNCzuCMps60bihjkPXFybo0RpYevEoeicG-bz&amp;_nc_zt=23&amp;_nc_ht=scontent-hel3-1.cdninstagram.com&amp;edm=ANo9K5cEAAAA&amp;_nc_gid=VM0um5WHkWa0hVeqLa4Wtw&amp;_nc_tpa=Q5bMBQGHPntkD6llKkxHPWPGPHRGrjEbMOcNYUgBC3V4gR1eXtK63FtPrlRNMiw6OelHQphnC_ZR2xOrKQ&amp;oh=00_Af27jGeKTxn1ZtcVaNHttVarOcPu8qpp1ry_i-o9yHh_2w&amp;oe=69F8720E&quot;,&quot;320&quot;:&quot;https:\\\/\\\/scontent-hel3-1.cdninstagram.com\\\/v\\\/t39.30808-6\\\/651754602_1615267216710560_8970529260166113244_n.jpg?stp=dst-jpg_e35_tt6&amp;_nc_cat=103&amp;ccb=7-5&amp;_nc_sid=18de74&amp;efg=eyJlZmdfdGFnIjoiQ0FST1VTRUxfSVRFTS5iZXN0X2ltYWdlX3VybGdlbi5DMyJ9&amp;_nc_ohc=qHzpv0e8OSAQ7kNvwHYB-lZ&amp;_nc_oc=AdploYvwb772gaUjVh7j_Mq6c1TsDxS9dk6UCe9qHoMSF_yPMBfWNCzuCMps60bihjkPXFybo0RpYevEoeicG-bz&amp;_nc_zt=23&amp;_nc_ht=scontent-hel3-1.cdninstagram.com&amp;edm=ANo9K5cEAAAA&amp;_nc_gid=VM0um5WHkWa0hVeqLa4Wtw&amp;_nc_tpa=Q5bMBQGHPntkD6llKkxHPWPGPHRGrjEbMOcNYUgBC3V4gR1eXtK63FtPrlRNMiw6OelHQphnC_ZR2xOrKQ&amp;oh=00_Af27jGeKTxn1ZtcVaNHttVarOcPu8qpp1ry_i-o9yHh_2w&amp;oe=69F8720E&quot;,&quot;640&quot;:&quot;https:\\\/\\\/scontent-hel3-1.cdninstagram.com\\\/v\\\/t39.30808-6\\\/651754602_1615267216710560_8970529260166113244_n.jpg?stp=dst-jpg_e35_tt6&amp;_nc_cat=103&amp;ccb=7-5&amp;_nc_sid=18de74&amp;efg=eyJlZmdfdGFnIjoiQ0FST1VTRUxfSVRFTS5iZXN0X2ltYWdlX3VybGdlbi5DMyJ9&amp;_nc_ohc=qHzpv0e8OSAQ7kNvwHYB-lZ&amp;_nc_oc=AdploYvwb772gaUjVh7j_Mq6c1TsDxS9dk6UCe9qHoMSF_yPMBfWNCzuCMps60bihjkPXFybo0RpYevEoeicG-bz&amp;_nc_zt=23&amp;_nc_ht=scontent-hel3-1.cdninstagram.com&amp;edm=ANo9K5cEAAAA&amp;_nc_gid=VM0um5WHkWa0hVeqLa4Wtw&amp;_nc_tpa=Q5bMBQGHPntkD6llKkxHPWPGPHRGrjEbMOcNYUgBC3V4gR1eXtK63FtPrlRNMiw6OelHQphnC_ZR2xOrKQ&amp;oh=00_Af27jGeKTxn1ZtcVaNHttVarOcPu8qpp1ry_i-o9yHh_2w&amp;oe=69F8720E&quot;}\">\n\t\t\t<span class=\"sbi-screenreader\">Neue Signature Cocktails im The Harmonie Vienna \ud83c\udf78\n<\/span>\n\t\t\t<svg class=\"svg-inline--fa fa-clone fa-w-16 sbi_lightbox_carousel_icon\" aria-hidden=\"true\" aria-label=\"Clone\" data-fa-pro\u0192cessed=\"\" data-prefix=\"far\" data-icon=\"clone\" role=\"img\" xmlns=\"http:\/\/www.w3.org\/2000\/svg\" viewBox=\"0 0 512 512\">\n                    <path fill=\"currentColor\" d=\"M464 0H144c-26.51 0-48 21.49-48 48v48H48c-26.51 0-48 21.49-48 48v320c0 26.51 21.49 48 48 48h320c26.51 0 48-21.49 48-48v-48h48c26.51 0 48-21.49 48-48V48c0-26.51-21.49-48-48-48zM362 464H54a6 6 0 0 1-6-6V150a6 6 0 0 1 6-6h42v224c0 26.51 21.49 48 48 48h224v42a6 6 0 0 1-6 6zm96-96H150a6 6 0 0 1-6-6V54a6 6 0 0 1 6-6h308a6 6 0 0 1 6 6v308a6 6 0 0 1-6 6z\"><\/path>\n                <\/svg>\t\t\t\t\t\t<img decoding=\"async\" src=\"https:\/\/www.harmonie-vienna.at\/wp-content\/plugins\/instagram-feed\/img\/placeholder.png\" alt=\"Neue Signature Cocktails im The Harmonie Vienna \ud83c\udf78\n\nMit gro\u00dfer Freude servieren wir Ihnen ab sofort drei besondere Kreationen von Cocktail World Champion Mario Hofferer \u2013 inspiriert von Geschichte, Kultur und Wiener Lebensgef\u00fchl.\n\n\ud83c\udf4a Audienz in Florenz\nNegroni \u2013 herb, warm und komplex wie die stille Sehnsucht nach der Adriak\u00fcste.\n\n\ud83e\udd43 Anno 1866\nWhiskey Sour \u2013 erquicklich und von feiner Galanterie wie einst im Harmonietheater.\n\n\u2615 Nachts im Kaffeehaus\nEspresso Martini \u2013 tiefgr\u00fcndig, wach und leicht melancholisch wie ein sp\u00e4tes Gespr\u00e4ch im Wiener Caf\u00e9.\n\nWir freuen uns schon darauf, Sie an unserer Bar willkommen zu hei\u00dfen.\n\n#TheHarmonieVienna #HarmonieHeroes #CocktailTime #CocktailLovers #ViennaCocktails #ViennaBar #BarCulture #SignatureDrinks #Mixology #DrinkInspiration #VisitVienna #WienErleben #LuxuryVienna #BoutiqueHotel #HotelBar\" aria-hidden=\"true\">\n\t\t<\/a>\n\t<\/div>\n<\/div><div class=\"sbi_item sbi_type_carousel sbi_new sbi_transition\"\n\tid=\"sbi_17999858612875311\" data-date=\"1774170036\">\n\t<div class=\"sbi_photo_wrap\">\n\t\t<a class=\"sbi_photo\" href=\"https:\/\/www.instagram.com\/p\/DWLlB_Al8XN\/\" target=\"_blank\" rel=\"noopener nofollow\"\n\t\t\tdata-full-res=\"https:\/\/scontent-hel3-1.cdninstagram.com\/v\/t39.30808-6\/653979141_1615251193378829_2964215518166569476_n.jpg?stp=dst-jpg_e35_tt6&#038;_nc_cat=102&#038;ccb=7-5&#038;_nc_sid=18de74&#038;efg=eyJlZmdfdGFnIjoiQ0FST1VTRUxfSVRFTS5iZXN0X2ltYWdlX3VybGdlbi5DMyJ9&#038;_nc_ohc=HKcrl1xQEdcQ7kNvwGqk_Oe&#038;_nc_oc=AdqtcklWRdAmjv1TA0HHuq2zEHeAtHaF672bLNnPiElBbrCc6zIv7yVuZoJdZvIIxqhizO-SCtyRy_fWe0PcSbiC&#038;_nc_zt=23&#038;_nc_ht=scontent-hel3-1.cdninstagram.com&#038;edm=ANo9K5cEAAAA&#038;_nc_gid=VM0um5WHkWa0hVeqLa4Wtw&#038;_nc_tpa=Q5bMBQFno_5FtXbTnu_HMMVCNvQ4H2Zypo2AMHzIImpE8_2dmg5nT1yY4fbd9ocyiAWMnE2Cbn-qCQpDdw&#038;oh=00_Af1hXL5aPNv8pIN7UlyU9LaNggeWBOXq3G3KbzX-LSQiYQ&#038;oe=69F86EE8\"\n\t\t\tdata-img-src-set=\"{&quot;d&quot;:&quot;https:\\\/\\\/scontent-hel3-1.cdninstagram.com\\\/v\\\/t39.30808-6\\\/653979141_1615251193378829_2964215518166569476_n.jpg?stp=dst-jpg_e35_tt6&amp;_nc_cat=102&amp;ccb=7-5&amp;_nc_sid=18de74&amp;efg=eyJlZmdfdGFnIjoiQ0FST1VTRUxfSVRFTS5iZXN0X2ltYWdlX3VybGdlbi5DMyJ9&amp;_nc_ohc=HKcrl1xQEdcQ7kNvwGqk_Oe&amp;_nc_oc=AdqtcklWRdAmjv1TA0HHuq2zEHeAtHaF672bLNnPiElBbrCc6zIv7yVuZoJdZvIIxqhizO-SCtyRy_fWe0PcSbiC&amp;_nc_zt=23&amp;_nc_ht=scontent-hel3-1.cdninstagram.com&amp;edm=ANo9K5cEAAAA&amp;_nc_gid=VM0um5WHkWa0hVeqLa4Wtw&amp;_nc_tpa=Q5bMBQFno_5FtXbTnu_HMMVCNvQ4H2Zypo2AMHzIImpE8_2dmg5nT1yY4fbd9ocyiAWMnE2Cbn-qCQpDdw&amp;oh=00_Af1hXL5aPNv8pIN7UlyU9LaNggeWBOXq3G3KbzX-LSQiYQ&amp;oe=69F86EE8&quot;,&quot;150&quot;:&quot;https:\\\/\\\/scontent-hel3-1.cdninstagram.com\\\/v\\\/t39.30808-6\\\/653979141_1615251193378829_2964215518166569476_n.jpg?stp=dst-jpg_e35_tt6&amp;_nc_cat=102&amp;ccb=7-5&amp;_nc_sid=18de74&amp;efg=eyJlZmdfdGFnIjoiQ0FST1VTRUxfSVRFTS5iZXN0X2ltYWdlX3VybGdlbi5DMyJ9&amp;_nc_ohc=HKcrl1xQEdcQ7kNvwGqk_Oe&amp;_nc_oc=AdqtcklWRdAmjv1TA0HHuq2zEHeAtHaF672bLNnPiElBbrCc6zIv7yVuZoJdZvIIxqhizO-SCtyRy_fWe0PcSbiC&amp;_nc_zt=23&amp;_nc_ht=scontent-hel3-1.cdninstagram.com&amp;edm=ANo9K5cEAAAA&amp;_nc_gid=VM0um5WHkWa0hVeqLa4Wtw&amp;_nc_tpa=Q5bMBQFno_5FtXbTnu_HMMVCNvQ4H2Zypo2AMHzIImpE8_2dmg5nT1yY4fbd9ocyiAWMnE2Cbn-qCQpDdw&amp;oh=00_Af1hXL5aPNv8pIN7UlyU9LaNggeWBOXq3G3KbzX-LSQiYQ&amp;oe=69F86EE8&quot;,&quot;320&quot;:&quot;https:\\\/\\\/scontent-hel3-1.cdninstagram.com\\\/v\\\/t39.30808-6\\\/653979141_1615251193378829_2964215518166569476_n.jpg?stp=dst-jpg_e35_tt6&amp;_nc_cat=102&amp;ccb=7-5&amp;_nc_sid=18de74&amp;efg=eyJlZmdfdGFnIjoiQ0FST1VTRUxfSVRFTS5iZXN0X2ltYWdlX3VybGdlbi5DMyJ9&amp;_nc_ohc=HKcrl1xQEdcQ7kNvwGqk_Oe&amp;_nc_oc=AdqtcklWRdAmjv1TA0HHuq2zEHeAtHaF672bLNnPiElBbrCc6zIv7yVuZoJdZvIIxqhizO-SCtyRy_fWe0PcSbiC&amp;_nc_zt=23&amp;_nc_ht=scontent-hel3-1.cdninstagram.com&amp;edm=ANo9K5cEAAAA&amp;_nc_gid=VM0um5WHkWa0hVeqLa4Wtw&amp;_nc_tpa=Q5bMBQFno_5FtXbTnu_HMMVCNvQ4H2Zypo2AMHzIImpE8_2dmg5nT1yY4fbd9ocyiAWMnE2Cbn-qCQpDdw&amp;oh=00_Af1hXL5aPNv8pIN7UlyU9LaNggeWBOXq3G3KbzX-LSQiYQ&amp;oe=69F86EE8&quot;,&quot;640&quot;:&quot;https:\\\/\\\/scontent-hel3-1.cdninstagram.com\\\/v\\\/t39.30808-6\\\/653979141_1615251193378829_2964215518166569476_n.jpg?stp=dst-jpg_e35_tt6&amp;_nc_cat=102&amp;ccb=7-5&amp;_nc_sid=18de74&amp;efg=eyJlZmdfdGFnIjoiQ0FST1VTRUxfSVRFTS5iZXN0X2ltYWdlX3VybGdlbi5DMyJ9&amp;_nc_ohc=HKcrl1xQEdcQ7kNvwGqk_Oe&amp;_nc_oc=AdqtcklWRdAmjv1TA0HHuq2zEHeAtHaF672bLNnPiElBbrCc6zIv7yVuZoJdZvIIxqhizO-SCtyRy_fWe0PcSbiC&amp;_nc_zt=23&amp;_nc_ht=scontent-hel3-1.cdninstagram.com&amp;edm=ANo9K5cEAAAA&amp;_nc_gid=VM0um5WHkWa0hVeqLa4Wtw&amp;_nc_tpa=Q5bMBQFno_5FtXbTnu_HMMVCNvQ4H2Zypo2AMHzIImpE8_2dmg5nT1yY4fbd9ocyiAWMnE2Cbn-qCQpDdw&amp;oh=00_Af1hXL5aPNv8pIN7UlyU9LaNggeWBOXq3G3KbzX-LSQiYQ&amp;oe=69F86EE8&quot;}\">\n\t\t\t<span class=\"sbi-screenreader\">Fr\u00fchst\u00fcck bei uns bedeutet nicht nur Genuss \u2013 sond<\/span>\n\t\t\t<svg class=\"svg-inline--fa fa-clone fa-w-16 sbi_lightbox_carousel_icon\" aria-hidden=\"true\" aria-label=\"Clone\" data-fa-pro\u0192cessed=\"\" data-prefix=\"far\" data-icon=\"clone\" role=\"img\" xmlns=\"http:\/\/www.w3.org\/2000\/svg\" viewBox=\"0 0 512 512\">\n                    <path fill=\"currentColor\" d=\"M464 0H144c-26.51 0-48 21.49-48 48v48H48c-26.51 0-48 21.49-48 48v320c0 26.51 21.49 48 48 48h320c26.51 0 48-21.49 48-48v-48h48c26.51 0 48-21.49 48-48V48c0-26.51-21.49-48-48-48zM362 464H54a6 6 0 0 1-6-6V150a6 6 0 0 1 6-6h42v224c0 26.51 21.49 48 48 48h224v42a6 6 0 0 1-6 6zm96-96H150a6 6 0 0 1-6-6V54a6 6 0 0 1 6-6h308a6 6 0 0 1 6 6v308a6 6 0 0 1-6 6z\"><\/path>\n                <\/svg>\t\t\t\t\t\t<img decoding=\"async\" src=\"https:\/\/www.harmonie-vienna.at\/wp-content\/plugins\/instagram-feed\/img\/placeholder.png\" alt=\"Fr\u00fchst\u00fcck bei uns bedeutet nicht nur Genuss \u2013 sondern auch Verantwortung \ud83e\udd5a\u2728\n\nUnsere Eier beziehen wir vom BIO-Hof Loschenhof im Waldviertel. Ein Familienbetrieb, der seit 1989 aus voller \u00dcberzeugung nach BIO-AUSTRIA Richtlinien arbeitet \u2013 mit Respekt f\u00fcr Tier, Natur und Qualit\u00e4t.\n\nDort leben die Hennen in ruhiger Alleinlage, umgeben von Natur und mit viel Platz zum \u201egl\u00fccklich sein\u201c. Genau das schmeckt man auch auf dem Teller.\n\nSo beginnt der Tag bei uns: ehrlich, regional und mit einem guten Gef\u00fchl. \ud83c\udf3f\n\n\u00a9 Loschenhof @loschenhof \n\n#TheHarmonieVienna #bioqualit\u00e4t #regionalgenie\u00dfen #bioliebe #nachhaltig #fr\u00fchst\u00fccksliebe #organicfood\" aria-hidden=\"true\">\n\t\t<\/a>\n\t<\/div>\n<\/div><div class=\"sbi_item sbi_type_carousel sbi_new sbi_transition\"\n\tid=\"sbi_18079882940080530\" data-date=\"1773943326\">\n\t<div class=\"sbi_photo_wrap\">\n\t\t<a class=\"sbi_photo\" href=\"https:\/\/www.instagram.com\/p\/DWE0ne0lIzX\/\" target=\"_blank\" rel=\"noopener nofollow\"\n\t\t\tdata-full-res=\"https:\/\/scontent-hel3-1.cdninstagram.com\/v\/t39.30808-6\/651406802_1615231523380796_3623784383336668443_n.jpg?stp=dst-jpg_e35_tt6&#038;_nc_cat=102&#038;ccb=7-5&#038;_nc_sid=18de74&#038;efg=eyJlZmdfdGFnIjoiQ0FST1VTRUxfSVRFTS5iZXN0X2ltYWdlX3VybGdlbi5DMyJ9&#038;_nc_ohc=hQSBQJrOk0IQ7kNvwFHMQgd&#038;_nc_oc=AdrU1dLCuIoolpYczCgFaVWIGBUsXvF2c3RguKNWjDnL3vMOWZr2jYfvny0N_-x1MJjBmRQE2_jgr8eeHCmmQOOz&#038;_nc_zt=23&#038;_nc_ht=scontent-hel3-1.cdninstagram.com&#038;edm=ANo9K5cEAAAA&#038;_nc_gid=VM0um5WHkWa0hVeqLa4Wtw&#038;_nc_tpa=Q5bMBQFtrUFA8pWpthwa5Lm-NMxvPCaF0mTZwtUES0OF7kUaiezSNa9DGfUvm3mQ5Uewp0kNi_Dt6hNx0A&#038;oh=00_Af0eABQ9-U71EJ3-s2MVaP0oLXX30CdHSAIrRlUn4vGjog&#038;oe=69F876FC\"\n\t\t\tdata-img-src-set=\"{&quot;d&quot;:&quot;https:\\\/\\\/scontent-hel3-1.cdninstagram.com\\\/v\\\/t39.30808-6\\\/651406802_1615231523380796_3623784383336668443_n.jpg?stp=dst-jpg_e35_tt6&amp;_nc_cat=102&amp;ccb=7-5&amp;_nc_sid=18de74&amp;efg=eyJlZmdfdGFnIjoiQ0FST1VTRUxfSVRFTS5iZXN0X2ltYWdlX3VybGdlbi5DMyJ9&amp;_nc_ohc=hQSBQJrOk0IQ7kNvwFHMQgd&amp;_nc_oc=AdrU1dLCuIoolpYczCgFaVWIGBUsXvF2c3RguKNWjDnL3vMOWZr2jYfvny0N_-x1MJjBmRQE2_jgr8eeHCmmQOOz&amp;_nc_zt=23&amp;_nc_ht=scontent-hel3-1.cdninstagram.com&amp;edm=ANo9K5cEAAAA&amp;_nc_gid=VM0um5WHkWa0hVeqLa4Wtw&amp;_nc_tpa=Q5bMBQFtrUFA8pWpthwa5Lm-NMxvPCaF0mTZwtUES0OF7kUaiezSNa9DGfUvm3mQ5Uewp0kNi_Dt6hNx0A&amp;oh=00_Af0eABQ9-U71EJ3-s2MVaP0oLXX30CdHSAIrRlUn4vGjog&amp;oe=69F876FC&quot;,&quot;150&quot;:&quot;https:\\\/\\\/scontent-hel3-1.cdninstagram.com\\\/v\\\/t39.30808-6\\\/651406802_1615231523380796_3623784383336668443_n.jpg?stp=dst-jpg_e35_tt6&amp;_nc_cat=102&amp;ccb=7-5&amp;_nc_sid=18de74&amp;efg=eyJlZmdfdGFnIjoiQ0FST1VTRUxfSVRFTS5iZXN0X2ltYWdlX3VybGdlbi5DMyJ9&amp;_nc_ohc=hQSBQJrOk0IQ7kNvwFHMQgd&amp;_nc_oc=AdrU1dLCuIoolpYczCgFaVWIGBUsXvF2c3RguKNWjDnL3vMOWZr2jYfvny0N_-x1MJjBmRQE2_jgr8eeHCmmQOOz&amp;_nc_zt=23&amp;_nc_ht=scontent-hel3-1.cdninstagram.com&amp;edm=ANo9K5cEAAAA&amp;_nc_gid=VM0um5WHkWa0hVeqLa4Wtw&amp;_nc_tpa=Q5bMBQFtrUFA8pWpthwa5Lm-NMxvPCaF0mTZwtUES0OF7kUaiezSNa9DGfUvm3mQ5Uewp0kNi_Dt6hNx0A&amp;oh=00_Af0eABQ9-U71EJ3-s2MVaP0oLXX30CdHSAIrRlUn4vGjog&amp;oe=69F876FC&quot;,&quot;320&quot;:&quot;https:\\\/\\\/scontent-hel3-1.cdninstagram.com\\\/v\\\/t39.30808-6\\\/651406802_1615231523380796_3623784383336668443_n.jpg?stp=dst-jpg_e35_tt6&amp;_nc_cat=102&amp;ccb=7-5&amp;_nc_sid=18de74&amp;efg=eyJlZmdfdGFnIjoiQ0FST1VTRUxfSVRFTS5iZXN0X2ltYWdlX3VybGdlbi5DMyJ9&amp;_nc_ohc=hQSBQJrOk0IQ7kNvwFHMQgd&amp;_nc_oc=AdrU1dLCuIoolpYczCgFaVWIGBUsXvF2c3RguKNWjDnL3vMOWZr2jYfvny0N_-x1MJjBmRQE2_jgr8eeHCmmQOOz&amp;_nc_zt=23&amp;_nc_ht=scontent-hel3-1.cdninstagram.com&amp;edm=ANo9K5cEAAAA&amp;_nc_gid=VM0um5WHkWa0hVeqLa4Wtw&amp;_nc_tpa=Q5bMBQFtrUFA8pWpthwa5Lm-NMxvPCaF0mTZwtUES0OF7kUaiezSNa9DGfUvm3mQ5Uewp0kNi_Dt6hNx0A&amp;oh=00_Af0eABQ9-U71EJ3-s2MVaP0oLXX30CdHSAIrRlUn4vGjog&amp;oe=69F876FC&quot;,&quot;640&quot;:&quot;https:\\\/\\\/scontent-hel3-1.cdninstagram.com\\\/v\\\/t39.30808-6\\\/651406802_1615231523380796_3623784383336668443_n.jpg?stp=dst-jpg_e35_tt6&amp;_nc_cat=102&amp;ccb=7-5&amp;_nc_sid=18de74&amp;efg=eyJlZmdfdGFnIjoiQ0FST1VTRUxfSVRFTS5iZXN0X2ltYWdlX3VybGdlbi5DMyJ9&amp;_nc_ohc=hQSBQJrOk0IQ7kNvwFHMQgd&amp;_nc_oc=AdrU1dLCuIoolpYczCgFaVWIGBUsXvF2c3RguKNWjDnL3vMOWZr2jYfvny0N_-x1MJjBmRQE2_jgr8eeHCmmQOOz&amp;_nc_zt=23&amp;_nc_ht=scontent-hel3-1.cdninstagram.com&amp;edm=ANo9K5cEAAAA&amp;_nc_gid=VM0um5WHkWa0hVeqLa4Wtw&amp;_nc_tpa=Q5bMBQFtrUFA8pWpthwa5Lm-NMxvPCaF0mTZwtUES0OF7kUaiezSNa9DGfUvm3mQ5Uewp0kNi_Dt6hNx0A&amp;oh=00_Af0eABQ9-U71EJ3-s2MVaP0oLXX30CdHSAIrRlUn4vGjog&amp;oe=69F876FC&quot;}\">\n\t\t\t<span class=\"sbi-screenreader\">Ein inspirierender Tag auf der Tourism Career Fair<\/span>\n\t\t\t<svg class=\"svg-inline--fa fa-clone fa-w-16 sbi_lightbox_carousel_icon\" aria-hidden=\"true\" aria-label=\"Clone\" data-fa-pro\u0192cessed=\"\" data-prefix=\"far\" data-icon=\"clone\" role=\"img\" xmlns=\"http:\/\/www.w3.org\/2000\/svg\" viewBox=\"0 0 512 512\">\n                    <path fill=\"currentColor\" d=\"M464 0H144c-26.51 0-48 21.49-48 48v48H48c-26.51 0-48 21.49-48 48v320c0 26.51 21.49 48 48 48h320c26.51 0 48-21.49 48-48v-48h48c26.51 0 48-21.49 48-48V48c0-26.51-21.49-48-48-48zM362 464H54a6 6 0 0 1-6-6V150a6 6 0 0 1 6-6h42v224c0 26.51 21.49 48 48 48h224v42a6 6 0 0 1-6 6zm96-96H150a6 6 0 0 1-6-6V54a6 6 0 0 1 6-6h308a6 6 0 0 1 6 6v308a6 6 0 0 1-6 6z\"><\/path>\n                <\/svg>\t\t\t\t\t\t<img decoding=\"async\" src=\"https:\/\/www.harmonie-vienna.at\/wp-content\/plugins\/instagram-feed\/img\/placeholder.png\" alt=\"Ein inspirierender Tag auf der Tourism Career Fair 2026 an der FHWien der WKW \u2728\n\nUnser Resident Manager war vergangenen Freitag gemeinsam mit zwei unserer Studierenden vor Ort, um spannende Einblicke in die Welt der Hotellerie zu teilen und neue Talente kennenzulernen.\n\nWir sind stolz, junge Menschen auf ihrem Weg begleiten zu d\u00fcrfen und freuen uns immer, unsere Leidenschaft f\u00fcr Gastfreundschaft weiterzugeben \ud83d\udcab\n\n\u00a9 Leadersnet \/ P. Kleemann\n\n#TheHarmonieVienna #HarmonieHeroes #TourismCareerFair #FHWien #TourismusKarriere #HospitalityLife #ViennaHotels #KarriereImTourismus #hospitalitycareers\" aria-hidden=\"true\">\n\t\t<\/a>\n\t<\/div>\n<\/div><div class=\"sbi_item sbi_type_carousel sbi_new sbi_transition\"\n\tid=\"sbi_17849523894658813\" data-date=\"1773338440\">\n\t<div class=\"sbi_photo_wrap\">\n\t\t<a class=\"sbi_photo\" href=\"https:\/\/www.instagram.com\/p\/DVyy44RjVn6\/\" target=\"_blank\" rel=\"noopener nofollow\"\n\t\t\tdata-full-res=\"https:\/\/scontent-hel3-1.cdninstagram.com\/v\/t39.30808-6\/648831585_1606668354237113_7416453688444486773_n.jpg?stp=dst-jpg_e35_tt6&#038;_nc_cat=108&#038;ccb=7-5&#038;_nc_sid=18de74&#038;efg=eyJlZmdfdGFnIjoiQ0FST1VTRUxfSVRFTS5iZXN0X2ltYWdlX3VybGdlbi5DMyJ9&#038;_nc_ohc=8_2jZJaP8dUQ7kNvwEu9MRA&#038;_nc_oc=Adr3DLvM-xHkNvn6e6RyoGVeW1vA9WGDBtAvGnIwlI5k923gLzR1VuFnmopCzQBOXT59EhjUqu283GK36Wy6Zs_j&#038;_nc_zt=23&#038;_nc_ht=scontent-hel3-1.cdninstagram.com&#038;edm=ANo9K5cEAAAA&#038;_nc_gid=VM0um5WHkWa0hVeqLa4Wtw&#038;_nc_tpa=Q5bMBQGRvj3LjkKLJoGArd5Fk6_9tnh-TGnFJGAErxoDg_X58OBbXPDJE35ibfwyrTsDs2Srmku38i_eSQ&#038;oh=00_Af2S59FY0agB7e38YyNqEFtZ99B_EnTkxY5sXtDHDsRb-w&#038;oe=69F85B87\"\n\t\t\tdata-img-src-set=\"{&quot;d&quot;:&quot;https:\\\/\\\/scontent-hel3-1.cdninstagram.com\\\/v\\\/t39.30808-6\\\/648831585_1606668354237113_7416453688444486773_n.jpg?stp=dst-jpg_e35_tt6&amp;_nc_cat=108&amp;ccb=7-5&amp;_nc_sid=18de74&amp;efg=eyJlZmdfdGFnIjoiQ0FST1VTRUxfSVRFTS5iZXN0X2ltYWdlX3VybGdlbi5DMyJ9&amp;_nc_ohc=8_2jZJaP8dUQ7kNvwEu9MRA&amp;_nc_oc=Adr3DLvM-xHkNvn6e6RyoGVeW1vA9WGDBtAvGnIwlI5k923gLzR1VuFnmopCzQBOXT59EhjUqu283GK36Wy6Zs_j&amp;_nc_zt=23&amp;_nc_ht=scontent-hel3-1.cdninstagram.com&amp;edm=ANo9K5cEAAAA&amp;_nc_gid=VM0um5WHkWa0hVeqLa4Wtw&amp;_nc_tpa=Q5bMBQGRvj3LjkKLJoGArd5Fk6_9tnh-TGnFJGAErxoDg_X58OBbXPDJE35ibfwyrTsDs2Srmku38i_eSQ&amp;oh=00_Af2S59FY0agB7e38YyNqEFtZ99B_EnTkxY5sXtDHDsRb-w&amp;oe=69F85B87&quot;,&quot;150&quot;:&quot;https:\\\/\\\/scontent-hel3-1.cdninstagram.com\\\/v\\\/t39.30808-6\\\/648831585_1606668354237113_7416453688444486773_n.jpg?stp=dst-jpg_e35_tt6&amp;_nc_cat=108&amp;ccb=7-5&amp;_nc_sid=18de74&amp;efg=eyJlZmdfdGFnIjoiQ0FST1VTRUxfSVRFTS5iZXN0X2ltYWdlX3VybGdlbi5DMyJ9&amp;_nc_ohc=8_2jZJaP8dUQ7kNvwEu9MRA&amp;_nc_oc=Adr3DLvM-xHkNvn6e6RyoGVeW1vA9WGDBtAvGnIwlI5k923gLzR1VuFnmopCzQBOXT59EhjUqu283GK36Wy6Zs_j&amp;_nc_zt=23&amp;_nc_ht=scontent-hel3-1.cdninstagram.com&amp;edm=ANo9K5cEAAAA&amp;_nc_gid=VM0um5WHkWa0hVeqLa4Wtw&amp;_nc_tpa=Q5bMBQGRvj3LjkKLJoGArd5Fk6_9tnh-TGnFJGAErxoDg_X58OBbXPDJE35ibfwyrTsDs2Srmku38i_eSQ&amp;oh=00_Af2S59FY0agB7e38YyNqEFtZ99B_EnTkxY5sXtDHDsRb-w&amp;oe=69F85B87&quot;,&quot;320&quot;:&quot;https:\\\/\\\/scontent-hel3-1.cdninstagram.com\\\/v\\\/t39.30808-6\\\/648831585_1606668354237113_7416453688444486773_n.jpg?stp=dst-jpg_e35_tt6&amp;_nc_cat=108&amp;ccb=7-5&amp;_nc_sid=18de74&amp;efg=eyJlZmdfdGFnIjoiQ0FST1VTRUxfSVRFTS5iZXN0X2ltYWdlX3VybGdlbi5DMyJ9&amp;_nc_ohc=8_2jZJaP8dUQ7kNvwEu9MRA&amp;_nc_oc=Adr3DLvM-xHkNvn6e6RyoGVeW1vA9WGDBtAvGnIwlI5k923gLzR1VuFnmopCzQBOXT59EhjUqu283GK36Wy6Zs_j&amp;_nc_zt=23&amp;_nc_ht=scontent-hel3-1.cdninstagram.com&amp;edm=ANo9K5cEAAAA&amp;_nc_gid=VM0um5WHkWa0hVeqLa4Wtw&amp;_nc_tpa=Q5bMBQGRvj3LjkKLJoGArd5Fk6_9tnh-TGnFJGAErxoDg_X58OBbXPDJE35ibfwyrTsDs2Srmku38i_eSQ&amp;oh=00_Af2S59FY0agB7e38YyNqEFtZ99B_EnTkxY5sXtDHDsRb-w&amp;oe=69F85B87&quot;,&quot;640&quot;:&quot;https:\\\/\\\/scontent-hel3-1.cdninstagram.com\\\/v\\\/t39.30808-6\\\/648831585_1606668354237113_7416453688444486773_n.jpg?stp=dst-jpg_e35_tt6&amp;_nc_cat=108&amp;ccb=7-5&amp;_nc_sid=18de74&amp;efg=eyJlZmdfdGFnIjoiQ0FST1VTRUxfSVRFTS5iZXN0X2ltYWdlX3VybGdlbi5DMyJ9&amp;_nc_ohc=8_2jZJaP8dUQ7kNvwEu9MRA&amp;_nc_oc=Adr3DLvM-xHkNvn6e6RyoGVeW1vA9WGDBtAvGnIwlI5k923gLzR1VuFnmopCzQBOXT59EhjUqu283GK36Wy6Zs_j&amp;_nc_zt=23&amp;_nc_ht=scontent-hel3-1.cdninstagram.com&amp;edm=ANo9K5cEAAAA&amp;_nc_gid=VM0um5WHkWa0hVeqLa4Wtw&amp;_nc_tpa=Q5bMBQGRvj3LjkKLJoGArd5Fk6_9tnh-TGnFJGAErxoDg_X58OBbXPDJE35ibfwyrTsDs2Srmku38i_eSQ&amp;oh=00_Af2S59FY0agB7e38YyNqEFtZ99B_EnTkxY5sXtDHDsRb-w&amp;oe=69F85B87&quot;}\">\n\t\t\t<span class=\"sbi-screenreader\">Sonja Wimmer empfiehlt: Ein musikalisches M\u00e4rchen,<\/span>\n\t\t\t<svg class=\"svg-inline--fa fa-clone fa-w-16 sbi_lightbox_carousel_icon\" aria-hidden=\"true\" aria-label=\"Clone\" data-fa-pro\u0192cessed=\"\" data-prefix=\"far\" data-icon=\"clone\" role=\"img\" xmlns=\"http:\/\/www.w3.org\/2000\/svg\" viewBox=\"0 0 512 512\">\n                    <path fill=\"currentColor\" d=\"M464 0H144c-26.51 0-48 21.49-48 48v48H48c-26.51 0-48 21.49-48 48v320c0 26.51 21.49 48 48 48h320c26.51 0 48-21.49 48-48v-48h48c26.51 0 48-21.49 48-48V48c0-26.51-21.49-48-48-48zM362 464H54a6 6 0 0 1-6-6V150a6 6 0 0 1 6-6h42v224c0 26.51 21.49 48 48 48h224v42a6 6 0 0 1-6 6zm96-96H150a6 6 0 0 1-6-6V54a6 6 0 0 1 6-6h308a6 6 0 0 1 6 6v308a6 6 0 0 1-6 6z\"><\/path>\n                <\/svg>\t\t\t\t\t\t<img decoding=\"async\" src=\"https:\/\/www.harmonie-vienna.at\/wp-content\/plugins\/instagram-feed\/img\/placeholder.png\" alt=\"Sonja Wimmer empfiehlt: Ein musikalisches M\u00e4rchen, das Generationen begeistert: \u201ePeter und der Wolf\u201c ist jetzt im NEST der Wiener Staatsoper zu erleben \u2013 diesmal als Ballett in der Choreographie von Martin Schl\u00e4pfer. \ud83d\udc3a\ud83c\udfbb\n\nMit viel Fantasie, Bewegung und Musik entdecken junge Kulturfans Prokofjews ber\u00fchmte Geschichte auf ganz neue Weise. Jedes Instrument erz\u00e4hlt eine Figur \u2013 von Peters fr\u00f6hlicher Geige bis zum brummenden Fagott des Gro\u00dfvaters \u2013 w\u00e4hrend die T\u00e4nzerinnen und T\u00e4nzer der Jugendkompanie die Geschichte lebendig werden lassen.\n\nUnsere heutige Kulturempfehlung f\u00fcr die kleinsten G\u00e4ste: ein zauberhafter Einstieg in die Welt der klassischen Musik und des Balletts. \u2728\n\n\u00a9 Marian Furnica\n#TheHarmonieVienna #vienna #wien #nest #wienerstaatsoper #peterundderwolf #kulturinwien #ballett #klassischemusik #viennawithkids #familyinvienna #viennaculture #visitvienna #viennalove\" aria-hidden=\"true\">\n\t\t<\/a>\n\t<\/div>\n<\/div><div class=\"sbi_item sbi_type_image sbi_new sbi_transition\"\n\tid=\"sbi_17876508783521343\" data-date=\"1772820073\">\n\t<div class=\"sbi_photo_wrap\">\n\t\t<a class=\"sbi_photo\" href=\"https:\/\/www.instagram.com\/p\/DVjWLnDAYjy\/\" target=\"_blank\" rel=\"noopener nofollow\"\n\t\t\tdata-full-res=\"https:\/\/scontent-hel3-1.cdninstagram.com\/v\/t39.30808-6\/645303831_1604125557824726_5441426439795101125_n.jpg?stp=dst-jpg_e35_tt6&#038;_nc_cat=103&#038;ccb=7-5&#038;_nc_sid=18de74&#038;efg=eyJlZmdfdGFnIjoiRkVFRC5iZXN0X2ltYWdlX3VybGdlbi5DMyJ9&#038;_nc_ohc=Yeet99ndFaEQ7kNvwH7EiaU&#038;_nc_oc=AdoX_kn7wPgF1D2U8EMvtI5Cr3Wo_i1T_FFIh9nQvAOw_hIcx8gJLdNQyuzMoX3Os9Q8UwccN3vckZMxM0_f-siJ&#038;_nc_zt=23&#038;_nc_ht=scontent-hel3-1.cdninstagram.com&#038;edm=ANo9K5cEAAAA&#038;_nc_gid=VM0um5WHkWa0hVeqLa4Wtw&#038;_nc_tpa=Q5bMBQGebMVUXNGJJ6o2_MgBa3ncD2bMHNlJrBnUE294e2udvB1fVUPnVo1TVK361c_swLtfraY5lksVcQ&#038;oh=00_Af3Hcj_OnvINoIKZ7q_2Pi549y9RePW33G1j_LDtqrQSOw&#038;oe=69F84E5A\"\n\t\t\tdata-img-src-set=\"{&quot;d&quot;:&quot;https:\\\/\\\/scontent-hel3-1.cdninstagram.com\\\/v\\\/t39.30808-6\\\/645303831_1604125557824726_5441426439795101125_n.jpg?stp=dst-jpg_e35_tt6&amp;_nc_cat=103&amp;ccb=7-5&amp;_nc_sid=18de74&amp;efg=eyJlZmdfdGFnIjoiRkVFRC5iZXN0X2ltYWdlX3VybGdlbi5DMyJ9&amp;_nc_ohc=Yeet99ndFaEQ7kNvwH7EiaU&amp;_nc_oc=AdoX_kn7wPgF1D2U8EMvtI5Cr3Wo_i1T_FFIh9nQvAOw_hIcx8gJLdNQyuzMoX3Os9Q8UwccN3vckZMxM0_f-siJ&amp;_nc_zt=23&amp;_nc_ht=scontent-hel3-1.cdninstagram.com&amp;edm=ANo9K5cEAAAA&amp;_nc_gid=VM0um5WHkWa0hVeqLa4Wtw&amp;_nc_tpa=Q5bMBQGebMVUXNGJJ6o2_MgBa3ncD2bMHNlJrBnUE294e2udvB1fVUPnVo1TVK361c_swLtfraY5lksVcQ&amp;oh=00_Af3Hcj_OnvINoIKZ7q_2Pi549y9RePW33G1j_LDtqrQSOw&amp;oe=69F84E5A&quot;,&quot;150&quot;:&quot;https:\\\/\\\/scontent-hel3-1.cdninstagram.com\\\/v\\\/t39.30808-6\\\/645303831_1604125557824726_5441426439795101125_n.jpg?stp=dst-jpg_e35_tt6&amp;_nc_cat=103&amp;ccb=7-5&amp;_nc_sid=18de74&amp;efg=eyJlZmdfdGFnIjoiRkVFRC5iZXN0X2ltYWdlX3VybGdlbi5DMyJ9&amp;_nc_ohc=Yeet99ndFaEQ7kNvwH7EiaU&amp;_nc_oc=AdoX_kn7wPgF1D2U8EMvtI5Cr3Wo_i1T_FFIh9nQvAOw_hIcx8gJLdNQyuzMoX3Os9Q8UwccN3vckZMxM0_f-siJ&amp;_nc_zt=23&amp;_nc_ht=scontent-hel3-1.cdninstagram.com&amp;edm=ANo9K5cEAAAA&amp;_nc_gid=VM0um5WHkWa0hVeqLa4Wtw&amp;_nc_tpa=Q5bMBQGebMVUXNGJJ6o2_MgBa3ncD2bMHNlJrBnUE294e2udvB1fVUPnVo1TVK361c_swLtfraY5lksVcQ&amp;oh=00_Af3Hcj_OnvINoIKZ7q_2Pi549y9RePW33G1j_LDtqrQSOw&amp;oe=69F84E5A&quot;,&quot;320&quot;:&quot;https:\\\/\\\/scontent-hel3-1.cdninstagram.com\\\/v\\\/t39.30808-6\\\/645303831_1604125557824726_5441426439795101125_n.jpg?stp=dst-jpg_e35_tt6&amp;_nc_cat=103&amp;ccb=7-5&amp;_nc_sid=18de74&amp;efg=eyJlZmdfdGFnIjoiRkVFRC5iZXN0X2ltYWdlX3VybGdlbi5DMyJ9&amp;_nc_ohc=Yeet99ndFaEQ7kNvwH7EiaU&amp;_nc_oc=AdoX_kn7wPgF1D2U8EMvtI5Cr3Wo_i1T_FFIh9nQvAOw_hIcx8gJLdNQyuzMoX3Os9Q8UwccN3vckZMxM0_f-siJ&amp;_nc_zt=23&amp;_nc_ht=scontent-hel3-1.cdninstagram.com&amp;edm=ANo9K5cEAAAA&amp;_nc_gid=VM0um5WHkWa0hVeqLa4Wtw&amp;_nc_tpa=Q5bMBQGebMVUXNGJJ6o2_MgBa3ncD2bMHNlJrBnUE294e2udvB1fVUPnVo1TVK361c_swLtfraY5lksVcQ&amp;oh=00_Af3Hcj_OnvINoIKZ7q_2Pi549y9RePW33G1j_LDtqrQSOw&amp;oe=69F84E5A&quot;,&quot;640&quot;:&quot;https:\\\/\\\/scontent-hel3-1.cdninstagram.com\\\/v\\\/t39.30808-6\\\/645303831_1604125557824726_5441426439795101125_n.jpg?stp=dst-jpg_e35_tt6&amp;_nc_cat=103&amp;ccb=7-5&amp;_nc_sid=18de74&amp;efg=eyJlZmdfdGFnIjoiRkVFRC5iZXN0X2ltYWdlX3VybGdlbi5DMyJ9&amp;_nc_ohc=Yeet99ndFaEQ7kNvwH7EiaU&amp;_nc_oc=AdoX_kn7wPgF1D2U8EMvtI5Cr3Wo_i1T_FFIh9nQvAOw_hIcx8gJLdNQyuzMoX3Os9Q8UwccN3vckZMxM0_f-siJ&amp;_nc_zt=23&amp;_nc_ht=scontent-hel3-1.cdninstagram.com&amp;edm=ANo9K5cEAAAA&amp;_nc_gid=VM0um5WHkWa0hVeqLa4Wtw&amp;_nc_tpa=Q5bMBQGebMVUXNGJJ6o2_MgBa3ncD2bMHNlJrBnUE294e2udvB1fVUPnVo1TVK361c_swLtfraY5lksVcQ&amp;oh=00_Af3Hcj_OnvINoIKZ7q_2Pi549y9RePW33G1j_LDtqrQSOw&amp;oe=69F84E5A&quot;}\">\n\t\t\t<span class=\"sbi-screenreader\">Ein makellos sauberes Zimmer, ein gutes Fr\u00fchst\u00fcck <\/span>\n\t\t\t\t\t\t\t\t\t<img decoding=\"async\" src=\"https:\/\/www.harmonie-vienna.at\/wp-content\/plugins\/instagram-feed\/img\/placeholder.png\" alt=\"Ein makellos sauberes Zimmer, ein gutes Fr\u00fchst\u00fcck und ein engagiertes Team \u2013 genau so m\u00f6chten wir den Aufenthalt unserer G\u00e4ste gestalten.\nUnd wenn der Tag einmal fr\u00fch beginnt, sorgen wir nat\u00fcrlich auch daf\u00fcr, dass ein kleines Fr\u00fchst\u00fcck f\u00fcr unterwegs bereitsteht.\n\nVielen Dank f\u00fcr diese wunderbare Bewertung \u2013 wir freuen uns auf ein Wiedersehen im The Harmonie Vienna.\n\n#TheHarmonieVienna #G\u00e4stestimmen #GuestReview #ViennaHotels #ServiceMitHerz #WienErleben #Hospitality\" aria-hidden=\"true\">\n\t\t<\/a>\n\t<\/div>\n<\/div>\t<\/div>\n\n\t<div id=\"sbi_load\" >\n\n\t\n\t\t\t<span class=\"sbi_follow_btn sbi_custom\" >\n\t\t\t<a target=\"_blank\"\n\t\t\t\trel=\"nofollow noopener\"  href=\"https:\/\/www.instagram.com\/the.harmonie.vienna\/\" style=\"background: rgb(209,66,67);\">\n\t\t\t\t<svg class=\"svg-inline--fa fa-instagram fa-w-14\" aria-hidden=\"true\" data-fa-processed=\"\" aria-label=\"Instagram\" data-prefix=\"fab\" data-icon=\"instagram\" role=\"img\" viewBox=\"0 0 448 512\">\n                    <path fill=\"currentColor\" d=\"M224.1 141c-63.6 0-114.9 51.3-114.9 114.9s51.3 114.9 114.9 114.9S339 319.5 339 255.9 287.7 141 224.1 141zm0 189.6c-41.1 0-74.7-33.5-74.7-74.7s33.5-74.7 74.7-74.7 74.7 33.5 74.7 74.7-33.6 74.7-74.7 74.7zm146.4-194.3c0 14.9-12 26.8-26.8 26.8-14.9 0-26.8-12-26.8-26.8s12-26.8 26.8-26.8 26.8 12 26.8 26.8zm76.1 27.2c-1.7-35.9-9.9-67.7-36.2-93.9-26.2-26.2-58-34.4-93.9-36.2-37-2.1-147.9-2.1-184.9 0-35.8 1.7-67.6 9.9-93.9 36.1s-34.4 58-36.2 93.9c-2.1 37-2.1 147.9 0 184.9 1.7 35.9 9.9 67.7 36.2 93.9s58 34.4 93.9 36.2c37 2.1 147.9 2.1 184.9 0 35.9-1.7 67.7-9.9 93.9-36.2 26.2-26.2 34.4-58 36.2-93.9 2.1-37 2.1-147.8 0-184.8zM398.8 388c-7.8 19.6-22.9 34.7-42.6 42.6-29.5 11.7-99.5 9-132.1 9s-102.7 2.6-132.1-9c-19.6-7.8-34.7-22.9-42.6-42.6-11.7-29.5-9-99.5-9-132.1s-2.6-102.7 9-132.1c7.8-19.6 22.9-34.7 42.6-42.6 29.5-11.7 99.5-9 132.1-9s102.7-2.6 132.1 9c19.6 7.8 34.7 22.9 42.6 42.6 11.7 29.5 9 99.5 9 132.1s2.7 102.7-9 132.1z\"><\/path>\n                <\/svg>\t\t\t\t<span>Segui su Instagram<\/span>\n\t\t\t<\/a>\n\t\t<\/span>\n\t\n<\/div>\n\t\t<span class=\"sbi_resized_image_data\" data-feed-id=\"*1\"\n\t\t  data-resized=\"{&quot;17876508783521343&quot;:{&quot;id&quot;:&quot;645303831_1604125557824726_5441426439795101125_n&quot;,&quot;ratio&quot;:&quot;1.00&quot;,&quot;sizes&quot;:{&quot;full&quot;:640,&quot;low&quot;:320,&quot;thumb&quot;:150},&quot;extension&quot;:&quot;.webp&quot;},&quot;17849523894658813&quot;:{&quot;id&quot;:&quot;648831585_1606668354237113_7416453688444486773_n&quot;,&quot;ratio&quot;:&quot;0.80&quot;,&quot;sizes&quot;:{&quot;full&quot;:640,&quot;low&quot;:320,&quot;thumb&quot;:150},&quot;extension&quot;:&quot;.webp&quot;},&quot;18079882940080530&quot;:{&quot;id&quot;:&quot;651406802_1615231523380796_3623784383336668443_n&quot;,&quot;ratio&quot;:&quot;1.00&quot;,&quot;sizes&quot;:{&quot;full&quot;:640,&quot;low&quot;:320,&quot;thumb&quot;:150},&quot;extension&quot;:&quot;.webp&quot;},&quot;17999858612875311&quot;:{&quot;id&quot;:&quot;653979141_1615251193378829_2964215518166569476_n&quot;,&quot;ratio&quot;:&quot;1.00&quot;,&quot;sizes&quot;:{&quot;full&quot;:640,&quot;low&quot;:320,&quot;thumb&quot;:150},&quot;extension&quot;:&quot;.webp&quot;},&quot;18207678709328850&quot;:{&quot;id&quot;:&quot;651754602_1615267216710560_8970529260166113244_n&quot;,&quot;ratio&quot;:&quot;0.80&quot;,&quot;sizes&quot;:{&quot;full&quot;:640,&quot;low&quot;:320,&quot;thumb&quot;:150},&quot;extension&quot;:&quot;.webp&quot;},&quot;17900236746409868&quot;:{&quot;id&quot;:&quot;657244138_1622850865952195_6314841294366982500_n&quot;,&quot;ratio&quot;:&quot;0.80&quot;,&quot;sizes&quot;:{&quot;full&quot;:640,&quot;low&quot;:320,&quot;thumb&quot;:150},&quot;extension&quot;:&quot;.webp&quot;},&quot;17933526633050414&quot;:{&quot;id&quot;:&quot;657429485_1622862709284344_7842974420602745015_n&quot;,&quot;ratio&quot;:&quot;1.61&quot;,&quot;sizes&quot;:{&quot;full&quot;:640,&quot;low&quot;:320,&quot;thumb&quot;:150},&quot;extension&quot;:&quot;.webp&quot;},&quot;18101318378489924&quot;:{&quot;id&quot;:&quot;659057753_1622866072617341_1295630921644229334_n&quot;,&quot;ratio&quot;:&quot;0.75&quot;,&quot;sizes&quot;:{&quot;full&quot;:640,&quot;low&quot;:320,&quot;thumb&quot;:150},&quot;extension&quot;:&quot;.webp&quot;},&quot;18080016335426954&quot;:{&quot;id&quot;:&quot;659191542_1622885859282029_3506487617785508676_n&quot;,&quot;ratio&quot;:&quot;1.00&quot;,&quot;sizes&quot;:{&quot;full&quot;:640,&quot;low&quot;:320,&quot;thumb&quot;:150},&quot;extension&quot;:&quot;.webp&quot;},&quot;18082986995071765&quot;:{&quot;id&quot;:&quot;659653507_1622874532616495_3605390356799860417_n&quot;,&quot;ratio&quot;:&quot;0.80&quot;,&quot;sizes&quot;:{&quot;full&quot;:640,&quot;low&quot;:320,&quot;thumb&quot;:150},&quot;extension&quot;:&quot;.webp&quot;},&quot;17899577352262905&quot;:{&quot;id&quot;:&quot;657266072_1622898089280806_8865496461586277709_n&quot;,&quot;ratio&quot;:&quot;0.75&quot;,&quot;sizes&quot;:{&quot;full&quot;:640,&quot;low&quot;:320,&quot;thumb&quot;:150},&quot;extension&quot;:&quot;.webp&quot;},&quot;17925867342264194&quot;:{&quot;id&quot;:&quot;669693734_1634151584822123_1297730593243302900_n&quot;,&quot;ratio&quot;:&quot;0.80&quot;,&quot;sizes&quot;:{&quot;full&quot;:640,&quot;low&quot;:320,&quot;thumb&quot;:150},&quot;extension&quot;:&quot;.webp&quot;}}\">\n\t<\/span>\n\t<\/div>\n\n\t<style type=\"text\/css\">\n\t\t\t\t\t\t#sb_instagram .sbi_follow_btn a:hover,\n\t\t#sb_instagram .sbi_follow_btn a:focus {\n\t\t\toutline: none;\n\t\t\tbox-shadow: inset 0 0 10px 20px#BA3B3B;\n\t\t}\n\n\t\t\t<\/style>\n\t      <\/div>\n    \n  <\/div>\n\n<\/div>\n\n\n\n\n<div class=\"py-4 md:py-24 \">\n  \n  <div class=\"container mx-auto\">\n    <div class=\"divider\"><\/div>\n\n    <div class=\"grid grid-cols-1 md:grid-cols-2\">\n              <div class=\"wysiwyg-output mr-4\">\n          <h2>Da teatro d&#8217;armonia a boutique hotel<\/h2>\n<h2>Autentico e unico a Vienna<\/h2>\n<p>Un boutique hotel che esce dagli schemi: Al centro dell&#8217;hotel 4 stelle The Harmonie di Vienna c&#8217;\u00e8 un concetto artistico <a href=\"https:\/\/www.harmonie-vienna.at\/it\/albergo-vienna-centro\/il-nostro-lookbook\/\">visionario: danza e pittura<\/a> si uniscono in modo unico. Situato nel cuore di un <a href=\"https:\/\/www.harmonie-vienna.at\/aktiv\/geheimtipp-servitenviertel-in-wien\/\">quartiere di artisti nel 9\u00b0 distretto<\/a>, non lontano dal centro e dal centro di Vienna, l&#8217;Harmonie Vienna colpisce per l&#8217;atmosfera informale e gli interni ricchi di atmosfera. Per ospiti con grandi aspettative, per una vacanza a Vienna piena di autenticit\u00e0 e anima.<\/p>\n<h2>Il vostro hotel a 4 stelle con fascino viennese<\/h2>\n<p>Il nostro servizio \u00e8 personalizzato e individuale: trattiamo ogni ospite del nostro hotel boutique con un servizio personale e siamo felici di soddisfare i vostri desideri speciali. I nostri numerosi ospiti abituali sono la prova migliore che l&#8217;hotel 4 stelle The Harmonie Vienna \u00e8 la vostra casa temporanea a Vienna. Una casa in cui sentirsi a casa.<\/p>\n<h2>Vivere in modo consapevole: Vacanze sostenibili in citt\u00e0<\/h2>\n<p>Potete mettere in pratica la vostra <a href=\"https:\/\/www.harmonie-vienna.at\/it\/albergo-vienna-centro\/hotel-sostenibile-a-vienna\/\">filosofia di vita sostenibile<\/a> anche in vacanza. La prima colazione a buffet \u00e8 a base di prodotti biologici e regionali, come \u00e8 ovvio che sia all&#8217;Hotel The Harmonie Vienna. Il nostro hotel a Vienna ha il marchio Ecolabel austriaco e la nostra gamma di prodotti biologici \u00e8 stata testata e certificata dall&#8217;Austria Bio Garantie.<\/p>\n<h2>Soggiorno e alloggio senza allergie a Vienna<\/h2>\n<p>Prendete una pausa dalle allergie di qualsiasi tipo e godeteVi ancora di pi\u00f9 la Vostra vacanza a Vienna. Premiato con il <a href=\"https:\/\/www.harmonie-vienna.at\/it\/albergo-vienna-centro\/hotel-sostenibile-a-vienna\/\">sigillo di qualit\u00e0 ECAR<\/a>F per l&#8217;idoneit\u00e0 certificata alle allergie, trascorrerete una vacanza senza allergie all&#8217;Hotel Harmonie Vienna, 4 stelle.<\/p>\n        <\/div>\n                    <div class=\"wysiwyg-output ml-4\">\n          <h2>Hotel di charme fin nei minimi dettagli<\/h2>\n<p>Da teatro a boutique hotel: il nome del nostro boutique hotel a 4 stelle risale all&#8217;ex teatro Harmonietheater nell&#8217;omonima via. \u00c8 stato quindi naturale che la proprietaria Sonja Wimmer abbia sviluppato un concetto artistico ed estetico per il suo hotel. Ci\u00f2 che inizia con il nome dell&#8217;hotel continua fino al pi\u00f9 piccolo dettaglio: un concetto armonioso che fa appello a tutti i sensi. Molti degli elementi di design dell&#8217;hotel boutique sono ispirati all&#8217;arte e alla danza. Una caratteristica particolare \u00e8 il progetto artistico unico &#8220;Signapura&#8221; dell&#8217;artista peruviano Luis Casanova Sorolla, le cui opere raffigurano i movimenti di danza dei solisti dell&#8217;Opera di Vienna.<\/p>\n<h2>Vacanze in un hotel boutique a Vienna<\/h2>\n<p>All&#8217;Hotel The Harmonie Vienna potrete immergervi nella felicit\u00e0 e godervi un soggiorno speciale. Per una breve vacanza o un pernottamento nel centro di Vienna, all&#8217;hotel boutique The Harmonie Vienna troverete un&#8217;atmosfera rilassata che non lascia nulla a desiderare. Dal men\u00f9 di cuscini alla <a href=\"https:\/\/www.harmonie-vienna.at\/it\/albergo-vienna-centro\/delizie-culinarie-in-hotel\/\"> colazione flessibile con opzioni take-away, early bird e late rise<\/a>, godrete di un soggiorno che garantisce il massimo livello di benessere.<\/p>\n<h2>Viaggio d&#8217;affari a Vienna: il Vostro hotel per seminari a Vienna<\/h2>\n<p>La posizione centrale dell&#8217;hotel boutique \u00e8 ideale per i Vostri viaggi d&#8217;affari a Vienna. Non lontano dal vostro hotel per <a href=\"https:\/\/www.harmonie-vienna.at\/en\/business-hotel-in-vienna\/meeting-seminar-hotel-in-vienna\/\"> seminari The Harmonie Vienna<\/a> si trovano importanti sedi di eventi che potrete raggiungere rapidamente e senza stress con i mezzi pubblici.<br \/>\nState pianificando un seminario, una riunione o un corso di formazione? L&#8217;Harmonie Vienna vi offre sale per seminari tranquille e luminose per riunioni produttive.<\/p>\n<p><a href=\"https:\/\/www.secure-hotel-booking.com\/smart\/The-Harmonie-Vienna-Hotel\/JS2C\/de-DE\/?_gl=1*4ho5zs*_ga*NDY5NTEyNzE4LjE2OTAzNjA1NzI.*_ga_BJ8V2CS6PS*MTcxNTU4MTA3MS43Ny4xLjE3MTU1ODEzMjAuNTcuMC4w\">Prenotate subito<\/a> la Vostra camera o suite boutique nel centro di Vienna!<\/p>\n        <\/div>\n          <\/div>\n\n    <div class=\"divider\"><\/div>\n  <\/div>\n\n<\/div>\n\n\n\n\n<p><\/p>\n","protected":false},"excerpt":{"rendered":"","protected":false},"author":1,"featured_media":0,"parent":0,"menu_order":0,"comment_status":"closed","ping_status":"closed","template":"","meta":{"_acf_changed":false,"footnotes":""},"class_list":["post-7481","page","type-page","status-publish","hentry"],"acf":[],"yoast_head":"<!-- This site is optimized with the Yoast SEO plugin v27.5 - https:\/\/yoast.com\/product\/yoast-seo-wordpress\/ -->\n<title>Boutique hotel a Vienna | The Harmonie Vienna<\/title>\n<meta name=\"description\" content=\"Hotel di charme a Vienna - The Harmonie Vienna: \u2714camere e suite \u2714hotel per allergici \u2714vicino alle attrazioni turistiche \u2714con area seminari \u27a4informa ora\" \/>\n<meta name=\"robots\" content=\"index, follow, max-snippet:-1, max-image-preview:large, max-video-preview:-1\" \/>\n<link rel=\"canonical\" href=\"https:\/\/www.harmonie-vienna.at\/it\/\" \/>\n<meta property=\"og:locale\" content=\"it_IT\" \/>\n<meta property=\"og:type\" content=\"article\" \/>\n<meta property=\"og:title\" content=\"Boutique hotel a Vienna | The Harmonie Vienna\" \/>\n<meta property=\"og:description\" content=\"Hotel di charme a Vienna - The Harmonie Vienna: \u2714camere e suite \u2714hotel per allergici \u2714vicino alle attrazioni turistiche \u2714con area seminari \u27a4informa ora\" \/>\n<meta property=\"og:url\" content=\"https:\/\/www.harmonie-vienna.at\/it\/\" \/>\n<meta property=\"og:site_name\" content=\"Hotel Harmonie\" \/>\n<meta property=\"article:modified_time\" content=\"2025-11-24T10:14:59+00:00\" \/>\n<meta property=\"og:image\" content=\"https:\/\/www.harmonie-vienna.at\/wp-content\/uploads\/2022\/02\/hotel-harmonie-servitenviertel.jpeg\" \/>\n<meta name=\"twitter:card\" content=\"summary_large_image\" \/>\n<meta name=\"twitter:image\" content=\"https:\/\/www.harmonie-vienna.at\/wp-content\/uploads\/2022\/02\/hotel-harmonie-servitenviertel.jpeg\" \/>\n<!-- \/ Yoast SEO plugin. -->","yoast_head_json":{"title":"Boutique hotel a Vienna | The Harmonie Vienna","description":"Hotel di charme a Vienna - The Harmonie Vienna: \u2714camere e suite \u2714hotel per allergici \u2714vicino alle attrazioni turistiche \u2714con area seminari \u27a4informa ora","robots":{"index":"index","follow":"follow","max-snippet":"max-snippet:-1","max-image-preview":"max-image-preview:large","max-video-preview":"max-video-preview:-1"},"canonical":"https:\/\/www.harmonie-vienna.at\/it\/","og_locale":"it_IT","og_type":"article","og_title":"Boutique hotel a Vienna | The Harmonie Vienna","og_description":"Hotel di charme a Vienna - The Harmonie Vienna: \u2714camere e suite \u2714hotel per allergici \u2714vicino alle attrazioni turistiche \u2714con area seminari \u27a4informa ora","og_url":"https:\/\/www.harmonie-vienna.at\/it\/","og_site_name":"Hotel Harmonie","article_modified_time":"2025-11-24T10:14:59+00:00","og_image":[{"url":"https:\/\/www.harmonie-vienna.at\/wp-content\/uploads\/2022\/02\/hotel-harmonie-servitenviertel.jpeg","type":"","width":"","height":""}],"twitter_card":"summary_large_image","twitter_image":"https:\/\/www.harmonie-vienna.at\/wp-content\/uploads\/2022\/02\/hotel-harmonie-servitenviertel.jpeg","schema":{"@context":"https:\/\/schema.org","@graph":[{"@type":"WebPage","@id":"https:\/\/www.harmonie-vienna.at\/it\/","url":"https:\/\/www.harmonie-vienna.at\/it\/","name":"Boutique hotel a Vienna | The Harmonie Vienna","isPartOf":{"@id":"https:\/\/www.harmonie-vienna.at\/it\/#website"},"datePublished":"2022-02-21T22:14:07+00:00","dateModified":"2025-11-24T10:14:59+00:00","description":"Hotel di charme a Vienna - The Harmonie Vienna: \u2714camere e suite \u2714hotel per allergici \u2714vicino alle attrazioni turistiche \u2714con area seminari \u27a4informa ora","breadcrumb":{"@id":"https:\/\/www.harmonie-vienna.at\/it\/#breadcrumb"},"inLanguage":"it-IT","potentialAction":[{"@type":"ReadAction","target":["https:\/\/www.harmonie-vienna.at\/it\/"]}]},{"@type":"BreadcrumbList","@id":"https:\/\/www.harmonie-vienna.at\/it\/#breadcrumb","itemListElement":[{"@type":"ListItem","position":1,"name":"Startseite","item":"https:\/\/www.harmonie-vienna.at\/it\/"},{"@type":"ListItem","position":2,"name":"Albergo di charme a Vienna"}]},{"@type":"WebSite","@id":"https:\/\/www.harmonie-vienna.at\/it\/#website","url":"https:\/\/www.harmonie-vienna.at\/it\/","name":"Hotel Harmonie","description":"Boutique Hotel in Wien - The Harmonie Vienna","publisher":{"@id":"https:\/\/www.harmonie-vienna.at\/it\/#organization"},"potentialAction":[{"@type":"SearchAction","target":{"@type":"EntryPoint","urlTemplate":"https:\/\/www.harmonie-vienna.at\/it\/?s={search_term_string}"},"query-input":{"@type":"PropertyValueSpecification","valueRequired":true,"valueName":"search_term_string"}}],"inLanguage":"it-IT"},{"@type":"Organization","@id":"https:\/\/www.harmonie-vienna.at\/it\/#organization","name":"Hotel Harmonie Vienna","url":"https:\/\/www.harmonie-vienna.at\/it\/","logo":{"@type":"ImageObject","inLanguage":"it-IT","@id":"https:\/\/www.harmonie-vienna.at\/it\/#\/schema\/logo\/image\/","url":"https:\/\/www.harmonie-vienna.at\/wp-content\/uploads\/2022\/02\/cropped-cropped-hotel-harmonie-logo.png","contentUrl":"https:\/\/www.harmonie-vienna.at\/wp-content\/uploads\/2022\/02\/cropped-cropped-hotel-harmonie-logo.png","width":321,"height":90,"caption":"Hotel Harmonie Vienna"},"image":{"@id":"https:\/\/www.harmonie-vienna.at\/it\/#\/schema\/logo\/image\/"}}]}},"_links":{"self":[{"href":"https:\/\/www.harmonie-vienna.at\/it\/wp-json\/wp\/v2\/pages\/7481","targetHints":{"allow":["GET"]}}],"collection":[{"href":"https:\/\/www.harmonie-vienna.at\/it\/wp-json\/wp\/v2\/pages"}],"about":[{"href":"https:\/\/www.harmonie-vienna.at\/it\/wp-json\/wp\/v2\/types\/page"}],"author":[{"embeddable":true,"href":"https:\/\/www.harmonie-vienna.at\/it\/wp-json\/wp\/v2\/users\/1"}],"replies":[{"embeddable":true,"href":"https:\/\/www.harmonie-vienna.at\/it\/wp-json\/wp\/v2\/comments?post=7481"}],"version-history":[{"count":32,"href":"https:\/\/www.harmonie-vienna.at\/it\/wp-json\/wp\/v2\/pages\/7481\/revisions"}],"predecessor-version":[{"id":14748,"href":"https:\/\/www.harmonie-vienna.at\/it\/wp-json\/wp\/v2\/pages\/7481\/revisions\/14748"}],"wp:attachment":[{"href":"https:\/\/www.harmonie-vienna.at\/it\/wp-json\/wp\/v2\/media?parent=7481"}],"curies":[{"name":"wp","href":"https:\/\/api.w.org\/{rel}","templated":true}]}}