{"id":7493,"date":"2022-02-28T14:47:14","date_gmt":"2022-02-28T13:47:14","guid":{"rendered":"https:\/\/www.harmonie-vienna.at\/albergo-vienna-centre\/chi-siamo\/"},"modified":"2025-03-07T08:56:25","modified_gmt":"2025-03-07T07:56:25","slug":"chi-siamo","status":"publish","type":"page","link":"https:\/\/www.harmonie-vienna.at\/it\/albergo-vienna-centro\/chi-siamo\/","title":{"rendered":"Chi siamo"},"content":{"rendered":"\n\n<div class=\"page-intro  \">\n\n  <div \n    role=\"img\"\n    aria-label=\"Im Eingangsbereich des Boutique Hotels stehen zwei wei\u00dfe St\u00fchle und rote Lampen \"\n    class=\"page-intro__image\" \n    style=\"background-image: url('https:\/\/www.harmonie-vienna.at\/wp-content\/uploads\/2022\/03\/Harmonie_033_web-1.jpg');\"\n  >\n  <\/div>\n\n      <div class=\"page-intro__content page-intro__content--align-center  \">\n  \n    <div class=\"frame\">\n              <span class=\"subline\">Su di noi<\/span>\n      \n              <h1 class=\"headline\">Tanto cuore e charme Viennese<\/h1>\n      \n              <div class=\"wysiwyg-output\"><p>La nostra visione \u00e8 quella di creare un luogo in cui le persone si sentano bene e si riuniscano. L&#8217;ospitalit\u00e0 che offriamo e l&#8217;alta qualit\u00e0 dei nostri prodotti e servizi sono i nostri capisaldi. The Harmonie Vienna e&#8217; la fusione dello stile vivace di vita del centro di Vienna con la storia, la danza e la cultura. Nella scelta dei nostri prodotti, diamo grande importanza alla sostenibilit\u00e0 per una piacevole colazione al mattino o un accogliente caff\u00e8 al pomeriggio.<\/p>\n<\/div>\n      \n          <\/div>\n  <\/div>\n<\/div>\n\n\n<div class=\"\">\n  <div class=\"container mx-auto two-column-teaser-splide-wrapper\">\n    <div class=\"splide\" role=\"group\" aria-label=\"Slider - Ospitalit\u00e0 genuina con un senso autentico nei confronti della vita\">\n      <div class=\"splide__track\">\n        <div class=\"splide__list\">\n\n                      \n                            <div class=\"splide__slide\">\n                                  <div class=\"two-column-teaser\">\n                \n                  <div class=\"two-column-teaser__content\">\n                                          <span class=\"subline\">Un caloroso benvenuto<\/span>\n                    \n                                          <h2 class=\"headline\">Ospitalit\u00e0 genuina con un senso autentico nei confronti della vita<\/h2>\n                                        \n                                          <div class=\"wysiwyg-output\">\n                        <p>La proprietaria <a href=\"https:\/\/www.sonjawimmer.at\/\" target=\"_blank\" rel=\"noopener\">Sonja Wimmer<\/a> ha realizzato le sue idee nel suo hotel. Un boutique hotel a Vienna lontano dal mainstream con un concetto artistico selezionato a mano che corre come un filo rosso in tutte le aree dell&#8217;hotel.<\/p>\n<p>Figlia di un albergatore, Sonja Wimmer \u00e8 figlia d&#8217;arte. Nel 2006, l&#8217;allora venticinquenne ha avuto l&#8217;opportunit\u00e0 di rilevare l&#8217;azienda di famiglia nella Harmoniegasse di Vienna. Il salto nel vuoto si \u00e8 trasformato in un hotel incomparabile, che oggi offre agli Ospiti di tutto il mondo una perla vicino al centro di Vienna.<\/p>\n<p>Non sono solo gli ospiti a sentirsi a casa al Boutique Hotel The Harmonie Vienna, ma anche il personale. Come una squadra armoniosa, formano l&#8217;anima dell&#8217;hotel. Inoltre, la selezione dei nuovi membri del team viene effettuata con grande attenzione. L&#8217;impegno nei confronti del team e degli ospiti non \u00e8 passato inosservato: nel 2016, Sonja Wimmer \u00e8 stata eletta albergatrice dell&#8217;anno dal pubblico del pi\u00f9 importante premio alberghiero austriaco.<\/p>\n                      <\/div>\n                    \n                                      <\/div>\n                  <div class=\"two-column-teaser__images\">\n                                          <div class=\"two-column-teaser__main-image\">\n                        <img decoding=\"async\" src=\"https:\/\/www.harmonie-vienna.at\/wp-content\/uploads\/2022\/03\/MG_1974-683x1024.jpg\" alt=\"Ospitalit\u00e0 genuina con un senso autentico nei confronti della vita\">\n                        <small class=\"text-brown-dark\">Sonja Wimmer Harmonie Hotel<\/small>\n                      <\/div>\n                    \n                                      <\/div>\n\n                <\/div>\n\n              <\/div>\n\n                      \n        <\/div>\n      <\/div>\n    <\/div>\n  <\/div>\n<\/div>\n\n\n\n<div class=\"\">\n  <div class=\"container mx-auto two-column-teaser-splide-wrapper\">\n    <div class=\"splide\" role=\"group\" aria-label=\"Slider - Un hotel ricco di cultura e storia viennese\">\n      <div class=\"splide__track\">\n        <div class=\"splide__list\">\n\n                      \n                            <div class=\"splide__slide\">\n                                  <div class=\"two-column-teaser two-column-teaser--reverse-content\">\n                \n                  <div class=\"two-column-teaser__content\">\n                                          <span class=\"subline\">La storia<\/span>\n                    \n                                          <h2 class=\"headline\">Un hotel ricco di cultura e storia viennese<\/h2>\n                                        \n                                          <div class=\"wysiwyg-output\">\n                        <div>\n<p>Il nome dell&#8217;hotel boutique di Vienna risale all&#8217;ex Harmonietheater nella via omonima. \u00c8 stata costruita pi\u00f9 di 150 anni fa secondo i piani dell&#8217;architetto di fama mondiale Otto Wagner, proprio come la nostra casa. \u00c8 stato quindi naturale che la proprietaria Sonja Wimmer abbia sviluppato un concetto artistico ed estetico per il suo hotel.<\/p>\n<\/div>\n<div>\n<p>Ci\u00f2 che inizia con il nome dell&#8217;hotel continua fino al pi\u00f9 piccolo dettaglio: un concetto armonioso che fa appello a tutti i sensi. Molti elementi di design dell&#8217;hotel boutique nel 9\u00b0 distretto di Vienna sono ispirati all&#8217;arte e alla danza.<\/p>\n<\/div>\n<div>\n<p>Una caratteristica particolare \u00e8 il progetto artistico unico &#8220;Signapura&#8221; dell&#8217;artista peruviano Luis Casanova Sorolla, le cui opere raffigurano i movimenti di danza dei solisti dell&#8217;Opera di Vienna.<\/p>\n<\/div>\n                      <\/div>\n                    \n                                      <\/div>\n                  <div class=\"two-column-teaser__images\">\n                                          <div class=\"two-column-teaser__main-image\">\n                        <img decoding=\"async\" src=\"https:\/\/www.harmonie-vienna.at\/wp-content\/uploads\/2022\/03\/Harmonie_106_web-682x1024.jpg\" alt=\"Un hotel ricco di cultura e storia viennese\">\n                        <small class=\"text-brown-dark\">Hotel Harmonie Vienna Fassade<\/small>\n                      <\/div>\n                    \n                                      <\/div>\n\n                <\/div>\n\n              <\/div>\n\n                      \n        <\/div>\n      <\/div>\n    <\/div>\n  <\/div>\n<\/div>\n\n\n\n<div class=\"\">\n  <div class=\"container mx-auto two-column-teaser-splide-wrapper\">\n    <div class=\"splide\" role=\"group\" aria-label=\"Slider - Ambienti allestiti ad arte, con grande attenzione ai dettagli\">\n      <div class=\"splide__track\">\n        <div class=\"splide__list\">\n\n                      \n                            <div class=\"splide__slide\">\n                                  <div class=\"two-column-teaser\">\n                \n                  <div class=\"two-column-teaser__content\">\n                                          <span class=\"subline\">Fascino inconfondibile<\/span>\n                    \n                                          <h2 class=\"headline\">Ambienti allestiti ad arte, con grande attenzione ai dettagli<\/h2>\n                                        \n                                          <div class=\"wysiwyg-output\">\n                        <p>L&#8217;arte e la pittura svolgono un ruolo importante nel The Harmonie Vienna. In questo modo, creiamo un&#8217;atmosfera impareggiabile che trasforma ogni stanza in un&#8217;opera d&#8217;arte a s\u00e9 stante.<\/p>\n<p>LasciateVi ispirare dall&#8217;energia creativa e godetevi il fascino artistico in ogni angolo del nostro hotel.<\/p>\n                      <\/div>\n                    \n                                          <a href=\"https:\/\/www.harmonie-vienna.at\/erlebnis\/tanz-und-theater\/\" class=\"brush-link dark-brush\" target=\"\">\n                        Per saperne di pi\u00f9                      <\/a>\n                                      <\/div>\n                  <div class=\"two-column-teaser__images\">\n                                          <div class=\"two-column-teaser__main-image\">\n                        <img decoding=\"async\" src=\"https:\/\/www.harmonie-vienna.at\/wp-content\/uploads\/2023\/10\/daria-rom-c-o7eQWFYk8-unsplash-683x1024.jpg\" alt=\"Ambienti allestiti ad arte, con grande attenzione ai dettagli\">\n                        <small class=\"text-brown-dark\">daria-rom-c-o7eQWFYk8-unsplash<\/small>\n                      <\/div>\n                    \n                                      <\/div>\n\n                <\/div>\n\n              <\/div>\n\n                      \n        <\/div>\n      <\/div>\n    <\/div>\n  <\/div>\n<\/div>\n\n\n\n<div class=\"\">\n  <div class=\"container mx-auto two-column-teaser-splide-wrapper\">\n    <div class=\"splide\" role=\"group\" aria-label=\"Slider - Chic francese, architettura imponente e tanta storia\">\n      <div class=\"splide__track\">\n        <div class=\"splide__list\">\n\n                      \n                            <div class=\"splide__slide\">\n                                  <div class=\"two-column-teaser two-column-teaser--reverse-content\">\n                \n                  <div class=\"two-column-teaser__content\">\n                                          <span class=\"subline\">Il &#8220;Servitenviertel&#8221;<\/span>\n                    \n                                          <h2 class=\"headline\">Chic francese, architettura imponente e tanta storia<\/h2>\n                                        \n                                          <div class=\"wysiwyg-output\">\n                        <p>Il Servitenviertel, nel 9\u00b0 distretto di Vienna, \u00e8 uno dei quartieri pi\u00f9 belli della citt\u00e0. Qui, un fascino particolare incontra l&#8217;eleganza, l&#8217;accoglienza e tanta storia. Il quartiere prende il nome dal monastero dei Serviti fondato nel 1639 ed emana uno spirito unico con i suoi vicoli stretti, caff\u00e8 moderni e piccoli negozi.<\/p>\n<p>Esperti locali lo chiamano anche il distretto culturale di Vienna: \u00e8 un quartiere con molte istituzioni culturali, monumenti architettonici, il teatro Schauspielhaus e il Theater Center Forum. C&#8217;\u00e8 anche molto da &#8220;ascoltare&#8221; dal punto di vista musicale: eventi e spettacoli che spaziano dalla musica classica al jazz e all&#8217;unplugged creano uno spazio per soffermarsi e respirare la leggerezza dell&#8217;atteggiamento francese nei confronti della vita nel centro di Vienna.<\/p>\n                      <\/div>\n                    \n                                          <a href=\"https:\/\/www.harmonie-vienna.at\/blog\/\" class=\"brush-link dark-brush\" target=\"\">\n                        Il &#8220;Servitenviertel&#8221;                      <\/a>\n                                      <\/div>\n                  <div class=\"two-column-teaser__images\">\n                                          <div class=\"two-column-teaser__main-image\">\n                        <img decoding=\"async\" src=\"https:\/\/www.harmonie-vienna.at\/wp-content\/uploads\/2022\/03\/pexels-furkanfdemir-6138480-684x1024.jpg\" alt=\"Chic francese, architettura imponente e tanta storia\">\n                        <small class=\"text-brown-dark\">Mann sitzt im Bistro<\/small>\n                      <\/div>\n                    \n                                      <\/div>\n\n                <\/div>\n\n              <\/div>\n\n                      \n        <\/div>\n      <\/div>\n    <\/div>\n  <\/div>\n<\/div>\n\n\n\n<div class=\"booking-cta \">\n  <div class=\"booking-cta__frame\">\n    <div class=\"booking-cta__content\">\n              <span class=\"subline\">\n          10% in caso di prenotazioni dirette        <\/span>\n                    <h2 class=\"headline\">\n          Con noi avrete sempre il miglior prezzo        <\/h2>\n                    <p>\n          Il modo pi\u00f9 rapido per trovarci o per prenotare un soggiorno presso la nostra Casa \u00e8 il nostro sito web. Se prenotate la Vostra camera direttamente online con noi, riceverete uno sconto del 10% sulla tariffa giornaliera attuale.        <\/p>\n      \n                                    <a href=\"https:\/\/www.secure-hotel-booking.com\/The-Harmonie-Vienna-Hotel\/JS2C\/en\" class=\"button booking-button mx-auto mt-8\"\n              target=\"_blank\">\n              <span>\n                <i class=\"fal fa-calendar-week\"><\/i>\n                Prenota al miglior prezzo              <\/span>\n            <\/a>\n                        \n    <\/div>\n  <\/div>\n<\/div>\n\n\n\n<div class=\"blog-preview \">\n  <div class=\"container mx-auto\">\n    <div class=\"blog-preview__intro\">\n              <span class=\"subline\">Consigli per il Vostro soggiorno a Vienna<\/span>\n      \n              <h2 class=\"headline\">Scoprite Vienna<\/h2>\n      \n              <p>Nel nostro blog troverete alcuni punti salienti che Vi accompagneranno nel Vostro viaggio a Vienna. Dalle mete per le escursioni, ai consigli per i ristoranti, fino agli approfondimenti storici, immergeteVi nelle \u201cstorie viennesi\u201d. <\/p>\n          <\/div>\n\n          <ul class=\"blog-preview__loop blog-preview__loop--two-items\" aria-label=\"Scoprite Vienna\">\n    \n                          \n           \n          <li>\n            <a href=\"https:\/\/www.harmonie-vienna.at\/sehenswuerdigkeiten\/donauinsel-wien\/\" class=\"blog-preview__link\">\n                          <div class=\"overflow-hidden block\">\n                 <div class=\"preview-image\">\n                  <img decoding=\"async\" width=\"820\" height=\"547\" src=\"https:\/\/www.harmonie-vienna.at\/wp-content\/uploads\/2022\/03\/donau-wasser-padler-1-820x547.webp\" class=\"attachment-custom-post-image size-custom-post-image wp-post-image\" alt=\"Mann beim Stand up Paddeln auf ruhigem Wasser bei der Donauinsel in Wien mit Booten und H\u00e4usern im warmen Abendlicht.\" srcset=\"https:\/\/www.harmonie-vienna.at\/wp-content\/uploads\/2022\/03\/donau-wasser-padler-1-820x547.webp 820w, https:\/\/www.harmonie-vienna.at\/wp-content\/uploads\/2022\/03\/donau-wasser-padler-1-840x560.webp 840w, https:\/\/www.harmonie-vienna.at\/wp-content\/uploads\/2022\/03\/donau-wasser-padler-1-300x200.webp 300w, https:\/\/www.harmonie-vienna.at\/wp-content\/uploads\/2022\/03\/donau-wasser-padler-1-768x512.webp 768w, https:\/\/www.harmonie-vienna.at\/wp-content\/uploads\/2022\/03\/donau-wasser-padler-1-1024x682.webp 1024w, https:\/\/www.harmonie-vienna.at\/wp-content\/uploads\/2022\/03\/donau-wasser-padler-1-1536x1024.webp 1536w, https:\/\/www.harmonie-vienna.at\/wp-content\/uploads\/2022\/03\/donau-wasser-padler-1-400x267.webp 400w, https:\/\/www.harmonie-vienna.at\/wp-content\/uploads\/2022\/03\/donau-wasser-padler-1.webp 2000w\" sizes=\"(max-width: 820px) 100vw, 820px\" \/>                <\/div>\n              <\/div>\n                          <span class=\"frame\">\n                                  <span class=\"subline\">\n                                            Sehensw\u00fcrdigkeiten                                      <\/span>\n                                <h3 class=\"headline-3\">Die Donauinsel in Wien<\/h3>\n                Die Donauinsel ist das Freizeiteldorado und Naherholungsgebiet nahe des\u202fWiener Praters. Auf der 21 Kilometer langen von der&#8230;\n              <\/span>\n            <\/a>\n          <\/li>\n\n                    \n           \n          <li>\n            <a href=\"https:\/\/www.harmonie-vienna.at\/kultur\/museen-wien\/\" class=\"blog-preview__link\">\n                          <div class=\"overflow-hidden block\">\n                 <div class=\"preview-image\">\n                  <img decoding=\"async\" width=\"820\" height=\"547\" src=\"https:\/\/www.harmonie-vienna.at\/wp-content\/uploads\/2022\/03\/museum-bank-paar-1-820x547.webp\" class=\"attachment-custom-post-image size-custom-post-image wp-post-image\" alt=\"Zwei Personen sitzen vor gro\u00dfem Fenster und blicken auf die Wiener Karlskirche im Abendlicht.\" srcset=\"https:\/\/www.harmonie-vienna.at\/wp-content\/uploads\/2022\/03\/museum-bank-paar-1-820x547.webp 820w, https:\/\/www.harmonie-vienna.at\/wp-content\/uploads\/2022\/03\/museum-bank-paar-1-840x560.webp 840w, https:\/\/www.harmonie-vienna.at\/wp-content\/uploads\/2022\/03\/museum-bank-paar-1-300x200.webp 300w, https:\/\/www.harmonie-vienna.at\/wp-content\/uploads\/2022\/03\/museum-bank-paar-1-768x512.webp 768w, https:\/\/www.harmonie-vienna.at\/wp-content\/uploads\/2022\/03\/museum-bank-paar-1-1024x682.webp 1024w, https:\/\/www.harmonie-vienna.at\/wp-content\/uploads\/2022\/03\/museum-bank-paar-1-1536x1024.webp 1536w, https:\/\/www.harmonie-vienna.at\/wp-content\/uploads\/2022\/03\/museum-bank-paar-1-400x267.webp 400w, https:\/\/www.harmonie-vienna.at\/wp-content\/uploads\/2022\/03\/museum-bank-paar-1.webp 2000w\" sizes=\"(max-width: 820px) 100vw, 820px\" \/>                <\/div>\n              <\/div>\n                          <span class=\"frame\">\n                                  <span class=\"subline\">\n                                            Kultur                                      <\/span>\n                                <h3 class=\"headline-3\">Museen in Wien<\/h3>\n                \u00d6sterreichs Hauptstadt ist ohne Zweifel eine Kulturhochburg! Zahlreiche Museen rund um Kunst, Natur, Technik und Zeitgeist f&#8230;\n              <\/span>\n            <\/a>\n          <\/li>\n\n                  <\/ul>\n\n     \n\n  <\/div>\n<\/div>\n\n\n<div class=\"dark image-slider\">\n\n  \n      <div class=\"image-slider__splide-wrapper\">\n      <div class=\"splide splide--cut_off\">\n        <div class=\"splide__track\">\n          <div class=\"splide__list\">\n                          <div class=\"splide__slide\">\n                <img decoding=\"async\" src=\"https:\/\/www.harmonie-vienna.at\/wp-content\/uploads\/2022\/03\/Harmonie_012_web.jpg\" alt=\"Am Ende eines beleuchteten Ganges steht ein Schreibtisch mit einem Computer \" class=\"not-lazy\" \/>\n              <\/div>\n                          <div class=\"splide__slide\">\n                <img decoding=\"async\" src=\"https:\/\/www.harmonie-vienna.at\/wp-content\/uploads\/2022\/03\/Harmonie_009_web.jpg\" alt=\"Zwei Damen unterhalten sich an der Rezeption des Harmonie Hotels \" class=\"not-lazy\" \/>\n              <\/div>\n                          <div class=\"splide__slide\">\n                <img decoding=\"async\" src=\"https:\/\/www.harmonie-vienna.at\/wp-content\/uploads\/2022\/03\/Harmonie_004_web.jpg\" alt=\"P\u00e4rchen kommt in der Lobby im Hotel in Wien an an\" class=\"not-lazy\" \/>\n              <\/div>\n                          <div class=\"splide__slide\">\n                <img decoding=\"async\" src=\"https:\/\/www.harmonie-vienna.at\/wp-content\/uploads\/2022\/03\/Harmonie_014_web.jpg\" alt=\"Zwei Frauen an einem Schriebtisch im Hotel in der Innenstadt Wiens\" class=\"not-lazy\" \/>\n              <\/div>\n                          <div class=\"splide__slide\">\n                <img decoding=\"async\" src=\"https:\/\/www.harmonie-vienna.at\/wp-content\/uploads\/2022\/03\/Harmonie_021_web.jpg\" alt=\"Ein Mann im Anzug trinkt in der B\u00fccherei des Hotels einen Espresso \" class=\"not-lazy\" \/>\n              <\/div>\n                          <div class=\"splide__slide\">\n                <img decoding=\"async\" src=\"https:\/\/www.harmonie-vienna.at\/wp-content\/uploads\/2022\/03\/Harmonie_033_web.jpg\" alt=\"In der B\u00fccherei des Hotels stehen zwei wei\u00dfe St\u00fchle und rote Stehlampen \" class=\"not-lazy\" \/>\n              <\/div>\n                          <div class=\"splide__slide\">\n                <img decoding=\"async\" src=\"https:\/\/www.harmonie-vienna.at\/wp-content\/uploads\/2022\/03\/Harmonie_032_web.jpg\" alt=\"Gem\u00fctliche Sessel und St\u00fchle vor einem Kamin im Hotel im Zentrum Wien\" class=\"not-lazy\" \/>\n              <\/div>\n                          <div class=\"splide__slide\">\n                <img decoding=\"async\" src=\"https:\/\/www.harmonie-vienna.at\/wp-content\/uploads\/2022\/03\/Harmonie_031_web.jpg\" alt=\"Zwei wei\u00dfe St\u00fchle mit Kissen stehen vor einem brennenden Holzkamin \" class=\"not-lazy\" \/>\n              <\/div>\n                          <div class=\"splide__slide\">\n                <img decoding=\"async\" src=\"https:\/\/www.harmonie-vienna.at\/wp-content\/uploads\/2022\/03\/Harmonie_029_web.jpg\" alt=\"Eine Mutter und ihre Tochter genie\u00dfen gemeinsam Kaffee und Kuchen im Hotel in Wien\" class=\"not-lazy\" \/>\n              <\/div>\n                          <div class=\"splide__slide\">\n                <img decoding=\"async\" src=\"https:\/\/www.harmonie-vienna.at\/wp-content\/uploads\/2022\/03\/Harmonie_037_web.jpg\" alt=\"Blick in das Hotelrestaurant mit gestreiften St\u00fchlen und Sitzb\u00e4nken \" class=\"not-lazy\" \/>\n              <\/div>\n                          <div class=\"splide__slide\">\n                <img decoding=\"async\" src=\"https:\/\/www.harmonie-vienna.at\/wp-content\/uploads\/2022\/03\/Harmonie_041_web.jpg\" alt=\"Zwei Hotelg\u00e4ste genie\u00dfen im Hotelrestaurant das Fr\u00fchst\u00fccksbuffet \" class=\"not-lazy\" \/>\n              <\/div>\n                          <div class=\"splide__slide\">\n                <img decoding=\"async\" src=\"https:\/\/www.harmonie-vienna.at\/wp-content\/uploads\/2022\/03\/Harmonie_039_web.jpg\" alt=\"Ein eingedeckter Tisch mit Gl\u00e4sern, Kaffeetassen und Besteck im Hotelrestaurant \" class=\"not-lazy\" \/>\n              <\/div>\n                          <div class=\"splide__slide\">\n                <img decoding=\"async\" src=\"https:\/\/www.harmonie-vienna.at\/wp-content\/uploads\/2022\/03\/Harmonie_097_web.jpg\" alt=\"Mutter und Tochter liegen auf einem Hotelbett in Wien und lesen eine Zeitschrift \" class=\"not-lazy\" \/>\n              <\/div>\n                          <div class=\"splide__slide\">\n                <img decoding=\"async\" src=\"https:\/\/www.harmonie-vienna.at\/wp-content\/uploads\/2022\/03\/Harmonie_098_web.jpg\" alt=\"Ein M\u00e4dchen in rotem Kleid tanzt gl\u00fccklich durch ein Zimmer des Harmonie Hotels in Wien\" class=\"not-lazy\" \/>\n              <\/div>\n                          <div class=\"splide__slide\">\n                <img decoding=\"async\" src=\"https:\/\/www.harmonie-vienna.at\/wp-content\/uploads\/2022\/03\/Harmonie_123_web.jpg\" alt=\"Ein elegant gekleidetes Paar sitzt mit einem Glas Sekt auf einem gestreiften Sofa \" class=\"not-lazy\" \/>\n              <\/div>\n                          <div class=\"splide__slide\">\n                <img decoding=\"async\" src=\"https:\/\/www.harmonie-vienna.at\/wp-content\/uploads\/2022\/03\/Harmonie_Zi_405_7_web-Bad.jpg\" alt=\"In den B\u00e4dern des Harmonie Hotels stehen Produkte der Marke Pure Heres zur Verf\u00fcgung\" class=\"not-lazy\" \/>\n              <\/div>\n                      <\/div>\n        <\/div>\n      <\/div>\n    <\/div>\n  <\/div>","protected":false},"excerpt":{"rendered":"","protected":false},"author":1,"featured_media":0,"parent":7475,"menu_order":0,"comment_status":"closed","ping_status":"closed","template":"","meta":{"_acf_changed":false,"footnotes":""},"class_list":["post-7493","page","type-page","status-publish","hentry"],"acf":[],"yoast_head":"<!-- This site is optimized with the Yoast SEO plugin v27.5 - https:\/\/yoast.com\/product\/yoast-seo-wordpress\/ -->\n<title>Chi siamo | The Harmonie Vienna<\/title>\n<meta name=\"description\" content=\"Con il Boutique Hotel am Alsergrund, nel centro di Vienna, la direttrice dell&#039;albergo Sonja Wimmer ha realizzato un sogno \u25b6 Scopritelo!\" \/>\n<meta name=\"robots\" content=\"index, follow, max-snippet:-1, max-image-preview:large, max-video-preview:-1\" \/>\n<link rel=\"canonical\" href=\"https:\/\/www.harmonie-vienna.at\/it\/albergo-vienna-centro\/chi-siamo\/\" \/>\n<meta property=\"og:locale\" content=\"it_IT\" \/>\n<meta property=\"og:type\" content=\"article\" \/>\n<meta property=\"og:title\" content=\"Chi siamo | The Harmonie Vienna\" \/>\n<meta property=\"og:description\" content=\"Con il Boutique Hotel am Alsergrund, nel centro di Vienna, la direttrice dell&#039;albergo Sonja Wimmer ha realizzato un sogno \u25b6 Scopritelo!\" \/>\n<meta property=\"og:url\" content=\"https:\/\/www.harmonie-vienna.at\/it\/albergo-vienna-centro\/chi-siamo\/\" \/>\n<meta property=\"og:site_name\" content=\"Hotel Harmonie\" \/>\n<meta property=\"article:modified_time\" content=\"2025-03-07T07:56:25+00:00\" \/>\n<meta name=\"twitter:card\" content=\"summary_large_image\" \/>\n<!-- \/ Yoast SEO plugin. -->","yoast_head_json":{"title":"Chi siamo | The Harmonie Vienna","description":"Con il Boutique Hotel am Alsergrund, nel centro di Vienna, la direttrice dell'albergo Sonja Wimmer ha realizzato un sogno \u25b6 Scopritelo!","robots":{"index":"index","follow":"follow","max-snippet":"max-snippet:-1","max-image-preview":"max-image-preview:large","max-video-preview":"max-video-preview:-1"},"canonical":"https:\/\/www.harmonie-vienna.at\/it\/albergo-vienna-centro\/chi-siamo\/","og_locale":"it_IT","og_type":"article","og_title":"Chi siamo | The Harmonie Vienna","og_description":"Con il Boutique Hotel am Alsergrund, nel centro di Vienna, la direttrice dell'albergo Sonja Wimmer ha realizzato un sogno \u25b6 Scopritelo!","og_url":"https:\/\/www.harmonie-vienna.at\/it\/albergo-vienna-centro\/chi-siamo\/","og_site_name":"Hotel Harmonie","article_modified_time":"2025-03-07T07:56:25+00:00","twitter_card":"summary_large_image","schema":{"@context":"https:\/\/schema.org","@graph":[{"@type":"WebPage","@id":"https:\/\/www.harmonie-vienna.at\/it\/albergo-vienna-centro\/chi-siamo\/","url":"https:\/\/www.harmonie-vienna.at\/it\/albergo-vienna-centro\/chi-siamo\/","name":"Chi siamo | The Harmonie Vienna","isPartOf":{"@id":"https:\/\/www.harmonie-vienna.at\/it\/#website"},"datePublished":"2022-02-28T13:47:14+00:00","dateModified":"2025-03-07T07:56:25+00:00","description":"Con il Boutique Hotel am Alsergrund, nel centro di Vienna, la direttrice dell'albergo Sonja Wimmer ha realizzato un sogno \u25b6 Scopritelo!","breadcrumb":{"@id":"https:\/\/www.harmonie-vienna.at\/it\/albergo-vienna-centro\/chi-siamo\/#breadcrumb"},"inLanguage":"it-IT","potentialAction":[{"@type":"ReadAction","target":["https:\/\/www.harmonie-vienna.at\/it\/albergo-vienna-centro\/chi-siamo\/"]}]},{"@type":"BreadcrumbList","@id":"https:\/\/www.harmonie-vienna.at\/it\/albergo-vienna-centro\/chi-siamo\/#breadcrumb","itemListElement":[{"@type":"ListItem","position":1,"name":"Startseite","item":"https:\/\/www.harmonie-vienna.at\/it\/"},{"@type":"ListItem","position":2,"name":"Albergo Vienna Centro","item":"https:\/\/www.harmonie-vienna.at\/it\/albergo-vienna-centro\/"},{"@type":"ListItem","position":3,"name":"Chi siamo"}]},{"@type":"WebSite","@id":"https:\/\/www.harmonie-vienna.at\/it\/#website","url":"https:\/\/www.harmonie-vienna.at\/it\/","name":"Hotel Harmonie","description":"Boutique Hotel in Wien - The Harmonie Vienna","publisher":{"@id":"https:\/\/www.harmonie-vienna.at\/it\/#organization"},"potentialAction":[{"@type":"SearchAction","target":{"@type":"EntryPoint","urlTemplate":"https:\/\/www.harmonie-vienna.at\/it\/?s={search_term_string}"},"query-input":{"@type":"PropertyValueSpecification","valueRequired":true,"valueName":"search_term_string"}}],"inLanguage":"it-IT"},{"@type":"Organization","@id":"https:\/\/www.harmonie-vienna.at\/it\/#organization","name":"Hotel Harmonie Vienna","url":"https:\/\/www.harmonie-vienna.at\/it\/","logo":{"@type":"ImageObject","inLanguage":"it-IT","@id":"https:\/\/www.harmonie-vienna.at\/it\/#\/schema\/logo\/image\/","url":"https:\/\/www.harmonie-vienna.at\/wp-content\/uploads\/2022\/02\/cropped-cropped-hotel-harmonie-logo.png","contentUrl":"https:\/\/www.harmonie-vienna.at\/wp-content\/uploads\/2022\/02\/cropped-cropped-hotel-harmonie-logo.png","width":321,"height":90,"caption":"Hotel Harmonie Vienna"},"image":{"@id":"https:\/\/www.harmonie-vienna.at\/it\/#\/schema\/logo\/image\/"}}]}},"_links":{"self":[{"href":"https:\/\/www.harmonie-vienna.at\/it\/wp-json\/wp\/v2\/pages\/7493","targetHints":{"allow":["GET"]}}],"collection":[{"href":"https:\/\/www.harmonie-vienna.at\/it\/wp-json\/wp\/v2\/pages"}],"about":[{"href":"https:\/\/www.harmonie-vienna.at\/it\/wp-json\/wp\/v2\/types\/page"}],"author":[{"embeddable":true,"href":"https:\/\/www.harmonie-vienna.at\/it\/wp-json\/wp\/v2\/users\/1"}],"replies":[{"embeddable":true,"href":"https:\/\/www.harmonie-vienna.at\/it\/wp-json\/wp\/v2\/comments?post=7493"}],"version-history":[{"count":14,"href":"https:\/\/www.harmonie-vienna.at\/it\/wp-json\/wp\/v2\/pages\/7493\/revisions"}],"predecessor-version":[{"id":12275,"href":"https:\/\/www.harmonie-vienna.at\/it\/wp-json\/wp\/v2\/pages\/7493\/revisions\/12275"}],"up":[{"embeddable":true,"href":"https:\/\/www.harmonie-vienna.at\/it\/wp-json\/wp\/v2\/pages\/7475"}],"wp:attachment":[{"href":"https:\/\/www.harmonie-vienna.at\/it\/wp-json\/wp\/v2\/media?parent=7493"}],"curies":[{"name":"wp","href":"https:\/\/api.w.org\/{rel}","templated":true}]}}